{"id":2301,"date":"2026-01-07T13:15:31","date_gmt":"2026-01-07T12:15:31","guid":{"rendered":"https:\/\/mobilehomescentre.com\/referencie\/"},"modified":"2026-04-12T18:49:22","modified_gmt":"2026-04-12T16:49:22","slug":"referencie","status":"publish","type":"page","link":"https:\/\/mobilehomescentre.com\/sk\/referencie\/","title":{"rendered":"Referencie"},"content":{"rendered":"<div class=\"wpb-content-wrapper\"><p>[vc_row el_class=&#8220;p-t-50&#8243;][vc_column]<style type=\"text\/css\" data-type=\"the7_shortcodes-inline-css\">.blog-shortcode.blog-masonry-shortcode-id-4d78cc79d416f957d069fd96cc6e9b0a.dividers-on.classic-layout-list article {\n  padding-top: 0;\n}\n.blog-shortcode.blog-masonry-shortcode-id-4d78cc79d416f957d069fd96cc6e9b0a.dividers-on.classic-layout-list article:first-of-type {\n  margin-top: 0;\n  padding-top: 0;\n}\n.blog-shortcode.blog-masonry-shortcode-id-4d78cc79d416f957d069fd96cc6e9b0a.classic-layout-list.mode-list .post-entry-content {\n  width: calc(100% - );\n}\n.blog-shortcode.blog-masonry-shortcode-id-4d78cc79d416f957d069fd96cc6e9b0a.classic-layout-list.mode-list .no-img .post-entry-content {\n  width: 100%;\n}\n.blog-shortcode.blog-masonry-shortcode-id-4d78cc79d416f957d069fd96cc6e9b0a .filter-bg-decoration .filter-categories a.act {\n  color: #fff;\n}\n.blog-shortcode.blog-masonry-shortcode-id-4d78cc79d416f957d069fd96cc6e9b0a:not(.mode-masonry) article:first-of-type,\n.blog-shortcode.blog-masonry-shortcode-id-4d78cc79d416f957d069fd96cc6e9b0a:not(.mode-masonry) article.visible.first:not(.product) {\n  margin-top: 0;\n}\n.blog-shortcode.blog-masonry-shortcode-id-4d78cc79d416f957d069fd96cc6e9b0a.dividers-on:not(.mode-masonry) article {\n  margin-top: 0;\n}\n.blog-shortcode.blog-masonry-shortcode-id-4d78cc79d416f957d069fd96cc6e9b0a.dividers-on:not(.mode-masonry) article:first-of-type,\n.blog-shortcode.blog-masonry-shortcode-id-4d78cc79d416f957d069fd96cc6e9b0a.dividers-on:not(.mode-masonry) article.visible.first:not(.product) {\n  margin-top: 0;\n  padding-top: 0;\n}\n.blog-shortcode.blog-masonry-shortcode-id-4d78cc79d416f957d069fd96cc6e9b0a .post-thumbnail-wrap {\n  padding: 0px 0px 0px 0px;\n}\n.blog-shortcode.blog-masonry-shortcode-id-4d78cc79d416f957d069fd96cc6e9b0a.enable-bg-rollover .post-thumbnail-rollover:after {\n  background: -webkit-linear-gradient();\n  background: linear-gradient();\n}\n.blog-shortcode.blog-masonry-shortcode-id-4d78cc79d416f957d069fd96cc6e9b0a .gallery-zoom-ico {\n  width: 44px;\n  height: 44px;\n  line-height: 44px;\n  border-radius: 100px;\n  margin: -22px 0 0 -22px;\n  border-width: 0px;\n  color: #ffffff;\n}\n.bottom-overlap-layout-list.blog-shortcode.blog-masonry-shortcode-id-4d78cc79d416f957d069fd96cc6e9b0a .gallery-zoom-ico {\n  margin-top: -72px;\n}\n.gradient-overlay-layout-list.blog-shortcode.blog-masonry-shortcode-id-4d78cc79d416f957d069fd96cc6e9b0a .gallery-zoom-ico,\n.content-rollover-layout-list.blog-shortcode.blog-masonry-shortcode-id-4d78cc79d416f957d069fd96cc6e9b0a .gallery-zoom-ico {\n  margin: 0 0 10px;\n}\n.content-align-center.gradient-overlay-layout-list.blog-shortcode.blog-masonry-shortcode-id-4d78cc79d416f957d069fd96cc6e9b0a .gallery-zoom-ico,\n.content-align-center.content-rollover-layout-list.blog-shortcode.blog-masonry-shortcode-id-4d78cc79d416f957d069fd96cc6e9b0a .gallery-zoom-ico {\n  margin: 0 auto 10px;\n}\n.dt-icon-bg-on.blog-shortcode.blog-masonry-shortcode-id-4d78cc79d416f957d069fd96cc6e9b0a .gallery-zoom-ico {\n  background: rgba(255,255,255,0.3);\n  box-shadow: none;\n}\n.blog-shortcode.blog-masonry-shortcode-id-4d78cc79d416f957d069fd96cc6e9b0a .gallery-zoom-ico > span,\n.blog-shortcode.blog-masonry-shortcode-id-4d78cc79d416f957d069fd96cc6e9b0a .gallery-zoom-ico:before {\n  font-size: 32px;\n  line-height: 44px;\n}\n.blog-shortcode.blog-masonry-shortcode-id-4d78cc79d416f957d069fd96cc6e9b0a .gallery-zoom-ico > span,\n.blog-shortcode.blog-masonry-shortcode-id-4d78cc79d416f957d069fd96cc6e9b0a .gallery-zoom-ico:before {\n  color: #ffffff;\n}\n.blog-shortcode.blog-masonry-shortcode-id-4d78cc79d416f957d069fd96cc6e9b0a .entry-title,\n.blog-shortcode.blog-masonry-shortcode-id-4d78cc79d416f957d069fd96cc6e9b0a.owl-carousel .entry-title {\n  margin-bottom: 5px;\n  font-size: 22px;\n  line-height: 28px;\n  font-weight: bold;\n}\n.blog-shortcode.blog-masonry-shortcode-id-4d78cc79d416f957d069fd96cc6e9b0a .entry-meta {\n  margin-bottom: 15px;\n}\n.blog-shortcode.blog-masonry-shortcode-id-4d78cc79d416f957d069fd96cc6e9b0a .entry-meta * {\n  color: #70777B;\n}\n.blog-shortcode.blog-masonry-shortcode-id-4d78cc79d416f957d069fd96cc6e9b0a .portfolio-categories {\n  margin-bottom: 15px;\n}\n.blog-shortcode.blog-masonry-shortcode-id-4d78cc79d416f957d069fd96cc6e9b0a .entry-meta > a:after,\n.blog-shortcode.blog-masonry-shortcode-id-4d78cc79d416f957d069fd96cc6e9b0a .entry-meta > span:after {\n  background: #70777B;\n  box-shadow: none;\n}\n.blog-shortcode.blog-masonry-shortcode-id-4d78cc79d416f957d069fd96cc6e9b0a .entry-excerpt {\n  margin-bottom: 5px;\n}\n.blog-shortcode.blog-masonry-shortcode-id-4d78cc79d416f957d069fd96cc6e9b0a .entry-excerpt * {\n  color: #70777B;\n}\n.blog-shortcode.blog-masonry-shortcode-id-4d78cc79d416f957d069fd96cc6e9b0a:not(.centered-layout-list) .post-entry-content {\n  padding: 25px 30px 30px 30px;\n}\n.blog-shortcode.blog-masonry-shortcode-id-4d78cc79d416f957d069fd96cc6e9b0a:not(.centered-layout-list):not(.content-bg-on):not(.mode-list) .no-img .post-entry-content {\n  padding: 0;\n}\n@media screen and (max-width: ) {\n  .blog-shortcode.blog-masonry-shortcode-id-4d78cc79d416f957d069fd96cc6e9b0a article {\n    -ms-flex-flow: column nowrap;\n    flex-flow: column nowrap;\n    margin-top: 20px;\n  }\n  .blog-shortcode.blog-masonry-shortcode-id-4d78cc79d416f957d069fd96cc6e9b0a.dividers-on article {\n    border: none;\n  }\n  .blog-shortcode.blog-masonry-shortcode-id-4d78cc79d416f957d069fd96cc6e9b0a.content-bg-on.centered-layout-list article {\n    padding: 0;\n  }\n  .blog-shortcode.blog-masonry-shortcode-id-4d78cc79d416f957d069fd96cc6e9b0a.blog-shortcode.dividers-on article,\n  .blog-shortcode.blog-masonry-shortcode-id-4d78cc79d416f957d069fd96cc6e9b0a.dividers-on.classic-layout-list article {\n    margin-top: 20px;\n    padding: 0;\n  }\n  .blog-shortcode.blog-masonry-shortcode-id-4d78cc79d416f957d069fd96cc6e9b0a.blog-shortcode.dividers-on article:first-of-type,\n  .blog-shortcode.blog-masonry-shortcode-id-4d78cc79d416f957d069fd96cc6e9b0a.dividers-on.classic-layout-list article:first-of-type {\n    padding: 0;\n  }\n  #page .blog-shortcode.blog-masonry-shortcode-id-4d78cc79d416f957d069fd96cc6e9b0a .post-thumbnail-wrap,\n  #page .blog-shortcode.blog-masonry-shortcode-id-4d78cc79d416f957d069fd96cc6e9b0a .post-entry-content {\n    width: 100%;\n    margin: 0;\n    top: 0;\n  }\n  #page .blog-shortcode.blog-masonry-shortcode-id-4d78cc79d416f957d069fd96cc6e9b0a .post-thumbnail-wrap {\n    padding: 0;\n  }\n  #page .blog-shortcode.blog-masonry-shortcode-id-4d78cc79d416f957d069fd96cc6e9b0a .post-entry-content:after {\n    display: none;\n  }\n  #page .blog-shortcode.blog-masonry-shortcode-id-4d78cc79d416f957d069fd96cc6e9b0a .project-even .post-thumbnail-wrap,\n  #page .blog-shortcode.blog-masonry-shortcode-id-4d78cc79d416f957d069fd96cc6e9b0a.centered-layout-list .post-thumbnail-wrap {\n    -ms-flex-order: 0;\n    order: 0;\n  }\n  #page .blog-shortcode.blog-masonry-shortcode-id-4d78cc79d416f957d069fd96cc6e9b0a.centered-layout-list .post-entry-title-content {\n    -ms-flex-order: 1;\n    order: 1;\n    width: 100%;\n    padding: 20px 20px 0;\n  }\n  #page .blog-shortcode.blog-masonry-shortcode-id-4d78cc79d416f957d069fd96cc6e9b0a.centered-layout-list .post-entry-content {\n    -ms-flex-order: 2;\n    order: 2;\n    padding-top: 0;\n  }\n  #page .blog-shortcode.blog-masonry-shortcode-id-4d78cc79d416f957d069fd96cc6e9b0a .fancy-categories {\n    top: 10px;\n    left: 10px;\n    bottom: auto;\n    right: auto;\n  }\n  #page .blog-shortcode.blog-masonry-shortcode-id-4d78cc79d416f957d069fd96cc6e9b0a .fancy-date a {\n    top: 10px;\n    right: 10px;\n    left: auto;\n    bottom: auto;\n  }\n  #page .blog-shortcode.blog-masonry-shortcode-id-4d78cc79d416f957d069fd96cc6e9b0a .post-entry-content {\n    padding: 20px;\n  }\n  #page .blog-shortcode.blog-masonry-shortcode-id-4d78cc79d416f957d069fd96cc6e9b0a .entry-title {\n    margin: 3px 0 5px;\n    font-size: 20px;\n    line-height: 26px;\n  }\n  #page .blog-shortcode.blog-masonry-shortcode-id-4d78cc79d416f957d069fd96cc6e9b0a .entry-meta {\n    margin: 5px 0 5px;\n  }\n  #page .blog-shortcode.blog-masonry-shortcode-id-4d78cc79d416f957d069fd96cc6e9b0a .entry-excerpt {\n    margin: 15px 0 0;\n  }\n  #page .blog-shortcode.blog-masonry-shortcode-id-4d78cc79d416f957d069fd96cc6e9b0a .post-details {\n    margin: 5px 0 10px;\n  }\n  #page .blog-shortcode.blog-masonry-shortcode-id-4d78cc79d416f957d069fd96cc6e9b0a .post-details.details-type-link {\n    margin-bottom: 2px;\n  }\n}\n.blog-shortcode.blog-masonry-shortcode-id-4d78cc79d416f957d069fd96cc6e9b0a:not(.resize-by-browser-width) .dt-css-grid {\n  grid-row-gap: 30px;\n  grid-column-gap: 30px;\n  grid-template-columns: repeat(auto-fill,minmax(,1fr));\n}\n.blog-shortcode.blog-masonry-shortcode-id-4d78cc79d416f957d069fd96cc6e9b0a:not(.resize-by-browser-width) .dt-css-grid .double-width {\n  grid-column: span 2;\n}\n.cssgridlegacy.no-cssgrid .blog-shortcode.blog-masonry-shortcode-id-4d78cc79d416f957d069fd96cc6e9b0a:not(.resize-by-browser-width) .dt-css-grid,\n.no-cssgridlegacy.no-cssgrid .blog-shortcode.blog-masonry-shortcode-id-4d78cc79d416f957d069fd96cc6e9b0a:not(.resize-by-browser-width) .dt-css-grid {\n  display: flex;\n  flex-flow: row wrap;\n  margin: -15px;\n}\n.cssgridlegacy.no-cssgrid .blog-shortcode.blog-masonry-shortcode-id-4d78cc79d416f957d069fd96cc6e9b0a:not(.resize-by-browser-width) .dt-css-grid .wf-cell,\n.no-cssgridlegacy.no-cssgrid .blog-shortcode.blog-masonry-shortcode-id-4d78cc79d416f957d069fd96cc6e9b0a:not(.resize-by-browser-width) .dt-css-grid .wf-cell {\n  flex: 1 0 ;\n  max-width: 100%;\n  padding: 15px;\n  box-sizing: border-box;\n}\n.blog-shortcode.blog-masonry-shortcode-id-4d78cc79d416f957d069fd96cc6e9b0a.resize-by-browser-width .dt-css-grid {\n  grid-template-columns: repeat(3,1fr);\n  grid-template-rows: auto;\n  grid-column-gap: 30px;\n  grid-row-gap: 30px;\n}\n.blog-shortcode.blog-masonry-shortcode-id-4d78cc79d416f957d069fd96cc6e9b0a.resize-by-browser-width .dt-css-grid .double-width {\n  grid-column: span 2;\n}\n.cssgridlegacy.no-cssgrid .blog-shortcode.blog-masonry-shortcode-id-4d78cc79d416f957d069fd96cc6e9b0a.resize-by-browser-width .dt-css-grid {\n  margin: -15px;\n}\n.cssgridlegacy.no-cssgrid .blog-shortcode.blog-masonry-shortcode-id-4d78cc79d416f957d069fd96cc6e9b0a.resize-by-browser-width .dt-css-grid .wf-cell {\n  width: 33.3333333333%;\n  padding: 15px;\n}\n.cssgridlegacy.no-cssgrid .blog-shortcode.blog-masonry-shortcode-id-4d78cc79d416f957d069fd96cc6e9b0a.resize-by-browser-width .dt-css-grid .wf-cell.double-width {\n  width: calc(33.3333333333%) * 2;\n}\n.blog-shortcode.blog-masonry-shortcode-id-4d78cc79d416f957d069fd96cc6e9b0a.resize-by-browser-width:not(.centered-layout-list):not(.content-bg-on) .dt-css-grid {\n  grid-row-gap: 0px;\n}\n@media screen and (max-width: 1199px) {\n  .blog-shortcode.blog-masonry-shortcode-id-4d78cc79d416f957d069fd96cc6e9b0a.resize-by-browser-width .dt-css-grid {\n    grid-template-columns: repeat(3,1fr);\n  }\n  .cssgridlegacy.no-cssgrid .blog-shortcode.blog-masonry-shortcode-id-4d78cc79d416f957d069fd96cc6e9b0a.resize-by-browser-width .dt-css-grid .wf-cell,\n  .no-cssgridlegacy.no-cssgrid .blog-shortcode.blog-masonry-shortcode-id-4d78cc79d416f957d069fd96cc6e9b0a.resize-by-browser-width .dt-css-grid .wf-cell {\n    width: 33.3333333333%;\n  }\n  .cssgridlegacy.no-cssgrid .blog-shortcode.blog-masonry-shortcode-id-4d78cc79d416f957d069fd96cc6e9b0a.resize-by-browser-width .dt-css-grid .wf-cell.double-width,\n  .no-cssgridlegacy.no-cssgrid .blog-shortcode.blog-masonry-shortcode-id-4d78cc79d416f957d069fd96cc6e9b0a.resize-by-browser-width .dt-css-grid .wf-cell.double-width {\n    width: calc(33.3333333333%)*2;\n  }\n}\n@media screen and (max-width: 991px) {\n  .blog-shortcode.blog-masonry-shortcode-id-4d78cc79d416f957d069fd96cc6e9b0a.resize-by-browser-width .dt-css-grid {\n    grid-template-columns: repeat(2,1fr);\n  }\n  .cssgridlegacy.no-cssgrid .blog-shortcode.blog-masonry-shortcode-id-4d78cc79d416f957d069fd96cc6e9b0a.resize-by-browser-width .dt-css-grid .wf-cell,\n  .no-cssgridlegacy.no-cssgrid .blog-shortcode.blog-masonry-shortcode-id-4d78cc79d416f957d069fd96cc6e9b0a.resize-by-browser-width .dt-css-grid .wf-cell {\n    width: 50%;\n  }\n  .cssgridlegacy.no-cssgrid .blog-shortcode.blog-masonry-shortcode-id-4d78cc79d416f957d069fd96cc6e9b0a.resize-by-browser-width .dt-css-grid .wf-cell.double-width,\n  .no-cssgridlegacy.no-cssgrid .blog-shortcode.blog-masonry-shortcode-id-4d78cc79d416f957d069fd96cc6e9b0a.resize-by-browser-width .dt-css-grid .wf-cell.double-width {\n    width: calc(50%)*2;\n  }\n}\n@media screen and (max-width: 767px) {\n  .blog-shortcode.blog-masonry-shortcode-id-4d78cc79d416f957d069fd96cc6e9b0a.resize-by-browser-width .dt-css-grid {\n    grid-template-columns: repeat(1,1fr);\n  }\n  .blog-shortcode.blog-masonry-shortcode-id-4d78cc79d416f957d069fd96cc6e9b0a.resize-by-browser-width .dt-css-grid .double-width {\n    grid-column: span 1;\n  }\n  .cssgridlegacy.no-cssgrid .blog-shortcode.blog-masonry-shortcode-id-4d78cc79d416f957d069fd96cc6e9b0a.resize-by-browser-width .dt-css-grid .wf-cell,\n  .no-cssgridlegacy.no-cssgrid .blog-shortcode.blog-masonry-shortcode-id-4d78cc79d416f957d069fd96cc6e9b0a.resize-by-browser-width .dt-css-grid .wf-cell {\n    width: 100%;\n  }\n  .cssgridlegacy.no-cssgrid .blog-shortcode.blog-masonry-shortcode-id-4d78cc79d416f957d069fd96cc6e9b0a.resize-by-browser-width .dt-css-grid .wf-cell.double-width,\n  .no-cssgridlegacy.no-cssgrid .blog-shortcode.blog-masonry-shortcode-id-4d78cc79d416f957d069fd96cc6e9b0a.resize-by-browser-width .dt-css-grid .wf-cell.double-width {\n    width: calc(100%)*2;\n  }\n}<\/style><div class=\"blog-shortcode blog-masonry-shortcode-id-4d78cc79d416f957d069fd96cc6e9b0a mode-grid classic-layout-list jquery-filter scale-img meta-info-off dt-css-grid-wrap dt-icon-bg-off resize-by-browser-width loading-effect-none description-under-image \" data-padding=\"15px\" data-cur-page=\"1\" data-post-limit=\"-1\" data-pagination-mode=\"none\" data-desktop-columns-num=\"3\" data-v-tablet-columns-num=\"2\" data-h-tablet-columns-num=\"3\" data-phone-columns-num=\"1\" data-width=\"0px\" data-columns=\"0\"><div class=\"dt-css-grid\" ><div class=\"visible wf-cell\" data-post-id=\"2677\" data-date=\"2026-02-11T14:52:42+01:00\" data-name=\"Nain\u0161talovali sme nov\u00fd izolovan\u00fd glampingov\u00fd dom pomocou \u017eeriava\"><article class=\"post project-odd visible post-2677 type-post status-publish format-standard has-post-thumbnail hentry category-referencia category-399\" data-name=\"Nain\u0161talovali sme nov\u00fd izolovan\u00fd glampingov\u00fd dom pomocou \u017eeriava\" data-date=\"2026-02-11T14:52:42+01:00\">\n\n<div class=\"post-thumbnail-wrap\">\n\t<div class=\"post-thumbnail\">\n\t\t\n\t\t\n\t\t<a href=\"https:\/\/mobilehomescentre.com\/sk\/referencia\/nainstalovali-sme-novy-izolovany-glampingovy-dom-pomocou-zeriava\/\" class=\"post-thumbnail-rollover layzr-bg layzr-bg\" ><img fetchpriority=\"high\" decoding=\"async\" class=\"iso-lazy-load preload-me iso-lazy-load aspect\" src=\"data:image\/svg+xml,%3Csvg%20xmlns%3D&#39;http%3A%2F%2Fwww.w3.org%2F2000%2Fsvg&#39;%20viewBox%3D&#39;0%200%20768%20512&#39;%2F%3E\" data-src=\"https:\/\/mobilehomescentre.com\/wp-content\/uploads\/2026\/02\/egy-uj-hoszigetelt-glamping-hazat-telepitettunk-daru-segitsegevel1-768x512.jpeg\" data-srcset=\"https:\/\/mobilehomescentre.com\/wp-content\/uploads\/2026\/02\/egy-uj-hoszigetelt-glamping-hazat-telepitettunk-daru-segitsegevel1-768x512.jpeg 768w, https:\/\/mobilehomescentre.com\/wp-content\/uploads\/2026\/02\/egy-uj-hoszigetelt-glamping-hazat-telepitettunk-daru-segitsegevel1-1152x768.jpeg 1152w\" loading=\"eager\" style=\"--ratio: 768 \/ 512\" sizes=\"(max-width: 768px) 100vw, 768px\" alt=\"\" title=\"egy-uj-hoszigetelt-glamping-hazat-telepitettunk-daru-segitsegevel1\" width=\"768\" height=\"512\"  \/><\/a>\t<\/div>\n<\/div>\n\n\n<div class=\"post-entry-content\">\n\n\t<h3 class=\"entry-title\">\n\t\t<a href=\"https:\/\/mobilehomescentre.com\/sk\/referencia\/nainstalovali-sme-novy-izolovany-glampingovy-dom-pomocou-zeriava\/\" title=\"Nain\u0161talovali sme nov\u00fd izolovan\u00fd glampingov\u00fd dom pomocou \u017eeriava\" rel=\"bookmark\">Nain\u0161talovali sme nov\u00fd izolovan\u00fd glampingov\u00fd dom pomocou \u017eeriava<\/a>\n\t<\/h3>\n\n\t\n\t<div class=\"entry-excerpt\"><p>[vc_row][vc_column width=&#8220;2\/3&#8243; offset=&#8220;vc_col-sm-offset-2&#8243;][vc_column_text css=&#8220;&#8220;]Nain\u0161talovali sme nov\u00fd, pr\u00e9miov\u00fd izolovan\u00fd glampingov\u00fd dom pomocou \u017eeriava pre jeho nov\u00e9ho majite\u013ea. Tento jedine\u010dn\u00fd mobiln\u00fd dom&hellip;<\/p>\n<\/div>\n\t\n<\/div><\/article><\/div><div class=\"visible wf-cell\" data-post-id=\"2674\" data-date=\"2026-02-11T14:51:09+01:00\" data-name=\"In\u0161tal\u00e1cia nov\u00e9ho tepelne izolovan\u00e9ho montovan\u00e9ho domu\"><article class=\"post project-odd visible post-2674 type-post status-publish format-standard has-post-thumbnail hentry category-referencia category-399\" data-name=\"In\u0161tal\u00e1cia nov\u00e9ho tepelne izolovan\u00e9ho montovan\u00e9ho domu\" data-date=\"2026-02-11T14:51:09+01:00\">\n\n<div class=\"post-thumbnail-wrap\">\n\t<div class=\"post-thumbnail\">\n\t\t\n\t\t\n\t\t<a href=\"https:\/\/mobilehomescentre.com\/sk\/referencia\/instalacia-noveho-tepelne-izolovaneho-montovaneho-domu\/\" class=\"post-thumbnail-rollover layzr-bg layzr-bg\" ><img decoding=\"async\" class=\"iso-lazy-load preload-me iso-lazy-load aspect\" src=\"data:image\/svg+xml,%3Csvg%20xmlns%3D&#39;http%3A%2F%2Fwww.w3.org%2F2000%2Fsvg&#39;%20viewBox%3D&#39;0%200%20768%20512&#39;%2F%3E\" data-src=\"https:\/\/mobilehomescentre.com\/wp-content\/uploads\/2026\/02\/uj-hoszigetelt-keszhaz-telepitese3-768x512.jpg\" data-srcset=\"https:\/\/mobilehomescentre.com\/wp-content\/uploads\/2026\/02\/uj-hoszigetelt-keszhaz-telepitese3-768x512.jpg 768w, https:\/\/mobilehomescentre.com\/wp-content\/uploads\/2026\/02\/uj-hoszigetelt-keszhaz-telepitese3-1152x768.jpg 1152w\" loading=\"eager\" style=\"--ratio: 768 \/ 512\" sizes=\"(max-width: 768px) 100vw, 768px\" alt=\"\" title=\"uj-hoszigetelt-keszhaz-telepitese3\" width=\"768\" height=\"512\"  \/><\/a>\t<\/div>\n<\/div>\n\n\n<div class=\"post-entry-content\">\n\n\t<h3 class=\"entry-title\">\n\t\t<a href=\"https:\/\/mobilehomescentre.com\/sk\/referencia\/instalacia-noveho-tepelne-izolovaneho-montovaneho-domu\/\" title=\"In\u0161tal\u00e1cia nov\u00e9ho tepelne izolovan\u00e9ho montovan\u00e9ho domu\" rel=\"bookmark\">In\u0161tal\u00e1cia nov\u00e9ho tepelne izolovan\u00e9ho montovan\u00e9ho domu<\/a>\n\t<\/h3>\n\n\t\n\t<div class=\"entry-excerpt\"><p>[vc_row][vc_column width=&#8220;2\/3&#8243; offset=&#8220;vc_col-sm-offset-2&#8243;][vc_column_text css=&#8220;&#8220;]Nain\u0161talovali sme nov\u00fd tepelne izolovan\u00fd montovan\u00fd dom s dreven\u00fdm obkladom. Dom bude sl\u00fa\u017ei\u0165 ako trval\u00e9, energeticky \u00fasporn\u00e9&hellip;<\/p>\n<\/div>\n\t\n<\/div><\/article><\/div><div class=\"visible wf-cell\" data-post-id=\"2671\" data-date=\"2026-02-11T14:46:40+01:00\" data-name=\"Preprava mobiln\u00e9ho domu Atlas Everglade cez \u00fazky lesn\u00fd ter\u00e9n\"><article class=\"post project-odd visible post-2671 type-post status-publish format-standard has-post-thumbnail hentry category-referencia category-399\" data-name=\"Preprava mobiln\u00e9ho domu Atlas Everglade cez \u00fazky lesn\u00fd ter\u00e9n\" data-date=\"2026-02-11T14:46:40+01:00\">\n\n<div class=\"post-thumbnail-wrap\">\n\t<div class=\"post-thumbnail\">\n\t\t\n\t\t\n\t\t<a href=\"https:\/\/mobilehomescentre.com\/sk\/referencia\/preprava-mobilneho-domu-atlas-everglade-cez-uzky-lesny-teren\/\" class=\"post-thumbnail-rollover layzr-bg layzr-bg\" ><img decoding=\"async\" class=\"iso-lazy-load preload-me iso-lazy-load aspect\" src=\"data:image\/svg+xml,%3Csvg%20xmlns%3D&#39;http%3A%2F%2Fwww.w3.org%2F2000%2Fsvg&#39;%20viewBox%3D&#39;0%200%20768%20512&#39;%2F%3E\" data-src=\"https:\/\/mobilehomescentre.com\/wp-content\/uploads\/2026\/02\/atlas-everglade-mobilhaz-szallitasa-szuk-erdos-teruleten3-768x512.jpg\" data-srcset=\"https:\/\/mobilehomescentre.com\/wp-content\/uploads\/2026\/02\/atlas-everglade-mobilhaz-szallitasa-szuk-erdos-teruleten3-768x512.jpg 768w, https:\/\/mobilehomescentre.com\/wp-content\/uploads\/2026\/02\/atlas-everglade-mobilhaz-szallitasa-szuk-erdos-teruleten3-1152x768.jpg 1152w\" loading=\"eager\" style=\"--ratio: 768 \/ 512\" sizes=\"(max-width: 768px) 100vw, 768px\" alt=\"\" title=\"atlas-everglade-mobilhaz-szallitasa-szuk-erdos-teruleten3\" width=\"768\" height=\"512\"  \/><\/a>\t<\/div>\n<\/div>\n\n\n<div class=\"post-entry-content\">\n\n\t<h3 class=\"entry-title\">\n\t\t<a href=\"https:\/\/mobilehomescentre.com\/sk\/referencia\/preprava-mobilneho-domu-atlas-everglade-cez-uzky-lesny-teren\/\" title=\"Preprava mobiln\u00e9ho domu Atlas Everglade cez \u00fazky lesn\u00fd ter\u00e9n\" rel=\"bookmark\">Preprava mobiln\u00e9ho domu Atlas Everglade cez \u00fazky lesn\u00fd ter\u00e9n<\/a>\n\t<\/h3>\n\n\t\n\t<div class=\"entry-excerpt\"><p>[vc_row][vc_column width=&#8220;2\/3&#8243; offset=&#8220;vc_col-sm-offset-2&#8243;][vc_column_text css=&#8220;&#8220;]Doru\u010dili sme mobiln\u00fd dom Atlas Everglade, ktor\u00fd m\u00e1 dve priestrann\u00e9 izby, samostatn\u00fa sprchu a toaletu. Modern\u00fd n\u00e1bytok&hellip;<\/p>\n<\/div>\n\t\n<\/div><\/article><\/div><div class=\"visible wf-cell\" data-post-id=\"2668\" data-date=\"2026-02-11T13:57:16+01:00\" data-name=\"In\u0161tal\u00e1cia nov\u00e9ho mobiln\u00e9ho domu na \u00fazky priestor\"><article class=\"post project-odd visible post-2668 type-post status-publish format-standard has-post-thumbnail hentry category-referencia category-399\" data-name=\"In\u0161tal\u00e1cia nov\u00e9ho mobiln\u00e9ho domu na \u00fazky priestor\" data-date=\"2026-02-11T13:57:16+01:00\">\n\n<div class=\"post-thumbnail-wrap\">\n\t<div class=\"post-thumbnail\">\n\t\t\n\t\t\n\t\t<a href=\"https:\/\/mobilehomescentre.com\/sk\/referencia\/instalacia-noveho-mobilneho-domu-na-uzky-priestor\/\" class=\"post-thumbnail-rollover layzr-bg layzr-bg\" ><img decoding=\"async\" class=\"iso-lazy-load preload-me iso-lazy-load aspect\" src=\"data:image\/svg+xml,%3Csvg%20xmlns%3D&#39;http%3A%2F%2Fwww.w3.org%2F2000%2Fsvg&#39;%20viewBox%3D&#39;0%200%20768%20512&#39;%2F%3E\" data-src=\"https:\/\/mobilehomescentre.com\/wp-content\/uploads\/2026\/02\/uj-mobilhaz-telepitese-szukos-helyre3-768x512.jpeg\" data-srcset=\"https:\/\/mobilehomescentre.com\/wp-content\/uploads\/2026\/02\/uj-mobilhaz-telepitese-szukos-helyre3-768x512.jpeg 768w, https:\/\/mobilehomescentre.com\/wp-content\/uploads\/2026\/02\/uj-mobilhaz-telepitese-szukos-helyre3-1152x768.jpeg 1152w\" loading=\"eager\" style=\"--ratio: 768 \/ 512\" sizes=\"(max-width: 768px) 100vw, 768px\" alt=\"\" title=\"uj-mobilhaz-telepitese-szukos-helyre3\" width=\"768\" height=\"512\"  \/><\/a>\t<\/div>\n<\/div>\n\n\n<div class=\"post-entry-content\">\n\n\t<h3 class=\"entry-title\">\n\t\t<a href=\"https:\/\/mobilehomescentre.com\/sk\/referencia\/instalacia-noveho-mobilneho-domu-na-uzky-priestor\/\" title=\"In\u0161tal\u00e1cia nov\u00e9ho mobiln\u00e9ho domu na \u00fazky priestor\" rel=\"bookmark\">In\u0161tal\u00e1cia nov\u00e9ho mobiln\u00e9ho domu na \u00fazky priestor<\/a>\n\t<\/h3>\n\n\t\n\t<div class=\"entry-excerpt\"><p>[vc_row][vc_column width=&#8220;2\/3&#8243; offset=&#8220;vc_col-sm-offset-2&#8243;][vc_column_text css=&#8220;&#8220;]\u00daspe\u0161ne sme nain\u0161talovali modern\u00fd mobiln\u00fd dom na \u00fazky, zalesnen\u00fd pozemok. Preprava a in\u0161tal\u00e1cia si vy\u017eadovali ve\u013ek\u00fa pozornos\u0165&hellip;<\/p>\n<\/div>\n\t\n<\/div><\/article><\/div><div class=\"visible wf-cell\" data-post-id=\"2665\" data-date=\"2026-02-11T13:55:30+01:00\" data-name=\"In\u0161tal\u00e1cia mobiln\u00e9ho domu Cosalt Stratmore v Gy\u0151r-Moson-Sopron\"><article class=\"post project-odd visible post-2665 type-post status-publish format-standard has-post-thumbnail hentry category-referencia category-399\" data-name=\"In\u0161tal\u00e1cia mobiln\u00e9ho domu Cosalt Stratmore v Gy\u0151r-Moson-Sopron\" data-date=\"2026-02-11T13:55:30+01:00\">\n\n<div class=\"post-thumbnail-wrap\">\n\t<div class=\"post-thumbnail\">\n\t\t\n\t\t\n\t\t<a href=\"https:\/\/mobilehomescentre.com\/sk\/referencia\/instalacia-mobilneho-domu-cosalt-stratmore-v-gyor-moson-sopron\/\" class=\"post-thumbnail-rollover layzr-bg layzr-bg\" ><img decoding=\"async\" class=\"iso-lazy-load preload-me iso-lazy-load aspect\" src=\"data:image\/svg+xml,%3Csvg%20xmlns%3D&#39;http%3A%2F%2Fwww.w3.org%2F2000%2Fsvg&#39;%20viewBox%3D&#39;0%200%20768%20512&#39;%2F%3E\" data-src=\"https:\/\/mobilehomescentre.com\/wp-content\/uploads\/2026\/02\/cosalt-stratmore-mobilhaz-telepitese-gyor-moson-sopron-varmegyeben3-768x512.jpg\" data-srcset=\"https:\/\/mobilehomescentre.com\/wp-content\/uploads\/2026\/02\/cosalt-stratmore-mobilhaz-telepitese-gyor-moson-sopron-varmegyeben3-768x512.jpg 768w, https:\/\/mobilehomescentre.com\/wp-content\/uploads\/2026\/02\/cosalt-stratmore-mobilhaz-telepitese-gyor-moson-sopron-varmegyeben3-1152x768.jpg 1152w\" loading=\"eager\" style=\"--ratio: 768 \/ 512\" sizes=\"(max-width: 768px) 100vw, 768px\" alt=\"\" title=\"cosalt-stratmore-mobilhaz-telepitese-gyor-moson-sopron-varmegyeben3\" width=\"768\" height=\"512\"  \/><\/a>\t<\/div>\n<\/div>\n\n\n<div class=\"post-entry-content\">\n\n\t<h3 class=\"entry-title\">\n\t\t<a href=\"https:\/\/mobilehomescentre.com\/sk\/referencia\/instalacia-mobilneho-domu-cosalt-stratmore-v-gyor-moson-sopron\/\" title=\"In\u0161tal\u00e1cia mobiln\u00e9ho domu Cosalt Stratmore v Gy\u0151r-Moson-Sopron\" rel=\"bookmark\">In\u0161tal\u00e1cia mobiln\u00e9ho domu Cosalt Stratmore v Gy\u0151r-Moson-Sopron<\/a>\n\t<\/h3>\n\n\t\n\t<div class=\"entry-excerpt\"><p>[vc_row][vc_column width=&#8220;2\/3&#8243; offset=&#8220;vc_col-sm-offset-2&#8243;][vc_column_text css=&#8220;&#8220;]Ned\u00e1vno sme nain\u0161talovali extra ve\u013ek\u00fd, modern\u00fd a mladistvo zariaden\u00fd pou\u017eit\u00fd mobiln\u00fd dom Cosalt Stratmore v Gy\u0151r-Moson-Sopron. Je&hellip;<\/p>\n<\/div>\n\t\n<\/div><\/article><\/div><div class=\"visible wf-cell\" data-post-id=\"2662\" data-date=\"2026-02-11T13:53:35+01:00\" data-name=\"In\u0161tal\u00e1cia mobiln\u00e9ho domu Willerby Vogue na ju\u017enom Slovensku\"><article class=\"post project-odd visible post-2662 type-post status-publish format-standard has-post-thumbnail hentry category-referencia category-399\" data-name=\"In\u0161tal\u00e1cia mobiln\u00e9ho domu Willerby Vogue na ju\u017enom Slovensku\" data-date=\"2026-02-11T13:53:35+01:00\">\n\n<div class=\"post-thumbnail-wrap\">\n\t<div class=\"post-thumbnail\">\n\t\t\n\t\t\n\t\t<a href=\"https:\/\/mobilehomescentre.com\/sk\/referencia\/instalacia-mobilneho-domu-willerby-vogue-na-juznom-slovensku\/\" class=\"post-thumbnail-rollover layzr-bg layzr-bg\" ><img decoding=\"async\" class=\"iso-lazy-load preload-me iso-lazy-load aspect\" src=\"data:image\/svg+xml,%3Csvg%20xmlns%3D&#39;http%3A%2F%2Fwww.w3.org%2F2000%2Fsvg&#39;%20viewBox%3D&#39;0%200%20768%20512&#39;%2F%3E\" data-src=\"https:\/\/mobilehomescentre.com\/wp-content\/uploads\/2026\/02\/willerby-vogue-mobilhaz-telepitese-a-del-dunantulon1-768x512.jpg\" data-srcset=\"https:\/\/mobilehomescentre.com\/wp-content\/uploads\/2026\/02\/willerby-vogue-mobilhaz-telepitese-a-del-dunantulon1-768x512.jpg 768w, https:\/\/mobilehomescentre.com\/wp-content\/uploads\/2026\/02\/willerby-vogue-mobilhaz-telepitese-a-del-dunantulon1-1152x768.jpg 1152w\" loading=\"eager\" style=\"--ratio: 768 \/ 512\" sizes=\"(max-width: 768px) 100vw, 768px\" alt=\"\" title=\"willerby-vogue-mobilhaz-telepitese-a-del-dunantulon1\" width=\"768\" height=\"512\"  \/><\/a>\t<\/div>\n<\/div>\n\n\n<div class=\"post-entry-content\">\n\n\t<h3 class=\"entry-title\">\n\t\t<a href=\"https:\/\/mobilehomescentre.com\/sk\/referencia\/instalacia-mobilneho-domu-willerby-vogue-na-juznom-slovensku\/\" title=\"In\u0161tal\u00e1cia mobiln\u00e9ho domu Willerby Vogue na ju\u017enom Slovensku\" rel=\"bookmark\">In\u0161tal\u00e1cia mobiln\u00e9ho domu Willerby Vogue na ju\u017enom Slovensku<\/a>\n\t<\/h3>\n\n\t\n\t<div class=\"entry-excerpt\"><p>[vc_row][vc_column width=&#8220;2\/3&#8243; offset=&#8220;vc_col-sm-offset-2&#8243;][vc_column_text css=&#8220;&#8220;]Ned\u00e1vno sme nain\u0161talovali pou\u017eit\u00fd mobiln\u00fd dom Willerby Vogue na ju\u017enom Slovensku. Tento model m\u00e1 rozmery 3,70 x&hellip;<\/p>\n<\/div>\n\t\n<\/div><\/article><\/div><div class=\"visible wf-cell\" data-post-id=\"2659\" data-date=\"2026-02-11T13:51:35+01:00\" data-name=\"In\u0161tal\u00e1cia mobiln\u00e9ho domu Abi Camberra v severnom Bakony na ran\u010di\"><article class=\"post project-odd visible post-2659 type-post status-publish format-standard has-post-thumbnail hentry category-referencia category-399\" data-name=\"In\u0161tal\u00e1cia mobiln\u00e9ho domu Abi Camberra v severnom Bakony na ran\u010di\" data-date=\"2026-02-11T13:51:35+01:00\">\n\n<div class=\"post-thumbnail-wrap\">\n\t<div class=\"post-thumbnail\">\n\t\t\n\t\t\n\t\t<a href=\"https:\/\/mobilehomescentre.com\/sk\/referencia\/instalacia-mobilneho-domu-abi-camberra-v-severnom-bakony-na-ranci\/\" class=\"post-thumbnail-rollover layzr-bg layzr-bg\" ><img decoding=\"async\" class=\"iso-lazy-load preload-me iso-lazy-load aspect\" src=\"data:image\/svg+xml,%3Csvg%20xmlns%3D&#39;http%3A%2F%2Fwww.w3.org%2F2000%2Fsvg&#39;%20viewBox%3D&#39;0%200%20768%20512&#39;%2F%3E\" data-src=\"https:\/\/mobilehomescentre.com\/wp-content\/uploads\/2026\/02\/abi-camberra-mobilhaz-telepitese-eszak-bakonyban-egy-lovastanyan1-768x512.jpeg\" data-srcset=\"https:\/\/mobilehomescentre.com\/wp-content\/uploads\/2026\/02\/abi-camberra-mobilhaz-telepitese-eszak-bakonyban-egy-lovastanyan1-768x512.jpeg 768w, https:\/\/mobilehomescentre.com\/wp-content\/uploads\/2026\/02\/abi-camberra-mobilhaz-telepitese-eszak-bakonyban-egy-lovastanyan1-1152x768.jpeg 1152w\" loading=\"eager\" style=\"--ratio: 768 \/ 512\" sizes=\"(max-width: 768px) 100vw, 768px\" alt=\"\" title=\"abi-camberra-mobilhaz-telepitese-eszak-bakonyban-egy-lovastanyan1\" width=\"768\" height=\"512\"  \/><\/a>\t<\/div>\n<\/div>\n\n\n<div class=\"post-entry-content\">\n\n\t<h3 class=\"entry-title\">\n\t\t<a href=\"https:\/\/mobilehomescentre.com\/sk\/referencia\/instalacia-mobilneho-domu-abi-camberra-v-severnom-bakony-na-ranci\/\" title=\"In\u0161tal\u00e1cia mobiln\u00e9ho domu Abi Camberra v severnom Bakony na ran\u010di\" rel=\"bookmark\">In\u0161tal\u00e1cia mobiln\u00e9ho domu Abi Camberra v severnom Bakony na ran\u010di<\/a>\n\t<\/h3>\n\n\t\n\t<div class=\"entry-excerpt\"><p>[vc_row][vc_column width=&#8220;2\/3&#8243; offset=&#8220;vc_col-sm-offset-2&#8243;][vc_column_text css=&#8220;&#8220;]Ned\u00e1vno sme nain\u0161talovali mobiln\u00fd dom Abi Camberra na ran\u010di na z\u00e1padnom svahu severn\u00e9ho Bakony. Dom m\u00e1 rozmery&hellip;<\/p>\n<\/div>\n\t\n<\/div><\/article><\/div><div class=\"visible wf-cell\" data-post-id=\"2656\" data-date=\"2026-02-11T13:49:43+01:00\" data-name=\"\u010eal\u0161ia \u00faspe\u0161n\u00e1 in\u0161tal\u00e1cia modulov\u00fdch domov v B\u00e9k\u00e9s \u2013 L-Box ubytovne pre pracovn\u00edkov\"><article class=\"post project-odd visible post-2656 type-post status-publish format-standard has-post-thumbnail hentry category-referencia category-399\" data-name=\"\u010eal\u0161ia \u00faspe\u0161n\u00e1 in\u0161tal\u00e1cia modulov\u00fdch domov v B\u00e9k\u00e9s \u2013 L-Box ubytovne pre pracovn\u00edkov\" data-date=\"2026-02-11T13:49:43+01:00\">\n\n<div class=\"post-thumbnail-wrap\">\n\t<div class=\"post-thumbnail\">\n\t\t\n\t\t\n\t\t<a href=\"https:\/\/mobilehomescentre.com\/sk\/referencia\/dalsia-uspesna-instalacia-modulovych-domov-v-bekes-l-box-ubytovne-pre-pracovnikov\/\" class=\"post-thumbnail-rollover layzr-bg layzr-bg\" ><img decoding=\"async\" class=\"iso-lazy-load preload-me iso-lazy-load aspect\" src=\"data:image\/svg+xml,%3Csvg%20xmlns%3D&#39;http%3A%2F%2Fwww.w3.org%2F2000%2Fsvg&#39;%20viewBox%3D&#39;0%200%20768%20512&#39;%2F%3E\" data-src=\"https:\/\/mobilehomescentre.com\/wp-content\/uploads\/2026\/02\/ujabb-sikeres-modulhaz-telepites-bekes-varmegyeben-\u2013-l-box-munkasszallo-hazak4-768x512.jpeg\" data-srcset=\"https:\/\/mobilehomescentre.com\/wp-content\/uploads\/2026\/02\/ujabb-sikeres-modulhaz-telepites-bekes-varmegyeben-\u2013-l-box-munkasszallo-hazak4-768x512.jpeg 768w, https:\/\/mobilehomescentre.com\/wp-content\/uploads\/2026\/02\/ujabb-sikeres-modulhaz-telepites-bekes-varmegyeben-\u2013-l-box-munkasszallo-hazak4-1152x768.jpeg 1152w\" loading=\"eager\" style=\"--ratio: 768 \/ 512\" sizes=\"(max-width: 768px) 100vw, 768px\" alt=\"\" title=\"ujabb-sikeres-modulhaz-telepites-bekes-varmegyeben-\u2013-l-box-munkasszallo-hazak4\" width=\"768\" height=\"512\"  \/><\/a>\t<\/div>\n<\/div>\n\n\n<div class=\"post-entry-content\">\n\n\t<h3 class=\"entry-title\">\n\t\t<a href=\"https:\/\/mobilehomescentre.com\/sk\/referencia\/dalsia-uspesna-instalacia-modulovych-domov-v-bekes-l-box-ubytovne-pre-pracovnikov\/\" title=\"\u010eal\u0161ia \u00faspe\u0161n\u00e1 in\u0161tal\u00e1cia modulov\u00fdch domov v B\u00e9k\u00e9s \u2013 L-Box ubytovne pre pracovn\u00edkov\" rel=\"bookmark\">\u010eal\u0161ia \u00faspe\u0161n\u00e1 in\u0161tal\u00e1cia modulov\u00fdch domov v B\u00e9k\u00e9s \u2013 L-Box ubytovne pre pracovn\u00edkov<\/a>\n\t<\/h3>\n\n\t\n\t<div class=\"entry-excerpt\"><p>[vc_row][vc_column width=&#8220;2\/3&#8243; offset=&#8220;vc_col-sm-offset-2&#8243;][vc_column_text css=&#8220;&#8220;]Ned\u00e1vno sme nain\u0161talovali tri modulov\u00e9 domy L-Box v tvare L v B\u00e9k\u00e9s, ur\u010den\u00e9 ako ubytovne pre pracovn\u00edkov.&hellip;<\/p>\n<\/div>\n\t\n<\/div><\/article><\/div><div class=\"visible wf-cell\" data-post-id=\"2653\" data-date=\"2026-02-11T13:47:49+01:00\" data-name=\"In\u0161tal\u00e1cia jedine\u010dn\u00e9ho modul\u00e1rneho domu L-Box v okrese S\u00fcmeg\"><article class=\"post project-odd visible post-2653 type-post status-publish format-standard has-post-thumbnail hentry category-referencia category-399\" data-name=\"In\u0161tal\u00e1cia jedine\u010dn\u00e9ho modul\u00e1rneho domu L-Box v okrese S\u00fcmeg\" data-date=\"2026-02-11T13:47:49+01:00\">\n\n<div class=\"post-thumbnail-wrap\">\n\t<div class=\"post-thumbnail\">\n\t\t\n\t\t\n\t\t<a href=\"https:\/\/mobilehomescentre.com\/sk\/referencia\/instalacia-jedinecneho-modularneho-domu-l-box-v-okrese-sumeg\/\" class=\"post-thumbnail-rollover layzr-bg layzr-bg\" ><img decoding=\"async\" class=\"iso-lazy-load preload-me iso-lazy-load aspect\" src=\"data:image\/svg+xml,%3Csvg%20xmlns%3D&#39;http%3A%2F%2Fwww.w3.org%2F2000%2Fsvg&#39;%20viewBox%3D&#39;0%200%20768%20512&#39;%2F%3E\" data-src=\"https:\/\/mobilehomescentre.com\/wp-content\/uploads\/2026\/02\/egyedi-l-box-modulhaz-telepitese-a-sumegi-jarasban1-768x512.jpeg\" data-srcset=\"https:\/\/mobilehomescentre.com\/wp-content\/uploads\/2026\/02\/egyedi-l-box-modulhaz-telepitese-a-sumegi-jarasban1-768x512.jpeg 768w, https:\/\/mobilehomescentre.com\/wp-content\/uploads\/2026\/02\/egyedi-l-box-modulhaz-telepitese-a-sumegi-jarasban1-1152x768.jpeg 1152w\" loading=\"eager\" style=\"--ratio: 768 \/ 512\" sizes=\"(max-width: 768px) 100vw, 768px\" alt=\"\" title=\"egyedi-l-box-modulhaz-telepitese-a-sumegi-jarasban1\" width=\"768\" height=\"512\"  \/><\/a>\t<\/div>\n<\/div>\n\n\n<div class=\"post-entry-content\">\n\n\t<h3 class=\"entry-title\">\n\t\t<a href=\"https:\/\/mobilehomescentre.com\/sk\/referencia\/instalacia-jedinecneho-modularneho-domu-l-box-v-okrese-sumeg\/\" title=\"In\u0161tal\u00e1cia jedine\u010dn\u00e9ho modul\u00e1rneho domu L-Box v okrese S\u00fcmeg\" rel=\"bookmark\">In\u0161tal\u00e1cia jedine\u010dn\u00e9ho modul\u00e1rneho domu L-Box v okrese S\u00fcmeg<\/a>\n\t<\/h3>\n\n\t\n\t<div class=\"entry-excerpt\"><p>[vc_row][vc_column width=&#8220;2\/3&#8243; offset=&#8220;vc_col-sm-offset-2&#8243;][vc_column_text css=&#8220;&#8220;]Ned\u00e1vno sme dokon\u010dili in\u0161tal\u00e1ciu modul\u00e1rneho domu L-Box v okrese S\u00fcmeg. Tento dom m\u00e1 vynikaj\u00facu tepeln\u00fa izol\u00e1ciu, dvojit\u00e9&hellip;<\/p>\n<\/div>\n\t\n<\/div><\/article><\/div><div class=\"visible wf-cell\" data-post-id=\"2650\" data-date=\"2026-02-11T13:46:19+01:00\" data-name=\"Doprava pou\u017eit\u00e9ho mobiln\u00e9ho domu Ideal do Zala\"><article class=\"post project-odd visible post-2650 type-post status-publish format-standard has-post-thumbnail hentry category-referencia category-399\" data-name=\"Doprava pou\u017eit\u00e9ho mobiln\u00e9ho domu Ideal do Zala\" data-date=\"2026-02-11T13:46:19+01:00\">\n\n<div class=\"post-thumbnail-wrap\">\n\t<div class=\"post-thumbnail\">\n\t\t\n\t\t\n\t\t<a href=\"https:\/\/mobilehomescentre.com\/sk\/referencia\/doprava-pouziteho-mobilneho-domu-ideal-do-zala\/\" class=\"post-thumbnail-rollover layzr-bg layzr-bg\" ><img decoding=\"async\" class=\"iso-lazy-load preload-me iso-lazy-load aspect\" src=\"data:image\/svg+xml,%3Csvg%20xmlns%3D&#39;http%3A%2F%2Fwww.w3.org%2F2000%2Fsvg&#39;%20viewBox%3D&#39;0%200%20768%20512&#39;%2F%3E\" data-src=\"https:\/\/mobilehomescentre.com\/wp-content\/uploads\/2026\/02\/ujabb-sikeres-szallitas-zala-varmegyeben-\u2013-ideal-mobilhaz-telepitese1-768x512.jpg\" data-srcset=\"https:\/\/mobilehomescentre.com\/wp-content\/uploads\/2026\/02\/ujabb-sikeres-szallitas-zala-varmegyeben-\u2013-ideal-mobilhaz-telepitese1-768x512.jpg 768w, https:\/\/mobilehomescentre.com\/wp-content\/uploads\/2026\/02\/ujabb-sikeres-szallitas-zala-varmegyeben-\u2013-ideal-mobilhaz-telepitese1-1152x768.jpg 1152w\" loading=\"eager\" style=\"--ratio: 768 \/ 512\" sizes=\"(max-width: 768px) 100vw, 768px\" alt=\"\" title=\"ujabb-sikeres-szallitas-zala-varmegyeben-\u2013-ideal-mobilhaz-telepitese1\" width=\"768\" height=\"512\"  \/><\/a>\t<\/div>\n<\/div>\n\n\n<div class=\"post-entry-content\">\n\n\t<h3 class=\"entry-title\">\n\t\t<a href=\"https:\/\/mobilehomescentre.com\/sk\/referencia\/doprava-pouziteho-mobilneho-domu-ideal-do-zala\/\" title=\"Doprava pou\u017eit\u00e9ho mobiln\u00e9ho domu Ideal do Zala\" rel=\"bookmark\">Doprava pou\u017eit\u00e9ho mobiln\u00e9ho domu Ideal do Zala<\/a>\n\t<\/h3>\n\n\t\n\t<div class=\"entry-excerpt\"><p>[vc_row][vc_column width=&#8220;2\/3&#8243; offset=&#8220;vc_col-sm-offset-2&#8243;][vc_column_text css=&#8220;&#8220;]Ned\u00e1vno sme \u00faspe\u0161ne doru\u010dili pou\u017eit\u00fd mobiln\u00fd dom Ideal s rozmermi 8&#215;3,10 m a dvoma sp\u00e1l\u0148ami nov\u00e9mu majite\u013eovi&hellip;<\/p>\n<\/div>\n\t\n<\/div><\/article><\/div><div class=\"visible wf-cell\" data-post-id=\"2647\" data-date=\"2026-02-11T13:44:05+01:00\" data-name=\"Pr\u00e9miov\u00fd JB SilverMoon montovan\u00fd dom pri jazere Tisza \u2013 \u00faspe\u0161n\u00e1 in\u0161tal\u00e1cia v regi\u00f3ne Nagykuns\u00e1g\"><article class=\"post project-odd visible post-2647 type-post status-publish format-standard has-post-thumbnail hentry category-referencia category-399\" data-name=\"Pr\u00e9miov\u00fd JB SilverMoon montovan\u00fd dom pri jazere Tisza \u2013 \u00faspe\u0161n\u00e1 in\u0161tal\u00e1cia v regi\u00f3ne Nagykuns\u00e1g\" data-date=\"2026-02-11T13:44:05+01:00\">\n\n<div class=\"post-thumbnail-wrap\">\n\t<div class=\"post-thumbnail\">\n\t\t\n\t\t\n\t\t<a href=\"https:\/\/mobilehomescentre.com\/sk\/referencia\/premiovy-jb-silvermoon-montovany-dom-pri-jazere-tisza-uspesna-instalacia-v-regione-nagykunsag\/\" class=\"post-thumbnail-rollover layzr-bg layzr-bg\" ><img decoding=\"async\" class=\"iso-lazy-load preload-me iso-lazy-load aspect\" src=\"data:image\/svg+xml,%3Csvg%20xmlns%3D&#39;http%3A%2F%2Fwww.w3.org%2F2000%2Fsvg&#39;%20viewBox%3D&#39;0%200%20768%20512&#39;%2F%3E\" data-src=\"https:\/\/mobilehomescentre.com\/wp-content\/uploads\/2026\/02\/premium-jb-silvermoon-keszhaz-a-tisza-to-partjan-\u2013-sikeres-telepites-a-nagykunsagban5-768x512.jpeg\" data-srcset=\"https:\/\/mobilehomescentre.com\/wp-content\/uploads\/2026\/02\/premium-jb-silvermoon-keszhaz-a-tisza-to-partjan-\u2013-sikeres-telepites-a-nagykunsagban5-768x512.jpeg 768w, https:\/\/mobilehomescentre.com\/wp-content\/uploads\/2026\/02\/premium-jb-silvermoon-keszhaz-a-tisza-to-partjan-\u2013-sikeres-telepites-a-nagykunsagban5-1152x768.jpeg 1152w\" loading=\"eager\" style=\"--ratio: 768 \/ 512\" sizes=\"(max-width: 768px) 100vw, 768px\" alt=\"\" title=\"premium-jb-silvermoon-keszhaz-a-tisza-to-partjan-\u2013-sikeres-telepites-a-nagykunsagban5\" width=\"768\" height=\"512\"  \/><\/a>\t<\/div>\n<\/div>\n\n\n<div class=\"post-entry-content\">\n\n\t<h3 class=\"entry-title\">\n\t\t<a href=\"https:\/\/mobilehomescentre.com\/sk\/referencia\/premiovy-jb-silvermoon-montovany-dom-pri-jazere-tisza-uspesna-instalacia-v-regione-nagykunsag\/\" title=\"Pr\u00e9miov\u00fd JB SilverMoon montovan\u00fd dom pri jazere Tisza \u2013 \u00faspe\u0161n\u00e1 in\u0161tal\u00e1cia v regi\u00f3ne Nagykuns\u00e1g\" rel=\"bookmark\">Pr\u00e9miov\u00fd JB SilverMoon montovan\u00fd dom pri jazere Tisza \u2013 \u00faspe\u0161n\u00e1 in\u0161tal\u00e1cia v regi\u00f3ne Nagykuns\u00e1g<\/a>\n\t<\/h3>\n\n\t\n\t<div class=\"entry-excerpt\"><p>[vc_row][vc_column width=&#8220;2\/3&#8243; offset=&#8220;vc_col-sm-offset-2&#8243;][vc_column_text css=&#8220;&#8220;]Ned\u00e1vno sme doru\u010dili pr\u00e9miov\u00fd dom JB SilverMoon na pobre\u017eie jazera Tisza v srdci Nagykuns\u00e1gu. Tento 57 m\u00b2&hellip;<\/p>\n<\/div>\n\t\n<\/div><\/article><\/div><div class=\"visible wf-cell\" data-post-id=\"2644\" data-date=\"2026-02-11T13:41:54+01:00\" data-name=\"Preprava nov\u00e9ho tepelne izolovan\u00e9ho domu v Pestianskej \u017eupe\"><article class=\"post project-odd visible post-2644 type-post status-publish format-standard has-post-thumbnail hentry category-referencia category-399\" data-name=\"Preprava nov\u00e9ho tepelne izolovan\u00e9ho domu v Pestianskej \u017eupe\" data-date=\"2026-02-11T13:41:54+01:00\">\n\n<div class=\"post-thumbnail-wrap\">\n\t<div class=\"post-thumbnail\">\n\t\t\n\t\t\n\t\t<a href=\"https:\/\/mobilehomescentre.com\/sk\/referencia\/preprava-noveho-tepelne-izolovaneho-domu-v-pestianskej-zupe\/\" class=\"post-thumbnail-rollover layzr-bg layzr-bg\" ><img decoding=\"async\" class=\"iso-lazy-load preload-me iso-lazy-load aspect\" src=\"data:image\/svg+xml,%3Csvg%20xmlns%3D&#39;http%3A%2F%2Fwww.w3.org%2F2000%2Fsvg&#39;%20viewBox%3D&#39;0%200%20768%20512&#39;%2F%3E\" data-src=\"https:\/\/mobilehomescentre.com\/wp-content\/uploads\/2026\/02\/uj-hoszigetelt-haz-atszallitasa-pest-varmegyeben5-768x512.jpg\" data-srcset=\"https:\/\/mobilehomescentre.com\/wp-content\/uploads\/2026\/02\/uj-hoszigetelt-haz-atszallitasa-pest-varmegyeben5-768x512.jpg 768w, https:\/\/mobilehomescentre.com\/wp-content\/uploads\/2026\/02\/uj-hoszigetelt-haz-atszallitasa-pest-varmegyeben5-1152x768.jpg 1152w\" loading=\"eager\" style=\"--ratio: 768 \/ 512\" sizes=\"(max-width: 768px) 100vw, 768px\" alt=\"\" title=\"uj-hoszigetelt-haz-atszallitasa-pest-varmegyeben5\" width=\"768\" height=\"512\"  \/><\/a>\t<\/div>\n<\/div>\n\n\n<div class=\"post-entry-content\">\n\n\t<h3 class=\"entry-title\">\n\t\t<a href=\"https:\/\/mobilehomescentre.com\/sk\/referencia\/preprava-noveho-tepelne-izolovaneho-domu-v-pestianskej-zupe\/\" title=\"Preprava nov\u00e9ho tepelne izolovan\u00e9ho domu v Pestianskej \u017eupe\" rel=\"bookmark\">Preprava nov\u00e9ho tepelne izolovan\u00e9ho domu v Pestianskej \u017eupe<\/a>\n\t<\/h3>\n\n\t\n\t<div class=\"entry-excerpt\"><p>[vc_row][vc_column width=&#8220;2\/3&#8243; offset=&#8220;vc_col-sm-offset-2&#8243;][vc_column_text css=&#8220;&#8220;]Ned\u00e1vno sme \u00faspe\u0161ne prepravili a in\u0161talovali nov\u00fd tepelne izolovan\u00fd dom v Pestianskej \u017eupe na malebnom mieste. Z\u00e1kazn\u00edk&hellip;<\/p>\n<\/div>\n\t\n<\/div><\/article><\/div><div class=\"visible wf-cell\" data-post-id=\"2641\" data-date=\"2026-02-11T12:01:15+01:00\" data-name=\"In\u0161tal\u00e1cia izolovan\u00e9ho mobiln\u00e9ho domu v snehu \u2013 V\u00fdzvy a \u00faspe\u0161n\u00e9 rie\u0161enia\"><article class=\"post project-odd visible post-2641 type-post status-publish format-standard has-post-thumbnail hentry category-referencia category-399\" data-name=\"In\u0161tal\u00e1cia izolovan\u00e9ho mobiln\u00e9ho domu v snehu \u2013 V\u00fdzvy a \u00faspe\u0161n\u00e9 rie\u0161enia\" data-date=\"2026-02-11T12:01:15+01:00\">\n\n<div class=\"post-thumbnail-wrap\">\n\t<div class=\"post-thumbnail\">\n\t\t\n\t\t\n\t\t<a href=\"https:\/\/mobilehomescentre.com\/sk\/referencia\/instalacia-izolovaneho-mobilneho-domu-v-snehu-vyzvy-a-uspesne-riesenia\/\" class=\"post-thumbnail-rollover layzr-bg layzr-bg\" ><img decoding=\"async\" class=\"iso-lazy-load preload-me iso-lazy-load aspect\" src=\"data:image\/svg+xml,%3Csvg%20xmlns%3D&#39;http%3A%2F%2Fwww.w3.org%2F2000%2Fsvg&#39;%20viewBox%3D&#39;0%200%20768%20512&#39;%2F%3E\" data-src=\"https:\/\/mobilehomescentre.com\/wp-content\/uploads\/2026\/02\/hoszigetelt-mobilhaz-telepitese-hoban-\u2013-kihivasok-es-sikeres-megoldasok3-768x512.jpg\" data-srcset=\"https:\/\/mobilehomescentre.com\/wp-content\/uploads\/2026\/02\/hoszigetelt-mobilhaz-telepitese-hoban-\u2013-kihivasok-es-sikeres-megoldasok3-768x512.jpg 768w, https:\/\/mobilehomescentre.com\/wp-content\/uploads\/2026\/02\/hoszigetelt-mobilhaz-telepitese-hoban-\u2013-kihivasok-es-sikeres-megoldasok3-1152x768.jpg 1152w\" loading=\"eager\" style=\"--ratio: 768 \/ 512\" sizes=\"(max-width: 768px) 100vw, 768px\" alt=\"\" title=\"hoszigetelt-mobilhaz-telepitese-hoban-\u2013-kihivasok-es-sikeres-megoldasok3\" width=\"768\" height=\"512\"  \/><\/a>\t<\/div>\n<\/div>\n\n\n<div class=\"post-entry-content\">\n\n\t<h3 class=\"entry-title\">\n\t\t<a href=\"https:\/\/mobilehomescentre.com\/sk\/referencia\/instalacia-izolovaneho-mobilneho-domu-v-snehu-vyzvy-a-uspesne-riesenia\/\" title=\"In\u0161tal\u00e1cia izolovan\u00e9ho mobiln\u00e9ho domu v snehu \u2013 V\u00fdzvy a \u00faspe\u0161n\u00e9 rie\u0161enia\" rel=\"bookmark\">In\u0161tal\u00e1cia izolovan\u00e9ho mobiln\u00e9ho domu v snehu \u2013 V\u00fdzvy a \u00faspe\u0161n\u00e9 rie\u0161enia<\/a>\n\t<\/h3>\n\n\t\n\t<div class=\"entry-excerpt\"><p>[vc_row][vc_column width=&#8220;2\/3&#8243; offset=&#8220;vc_col-sm-offset-2&#8243;][vc_column_text css=&#8220;&#8220;]Aj napriek zimn\u00fdm podmienkam sme \u00faspe\u0161ne nain\u0161talovali nov\u00fd izolovan\u00fd mobiln\u00fd dom. V\u010faka sk\u00fasenostiam a vybaveniu n\u00e1\u0161ho t\u00edmu&hellip;<\/p>\n<\/div>\n\t\n<\/div><\/article><\/div><div class=\"visible wf-cell\" data-post-id=\"2638\" data-date=\"2026-02-11T11:59:18+01:00\" data-name=\"Individu\u00e1lne po\u017eiadavky, v\u00fdnimo\u010dn\u00e9 rie\u0161enia\"><article class=\"post project-odd visible post-2638 type-post status-publish format-standard has-post-thumbnail hentry category-referencia category-399\" data-name=\"Individu\u00e1lne po\u017eiadavky, v\u00fdnimo\u010dn\u00e9 rie\u0161enia\" data-date=\"2026-02-11T11:59:18+01:00\">\n\n<div class=\"post-thumbnail-wrap\">\n\t<div class=\"post-thumbnail\">\n\t\t\n\t\t\n\t\t<a href=\"https:\/\/mobilehomescentre.com\/sk\/referencia\/individualne-poziadavky-vynimocne-riesenia\/\" class=\"post-thumbnail-rollover layzr-bg layzr-bg\" ><img decoding=\"async\" class=\"iso-lazy-load preload-me iso-lazy-load aspect\" src=\"data:image\/svg+xml,%3Csvg%20xmlns%3D&#39;http%3A%2F%2Fwww.w3.org%2F2000%2Fsvg&#39;%20viewBox%3D&#39;0%200%20768%20512&#39;%2F%3E\" data-src=\"https:\/\/mobilehomescentre.com\/wp-content\/uploads\/2026\/02\/egyedi-igenyek-kiveteles-megoldasok5-768x512.jpg\" data-srcset=\"https:\/\/mobilehomescentre.com\/wp-content\/uploads\/2026\/02\/egyedi-igenyek-kiveteles-megoldasok5-768x512.jpg 768w, https:\/\/mobilehomescentre.com\/wp-content\/uploads\/2026\/02\/egyedi-igenyek-kiveteles-megoldasok5-1152x768.jpg 1152w\" loading=\"eager\" style=\"--ratio: 768 \/ 512\" sizes=\"(max-width: 768px) 100vw, 768px\" alt=\"\" title=\"egyedi-igenyek-kiveteles-megoldasok5\" width=\"768\" height=\"512\"  \/><\/a>\t<\/div>\n<\/div>\n\n\n<div class=\"post-entry-content\">\n\n\t<h3 class=\"entry-title\">\n\t\t<a href=\"https:\/\/mobilehomescentre.com\/sk\/referencia\/individualne-poziadavky-vynimocne-riesenia\/\" title=\"Individu\u00e1lne po\u017eiadavky, v\u00fdnimo\u010dn\u00e9 rie\u0161enia\" rel=\"bookmark\">Individu\u00e1lne po\u017eiadavky, v\u00fdnimo\u010dn\u00e9 rie\u0161enia<\/a>\n\t<\/h3>\n\n\t\n\t<div class=\"entry-excerpt\"><p>[vc_row][vc_column width=&#8220;2\/3&#8243; offset=&#8220;vc_col-sm-offset-2&#8243;][vc_column_text css=&#8220;&#8220;]Ned\u00e1vno sme nain\u0161talovali tepelne izolovan\u00fd montovan\u00fd dom typu Riviera, jeden z na\u0161ich najob\u013e\u00fabenej\u0161\u00edch modelov. Ve\u013ekou v\u00fdhodou t\u00fdchto&hellip;<\/p>\n<\/div>\n\t\n<\/div><\/article><\/div><div class=\"visible wf-cell\" data-post-id=\"2635\" data-date=\"2026-02-11T11:57:29+01:00\" data-name=\"In\u0161tal\u00e1cia nov\u00e9ho 48 m\u00b2 Riviera typov\u00e9ho domu v Ju\u017enej n\u00ed\u017eine\"><article class=\"post project-odd visible post-2635 type-post status-publish format-standard has-post-thumbnail hentry category-referencia category-399\" data-name=\"In\u0161tal\u00e1cia nov\u00e9ho 48 m\u00b2 Riviera typov\u00e9ho domu v Ju\u017enej n\u00ed\u017eine\" data-date=\"2026-02-11T11:57:29+01:00\">\n\n<div class=\"post-thumbnail-wrap\">\n\t<div class=\"post-thumbnail\">\n\t\t\n\t\t\n\t\t<a href=\"https:\/\/mobilehomescentre.com\/sk\/referencia\/instalacia-noveho-48-m%c2%b2-riviera-typoveho-domu-v-juznej-nizine\/\" class=\"post-thumbnail-rollover layzr-bg layzr-bg\" ><img decoding=\"async\" class=\"iso-lazy-load preload-me iso-lazy-load aspect\" src=\"data:image\/svg+xml,%3Csvg%20xmlns%3D&#39;http%3A%2F%2Fwww.w3.org%2F2000%2Fsvg&#39;%20viewBox%3D&#39;0%200%20768%20512&#39;%2F%3E\" data-src=\"https:\/\/mobilehomescentre.com\/wp-content\/uploads\/2026\/02\/uj-48nm-es-riviera-tipusu-mobilhaz-telepitese-a-del-alfoldon1-768x512.jpg\" data-srcset=\"https:\/\/mobilehomescentre.com\/wp-content\/uploads\/2026\/02\/uj-48nm-es-riviera-tipusu-mobilhaz-telepitese-a-del-alfoldon1-768x512.jpg 768w, https:\/\/mobilehomescentre.com\/wp-content\/uploads\/2026\/02\/uj-48nm-es-riviera-tipusu-mobilhaz-telepitese-a-del-alfoldon1-1152x768.jpg 1152w\" loading=\"eager\" style=\"--ratio: 768 \/ 512\" sizes=\"(max-width: 768px) 100vw, 768px\" alt=\"\" title=\"uj-48nm-es-riviera-tipusu-mobilhaz-telepitese-a-del-alfoldon1\" width=\"768\" height=\"512\"  \/><\/a>\t<\/div>\n<\/div>\n\n\n<div class=\"post-entry-content\">\n\n\t<h3 class=\"entry-title\">\n\t\t<a href=\"https:\/\/mobilehomescentre.com\/sk\/referencia\/instalacia-noveho-48-m%c2%b2-riviera-typoveho-domu-v-juznej-nizine\/\" title=\"In\u0161tal\u00e1cia nov\u00e9ho 48 m\u00b2 Riviera typov\u00e9ho domu v Ju\u017enej n\u00ed\u017eine\" rel=\"bookmark\">In\u0161tal\u00e1cia nov\u00e9ho 48 m\u00b2 Riviera typov\u00e9ho domu v Ju\u017enej n\u00ed\u017eine<\/a>\n\t<\/h3>\n\n\t\n\t<div class=\"entry-excerpt\"><p>[vc_row][vc_column width=&#8220;2\/3&#8243; offset=&#8220;vc_col-sm-offset-2&#8243;][vc_column_text css=&#8220;&#8220;]Na Ju\u017enej n\u00ed\u017eine sme in\u0161talovali 48 m\u00b2 ve\u013ek\u00fd, izolovan\u00fd dom typu Riviera. Modern\u00fd dizajn a praktick\u00e9 usporiadanie&hellip;<\/p>\n<\/div>\n\t\n<\/div><\/article><\/div><div class=\"visible wf-cell\" data-post-id=\"2632\" data-date=\"2026-02-11T11:55:39+01:00\" data-name=\"Pou\u017eit\u00fd mobiln\u00fd dom Willerby Salisbury u nov\u00e9ho majite\u013ea\"><article class=\"post project-odd visible post-2632 type-post status-publish format-standard has-post-thumbnail hentry category-referencia category-399\" data-name=\"Pou\u017eit\u00fd mobiln\u00fd dom Willerby Salisbury u nov\u00e9ho majite\u013ea\" data-date=\"2026-02-11T11:55:39+01:00\">\n\n<div class=\"post-thumbnail-wrap\">\n\t<div class=\"post-thumbnail\">\n\t\t\n\t\t\n\t\t<a href=\"https:\/\/mobilehomescentre.com\/sk\/referencia\/pouzity-mobilny-dom-willerby-salisbury-u-noveho-majitela\/\" class=\"post-thumbnail-rollover layzr-bg layzr-bg\" ><img decoding=\"async\" class=\"iso-lazy-load preload-me iso-lazy-load aspect\" src=\"data:image\/svg+xml,%3Csvg%20xmlns%3D&#39;http%3A%2F%2Fwww.w3.org%2F2000%2Fsvg&#39;%20viewBox%3D&#39;0%200%20768%20512&#39;%2F%3E\" data-src=\"https:\/\/mobilehomescentre.com\/wp-content\/uploads\/2026\/02\/hasznalt-willerby-salisbury-mobilhaz-uj-tulajdonosanal3-768x512.jpg\" data-srcset=\"https:\/\/mobilehomescentre.com\/wp-content\/uploads\/2026\/02\/hasznalt-willerby-salisbury-mobilhaz-uj-tulajdonosanal3-768x512.jpg 768w, https:\/\/mobilehomescentre.com\/wp-content\/uploads\/2026\/02\/hasznalt-willerby-salisbury-mobilhaz-uj-tulajdonosanal3-1152x768.jpg 1152w\" loading=\"eager\" style=\"--ratio: 768 \/ 512\" sizes=\"(max-width: 768px) 100vw, 768px\" alt=\"\" title=\"hasznalt-willerby-salisbury-mobilhaz-uj-tulajdonosanal3\" width=\"768\" height=\"512\"  \/><\/a>\t<\/div>\n<\/div>\n\n\n<div class=\"post-entry-content\">\n\n\t<h3 class=\"entry-title\">\n\t\t<a href=\"https:\/\/mobilehomescentre.com\/sk\/referencia\/pouzity-mobilny-dom-willerby-salisbury-u-noveho-majitela\/\" title=\"Pou\u017eit\u00fd mobiln\u00fd dom Willerby Salisbury u nov\u00e9ho majite\u013ea\" rel=\"bookmark\">Pou\u017eit\u00fd mobiln\u00fd dom Willerby Salisbury u nov\u00e9ho majite\u013ea<\/a>\n\t<\/h3>\n\n\t\n\t<div class=\"entry-excerpt\"><p>[vc_row][vc_column width=&#8220;2\/3&#8243; offset=&#8220;vc_col-sm-offset-2&#8243;][vc_column_text css=&#8220;&#8220;]Ned\u00e1vno sme doru\u010dili a nain\u0161talovali mobiln\u00fd dom Willerby Salisbury na vidieku. Nov\u00fd majite\u013e ho bude vyu\u017e\u00edva\u0165 ako&hellip;<\/p>\n<\/div>\n\t\n<\/div><\/article><\/div><div class=\"visible wf-cell\" data-post-id=\"2629\" data-date=\"2026-02-11T11:53:57+01:00\" data-name=\"In\u0161tal\u00e1cia mobiln\u00e9ho domu Willerby Salisbury\"><article class=\"post project-odd visible post-2629 type-post status-publish format-standard has-post-thumbnail hentry category-referencia category-399\" data-name=\"In\u0161tal\u00e1cia mobiln\u00e9ho domu Willerby Salisbury\" data-date=\"2026-02-11T11:53:57+01:00\">\n\n<div class=\"post-thumbnail-wrap\">\n\t<div class=\"post-thumbnail\">\n\t\t\n\t\t\n\t\t<a href=\"https:\/\/mobilehomescentre.com\/sk\/referencia\/instalacia-mobilneho-domu-willerby-salisbury\/\" class=\"post-thumbnail-rollover layzr-bg layzr-bg\" ><img decoding=\"async\" class=\"iso-lazy-load preload-me iso-lazy-load aspect\" src=\"data:image\/svg+xml,%3Csvg%20xmlns%3D&#39;http%3A%2F%2Fwww.w3.org%2F2000%2Fsvg&#39;%20viewBox%3D&#39;0%200%20768%20512&#39;%2F%3E\" data-src=\"https:\/\/mobilehomescentre.com\/wp-content\/uploads\/2026\/02\/willerby-salisbury-mobilhaz-telepitese3-768x512.jpeg\" data-srcset=\"https:\/\/mobilehomescentre.com\/wp-content\/uploads\/2026\/02\/willerby-salisbury-mobilhaz-telepitese3-768x512.jpeg 768w, https:\/\/mobilehomescentre.com\/wp-content\/uploads\/2026\/02\/willerby-salisbury-mobilhaz-telepitese3-1152x768.jpeg 1152w\" loading=\"eager\" style=\"--ratio: 768 \/ 512\" sizes=\"(max-width: 768px) 100vw, 768px\" alt=\"\" title=\"willerby-salisbury-mobilhaz-telepitese3\" width=\"768\" height=\"512\"  \/><\/a>\t<\/div>\n<\/div>\n\n\n<div class=\"post-entry-content\">\n\n\t<h3 class=\"entry-title\">\n\t\t<a href=\"https:\/\/mobilehomescentre.com\/sk\/referencia\/instalacia-mobilneho-domu-willerby-salisbury\/\" title=\"In\u0161tal\u00e1cia mobiln\u00e9ho domu Willerby Salisbury\" rel=\"bookmark\">In\u0161tal\u00e1cia mobiln\u00e9ho domu Willerby Salisbury<\/a>\n\t<\/h3>\n\n\t\n\t<div class=\"entry-excerpt\"><p>[vc_row][vc_column width=&#8220;2\/3&#8243; offset=&#8220;vc_col-sm-offset-2&#8243;][vc_column_text css=&#8220;&#8220;]Ned\u00e1vno sme in\u0161talovali pou\u017eit\u00fd mobiln\u00fd dom Willerby Salisbury na vidieku. Majite\u013e sa te\u0161il na pr\u00edchod svojho vysn\u00edvan\u00e9ho&hellip;<\/p>\n<\/div>\n\t\n<\/div><\/article><\/div><div class=\"visible wf-cell\" data-post-id=\"2626\" data-date=\"2026-02-11T11:52:14+01:00\" data-name=\"In\u0161tal\u00e1cia pou\u017eit\u00e9ho mobiln\u00e9ho domu Willerby RT Special na Mal\u00e9j dunajskej n\u00ed\u017eine\"><article class=\"post project-odd visible post-2626 type-post status-publish format-standard has-post-thumbnail hentry category-referencia category-399\" data-name=\"In\u0161tal\u00e1cia pou\u017eit\u00e9ho mobiln\u00e9ho domu Willerby RT Special na Mal\u00e9j dunajskej n\u00ed\u017eine\" data-date=\"2026-02-11T11:52:14+01:00\">\n\n<div class=\"post-thumbnail-wrap\">\n\t<div class=\"post-thumbnail\">\n\t\t\n\t\t\n\t\t<a href=\"https:\/\/mobilehomescentre.com\/sk\/referencia\/instalacia-pouziteho-mobilneho-domu-willerby-rt-special-na-malej-dunajskej-nizine\/\" class=\"post-thumbnail-rollover layzr-bg layzr-bg\" ><img decoding=\"async\" class=\"iso-lazy-load preload-me iso-lazy-load aspect\" src=\"data:image\/svg+xml,%3Csvg%20xmlns%3D&#39;http%3A%2F%2Fwww.w3.org%2F2000%2Fsvg&#39;%20viewBox%3D&#39;0%200%20768%20512&#39;%2F%3E\" data-src=\"https:\/\/mobilehomescentre.com\/wp-content\/uploads\/2026\/02\/willerby-rt-special-mobilhaz-telepitese-a-kisalfoldon6-768x512.jpg\" data-srcset=\"https:\/\/mobilehomescentre.com\/wp-content\/uploads\/2026\/02\/willerby-rt-special-mobilhaz-telepitese-a-kisalfoldon6-768x512.jpg 768w, https:\/\/mobilehomescentre.com\/wp-content\/uploads\/2026\/02\/willerby-rt-special-mobilhaz-telepitese-a-kisalfoldon6-1152x768.jpg 1152w\" loading=\"eager\" style=\"--ratio: 768 \/ 512\" sizes=\"(max-width: 768px) 100vw, 768px\" alt=\"\" title=\"willerby-rt-special-mobilhaz-telepitese-a-kisalfoldon6\" width=\"768\" height=\"512\"  \/><\/a>\t<\/div>\n<\/div>\n\n\n<div class=\"post-entry-content\">\n\n\t<h3 class=\"entry-title\">\n\t\t<a href=\"https:\/\/mobilehomescentre.com\/sk\/referencia\/instalacia-pouziteho-mobilneho-domu-willerby-rt-special-na-malej-dunajskej-nizine\/\" title=\"In\u0161tal\u00e1cia pou\u017eit\u00e9ho mobiln\u00e9ho domu Willerby RT Special na Mal\u00e9j dunajskej n\u00ed\u017eine\" rel=\"bookmark\">In\u0161tal\u00e1cia pou\u017eit\u00e9ho mobiln\u00e9ho domu Willerby RT Special na Mal\u00e9j dunajskej n\u00ed\u017eine<\/a>\n\t<\/h3>\n\n\t\n\t<div class=\"entry-excerpt\"><p>[vc_row][vc_column width=&#8220;2\/3&#8243; offset=&#8220;vc_col-sm-offset-2&#8243;][vc_column_text css=&#8220;&#8220;]Ned\u00e1vno sme nain\u0161talovali pou\u017eit\u00fd mobiln\u00fd dom Willerby RT Special v Mal\u00e9j dunajskej n\u00ed\u017eine. Mobiln\u00fd dom pon\u00faka pohodln\u00e9&hellip;<\/p>\n<\/div>\n\t\n<\/div><\/article><\/div><div class=\"visible wf-cell\" data-post-id=\"2623\" data-date=\"2026-02-11T11:50:28+01:00\" data-name=\"In\u0161tal\u00e1cia Tiny House v malebnom Dunajskom ohybe \u2013 v\u00fdzvy a \u00faspech\"><article class=\"post project-odd visible post-2623 type-post status-publish format-standard has-post-thumbnail hentry category-referencia category-399\" data-name=\"In\u0161tal\u00e1cia Tiny House v malebnom Dunajskom ohybe \u2013 v\u00fdzvy a \u00faspech\" data-date=\"2026-02-11T11:50:28+01:00\">\n\n<div class=\"post-thumbnail-wrap\">\n\t<div class=\"post-thumbnail\">\n\t\t\n\t\t\n\t\t<a href=\"https:\/\/mobilehomescentre.com\/sk\/referencia\/instalacia-tiny-house-v-malebnom-dunajskom-ohybe-vyzvy-a-uspech\/\" class=\"post-thumbnail-rollover layzr-bg layzr-bg\" ><img decoding=\"async\" class=\"iso-lazy-load preload-me iso-lazy-load aspect\" src=\"data:image\/svg+xml,%3Csvg%20xmlns%3D&#39;http%3A%2F%2Fwww.w3.org%2F2000%2Fsvg&#39;%20viewBox%3D&#39;0%200%20768%20512&#39;%2F%3E\" data-src=\"https:\/\/mobilehomescentre.com\/wp-content\/uploads\/2026\/02\/tiny-house-telepitese-a-festoi-dunakanyarban-\u2013-kihivasok-es-siker5-768x512.jpg\" data-srcset=\"https:\/\/mobilehomescentre.com\/wp-content\/uploads\/2026\/02\/tiny-house-telepitese-a-festoi-dunakanyarban-\u2013-kihivasok-es-siker5-768x512.jpg 768w, https:\/\/mobilehomescentre.com\/wp-content\/uploads\/2026\/02\/tiny-house-telepitese-a-festoi-dunakanyarban-\u2013-kihivasok-es-siker5-1152x768.jpg 1152w\" loading=\"eager\" style=\"--ratio: 768 \/ 512\" sizes=\"(max-width: 768px) 100vw, 768px\" alt=\"\" title=\"tiny-house-telepitese-a-festoi-dunakanyarban-\u2013-kihivasok-es-siker5\" width=\"768\" height=\"512\"  \/><\/a>\t<\/div>\n<\/div>\n\n\n<div class=\"post-entry-content\">\n\n\t<h3 class=\"entry-title\">\n\t\t<a href=\"https:\/\/mobilehomescentre.com\/sk\/referencia\/instalacia-tiny-house-v-malebnom-dunajskom-ohybe-vyzvy-a-uspech\/\" title=\"In\u0161tal\u00e1cia Tiny House v malebnom Dunajskom ohybe \u2013 v\u00fdzvy a \u00faspech\" rel=\"bookmark\">In\u0161tal\u00e1cia Tiny House v malebnom Dunajskom ohybe \u2013 v\u00fdzvy a \u00faspech<\/a>\n\t<\/h3>\n\n\t\n\t<div class=\"entry-excerpt\"><p>[vc_row][vc_column width=&#8220;2\/3&#8243; offset=&#8220;vc_col-sm-offset-2&#8243;][vc_column_text css=&#8220;&#8220;]Ned\u00e1vno sme nain\u0161talovali modern\u00fd Tiny House v Dunajskom ohybe. Miesto pon\u00fakalo kr\u00e1sny v\u00fdh\u013ead na Dunaj, no in\u0161tal\u00e1cia&hellip;<\/p>\n<\/div>\n\t\n<\/div><\/article><\/div><div class=\"visible wf-cell\" data-post-id=\"2620\" data-date=\"2026-02-11T11:35:21+01:00\" data-name=\"In\u0161tal\u00e1cia mobiln\u00e9ho domu Shelbox Giotto v bl\u00edzkosti Balatonu\"><article class=\"post project-odd visible post-2620 type-post status-publish format-standard has-post-thumbnail hentry category-referencia category-399\" data-name=\"In\u0161tal\u00e1cia mobiln\u00e9ho domu Shelbox Giotto v bl\u00edzkosti Balatonu\" data-date=\"2026-02-11T11:35:21+01:00\">\n\n<div class=\"post-thumbnail-wrap\">\n\t<div class=\"post-thumbnail\">\n\t\t\n\t\t\n\t\t<a href=\"https:\/\/mobilehomescentre.com\/sk\/referencia\/instalacia-mobilneho-domu-shelbox-giotto-v-blizkosti-balatonu\/\" class=\"post-thumbnail-rollover layzr-bg layzr-bg\" ><img decoding=\"async\" class=\"iso-lazy-load preload-me iso-lazy-load aspect\" src=\"data:image\/svg+xml,%3Csvg%20xmlns%3D&#39;http%3A%2F%2Fwww.w3.org%2F2000%2Fsvg&#39;%20viewBox%3D&#39;0%200%20768%20512&#39;%2F%3E\" data-src=\"https:\/\/mobilehomescentre.com\/wp-content\/uploads\/2026\/02\/shelbox-giotto-mobilhaz-telepitese-a-balaton-kozeleben3-768x512.jpeg\" data-srcset=\"https:\/\/mobilehomescentre.com\/wp-content\/uploads\/2026\/02\/shelbox-giotto-mobilhaz-telepitese-a-balaton-kozeleben3-768x512.jpeg 768w, https:\/\/mobilehomescentre.com\/wp-content\/uploads\/2026\/02\/shelbox-giotto-mobilhaz-telepitese-a-balaton-kozeleben3-1152x768.jpeg 1152w\" loading=\"eager\" style=\"--ratio: 768 \/ 512\" sizes=\"(max-width: 768px) 100vw, 768px\" alt=\"\" title=\"shelbox-giotto-mobilhaz-telepitese-a-balaton-kozeleben3\" width=\"768\" height=\"512\"  \/><\/a>\t<\/div>\n<\/div>\n\n\n<div class=\"post-entry-content\">\n\n\t<h3 class=\"entry-title\">\n\t\t<a href=\"https:\/\/mobilehomescentre.com\/sk\/referencia\/instalacia-mobilneho-domu-shelbox-giotto-v-blizkosti-balatonu\/\" title=\"In\u0161tal\u00e1cia mobiln\u00e9ho domu Shelbox Giotto v bl\u00edzkosti Balatonu\" rel=\"bookmark\">In\u0161tal\u00e1cia mobiln\u00e9ho domu Shelbox Giotto v bl\u00edzkosti Balatonu<\/a>\n\t<\/h3>\n\n\t\n\t<div class=\"entry-excerpt\"><p>[vc_row][vc_column width=&#8220;2\/3&#8243; offset=&#8220;vc_col-sm-offset-2&#8243;][vc_column_text css=&#8220;&#8220;]Ned\u00e1vno sme nain\u0161talovali mobiln\u00fd dom Shelbox Giotto v zalesnenom prostred\u00ed ne\u010faleko Balatonu. Tento mobiln\u00fd dom pon\u00faka praktick\u00e9&hellip;<\/p>\n<\/div>\n\t\n<\/div><\/article><\/div><div class=\"visible wf-cell\" data-post-id=\"2617\" data-date=\"2026-02-11T11:31:40+01:00\" data-name=\"In\u0161tal\u00e1cia mobiln\u00e9ho domu Omar Hilton v \u00fazkom, zalesnenom prostred\u00ed\"><article class=\"post project-odd visible post-2617 type-post status-publish format-standard has-post-thumbnail hentry category-referencia category-399\" data-name=\"In\u0161tal\u00e1cia mobiln\u00e9ho domu Omar Hilton v \u00fazkom, zalesnenom prostred\u00ed\" data-date=\"2026-02-11T11:31:40+01:00\">\n\n<div class=\"post-thumbnail-wrap\">\n\t<div class=\"post-thumbnail\">\n\t\t\n\t\t\n\t\t<a href=\"https:\/\/mobilehomescentre.com\/sk\/referencia\/instalacia-mobilneho-domu-omar-hilton-v-uzkom-zalesnenom-prostredi\/\" class=\"post-thumbnail-rollover layzr-bg layzr-bg\" ><img decoding=\"async\" class=\"iso-lazy-load preload-me iso-lazy-load aspect\" src=\"data:image\/svg+xml,%3Csvg%20xmlns%3D&#39;http%3A%2F%2Fwww.w3.org%2F2000%2Fsvg&#39;%20viewBox%3D&#39;0%200%20768%20512&#39;%2F%3E\" data-src=\"https:\/\/mobilehomescentre.com\/wp-content\/uploads\/2026\/02\/omar-hilton-mobilhaz-telepitese-egy-szuk-fas-kornyezetben3-768x512.jpeg\" data-srcset=\"https:\/\/mobilehomescentre.com\/wp-content\/uploads\/2026\/02\/omar-hilton-mobilhaz-telepitese-egy-szuk-fas-kornyezetben3-768x512.jpeg 768w, https:\/\/mobilehomescentre.com\/wp-content\/uploads\/2026\/02\/omar-hilton-mobilhaz-telepitese-egy-szuk-fas-kornyezetben3-1152x768.jpeg 1152w\" loading=\"eager\" style=\"--ratio: 768 \/ 512\" sizes=\"(max-width: 768px) 100vw, 768px\" alt=\"\" title=\"omar-hilton-mobilhaz-telepitese-egy-szuk-fas-kornyezetben3\" width=\"768\" height=\"512\"  \/><\/a>\t<\/div>\n<\/div>\n\n\n<div class=\"post-entry-content\">\n\n\t<h3 class=\"entry-title\">\n\t\t<a href=\"https:\/\/mobilehomescentre.com\/sk\/referencia\/instalacia-mobilneho-domu-omar-hilton-v-uzkom-zalesnenom-prostredi\/\" title=\"In\u0161tal\u00e1cia mobiln\u00e9ho domu Omar Hilton v \u00fazkom, zalesnenom prostred\u00ed\" rel=\"bookmark\">In\u0161tal\u00e1cia mobiln\u00e9ho domu Omar Hilton v \u00fazkom, zalesnenom prostred\u00ed<\/a>\n\t<\/h3>\n\n\t\n\t<div class=\"entry-excerpt\"><p>[vc_row][vc_column width=&#8220;2\/3&#8243; offset=&#8220;vc_col-sm-offset-2&#8243;][vc_column_text css=&#8220;&#8220;]V posledn\u00fdch d\u0148och sme \u00faspe\u0161ne realizovali in\u0161tal\u00e1ciu mobiln\u00e9ho domu Omar Hilton. Tento kr\u00e1sny dom s priestrannou ob\u00fdvacou&hellip;<\/p>\n<\/div>\n\t\n<\/div><\/article><\/div><div class=\"visible wf-cell\" data-post-id=\"2614\" data-date=\"2026-02-11T11:29:02+01:00\" data-name=\"In\u0161tal\u00e1cia nov\u00e9ho tepelne izolovan\u00e9ho montovan\u00e9ho domu \u2013 Predstavenie n\u00e1\u0161ho najnov\u0161ieho projektu\"><article class=\"post project-odd visible post-2614 type-post status-publish format-standard has-post-thumbnail hentry category-referencia category-399\" data-name=\"In\u0161tal\u00e1cia nov\u00e9ho tepelne izolovan\u00e9ho montovan\u00e9ho domu \u2013 Predstavenie n\u00e1\u0161ho najnov\u0161ieho projektu\" data-date=\"2026-02-11T11:29:02+01:00\">\n\n<div class=\"post-thumbnail-wrap\">\n\t<div class=\"post-thumbnail\">\n\t\t\n\t\t\n\t\t<a href=\"https:\/\/mobilehomescentre.com\/sk\/referencia\/instalacia-noveho-tepelne-izolovaneho-montovaneho-domu-predstavenie-nasho-najnovsieho-projektu\/\" class=\"post-thumbnail-rollover layzr-bg layzr-bg\" ><img decoding=\"async\" class=\"iso-lazy-load preload-me iso-lazy-load aspect\" src=\"data:image\/svg+xml,%3Csvg%20xmlns%3D&#39;http%3A%2F%2Fwww.w3.org%2F2000%2Fsvg&#39;%20viewBox%3D&#39;0%200%20768%20512&#39;%2F%3E\" data-src=\"https:\/\/mobilehomescentre.com\/wp-content\/uploads\/2026\/02\/uj-hoszigetelt-keszhaz-telepitese-\u2013-ujabb-projektunk-bemutatasa14-768x512.jpg\" data-srcset=\"https:\/\/mobilehomescentre.com\/wp-content\/uploads\/2026\/02\/uj-hoszigetelt-keszhaz-telepitese-\u2013-ujabb-projektunk-bemutatasa14-768x512.jpg 768w, https:\/\/mobilehomescentre.com\/wp-content\/uploads\/2026\/02\/uj-hoszigetelt-keszhaz-telepitese-\u2013-ujabb-projektunk-bemutatasa14-1152x768.jpg 1152w\" loading=\"eager\" style=\"--ratio: 768 \/ 512\" sizes=\"(max-width: 768px) 100vw, 768px\" alt=\"\" title=\"uj-hoszigetelt-keszhaz-telepitese-\u2013-ujabb-projektunk-bemutatasa14\" width=\"768\" height=\"512\"  \/><\/a>\t<\/div>\n<\/div>\n\n\n<div class=\"post-entry-content\">\n\n\t<h3 class=\"entry-title\">\n\t\t<a href=\"https:\/\/mobilehomescentre.com\/sk\/referencia\/instalacia-noveho-tepelne-izolovaneho-montovaneho-domu-predstavenie-nasho-najnovsieho-projektu\/\" title=\"In\u0161tal\u00e1cia nov\u00e9ho tepelne izolovan\u00e9ho montovan\u00e9ho domu \u2013 Predstavenie n\u00e1\u0161ho najnov\u0161ieho projektu\" rel=\"bookmark\">In\u0161tal\u00e1cia nov\u00e9ho tepelne izolovan\u00e9ho montovan\u00e9ho domu \u2013 Predstavenie n\u00e1\u0161ho najnov\u0161ieho projektu<\/a>\n\t<\/h3>\n\n\t\n\t<div class=\"entry-excerpt\"><p>[vc_row][vc_column width=&#8220;2\/3&#8243; offset=&#8220;vc_col-sm-offset-2&#8243;][vc_column_text css=&#8220;&#8220;]Ned\u00e1vno sme nain\u0161talovali modern\u00fd, tepelne izolovan\u00fd montovan\u00fd dom s plechov\u00fdm obkladom, do\u010dasne umiestnen\u00fd na in\u00e9 miesto. Kone\u010dn\u00e9&hellip;<\/p>\n<\/div>\n\t\n<\/div><\/article><\/div><div class=\"visible wf-cell\" data-post-id=\"2611\" data-date=\"2026-02-11T11:25:56+01:00\" data-name=\"In\u0161tal\u00e1cia nov\u00e9ho tepelne izolovan\u00e9ho montovan\u00e9ho domu na n\u00e1dhernom mieste\"><article class=\"post project-odd visible post-2611 type-post status-publish format-standard has-post-thumbnail hentry category-referencia category-399\" data-name=\"In\u0161tal\u00e1cia nov\u00e9ho tepelne izolovan\u00e9ho montovan\u00e9ho domu na n\u00e1dhernom mieste\" data-date=\"2026-02-11T11:25:56+01:00\">\n\n<div class=\"post-thumbnail-wrap\">\n\t<div class=\"post-thumbnail\">\n\t\t\n\t\t\n\t\t<a href=\"https:\/\/mobilehomescentre.com\/sk\/referencia\/instalacia-noveho-tepelne-izolovaneho-montovaneho-domu-na-nadhernom-mieste\/\" class=\"post-thumbnail-rollover layzr-bg layzr-bg\" ><img decoding=\"async\" class=\"iso-lazy-load preload-me iso-lazy-load aspect\" src=\"data:image\/svg+xml,%3Csvg%20xmlns%3D&#39;http%3A%2F%2Fwww.w3.org%2F2000%2Fsvg&#39;%20viewBox%3D&#39;0%200%20768%20512&#39;%2F%3E\" data-src=\"https:\/\/mobilehomescentre.com\/wp-content\/uploads\/2026\/02\/uj-hoszigetelt-keszhaz-telepitese-egy-gyonyoru-helyszinre3-768x512.jpg\" data-srcset=\"https:\/\/mobilehomescentre.com\/wp-content\/uploads\/2026\/02\/uj-hoszigetelt-keszhaz-telepitese-egy-gyonyoru-helyszinre3-768x512.jpg 768w, https:\/\/mobilehomescentre.com\/wp-content\/uploads\/2026\/02\/uj-hoszigetelt-keszhaz-telepitese-egy-gyonyoru-helyszinre3-859x573.jpg 859w\" loading=\"eager\" style=\"--ratio: 768 \/ 512\" sizes=\"(max-width: 768px) 100vw, 768px\" alt=\"\" title=\"uj-hoszigetelt-keszhaz-telepitese-egy-gyonyoru-helyszinre3\" width=\"768\" height=\"512\"  \/><\/a>\t<\/div>\n<\/div>\n\n\n<div class=\"post-entry-content\">\n\n\t<h3 class=\"entry-title\">\n\t\t<a href=\"https:\/\/mobilehomescentre.com\/sk\/referencia\/instalacia-noveho-tepelne-izolovaneho-montovaneho-domu-na-nadhernom-mieste\/\" title=\"In\u0161tal\u00e1cia nov\u00e9ho tepelne izolovan\u00e9ho montovan\u00e9ho domu na n\u00e1dhernom mieste\" rel=\"bookmark\">In\u0161tal\u00e1cia nov\u00e9ho tepelne izolovan\u00e9ho montovan\u00e9ho domu na n\u00e1dhernom mieste<\/a>\n\t<\/h3>\n\n\t\n\t<div class=\"entry-excerpt\"><p>[vc_row][vc_column width=&#8220;2\/3&#8243; offset=&#8220;vc_col-sm-offset-2&#8243;][vc_column_text css=&#8220;&#8220;]Ned\u00e1vno sme nain\u0161talovali modern\u00fd, tepelne izolovan\u00fd montovan\u00fd dom. Na z\u00e1klade \u017eelan\u00ed z\u00e1kazn\u00edka sme navrhli dom, ktor\u00fd je&hellip;<\/p>\n<\/div>\n\t\n<\/div><\/article><\/div><div class=\"visible wf-cell\" data-post-id=\"2608\" data-date=\"2026-02-11T11:22:56+01:00\" data-name=\"In\u0161tal\u00e1cia nov\u00e9ho tepelne izolovan\u00e9ho montovan\u00e9ho domu \u2013 Predstavenie n\u00e1\u0161ho nov\u00e9ho projektu\"><article class=\"post project-odd visible post-2608 type-post status-publish format-standard has-post-thumbnail hentry category-referencia category-399\" data-name=\"In\u0161tal\u00e1cia nov\u00e9ho tepelne izolovan\u00e9ho montovan\u00e9ho domu \u2013 Predstavenie n\u00e1\u0161ho nov\u00e9ho projektu\" data-date=\"2026-02-11T11:22:56+01:00\">\n\n<div class=\"post-thumbnail-wrap\">\n\t<div class=\"post-thumbnail\">\n\t\t\n\t\t\n\t\t<a href=\"https:\/\/mobilehomescentre.com\/sk\/referencia\/instalacia-noveho-tepelne-izolovaneho-montovaneho-domu-predstavenie-nasho-noveho-projektu\/\" class=\"post-thumbnail-rollover layzr-bg layzr-bg\" ><img decoding=\"async\" class=\"iso-lazy-load preload-me iso-lazy-load aspect\" src=\"data:image\/svg+xml,%3Csvg%20xmlns%3D&#39;http%3A%2F%2Fwww.w3.org%2F2000%2Fsvg&#39;%20viewBox%3D&#39;0%200%20768%20512&#39;%2F%3E\" data-src=\"https:\/\/mobilehomescentre.com\/wp-content\/uploads\/2026\/02\/uj-hoszigetelt-keszhaz-telepitese-\u2013-ujabb-projektunk-bemutatasa3-768x512.jpg\" data-srcset=\"https:\/\/mobilehomescentre.com\/wp-content\/uploads\/2026\/02\/uj-hoszigetelt-keszhaz-telepitese-\u2013-ujabb-projektunk-bemutatasa3-768x512.jpg 768w, https:\/\/mobilehomescentre.com\/wp-content\/uploads\/2026\/02\/uj-hoszigetelt-keszhaz-telepitese-\u2013-ujabb-projektunk-bemutatasa3-1152x768.jpg 1152w\" loading=\"eager\" style=\"--ratio: 768 \/ 512\" sizes=\"(max-width: 768px) 100vw, 768px\" alt=\"\" title=\"uj-hoszigetelt-keszhaz-telepitese-\u2013-ujabb-projektunk-bemutatasa3\" width=\"768\" height=\"512\"  \/><\/a>\t<\/div>\n<\/div>\n\n\n<div class=\"post-entry-content\">\n\n\t<h3 class=\"entry-title\">\n\t\t<a href=\"https:\/\/mobilehomescentre.com\/sk\/referencia\/instalacia-noveho-tepelne-izolovaneho-montovaneho-domu-predstavenie-nasho-noveho-projektu\/\" title=\"In\u0161tal\u00e1cia nov\u00e9ho tepelne izolovan\u00e9ho montovan\u00e9ho domu \u2013 Predstavenie n\u00e1\u0161ho nov\u00e9ho projektu\" rel=\"bookmark\">In\u0161tal\u00e1cia nov\u00e9ho tepelne izolovan\u00e9ho montovan\u00e9ho domu \u2013 Predstavenie n\u00e1\u0161ho nov\u00e9ho projektu<\/a>\n\t<\/h3>\n\n\t\n\t<div class=\"entry-excerpt\"><p>[vc_row][vc_column width=&#8220;2\/3&#8243; offset=&#8220;vc_col-sm-offset-2&#8243;][vc_column_text css=&#8220;&#8220;]V poslednom obdob\u00ed sme \u00faspe\u0161ne zrealizovali in\u0161tal\u00e1ciu tepelne izolovan\u00e9ho montovan\u00e9ho domu, ktor\u00fd e\u0161te vy\u017eaduje izola\u010dn\u00e9 pr\u00e1ce pred&hellip;<\/p>\n<\/div>\n\t\n<\/div><\/article><\/div><div class=\"visible wf-cell\" data-post-id=\"2605\" data-date=\"2026-02-11T11:19:08+01:00\" data-name=\"In\u0161tal\u00e1cia mobiln\u00e9ho domu Cosalt Torino v B\u00e1cs-Kiskun \u2013 v bl\u00edzkosti rieky Tisza\"><article class=\"post project-odd visible post-2605 type-post status-publish format-standard has-post-thumbnail hentry category-referencia category-399\" data-name=\"In\u0161tal\u00e1cia mobiln\u00e9ho domu Cosalt Torino v B\u00e1cs-Kiskun \u2013 v bl\u00edzkosti rieky Tisza\" data-date=\"2026-02-11T11:19:08+01:00\">\n\n<div class=\"post-thumbnail-wrap\">\n\t<div class=\"post-thumbnail\">\n\t\t\n\t\t\n\t\t<a href=\"https:\/\/mobilehomescentre.com\/sk\/referencia\/instalacia-mobilneho-domu-cosalt-torino-v-bacs-kiskun-v-blizkosti-rieky-tisza\/\" class=\"post-thumbnail-rollover layzr-bg layzr-bg\" ><img decoding=\"async\" class=\"iso-lazy-load preload-me iso-lazy-load aspect\" src=\"data:image\/svg+xml,%3Csvg%20xmlns%3D&#39;http%3A%2F%2Fwww.w3.org%2F2000%2Fsvg&#39;%20viewBox%3D&#39;0%200%20768%20512&#39;%2F%3E\" data-src=\"https:\/\/mobilehomescentre.com\/wp-content\/uploads\/2026\/02\/cosalt-torino-mobilhaz-telepitese-bacs-kiskun-varmegyeben-a-tisza-kozeleben3-768x512.jpg\" data-srcset=\"https:\/\/mobilehomescentre.com\/wp-content\/uploads\/2026\/02\/cosalt-torino-mobilhaz-telepitese-bacs-kiskun-varmegyeben-a-tisza-kozeleben3-768x512.jpg 768w, https:\/\/mobilehomescentre.com\/wp-content\/uploads\/2026\/02\/cosalt-torino-mobilhaz-telepitese-bacs-kiskun-varmegyeben-a-tisza-kozeleben3-1152x768.jpg 1152w\" loading=\"eager\" style=\"--ratio: 768 \/ 512\" sizes=\"(max-width: 768px) 100vw, 768px\" alt=\"\" title=\"cosalt-torino-mobilhaz-telepitese-bacs-kiskun-varmegyeben-a-tisza-kozeleben3\" width=\"768\" height=\"512\"  \/><\/a>\t<\/div>\n<\/div>\n\n\n<div class=\"post-entry-content\">\n\n\t<h3 class=\"entry-title\">\n\t\t<a href=\"https:\/\/mobilehomescentre.com\/sk\/referencia\/instalacia-mobilneho-domu-cosalt-torino-v-bacs-kiskun-v-blizkosti-rieky-tisza\/\" title=\"In\u0161tal\u00e1cia mobiln\u00e9ho domu Cosalt Torino v B\u00e1cs-Kiskun \u2013 v bl\u00edzkosti rieky Tisza\" rel=\"bookmark\">In\u0161tal\u00e1cia mobiln\u00e9ho domu Cosalt Torino v B\u00e1cs-Kiskun \u2013 v bl\u00edzkosti rieky Tisza<\/a>\n\t<\/h3>\n\n\t\n\t<div class=\"entry-excerpt\"><p>[vc_row][vc_column width=&#8220;2\/3&#8243; offset=&#8220;vc_col-sm-offset-2&#8243;][vc_column_text css=&#8220;&#8220;]V r\u00e1mci \u010fal\u0161ieho \u00faspe\u0161n\u00e9ho projektu sme nain\u0161talovali pou\u017eit\u00fd mobiln\u00fd dom Cosalt Torino v B\u00e1cs-Kiskun, v bl\u00edzkosti rieky&hellip;<\/p>\n<\/div>\n\t\n<\/div><\/article><\/div><div class=\"visible wf-cell\" data-post-id=\"2602\" data-date=\"2026-02-11T11:08:51+01:00\" data-name=\"In\u0161tal\u00e1cia pou\u017eit\u00e9ho mobiln\u00e9ho domu Cosalt Resort\"><article class=\"post project-odd visible post-2602 type-post status-publish format-standard has-post-thumbnail hentry category-referencia category-399\" data-name=\"In\u0161tal\u00e1cia pou\u017eit\u00e9ho mobiln\u00e9ho domu Cosalt Resort\" data-date=\"2026-02-11T11:08:51+01:00\">\n\n<div class=\"post-thumbnail-wrap\">\n\t<div class=\"post-thumbnail\">\n\t\t\n\t\t\n\t\t<a href=\"https:\/\/mobilehomescentre.com\/sk\/referencia\/instalacia-pouziteho-mobilneho-domu-cosalt-resort\/\" class=\"post-thumbnail-rollover layzr-bg layzr-bg\" ><img decoding=\"async\" class=\"iso-lazy-load preload-me iso-lazy-load aspect\" src=\"data:image\/svg+xml,%3Csvg%20xmlns%3D&#39;http%3A%2F%2Fwww.w3.org%2F2000%2Fsvg&#39;%20viewBox%3D&#39;0%200%20768%20512&#39;%2F%3E\" data-src=\"https:\/\/mobilehomescentre.com\/wp-content\/uploads\/2026\/02\/cosalt-resort-hasznalt-mobilhaz-telepites2-768x512.jpg\" data-srcset=\"https:\/\/mobilehomescentre.com\/wp-content\/uploads\/2026\/02\/cosalt-resort-hasznalt-mobilhaz-telepites2-768x512.jpg 768w, https:\/\/mobilehomescentre.com\/wp-content\/uploads\/2026\/02\/cosalt-resort-hasznalt-mobilhaz-telepites2-1152x768.jpg 1152w\" loading=\"eager\" style=\"--ratio: 768 \/ 512\" sizes=\"(max-width: 768px) 100vw, 768px\" alt=\"\" title=\"cosalt-resort-hasznalt-mobilhaz-telepites2\" width=\"768\" height=\"512\"  \/><\/a>\t<\/div>\n<\/div>\n\n\n<div class=\"post-entry-content\">\n\n\t<h3 class=\"entry-title\">\n\t\t<a href=\"https:\/\/mobilehomescentre.com\/sk\/referencia\/instalacia-pouziteho-mobilneho-domu-cosalt-resort\/\" title=\"In\u0161tal\u00e1cia pou\u017eit\u00e9ho mobiln\u00e9ho domu Cosalt Resort\" rel=\"bookmark\">In\u0161tal\u00e1cia pou\u017eit\u00e9ho mobiln\u00e9ho domu Cosalt Resort<\/a>\n\t<\/h3>\n\n\t\n\t<div class=\"entry-excerpt\"><p>[vc_row][vc_column width=&#8220;2\/3&#8243; offset=&#8220;vc_col-sm-offset-2&#8243;][vc_column_text css=&#8220;&#8220;]Po\u010das ned\u00e1vneho projektu sme prepravili a in\u0161talovali pou\u017eit\u00fd mobiln\u00fd dom Cosalt Resort. Mobiln\u00fd dom sme umiestnili na&hellip;<\/p>\n<\/div>\n\t\n<\/div><\/article><\/div><div class=\"visible wf-cell\" data-post-id=\"2599\" data-date=\"2026-02-11T11:05:18+01:00\" data-name=\"In\u0161tal\u00e1cia mobiln\u00e9ho domu Carnaby Belvedere ved\u013ea letiska\"><article class=\"post project-odd visible post-2599 type-post status-publish format-standard has-post-thumbnail hentry category-referencia category-399\" data-name=\"In\u0161tal\u00e1cia mobiln\u00e9ho domu Carnaby Belvedere ved\u013ea letiska\" data-date=\"2026-02-11T11:05:18+01:00\">\n\n<div class=\"post-thumbnail-wrap\">\n\t<div class=\"post-thumbnail\">\n\t\t\n\t\t\n\t\t<a href=\"https:\/\/mobilehomescentre.com\/sk\/referencia\/instalacia-mobilneho-domu-carnaby-belvedere-vedla-letiska\/\" class=\"post-thumbnail-rollover layzr-bg layzr-bg\" ><img decoding=\"async\" class=\"iso-lazy-load preload-me iso-lazy-load aspect\" src=\"data:image\/svg+xml,%3Csvg%20xmlns%3D&#39;http%3A%2F%2Fwww.w3.org%2F2000%2Fsvg&#39;%20viewBox%3D&#39;0%200%20768%20512&#39;%2F%3E\" data-src=\"https:\/\/mobilehomescentre.com\/wp-content\/uploads\/2026\/02\/carnaby-belvedere-mobilhaz-telepitese-repuloter-melle1-768x512.jpg\" data-srcset=\"https:\/\/mobilehomescentre.com\/wp-content\/uploads\/2026\/02\/carnaby-belvedere-mobilhaz-telepitese-repuloter-melle1-768x512.jpg 768w, https:\/\/mobilehomescentre.com\/wp-content\/uploads\/2026\/02\/carnaby-belvedere-mobilhaz-telepitese-repuloter-melle1-1152x768.jpg 1152w\" loading=\"eager\" style=\"--ratio: 768 \/ 512\" sizes=\"(max-width: 768px) 100vw, 768px\" alt=\"\" title=\"carnaby-belvedere-mobilhaz-telepitese-repuloter-melle1\" width=\"768\" height=\"512\"  \/><\/a>\t<\/div>\n<\/div>\n\n\n<div class=\"post-entry-content\">\n\n\t<h3 class=\"entry-title\">\n\t\t<a href=\"https:\/\/mobilehomescentre.com\/sk\/referencia\/instalacia-mobilneho-domu-carnaby-belvedere-vedla-letiska\/\" title=\"In\u0161tal\u00e1cia mobiln\u00e9ho domu Carnaby Belvedere ved\u013ea letiska\" rel=\"bookmark\">In\u0161tal\u00e1cia mobiln\u00e9ho domu Carnaby Belvedere ved\u013ea letiska<\/a>\n\t<\/h3>\n\n\t\n\t<div class=\"entry-excerpt\"><p>[vc_row][vc_column width=&#8220;2\/3&#8243; offset=&#8220;vc_col-sm-offset-2&#8243;][vc_column_text css=&#8220;&#8220;]Pri \u010fal\u0161om projekte sme nain\u0161talovali pou\u017eit\u00fd mobiln\u00fd dom Carnaby Belvedere pri letisku. Je ide\u00e1lny pre t\u00fdch, \u010do&hellip;<\/p>\n<\/div>\n\t\n<\/div><\/article><\/div><div class=\"visible wf-cell\" data-post-id=\"2596\" data-date=\"2026-02-11T11:01:16+01:00\" data-name=\"\u00daspe\u0161n\u00e1 preprava v regi\u00f3ne Pest\"><article class=\"post project-odd visible post-2596 type-post status-publish format-standard has-post-thumbnail hentry category-referencia category-399\" data-name=\"\u00daspe\u0161n\u00e1 preprava v regi\u00f3ne Pest\" data-date=\"2026-02-11T11:01:16+01:00\">\n\n<div class=\"post-thumbnail-wrap\">\n\t<div class=\"post-thumbnail\">\n\t\t\n\t\t\n\t\t<a href=\"https:\/\/mobilehomescentre.com\/sk\/referencia\/uspesna-preprava-v-regione-pest\/\" class=\"post-thumbnail-rollover layzr-bg layzr-bg\" ><img decoding=\"async\" class=\"iso-lazy-load preload-me iso-lazy-load aspect\" src=\"data:image\/svg+xml,%3Csvg%20xmlns%3D&#39;http%3A%2F%2Fwww.w3.org%2F2000%2Fsvg&#39;%20viewBox%3D&#39;0%200%20768%20512&#39;%2F%3E\" data-src=\"https:\/\/mobilehomescentre.com\/wp-content\/uploads\/2026\/02\/ujabb-sikeres-szallitas-pest-varmegyeben1-768x512.jpg\" data-srcset=\"https:\/\/mobilehomescentre.com\/wp-content\/uploads\/2026\/02\/ujabb-sikeres-szallitas-pest-varmegyeben1-768x512.jpg 768w, https:\/\/mobilehomescentre.com\/wp-content\/uploads\/2026\/02\/ujabb-sikeres-szallitas-pest-varmegyeben1-1152x768.jpg 1152w\" loading=\"eager\" style=\"--ratio: 768 \/ 512\" sizes=\"(max-width: 768px) 100vw, 768px\" alt=\"\" title=\"ujabb-sikeres-szallitas-pest-varmegyeben1\" width=\"768\" height=\"512\"  \/><\/a>\t<\/div>\n<\/div>\n\n\n<div class=\"post-entry-content\">\n\n\t<h3 class=\"entry-title\">\n\t\t<a href=\"https:\/\/mobilehomescentre.com\/sk\/referencia\/uspesna-preprava-v-regione-pest\/\" title=\"\u00daspe\u0161n\u00e1 preprava v regi\u00f3ne Pest\" rel=\"bookmark\">\u00daspe\u0161n\u00e1 preprava v regi\u00f3ne Pest<\/a>\n\t<\/h3>\n\n\t\n\t<div class=\"entry-excerpt\"><p>[vc_row][vc_column width=&#8220;2\/3&#8243; offset=&#8220;vc_col-sm-offset-2&#8243;][vc_column_text css=&#8220;&#8220;]Pri poslednej preprave n\u00e1s \u010dakala neoby\u010dajn\u00e1 v\u00fdzva: presun\u00fa\u0165 mobiln\u00fd dom Willerby Winchester s rozmermi 3,84\u202fm \u0161\u00edrky a&hellip;<\/p>\n<\/div>\n\t\n<\/div><\/article><\/div><div class=\"visible wf-cell\" data-post-id=\"2593\" data-date=\"2026-02-02T13:14:47+01:00\" data-name=\"In\u0161tal\u00e1cia mobiln\u00e9ho domu Atlas Sapphire v Sukor\u00f3jskych kopcoch\"><article class=\"post project-odd visible post-2593 type-post status-publish format-standard has-post-thumbnail hentry category-referencia category-399\" data-name=\"In\u0161tal\u00e1cia mobiln\u00e9ho domu Atlas Sapphire v Sukor\u00f3jskych kopcoch\" data-date=\"2026-02-02T13:14:47+01:00\">\n\n<div class=\"post-thumbnail-wrap\">\n\t<div class=\"post-thumbnail\">\n\t\t\n\t\t\n\t\t<a href=\"https:\/\/mobilehomescentre.com\/sk\/referencia\/instalacia-mobilneho-domu-atlas-sapphire-v-sukorojskych-kopcoch\/\" class=\"post-thumbnail-rollover layzr-bg layzr-bg\" ><img decoding=\"async\" class=\"iso-lazy-load preload-me iso-lazy-load aspect\" src=\"data:image\/svg+xml,%3Csvg%20xmlns%3D&#39;http%3A%2F%2Fwww.w3.org%2F2000%2Fsvg&#39;%20viewBox%3D&#39;0%200%20768%20512&#39;%2F%3E\" data-src=\"https:\/\/mobilehomescentre.com\/wp-content\/uploads\/2026\/02\/Atlas-Sapphire-mobilhaz-telepitese-01-768x512.webp\" data-srcset=\"https:\/\/mobilehomescentre.com\/wp-content\/uploads\/2026\/02\/Atlas-Sapphire-mobilhaz-telepitese-01-768x512.webp 768w, https:\/\/mobilehomescentre.com\/wp-content\/uploads\/2026\/02\/Atlas-Sapphire-mobilhaz-telepitese-01-1152x768.webp 1152w\" loading=\"eager\" style=\"--ratio: 768 \/ 512\" sizes=\"(max-width: 768px) 100vw, 768px\" alt=\"\" title=\"Atlas Sapphire mobilh\u00e1z telep\u00edt\u00e9se-01\" width=\"768\" height=\"512\"  \/><\/a>\t<\/div>\n<\/div>\n\n\n<div class=\"post-entry-content\">\n\n\t<h3 class=\"entry-title\">\n\t\t<a href=\"https:\/\/mobilehomescentre.com\/sk\/referencia\/instalacia-mobilneho-domu-atlas-sapphire-v-sukorojskych-kopcoch\/\" title=\"In\u0161tal\u00e1cia mobiln\u00e9ho domu Atlas Sapphire v Sukor\u00f3jskych kopcoch\" rel=\"bookmark\">In\u0161tal\u00e1cia mobiln\u00e9ho domu Atlas Sapphire v Sukor\u00f3jskych kopcoch<\/a>\n\t<\/h3>\n\n\t\n\t<div class=\"entry-excerpt\"><p>[vc_row][vc_column width=&#8220;2\/3&#8243; offset=&#8220;vc_col-sm-offset-2&#8243;][vc_column_text]Mobiln\u00fd dom Atlas Sapphire sme nain\u0161talovali v Pannonhalmi, na ju\u017en\u00fdch svahoch Sukor\u00f3jskych kopcov. Tento pou\u017eit\u00fd mobiln\u00fd dom s&hellip;<\/p>\n<\/div>\n\t\n<\/div><\/article><\/div><div class=\"visible wf-cell\" data-post-id=\"2590\" data-date=\"2026-02-02T13:09:07+01:00\" data-name=\"In\u0161tal\u00e1cia pou\u017eit\u00e9ho mobiln\u00e9ho domu Atlas Image v B\u00e1cs-Kiskun\"><article class=\"post project-odd visible post-2590 type-post status-publish format-standard has-post-thumbnail hentry category-referencia category-399\" data-name=\"In\u0161tal\u00e1cia pou\u017eit\u00e9ho mobiln\u00e9ho domu Atlas Image v B\u00e1cs-Kiskun\" data-date=\"2026-02-02T13:09:07+01:00\">\n\n<div class=\"post-thumbnail-wrap\">\n\t<div class=\"post-thumbnail\">\n\t\t\n\t\t\n\t\t<a href=\"https:\/\/mobilehomescentre.com\/sk\/referencia\/instalacia-pouziteho-mobilneho-domu-atlas-image-v-bacs-kiskun\/\" class=\"post-thumbnail-rollover layzr-bg layzr-bg\" ><img decoding=\"async\" class=\"iso-lazy-load preload-me iso-lazy-load aspect\" src=\"data:image\/svg+xml,%3Csvg%20xmlns%3D&#39;http%3A%2F%2Fwww.w3.org%2F2000%2Fsvg&#39;%20viewBox%3D&#39;0%200%20768%20512&#39;%2F%3E\" data-src=\"https:\/\/mobilehomescentre.com\/wp-content\/uploads\/2026\/02\/atlas-image-hasznalt-mobilhaz-telepitese-768x512.webp\" data-srcset=\"https:\/\/mobilehomescentre.com\/wp-content\/uploads\/2026\/02\/atlas-image-hasznalt-mobilhaz-telepitese-768x512.webp 768w, https:\/\/mobilehomescentre.com\/wp-content\/uploads\/2026\/02\/atlas-image-hasznalt-mobilhaz-telepitese-1152x768.webp 1152w\" loading=\"eager\" style=\"--ratio: 768 \/ 512\" sizes=\"(max-width: 768px) 100vw, 768px\" alt=\"\" title=\"atlas-image-hasznalt-mobilhaz-telepitese\" width=\"768\" height=\"512\"  \/><\/a>\t<\/div>\n<\/div>\n\n\n<div class=\"post-entry-content\">\n\n\t<h3 class=\"entry-title\">\n\t\t<a href=\"https:\/\/mobilehomescentre.com\/sk\/referencia\/instalacia-pouziteho-mobilneho-domu-atlas-image-v-bacs-kiskun\/\" title=\"In\u0161tal\u00e1cia pou\u017eit\u00e9ho mobiln\u00e9ho domu Atlas Image v B\u00e1cs-Kiskun\" rel=\"bookmark\">In\u0161tal\u00e1cia pou\u017eit\u00e9ho mobiln\u00e9ho domu Atlas Image v B\u00e1cs-Kiskun<\/a>\n\t<\/h3>\n\n\t\n\t<div class=\"entry-excerpt\"><p>[vc_row][vc_column][vc_column_text]\u00daspe\u0161ne sme nain\u0161talovali mobiln\u00fd dom Atlas Image v vidieckej oblasti v B\u00e1cs-Kiskun. Tento dom s rozmermi 11,10 x 3,70 m&hellip;<\/p>\n<\/div>\n\t\n<\/div><\/article><\/div><\/div><!-- iso-container|iso-grid --><\/div>[\/vc_column][\/vc_row]<\/p>\n<\/div>","protected":false},"excerpt":{"rendered":"<p>[vc_row el_class=&#8220;p-t-50&#8243;][vc_column][\/vc_column][\/vc_row]<\/p>\n","protected":false},"author":1,"featured_media":0,"parent":0,"menu_order":0,"comment_status":"closed","ping_status":"closed","template":"","meta":{"_acf_changed":false,"inline_featured_image":false,"footnotes":""},"class_list":["post-2301","page","type-page","status-publish","hentry","description-off"],"acf":[],"yoast_head":"<!-- This site is optimized with the Yoast SEO plugin v27.3 - https:\/\/yoast.com\/product\/yoast-seo-wordpress\/ -->\n<title>Referencie - Mobilh\u00e1z - \u00daj \u00e9s haszn\u00e1lt mobilh\u00e1zak Magyarorsz\u00e1g els\u0151 sz\u00e1m\u00fa keresked\u0151j\u00e9t\u0151l - Mobile Homes Centre<\/title>\n<meta name=\"robots\" content=\"index, follow, max-snippet:-1, max-image-preview:large, max-video-preview:-1\" \/>\n<link rel=\"canonical\" href=\"https:\/\/mobilehomescentre.com\/sk\/referencie\/\" \/>\n<meta property=\"og:locale\" content=\"sk_SK\" \/>\n<meta property=\"og:type\" content=\"article\" \/>\n<meta property=\"og:title\" content=\"Referencie - Mobilh\u00e1z - \u00daj \u00e9s haszn\u00e1lt mobilh\u00e1zak Magyarorsz\u00e1g els\u0151 sz\u00e1m\u00fa keresked\u0151j\u00e9t\u0151l - Mobile Homes Centre\" \/>\n<meta property=\"og:description\" content=\"[vc_row el_class=&#8220;p-t-50&#8243;][vc_column][\/vc_column][\/vc_row]\" \/>\n<meta property=\"og:url\" content=\"https:\/\/mobilehomescentre.com\/sk\/referencie\/\" \/>\n<meta property=\"og:site_name\" content=\"Mobilh\u00e1z - \u00daj \u00e9s haszn\u00e1lt mobilh\u00e1zak Magyarorsz\u00e1g els\u0151 sz\u00e1m\u00fa keresked\u0151j\u00e9t\u0151l - Mobile Homes Centre\" \/>\n<meta property=\"article:publisher\" content=\"https:\/\/www.facebook.com\/mobilhomeskft\" \/>\n<meta property=\"article:modified_time\" content=\"2026-04-12T16:49:22+00:00\" \/>\n<meta name=\"twitter:card\" content=\"summary_large_image\" \/>\n<script type=\"application\/ld+json\" class=\"yoast-schema-graph\">{\"@context\":\"https:\\\/\\\/schema.org\",\"@graph\":[{\"@type\":\"WebPage\",\"@id\":\"https:\\\/\\\/mobilehomescentre.com\\\/sk\\\/referencie\\\/\",\"url\":\"https:\\\/\\\/mobilehomescentre.com\\\/sk\\\/referencie\\\/\",\"name\":\"Referencie - Mobilh\u00e1z - \u00daj \u00e9s haszn\u00e1lt mobilh\u00e1zak Magyarorsz\u00e1g els\u0151 sz\u00e1m\u00fa keresked\u0151j\u00e9t\u0151l - Mobile Homes Centre\",\"isPartOf\":{\"@id\":\"https:\\\/\\\/mobilehomescentre.com\\\/sk\\\/#website\"},\"datePublished\":\"2026-01-07T12:15:31+00:00\",\"dateModified\":\"2026-04-12T16:49:22+00:00\",\"breadcrumb\":{\"@id\":\"https:\\\/\\\/mobilehomescentre.com\\\/sk\\\/referencie\\\/#breadcrumb\"},\"inLanguage\":\"sk-SK\",\"potentialAction\":[{\"@type\":\"ReadAction\",\"target\":[\"https:\\\/\\\/mobilehomescentre.com\\\/sk\\\/referencie\\\/\"]}]},{\"@type\":\"BreadcrumbList\",\"@id\":\"https:\\\/\\\/mobilehomescentre.com\\\/sk\\\/referencie\\\/#breadcrumb\",\"itemListElement\":[{\"@type\":\"ListItem\",\"position\":1,\"name\":\"Kezd\u0151lap\",\"item\":\"https:\\\/\\\/mobilehomescentre.com\\\/sk\\\/\"},{\"@type\":\"ListItem\",\"position\":2,\"name\":\"Referencie\"}]},{\"@type\":\"WebSite\",\"@id\":\"https:\\\/\\\/mobilehomescentre.com\\\/sk\\\/#website\",\"url\":\"https:\\\/\\\/mobilehomescentre.com\\\/sk\\\/\",\"name\":\"Mobilh\u00e1z - \u00daj \u00e9s haszn\u00e1lt mobilh\u00e1zak Magyarorsz\u00e1g els\u0151 sz\u00e1m\u00fa keresked\u0151j\u00e9t\u0151l\",\"description\":\"\",\"publisher\":{\"@id\":\"https:\\\/\\\/mobilehomescentre.com\\\/sk\\\/#organization\"},\"potentialAction\":[{\"@type\":\"SearchAction\",\"target\":{\"@type\":\"EntryPoint\",\"urlTemplate\":\"https:\\\/\\\/mobilehomescentre.com\\\/sk\\\/?s={search_term_string}\"},\"query-input\":{\"@type\":\"PropertyValueSpecification\",\"valueRequired\":true,\"valueName\":\"search_term_string\"}}],\"inLanguage\":\"sk-SK\"},{\"@type\":\"Organization\",\"@id\":\"https:\\\/\\\/mobilehomescentre.com\\\/sk\\\/#organization\",\"name\":\"Mobil-Homes Kereskedelmi Kft.\",\"url\":\"https:\\\/\\\/mobilehomescentre.com\\\/sk\\\/\",\"logo\":{\"@type\":\"ImageObject\",\"inLanguage\":\"sk-SK\",\"@id\":\"https:\\\/\\\/mobilehomescentre.com\\\/sk\\\/#\\\/schema\\\/logo\\\/image\\\/\",\"url\":\"https:\\\/\\\/mobilehomescentre.com\\\/wp-content\\\/uploads\\\/2026\\\/02\\\/mobile-homes-centre.png?v=1775640080\",\"contentUrl\":\"https:\\\/\\\/mobilehomescentre.com\\\/wp-content\\\/uploads\\\/2026\\\/02\\\/mobile-homes-centre.png?v=1775640080\",\"width\":600,\"height\":758,\"caption\":\"Mobil-Homes Kereskedelmi Kft.\"},\"image\":{\"@id\":\"https:\\\/\\\/mobilehomescentre.com\\\/sk\\\/#\\\/schema\\\/logo\\\/image\\\/\"},\"sameAs\":[\"https:\\\/\\\/www.facebook.com\\\/mobilhomeskft\",\"https:\\\/\\\/www.instagram.com\\\/mobilehomescentre\"]}]}<\/script>\n<!-- \/ Yoast SEO plugin. -->","yoast_head_json":{"title":"Referencie - Mobilh\u00e1z - \u00daj \u00e9s haszn\u00e1lt mobilh\u00e1zak Magyarorsz\u00e1g els\u0151 sz\u00e1m\u00fa keresked\u0151j\u00e9t\u0151l - Mobile Homes Centre","robots":{"index":"index","follow":"follow","max-snippet":"max-snippet:-1","max-image-preview":"max-image-preview:large","max-video-preview":"max-video-preview:-1"},"canonical":"https:\/\/mobilehomescentre.com\/sk\/referencie\/","og_locale":"sk_SK","og_type":"article","og_title":"Referencie - Mobilh\u00e1z - \u00daj \u00e9s haszn\u00e1lt mobilh\u00e1zak Magyarorsz\u00e1g els\u0151 sz\u00e1m\u00fa keresked\u0151j\u00e9t\u0151l - Mobile Homes Centre","og_description":"[vc_row el_class=&#8220;p-t-50&#8243;][vc_column][\/vc_column][\/vc_row]","og_url":"https:\/\/mobilehomescentre.com\/sk\/referencie\/","og_site_name":"Mobilh\u00e1z - \u00daj \u00e9s haszn\u00e1lt mobilh\u00e1zak Magyarorsz\u00e1g els\u0151 sz\u00e1m\u00fa keresked\u0151j\u00e9t\u0151l - Mobile Homes Centre","article_publisher":"https:\/\/www.facebook.com\/mobilhomeskft","article_modified_time":"2026-04-12T16:49:22+00:00","twitter_card":"summary_large_image","schema":{"@context":"https:\/\/schema.org","@graph":[{"@type":"WebPage","@id":"https:\/\/mobilehomescentre.com\/sk\/referencie\/","url":"https:\/\/mobilehomescentre.com\/sk\/referencie\/","name":"Referencie - Mobilh\u00e1z - \u00daj \u00e9s haszn\u00e1lt mobilh\u00e1zak Magyarorsz\u00e1g els\u0151 sz\u00e1m\u00fa keresked\u0151j\u00e9t\u0151l - Mobile Homes Centre","isPartOf":{"@id":"https:\/\/mobilehomescentre.com\/sk\/#website"},"datePublished":"2026-01-07T12:15:31+00:00","dateModified":"2026-04-12T16:49:22+00:00","breadcrumb":{"@id":"https:\/\/mobilehomescentre.com\/sk\/referencie\/#breadcrumb"},"inLanguage":"sk-SK","potentialAction":[{"@type":"ReadAction","target":["https:\/\/mobilehomescentre.com\/sk\/referencie\/"]}]},{"@type":"BreadcrumbList","@id":"https:\/\/mobilehomescentre.com\/sk\/referencie\/#breadcrumb","itemListElement":[{"@type":"ListItem","position":1,"name":"Kezd\u0151lap","item":"https:\/\/mobilehomescentre.com\/sk\/"},{"@type":"ListItem","position":2,"name":"Referencie"}]},{"@type":"WebSite","@id":"https:\/\/mobilehomescentre.com\/sk\/#website","url":"https:\/\/mobilehomescentre.com\/sk\/","name":"Mobilh\u00e1z - \u00daj \u00e9s haszn\u00e1lt mobilh\u00e1zak Magyarorsz\u00e1g els\u0151 sz\u00e1m\u00fa keresked\u0151j\u00e9t\u0151l","description":"","publisher":{"@id":"https:\/\/mobilehomescentre.com\/sk\/#organization"},"potentialAction":[{"@type":"SearchAction","target":{"@type":"EntryPoint","urlTemplate":"https:\/\/mobilehomescentre.com\/sk\/?s={search_term_string}"},"query-input":{"@type":"PropertyValueSpecification","valueRequired":true,"valueName":"search_term_string"}}],"inLanguage":"sk-SK"},{"@type":"Organization","@id":"https:\/\/mobilehomescentre.com\/sk\/#organization","name":"Mobil-Homes Kereskedelmi Kft.","url":"https:\/\/mobilehomescentre.com\/sk\/","logo":{"@type":"ImageObject","inLanguage":"sk-SK","@id":"https:\/\/mobilehomescentre.com\/sk\/#\/schema\/logo\/image\/","url":"https:\/\/mobilehomescentre.com\/wp-content\/uploads\/2026\/02\/mobile-homes-centre.png?v=1775640080","contentUrl":"https:\/\/mobilehomescentre.com\/wp-content\/uploads\/2026\/02\/mobile-homes-centre.png?v=1775640080","width":600,"height":758,"caption":"Mobil-Homes Kereskedelmi Kft."},"image":{"@id":"https:\/\/mobilehomescentre.com\/sk\/#\/schema\/logo\/image\/"},"sameAs":["https:\/\/www.facebook.com\/mobilhomeskft","https:\/\/www.instagram.com\/mobilehomescentre"]}]}},"_links":{"self":[{"href":"https:\/\/mobilehomescentre.com\/sk\/wp-json\/wp\/v2\/pages\/2301","targetHints":{"allow":["GET"]}}],"collection":[{"href":"https:\/\/mobilehomescentre.com\/sk\/wp-json\/wp\/v2\/pages"}],"about":[{"href":"https:\/\/mobilehomescentre.com\/sk\/wp-json\/wp\/v2\/types\/page"}],"author":[{"embeddable":true,"href":"https:\/\/mobilehomescentre.com\/sk\/wp-json\/wp\/v2\/users\/1"}],"replies":[{"embeddable":true,"href":"https:\/\/mobilehomescentre.com\/sk\/wp-json\/wp\/v2\/comments?post=2301"}],"version-history":[{"count":1,"href":"https:\/\/mobilehomescentre.com\/sk\/wp-json\/wp\/v2\/pages\/2301\/revisions"}],"predecessor-version":[{"id":2302,"href":"https:\/\/mobilehomescentre.com\/sk\/wp-json\/wp\/v2\/pages\/2301\/revisions\/2302"}],"wp:attachment":[{"href":"https:\/\/mobilehomescentre.com\/sk\/wp-json\/wp\/v2\/media?parent=2301"}],"curies":[{"name":"wp","href":"https:\/\/api.w.org\/{rel}","templated":true}]}}