{"id":2293,"date":"2026-01-28T14:40:05","date_gmt":"2026-01-28T13:40:05","guid":{"rendered":"https:\/\/mobilehomescentre.com\/odborne-zazemie\/casto-kladene-otazky\/"},"modified":"2026-03-30T11:08:28","modified_gmt":"2026-03-30T09:08:28","slug":"casto-kladene-otazky","status":"publish","type":"page","link":"https:\/\/mobilehomescentre.com\/sk\/odborne-zazemie\/casto-kladene-otazky\/","title":{"rendered":"\u010casto kladen\u00e9 ot\u00e1zky"},"content":{"rendered":"<div class=\"wpb-content-wrapper\"><p>[vc_row full_width=&#8220;stretch_row&#8220; bg_type=&#8220;image&#8220; parallax_style=&#8220;vcpb-vz-jquery&#8220; bg_image_new=&#8220;id^2695|url^https:\/\/mobilehomescentre.com\/wp-content\/uploads\/2026\/02\/gyakran-ismetelt-kerdesek.webp|caption^null|alt^null|title^gyakran-ismetelt-kerdesek|description^null&#8220; bg_image_repeat=&#8220;no-repeat&#8220; fadeout_row=&#8220;fadeout_row_value&#8220; enable_overlay=&#8220;enable_overlay_value&#8220; overlay_color=&#8220;#00000040&#8243; overlay_pattern=&#8220;transperant&#8220; el_class=&#8220;hero-header&#8220;][vc_column width=&#8220;7\/12&#8243;][vc_column_text css=&#8220;&#8220; el_class=&#8220;text-white uppercase&#8220;]<\/p>\n<h1>\u010casto kladen\u00e9 ot\u00e1zky<\/h1>\n<p>V\u0161etko, \u010do potrebujete vedie\u0165 o mobiln\u00fdch domoch \u2014 s r\u00fdchlymi odpove\u010fami na naj\u010dastej\u0161ie ot\u00e1zky, aby ste sa \u013eah\u0161ie zorientovali vo svete k\u00fapy, pou\u017e\u00edvania a \u00fadr\u017eby.[\/vc_column_text][\/vc_column][\/vc_row][vc_row el_class=&#8220;p-t-50&#8243;][vc_column width=&#8220;2\/3&#8243; offset=&#8220;vc_col-sm-offset-2&#8243;][vc_tta_accordion section_title_tag=&#8220;h3&#8243; style=&#8220;flat&#8220; shape=&#8220;square&#8220; gap=&#8220;25&#8243; active_section=&#8220;0&#8243; collapsible_all=&#8220;true&#8220;][vc_tta_section title=&#8220;Ako dlho trv\u00e1 v\u00fdroba nov\u00e9ho mobiln\u00e9ho domu?&#8220; tab_id=&#8220;1769614411412-25999c00-9bee&#8220;][vc_column_text css=&#8220;&#8220;]Doba v\u00fdroby nov\u00e9ho mobiln\u00e9ho domu sa zvy\u010dajne pohybuje medzi <strong>3 a 6 mesiacmi<\/strong> a z\u00e1vis\u00ed od toho, kedy m\u00f4\u017ee v\u00fdrobca zaradi\u0165 va\u0161u objedn\u00e1vku do svojho v\u00fdrobn\u00e9ho pl\u00e1nu.<\/p>\n<p>Pred uzatvoren\u00edm objedn\u00e1vky v\u00e1m v\u017edy poskytneme presn\u00e9 inform\u00e1cie o o\u010dak\u00e1vanom term\u00edne dokon\u010denia v\u00fdroby. V\u010faka tomu m\u00f4\u017eete dopredu napl\u00e1nova\u0165 dopravu a in\u0161tal\u00e1ciu tak, aby v\u0161etko prebehlo hladko.[\/vc_column_text][\/vc_tta_section][vc_tta_section title=&#8220;Potrebuje mobiln\u00fd dom z\u00e1klad?&#8220; tab_id=&#8220;1769614411416-f98d4735-eab0&#8243;][vc_column_text css=&#8220;&#8220;]<\/p>\n<div class=\"question-box\" data-toggle=\"collapse\" data-target=\"#answer-6\" aria-expanded=\"true\">\n<div id=\"answer-6\" class=\"answer collapse show\">\n<div class=\"user-content\">\n<p>\u00c1no, pre stabiln\u00e9 a bezpe\u010dn\u00e9 umiestnenie mobiln\u00e9ho domu je v\u017edy potrebn\u00fd z\u00e1klad, ktor\u00fd sa m\u00f4\u017ee l\u00ed\u0161i\u0165 v z\u00e1vislosti od typu domu.<\/p>\n<h4><span style=\"color: #3d98d3;\">Pou\u017eit\u00e9 mobiln\u00e9 domy<\/span><\/h4>\n<p>Zvy\u010dajne odpor\u00fa\u010dame z\u00e1kladov\u00e9 p\u00e1sy (p\u00e1sov\u00fd z\u00e1klad), ktor\u00e9 zabezpe\u010duj\u00fa primeran\u00fa oporu. Pri k\u00fape poskytujeme podrobn\u00fd popis a v\u00fdkres s rozmermi pre vybudovanie z\u00e1kladu.<\/p>\n<h4><span style=\"color: #3d98d3;\">Nov\u00e9 mobiln\u00e9 domy<\/span><\/h4>\n<p>Pri nov\u00fdch mobiln\u00fdch domoch sa be\u017ene \u017eiada pln\u00e1 bet\u00f3nov\u00e1 doska, ktor\u00e1 m\u00e1 rozmery zodpovedaj\u00face p\u00f4dorysu domu. Na pr\u00edpravu poskytujeme podrobn\u00fa dokument\u00e1ciu a v\u00fdkresy, aby bola in\u0161tal\u00e1cia plynul\u00e1 a presn\u00e1.<\/p>\n<p>&nbsp;<\/p>\n<p>Vhodn\u00fd z\u00e1klad je nevyhnutn\u00fd pre dlhodob\u00fa stabilitu a bezpe\u010dnos\u0165 mobiln\u00e9ho domu. Ak m\u00e1te \u010fal\u0161ie ot\u00e1zky, nev\u00e1hajte sa na n\u00e1s obr\u00e1ti\u0165!<\/p>\n<\/div>\n<p><\/div>\n<p><\/div>\n<p>[\/vc_column_text][\/vc_tta_section][vc_tta_section title=&#8220;S\u00fa mobiln\u00e9 domy zateplen\u00e9?&#8220; tab_id=&#8220;1769614574180-544ced56-da72&#8243;][vc_column_text css=&#8220;&#8220;]\u00c1no, ka\u017ed\u00fd mobiln\u00fd dom je z v\u00fdroby zateplen\u00fd, pri\u010dom typ izol\u00e1cie z\u00e1vis\u00ed od veku a typu domu.<\/p>\n<h4>Pou\u017eit\u00e9 mobiln\u00e9 domy<\/h4>\n<p><\/p>\n<ul>\n<li>Zvy\u010dajne maj\u00fa izol\u00e1ciu z polystyr\u00e9nu alebo sklenej vaty, ktor\u00e1 posta\u010duje na jar, leto a jese\u0148.<\/li>\n<li>Na zimn\u00fa prev\u00e1dzku v\u0161ak z\u00e1kladn\u00e9 zateplenie nemus\u00ed v\u017edy poskytn\u00fa\u0165 dostato\u010dn\u00fa ochranu. V takom pr\u00edpade odpor\u00fa\u010dame dodato\u010dn\u00e9 zateplenie, ktor\u00e9 na po\u017eiadanie m\u00f4\u017ee zabezpe\u010di\u0165 na\u0161a spolo\u010dnos\u0165.<\/li>\n<\/ul>\n<p><\/p>\n<h4>Nov\u00e9 mobiln\u00e9 domy<\/h4>\n<p><\/p>\n<ul>\n<li>S\u00fa plne zateplen\u00e9.<\/li>\n<li>Ich z\u00e1kladn\u00e1 izol\u00e1cia pozost\u00e1va z 13\u201318 cm PUR peny, doplnenej o \u010fal\u0161\u00edch 5\u201310 cm kamennej vlny, \u010d\u00edm sa dosahuje vynikaj\u00face tepeln\u00e9 izola\u010dn\u00e9 vlastnosti.<\/li>\n<li>Pod\u013ea individu\u00e1lnej po\u017eiadavky je mo\u017en\u00e9 hr\u00fabku zateplenia \u010falej zv\u00fd\u0161i\u0165, aby dom dokonale sp\u013a\u0148al va\u0161e o\u010dak\u00e1vania.<\/li>\n<\/ul>\n<p>Na\u0161\u00edm cie\u013eom je zabezpe\u010di\u0165, aby va\u0161e mobiln\u00e9 domy boli pohodln\u00e9 a energeticky \u00fasporn\u00e9 po\u010das cel\u00e9ho roka![\/vc_column_text][\/vc_tta_section][vc_tta_section title=&#8220;\u010co znamen\u00e1 ozna\u010denie \u201eTechnicky skontrolovan\u00e9\u201c pri pou\u017eit\u00fdch domoch?&#8220; tab_id=&#8220;1771594792501-3ca3c50b-9048&#8243;][vc_column_text css=&#8220;&#8220;]Ozna\u010denie \u201eTechnicky skontrolovan\u00e9\u201c uveden\u00e9 pri na\u0161ich pou\u017eit\u00fdch domoch pon\u00fakan\u00fdch na predaj znamen\u00e1, \u017ee ka\u017ed\u00fd pou\u017eit\u00fd mobiln\u00fd dom pred\u00e1van\u00fd na\u0161ou spolo\u010dnos\u0165ou prech\u00e1dza komplexnou technickou kontrolou a potrebn\u00fdmi opravami.<\/p>\n<p><strong>V r\u00e1mci toho sa vykon\u00e1va:<\/strong><\/p>\n<ul>\n<li>kontrola celej elektrickej siete a opravy pod\u013ea potreby,<\/li>\n<li>kontrola celej vodovodnej siete a opravy pod\u013ea potreby,<\/li>\n<li>kontrola celej LPG plynovej siete a opravy pod\u013ea potreby, vr\u00e1tane kontroly a opr\u00e1v plynov\u00e9ho krbu, plynov\u00e9ho varn\u00e9ho panela, plynovej r\u00fary a plynov\u00e9ho prietokov\u00e9ho ohrieva\u010da vody,<\/li>\n<li>kontrola, \u010distenie a oprava kanaliza\u010dn\u00fdch odtokov a kanaliza\u010dn\u00e9ho syst\u00e9mu,<\/li>\n<li>ako aj estetick\u00e9 opravy vn\u00fatorn\u00e9ho n\u00e1bytku.<\/li>\n<\/ul>\n<p>Hodnota vykonan\u00fdch kontroln\u00fdch a oprav\u00e1rensk\u00fdch pr\u00e1c:<del><strong> 720 000 HUF + DPH<\/strong><\/del><\/p>\n<p><strong>Cena t\u00fdchto pr\u00e1c je zahrnut\u00e1 v cene mobiln\u00e9ho domu.<\/strong>[\/vc_column_text][\/vc_tta_section][vc_tta_section title=&#8220;Kde si m\u00f4\u017eem pozrie\u0165 mobiln\u00e9 domy?&#8220; tab_id=&#8220;1770818035970-c3433827-608b&#8220;][vc_column_text css=&#8220;&#8220;]Na\u0161e mobiln\u00e9 domy si m\u00f4\u017eete prezrie\u0165 v na\u0161om are\u00e1li v meste Kisb\u00e9r, kde pon\u00fakame \u0161irok\u00fd v\u00fdber pre z\u00e1ujemcov.<\/p>\n<p><strong>Adresa:<\/strong><\/p>\n<p><em>2870 Kisb\u00e9r, T\u00e9glagy\u00e1ri \u00fat<\/em><\/p>\n<p><strong>V\u00fdhody n\u00e1\u0161ho are\u00e1lu:<\/strong><\/p>\n<ul>\n<li>V\u0161etky vystaven\u00e9 mobiln\u00e9 domy s\u00fa otvoren\u00e9, tak\u017ee si ich m\u00f4\u017eete vo\u013ene prezrie\u0165 zvn\u00fatra aj zvonku.<\/li>\n<li>Po\u010das otv\u00e1rac\u00edch hod\u00edn m\u00f4\u017eete pr\u00eds\u0165 aj bez predch\u00e1dzaj\u00faceho ohl\u00e1senia.<\/li>\n<li>Dostupn\u00e9 modely si m\u00f4\u017eete prezrie\u0165 za osobnej odbornej asistencie n\u00e1\u0161ho predajcu priamo na mieste, pri\u010dom na v\u0161etky vzniknut\u00e9 ot\u00e1zky dostanete okam\u017eit\u00e9 a podrobn\u00e9 odpovede.<\/li>\n<\/ul>\n<p><strong>Sviato\u010dn\u00e9 otv\u00e1racie hodiny:<\/strong><\/p>\n<p>Venujte pozornos\u0165 aj na\u0161im sviato\u010dn\u00fdm otv\u00e1rac\u00edm hodin\u00e1m, ktor\u00e9 zverej\u0148ujeme na na\u0161ej webovej str\u00e1nke a na Facebooku. Vzh\u013eadom na ve\u013ek\u00fd z\u00e1ujem b\u00fdvame zvy\u010dajne otvoren\u00ed aj po\u010das t\u00fdchto obdob\u00ed.[\/vc_column_text][\/vc_tta_section][vc_tta_section title=&#8220;\u010co znamen\u00e1 \u201ezimn\u00e9\u201c (zateplen\u00e9) mobiln\u00e9 b\u00fdvanie?&#8220; tab_id=&#8220;1770818100230-30673e99-9a86&#8243;][vc_column_text css=&#8220;&#8220;]<strong>V pr\u00edpade pou\u017eit\u00fdch mobiln\u00fdch domov:<\/strong><\/p>\n<ul>\n<li>Treba poznamena\u0165, \u017ee \u017eiadny z pou\u017eit\u00fdch mobiln\u00fdch domov nie je \u00faplne zateplen\u00fd na zimn\u00e9 pou\u017eitie.<\/li>\n<li>Hoci disponuj\u00fa tov\u00e1rensk\u00fdm zateplen\u00edm, jeho hr\u00fabka je zvy\u010dajne len 3\u20135 cm.<\/li>\n<li>Za \u201ezimn\u00e9\u201c (t. j. kompletne zateplen\u00e9) sa pova\u017euj\u00fa tie budovy, ktor\u00fdch steny a stre\u0161n\u00e1 kon\u0161trukcia s\u00fa vybaven\u00e9 zateplen\u00edm s hr\u00fabkou aspo\u0148 10 cm.<\/li>\n<\/ul>\n<p><strong>V pr\u00edpade nov\u00fdch mobiln\u00fdch domov:<\/strong><\/p>\n<ul>\n<li>Nov\u00e9 mobiln\u00e9 domy s\u00fa u\u017e kompletne zateplen\u00e9, tak\u017ee s\u00fa vhodn\u00e9 na celoro\u010dn\u00e9 a trval\u00e9 b\u00fdvanie.<\/li>\n<li>Primeran\u00e1 tepeln\u00e1 izol\u00e1cia, modern\u00e9 okn\u00e1 a dvere a efekt\u00edvny vykurovac\u00ed syst\u00e9m zabezpe\u010duj\u00fa pr\u00edjemn\u00e9 teplo,<\/li>\n<li>tak\u017ee aj po\u010das chladnej\u0161\u00edch mesiacov pon\u00fakaj\u00fa maxim\u00e1lny komfort.<\/li>\n<\/ul>\n<p>Zateplen\u00fd mobiln\u00fd dom = celoro\u010dn\u00e9 pohodlie a b\u00fdvanie aj v zime!<\/p>\n<p>Mobiln\u00e9 domy Centre vykon\u00e1va dodato\u010dn\u00e9 zateplenie mobiln\u00fdch domov.<\/p>\n<p><strong>Zatep\u013eovacie pr\u00e1ce:<\/strong><\/p>\n<ul>\n<li>Dodato\u010dn\u00e9 zateplenie podlahy: <strong>250 000 \u2013 390 000 Ft + DPH<\/strong><\/li>\n<li>Dodato\u010dn\u00e9 zateplenie strechy: <strong>300 000 \u2013 490 000 Ft + DPH<\/strong><\/li>\n<li>Zateplenie fas\u00e1dy: <strong>1 200 000 \u2013 2 450 000 Ft + DPH<\/strong><\/li>\n<li>Zhotovenie soklovej izol\u00e1cie na mieste: <strong>550 000 \u2013 850 000 Ft + DPH<\/strong><\/li>\n<\/ul>\n<p><strong>Ceny s\u00fa informat\u00edvne, vyhradzujeme si pr\u00e1vo na ich zmenu!<\/strong>[\/vc_column_text][\/vc_tta_section][vc_tta_section title=&#8220;Obhliadate si miesto pred dodan\u00edm?&#8220; tab_id=&#8220;1770818223053-0341394f-ee22&#8243;][vc_column_text css=&#8220;&#8220;]Pred dodan\u00edm v\u017edy vykon\u00e1vame obhliadku na mieste. T\u00fato obhliadku realizuje jeden z odborn\u00edkov z t\u00edmu, ktor\u00fd sa z\u00e1rove\u0148 podie\u013ea na preprave. Osobne nav\u0161t\u00edvi pozemok, aby zhodnotil ter\u00e9nne podmienky. T\u00e1to obhliadka sa zvy\u010dajne kon\u00e1 v nede\u013eu.<\/p>\n<p><strong>Po\u010das obhliadky n\u00e1\u0161 kolega:<\/strong><\/p>\n<ul>\n<li>Pos\u00fadi, ako je mo\u017en\u00e9 doru\u010den\u00fd dom umiestni\u0165 na jeho fin\u00e1lne miesto,<\/li>\n<li>Zist\u00ed, \u010di je na prepravu potrebn\u00e9 z\u00edska\u0165 nejak\u00e9 povolenie,<\/li>\n<li>Poskytne poradenstvo oh\u013eadom potrebn\u00fdch ter\u00e9nnych \u00faprav,<\/li>\n<li>Vypracuje protokol z obhliadky.<\/li>\n<\/ul>\n<p><strong>D\u00f4le\u017eit<\/strong>\u00e9: Ter\u00e9nne \u00fapravy na\u0161a spolo\u010dnos\u0165 nevykon\u00e1va, no poskytneme u\u017eito\u010dn\u00e9 usmernenia, aby prebehlo umiestnenie mobiln\u00e9ho domu bez komplik\u00e1ci\u00ed a plynulo.[\/vc_column_text][\/vc_tta_section][vc_tta_section title=&#8220;Ako prebieha preprava?&#8220; tab_id=&#8220;1770818251817-84c51ca8-bcd1&#8243;][vc_column_text css=&#8220;&#8220;]Mobiln\u00e9 domy v\u00e4\u010d\u0161inou dov\u00e1\u017eame v skor\u00fdch rann\u00fdch hodin\u00e1ch kami\u00f3nom a pr\u00edvesom, a to \u010do najbli\u017e\u0161ie k pozemku. Ak na z\u00e1klade odborn\u00e9ho posudku pri predch\u00e1dzaj\u00facej obhliadke ter\u00e9nu nie je mo\u017en\u00e9 dosta\u0165 sa kami\u00f3nom na miesto z d\u00f4vodu ter\u00e9nnych podmienok, dom dotiahneme traktorom na jeho kone\u010dn\u00e9 miesto. Na\u0161i sk\u00fasen\u00ed odborn\u00edci sa v ka\u017edom pr\u00edpade postaraj\u00fa o hladk\u00fd a bezpe\u010dn\u00fd prevoz, pri\u010dom zoh\u013ead\u0148uj\u00fa osobitosti dan\u00e9ho \u00fazemia.[\/vc_column_text][\/vc_tta_section][vc_tta_section title=&#8220;Je mobiln\u00fd dom pova\u017eovan\u00fd za budovu, aj ke\u010f stoj\u00ed na koles\u00e1ch?&#8220; tab_id=&#8220;1770818266823-b71d9dab-672d&#8220;][vc_column_text css=&#8220;&#8220;]\u00c1no, mobiln\u00fd dom je v ka\u017edom pr\u00edpade pova\u017eovan\u00fd za budovu a nepatr\u00ed do kateg\u00f3rie vozidiel!<\/p>\n<p>D\u00f4vod je ten, \u017ee mobiln\u00fd dom:<\/p>\n<ul>\n<li>Nem\u00e1 podvozok alebo brzdov\u00fd syst\u00e9m ur\u010den\u00fd pre motorov\u00e9 vozidl\u00e1,<\/li>\n<li>Nie je vhodn\u00fd na cestn\u00fa prem\u00e1vku,<\/li>\n<li>D\u00e1 sa premiestni\u0165 z miesta na miesto v\u00fdlu\u010dne pomocou prepravn\u00e9ho vozidla.<\/li>\n<\/ul>\n<p>Pod\u013ea pr\u00e1vnych predpisov sa mobiln\u00fd dom pova\u017euje za stavbu, a preto sa na\u0148 vz\u0165ahuj\u00fa pravidl\u00e1 pre budovy. Preto sa tieto stavby \u010dasto ozna\u010duj\u00fa aj ako <strong>prefabrikovan\u00e9 budovy<\/strong>.[\/vc_column_text][\/vc_tta_section][vc_tta_section title=&#8220;Ako m\u00f4\u017eem zisti\u0165, \u010di m\u00f4\u017eem umiestni\u0165 mobiln\u00fd dom na svoj pozemok?&#8220; tab_id=&#8220;1770818292074-42135c2e-00f2&#8243;][vc_column_text css=&#8220;&#8220;]Aby ste zistili, \u010di m\u00f4\u017eete umiestni\u0165 mobiln\u00fd dom na svoj pozemok, odpor\u00fa\u010dame nasleduj\u00face kroky:<\/p>\n<p><strong>1. Kontaktujte miestny obecn\u00fd \u00farad<\/strong><br \/>Obr\u00e1\u0165te sa na pr\u00edslu\u0161n\u00fd obecn\u00fd (mestsk\u00fd) \u00farad a informujte sa o predpisoch, ktor\u00e9 sa vz\u0165ahuj\u00fa na v\u00e1\u0161 pozemok.<\/p>\n<p><strong>2. Miestne stavebn\u00e9 predpisy (H\u00c9SZ) a nariadenie na ochranu vzh\u013eadu obce (TKR)<\/strong><br \/>Pre\u0161tudujte si pravidl\u00e1 t\u00fdkaj\u00face sa klasifik\u00e1cie pozemku a povolen\u00fdch stavieb, aby v\u00e1\u0161 mobiln\u00fd dom sp\u013a\u0148al po\u017eiadavky a zapadol do vzh\u013eadu obce.<\/p>\n<p><strong>Ako v\u00e1m vieme pom\u00f4c\u0165?<\/strong><\/p>\n<p>Na\u0161a spolo\u010dnos\u0165 v r\u00e1mci svojich slu\u017eieb na z\u00e1klade parceln\u00e9ho \u010d\u00edsla (Helyrajzi sz\u00e1m) prever\u00ed pr\u00edslu\u0161n\u00e9 predpisy. Na z\u00e1klade toho v\u00e1m poskytneme presn\u00e9 inform\u00e1cie o tom,<\/p>\n<ul>\n<li>ak\u00fd typ stavby je mo\u017en\u00e9 umiestni\u0165 na dan\u00fd pozemok,<\/li>\n<li>ak\u00e9 podmienky je potrebn\u00e9 splni\u0165.<\/li>\n<\/ul>\n<p>Radi v\u00e1m pom\u00f4\u017eeme s pr\u00edpravou a bezprobl\u00e9mov\u00fdm priebehom procesu umiestnenia mobiln\u00e9ho domu! Nev\u00e1hajte sa na n\u00e1s obr\u00e1ti\u0165 s d\u00f4verou!<br \/>\n[\/vc_column_text][\/vc_tta_section][vc_tta_section title=&#8220;Ak\u00e9 certifik\u00e1ty je potrebn\u00e9 predlo\u017ei\u0165 v priebehu povo\u013eovacieho konania?&#8220; tab_id=&#8220;1770818334577-aee82f9b-6069&#8243;][vc_column_text css=&#8220;&#8220;]<\/p>\n<div class=\"question-box\" data-toggle=\"collapse\" data-target=\"#answer-14\" aria-expanded=\"true\">\n<div id=\"answer-14\" class=\"answer collapse show\">\n<div class=\"user-content\">\n<p><strong>V pr\u00edpade pou\u017eit\u00fdch mobiln\u00fdch domov:<\/strong><\/p>\n<p>Po\u017eadovan\u00e9 dokumenty a certifik\u00e1ty z\u00e1visia od predpisov miestnej samospr\u00e1vy. Obec m\u00f4\u017ee napr\u00edklad vy\u017eadova\u0165 stanovisko k vzh\u013eadu obce (\u201etelep\u00fcl\u00e9sk\u00e9pi v\u00e9lem\u00e9ny\u201c), ohl\u00e1senie o vzh\u013eade obce (\u201etelep\u00fcl\u00e9sk\u00e9pi bejelent\u00e9s\u201c) alebo in\u00fa technick\u00fa dokument\u00e1ciu.<\/p>\n<p><strong>Odpor\u00fa\u010dame, aby ste pred in\u0161tal\u00e1ciou kontaktovali pr\u00edslu\u0161n\u00fa obec, aby ste z\u00edskali presn\u00fd zoznam potrebn\u00fdch dokumentov.<\/strong><\/p>\n<p><strong>V pr\u00edpade nov\u00fdch mobiln\u00fdch domov (prefabrikovan\u00fdch domov):<\/strong><\/p>\n<p>Ak sa dom bude kolaudova\u0165 ako obytn\u00e1 budova, m\u00f4\u017eu sa vy\u017eadova\u0165 nasleduj\u00face dokumenty:<\/p>\n<ul>\n<li>Technick\u00e1 projektov\u00e1 dokument\u00e1cia,<\/li>\n<li>Energetick\u00fd certifik\u00e1t,<\/li>\n<li>Protokol o ochrane pred dotykom (rev\u00edzna spr\u00e1va elektroin\u0161tal\u00e1cie),<\/li>\n<li>Protokol o kontrole plynovej s\u00fastavy,<\/li>\n<li>P\u00f4dorysy a technick\u00e9 popisy.<\/li>\n<\/ul>\n<p>Na\u0161a spolo\u010dnos\u0165 spolupracuje so sk\u00fasen\u00fdmi architektmi, ktor\u00ed komplexne zabezpe\u010dia proces schva\u013eovania, vr\u00e1tane z\u00edskania v\u0161etk\u00fdch potrebn\u00fdch certifik\u00e1tov a dokumentov. <strong>Na\u0161\u00edm cie\u013eom je, aby bol schva\u013eovac\u00ed proces pre na\u0161ich klientov jednoduch\u00fd a bezprobl\u00e9mov\u00fd.<\/strong><\/p>\n<\/div>\n<p><\/div>\n<p><\/div>\n<p>[\/vc_column_text][\/vc_tta_section][vc_tta_section title=&#8220;Ak\u00e9 d\u00f4sledky m\u00f4\u017ee ma\u0165 umiestnenie stavby na m\u00f4j pozemok bez povolenia?&#8220; tab_id=&#8220;1770818357742-12373d60-60b7&#8243;][vc_column_text css=&#8220;&#8220;]<\/p>\n<div class=\"question-box\" data-toggle=\"collapse\" data-target=\"#answer-14\" aria-expanded=\"true\">\n<div id=\"answer-14\" class=\"answer collapse show\">\n<div class=\"user-content\">\n<p>Pokia\u013e je umiestnenie mobiln\u00e9ho alebo prefabrikovan\u00e9ho domu viazan\u00e9 na jednoduch\u00e9 ohl\u00e1senie (\u201eegyszer\u0171 bejelent\u00e9s\u201c) alebo stavebn\u00e9 povolenie, av\u0161ak k in\u0161tal\u00e1cii d\u00f4jde bez nich, je potrebn\u00e9 po\u010d\u00edta\u0165 s t\u00fdmito d\u00f4sledkami:<\/p>\n<p><strong>1. Konanie o dodato\u010dnom povolen\u00ed (Fennmarad\u00e1si enged\u00e9lyez\u00e9si elj\u00e1r\u00e1s):<\/strong><\/p>\n<p>Ak stavba zodpoved\u00e1 predpisom miestnej architekt\u00fary, m\u00f4\u017ee by\u0165 dodato\u010dne legalizovan\u00e1 v r\u00e1mci konania o dodato\u010dnom povolen\u00ed.<\/p>\n<ul>\n<li>Po\u010das konania v\u0161ak stavebn\u00fd \u00farad ulo\u017e\u00ed stavebn\u00fa pokutu, ktorej v\u00fd\u0161ku stanovuje nariadenie vl\u00e1dy \u010d. 245\/2006 (XII. 5.) a m\u00f4\u017ee predstavova\u0165 zna\u010dn\u00fa finan\u010dn\u00fa z\u00e1\u0165a\u017e.<\/li>\n<\/ul>\n<p><strong>2. Povinnos\u0165 demol\u00e1cie (b\u00faracieho pr\u00edkazu):<\/strong><\/p>\n<p>Ak stavba alebo pozemok nesp\u013a\u0148aj\u00fa predp\u00edsan\u00e9 po\u017eiadavky \u2013 napr\u00edklad stavba nezapad\u00e1 do miestnych alebo z\u00f3nov\u00fdch predpisov \u2013 pr\u00edslu\u0161n\u00fd org\u00e1n m\u00f4\u017ee nariadi\u0165 majite\u013eovi jej demol\u00e1ciu.<\/p>\n<p><strong>Pre\u010do je povolenie d\u00f4le\u017eit\u00e9?<\/strong><\/p>\n<p>Aby ste sa vyhli tak\u00fdmto situ\u00e1ci\u00e1m, odpor\u00fa\u010dame e\u0161te pred umiestnen\u00edm stavby:<\/p>\n<ul>\n<li>obozn\u00e1mi\u0165 sa s pr\u00edslu\u0161n\u00fdmi stavebn\u00fdmi predpismi,<\/li>\n<li>vyu\u017ei\u0165 pomoc na\u0161ich odborn\u00edkov pri povo\u013eovacom procese.<\/li>\n<\/ul>\n<p>Na\u0161a spolo\u010dnos\u0165 spolupracuje so sk\u00fasen\u00fdmi odborn\u00edkmi a architektmi, ktor\u00ed v\u00e1m pom\u00f4\u017eu pri spr\u00e1vnom a bezprobl\u00e9movom umiestnen\u00ed. Nev\u00e1hajte sa na n\u00e1s obr\u00e1ti\u0165 s d\u00f4verou!<\/p>\n<\/div>\n<p><\/div>\n<p><\/div>\n<p>[\/vc_column_text][\/vc_tta_section][vc_tta_section title=&#8220;Ko\u013eko stoj\u00ed povolenie?&#8220; tab_id=&#8220;1770818388608-448ff11a-adc8&#8243;][vc_column_text css=&#8220;&#8220;]<\/p>\n<div class=\"question-box\" data-toggle=\"collapse\" data-target=\"#answer-14\" aria-expanded=\"true\">\n<div id=\"answer-14\" class=\"answer collapse show\">\n<div class=\"user-content\">\n<p>Jednoduch\u00e9 ohl\u00e1senie (\u201eegyszer\u0171 bejelent\u00e9s\u201c) aj stavebn\u00e9 konanie s\u00fa na pr\u00edslu\u0161nom stavebnom \u00farade bez poplatku.<\/p>\n<p>N\u00e1klady na povo\u013eovac\u00ed proces v\u0161ak z\u00e1visia od viacer\u00fdch faktorov, napr\u00edklad:<\/p>\n<ul>\n<li>Ve\u013ekos\u0165 mobiln\u00e9ho alebo prefabrikovan\u00e9ho domu,<\/li>\n<li>Typ stavby (napr. typizovan\u00fd dom alebo dom doplnen\u00fd o individu\u00e1lne po\u017eiadavky, ako je terasa alebo pergola),<\/li>\n<li>Druh konania (jednoduch\u00e9 ohl\u00e1senie alebo stavebn\u00e9 povolenie).<\/li>\n<\/ul>\n<p><strong>V\u0161eobecn\u00e9 usmernenie:<\/strong><\/p>\n<p>Celkov\u00e9 n\u00e1klady na povo\u013eovac\u00ed proces sa zvy\u010dajne pohybuj\u00fa v rozmedz\u00ed <strong>500 000 a\u017e 600 000 forintov (bez DPH).<\/strong><\/p>\n<p><strong>Presn\u00fa cenov\u00fa ponuku<\/strong> vieme poskytn\u00fa\u0165 na z\u00e1klade va\u0161ich individu\u00e1lnych po\u017eiadaviek a parametrov mobiln\u00e9ho domu. Na\u0161a spolo\u010dnos\u0165 v\u00e1m ochotne pom\u00f4\u017ee v ka\u017edom kroku tohto procesu, vr\u00e1tane pl\u00e1novania a optimaliz\u00e1cie n\u00e1kladov. Nev\u00e1hajte sa na n\u00e1s obr\u00e1ti\u0165!<\/p>\n<\/div>\n<p><\/div>\n<p><\/div>\n<p>[\/vc_column_text][\/vc_tta_section][vc_tta_section title=&#8220;Je potrebn\u00e9 pri in\u0161tal\u00e1cii mobiln\u00e9ho domu naja\u0165 architekta alebo projektanta (architektonick\u00e9ho projektanta)? Je potrebn\u00e9 po\u017eiada\u0165 o povolenie na stavebnom \u00farade? Treba \u017eiada\u0165 stavebn\u00e9 povolenie alebo poda\u0165 zjednodu\u0161en\u00e9 ohl\u00e1senie na stavbu rodinn\u00e9ho domu?&#8220; tab_id=&#8220;1770818431584-0ebc0f45-dd2c&#8220;][vc_column_text css=&#8220;&#8220;]<\/p>\n<div class=\"question-box\" data-toggle=\"collapse\" data-target=\"#answer-14\" aria-expanded=\"true\">\n<div id=\"answer-14\" class=\"answer collapse show\">\n<div class=\"user-content\">\n<p><strong>Odpove\u010f: \u00c1no!<\/strong><\/p>\n<p>Pod\u013ea platn\u00fdch stavebn\u00fdch predpisov (nariadenie vl\u00e1dy \u010d. 281\/2024 (IX. 30.) o stavebn\u00fdch konaniach a kontrol\u00e1ch) existuj\u00fa tri pr\u00edpady:<\/p>\n<p>1. Okrem stavebn\u00fdch \u010dinnost\u00ed, ktor\u00e9 sa m\u00f4\u017eu vykon\u00e1va\u0165 na z\u00e1klade jednoduch\u00e9ho ohl\u00e1senia (egyszer\u0171 bejelent\u00e9s) je v\u00fdstavba novej budovy viazan\u00e1 na stavebn\u00e9 povolenie, ak jej ve\u013ekos\u0165 presahuje celkov\u00fa \u00fa\u017eitkov\u00fa plochu 35 m\u00b2 alebo v\u00fd\u0161ku hrebe\u0148a 4,5 metra (pri plochej streche 3,5 metra atiky). To znamen\u00e1, \u017ee v\u00fdstavba budov s \u00fa\u017eitkovou plochou v\u00e4\u010d\u0161ou ako 35 m\u00b2, ktor\u00e9 nie s\u00fa ur\u010den\u00e9 na b\u00fdvanie, si vy\u017eaduje povolenie.<\/p>\n<p>2. Budovy, ktor\u00e9 nepresahuj\u00fa 35 m\u00b2 celkovej \u00fa\u017eitkovej plochy alebo v\u00fd\u0161ku hrebe\u0148a 4,5 metra (pri plochej streche 3,5 metra atiky), je mo\u017en\u00e9 stava\u0165 aj bez stavebn\u00e9ho povolenia. Pred v\u00fdstavbou tak\u00fdchto budov je v\u0161ak v\u017edy nutn\u00e9 konzultova\u0165 s pr\u00edslu\u0161nou obcou, aby sa zistilo, \u010di je potrebn\u00e9 poda\u0165 ozn\u00e1menie o vzh\u013eade obce (telep\u00fcl\u00e9sk\u00e9pi bejelent\u00e9s) a ak \u00e1no, ak\u00e9 s\u00fa obsahov\u00e9 po\u017eiadavky. (Tieto pravidl\u00e1 s\u00fa v\u017edy upraven\u00e9 v miestnych obecn\u00fdch nariadeniach.)<\/p>\n<p>3. Stavebn\u00e9 \u010dinnosti, ktor\u00e9 je mo\u017en\u00e9 vykon\u00e1va\u0165 na z\u00e1klade jednoduch\u00e9ho ohl\u00e1senia (egyszer\u0171 bejelent\u00e9s):<\/p>\n<ul>\n<li>V\u00fdstavba novej obytnej budovy s maxim\u00e1lnou celkovou \u00fa\u017eitkovou plochou 300 m\u00b2, ktor\u00e1 sl\u00fa\u017ei v\u00fdlu\u010dne na b\u00fdvanie a k tomu prisl\u00fachaj\u00face funk\u010dn\u00e9 miestnosti, ak nie je potrebn\u00e9 zosilni\u0165 z\u00e1klady susednej budovy na susednom pozemku, ktor\u00e1 je s \u0148ou spojen\u00e1 radovo alebo dvojdome.<\/li>\n<li>V\u00fdstavba alebo roz\u0161\u00edrenie ved\u013eaj\u0161ej budovy sl\u00fa\u017eiacej obytnej budove, ak u\u017e dokon\u010den\u00e1 budova presahuje rozmery povolen\u00e9 na v\u00fdstavbu bez stavebn\u00e9ho povolenia, ale jej celkov\u00e1 \u00fa\u017eitkov\u00e1 plocha je najviac 60 m\u00b2 a v\u00fd\u0161ka hrebe\u0148a maxim\u00e1lne 6,0 metra (pri plochej streche maxim\u00e1lne 4,5 metra atiky).<\/li>\n<\/ul>\n<p><strong>D\u00f4le\u017eit\u00e9<\/strong>: Pred podan\u00edm \u017eiadosti o stavebn\u00e9 povolenie alebo jednoduch\u00e9 ohl\u00e1senie je povinn\u00e1 konzult\u00e1cia s hlavn\u00fdm architektom obce (telep\u00fcl\u00e9si f\u0151\u00e9p\u00edt\u00e9sz), preto\u017ee ka\u017ed\u00e1 obec m\u00e1 vo svojom nariaden\u00ed o ochrane vzh\u013eadu obce (Telep\u00fcl\u00e9sk\u00e9pv\u00e9delmi rendelet) stanoven\u00e9 konkr\u00e9tne po\u017eiadavky na vzh\u013ead budovy (napr. farby, materi\u00e1ly, sklon strechy, oplotenie at\u010f.). Podmienkou podania \u017eiadosti o povolenie alebo jednoduch\u00e9 ohl\u00e1senie je vyhl\u00e1senie o s\u00fahlase.<\/p>\n<p><strong>V pr\u00edpade pou\u017eit\u00fdch mobiln\u00fdch domov:<\/strong><\/p>\n<ul>\n<li>Nie je mo\u017en\u00e9 ich skolaudova\u0165 ako obytn\u00fa budovu alebo rekrea\u010dn\u00fd dom. M\u00f4\u017eu by\u0165 umiestnen\u00e9 len ako ved\u013eaj\u0161ia stavba.<\/li>\n<\/ul>\n<p><strong>V pr\u00edpade nov\u00fdch mobiln\u00fdch domov (prefabrikovan\u00fdch domov):<\/strong><\/p>\n<ul>\n<li>Je mo\u017en\u00e9 ich umiestni\u0165 ako obytn\u00fa budovu, pri\u010dom je potrebn\u00e9 jednoduch\u00e9 ohl\u00e1senie.<\/li>\n<\/ul>\n<p>Na\u0161a spolo\u010dnos\u0165 spolupracuje so sk\u00fasen\u00fdmi architektmi, ktor\u00ed v\u00e1m pom\u00f4\u017eu po\u010das cel\u00e9ho schva\u013eovacieho procesu \u2013 od projektovania a\u017e po pr\u00edpravu potrebnej dokument\u00e1cie. Obr\u00e1\u0165te sa na n\u00e1s s d\u00f4verou, aby sme zjednodu\u0161ili a ur\u00fdchlili proces jednoduch\u00e9ho ohl\u00e1senia\/povolenia v\u00e1\u0161ho mobiln\u00e9ho domu!<\/p>\n<\/div>\n<p><\/div>\n<p><\/div>\n<p>[\/vc_column_text][\/vc_tta_section][vc_tta_section title=&#8220;\u010co znamen\u00e1 servis?&#8220; tab_id=&#8220;1770818477155-a73df10d-69be&#8220;][vc_column_text css=&#8220;&#8220;]<\/p>\n<div class=\"question-box\" data-toggle=\"collapse\" data-target=\"#answer-14\" aria-expanded=\"true\">\n<div id=\"answer-14\" class=\"answer collapse show\">\n<div class=\"user-content\">\n<p>Servis zah\u0155\u0148a kompletn\u00fa kontrolu, \u00fadr\u017ebu a v pr\u00edpade potreby opravu vodovodn\u00e9ho, kanaliza\u010dn\u00e9ho, elektrick\u00e9ho a plynov\u00e9ho syst\u00e9mu mobiln\u00fdch domov.<\/p>\n<p><strong>V r\u00e1mci na\u0161ej slu\u017eby poskytujeme:<\/strong><\/p>\n<ul>\n<li>Ochranu podvozku a jeho zosilnenie v pr\u00edpade potreby,<\/li>\n<li>Protokol o ochrane pred dotykom pre elektrick\u00fa sie\u0165,<\/li>\n<li>Protokol o kontrole plynovej s\u00fastavy,<\/li>\n<li>Kompletn\u00fa vn\u00fatorn\u00fa a vonkaj\u0161iu \u00fadr\u017ebu pod\u013ea va\u0161ich po\u017eiadaviek.<\/li>\n<\/ul>\n<p><strong>Pr\u00e1ce a poplatky vykon\u00e1van\u00e9 po\u010das servisu:<\/strong><\/p>\n<ul>\n<li>Kompletn\u00e1 kontrola elektrickej siete: <strong>30 000 Ft + DPH<\/strong><\/li>\n<li>Kompletn\u00e1 oprava elektrickej siete: <strong>40 000 Ft + DPH<\/strong><\/li>\n<li>Vyhotovenie protokolu o ochrane pred dotykom: <strong>20 000 Ft + DPH<\/strong><\/li>\n<li>Oprava kompletn\u00e9ho vodovodn\u00e9ho potrubia, tlakov\u00e1 sk\u00fa\u0161ka: <strong>60 000 Ft + DPH<\/strong><\/li>\n<li>Vybudovanie kompletnej kanaliza\u010dnej siete pod domom: <strong>30 000 Ft + DPH<\/strong><\/li>\n<li>Kontrola podvozku, zosilnenie, ochrana podvozku: <strong>80 000 Ft + DPH<\/strong><\/li>\n<li>Kontrola a oprava vn\u00fatorn\u00e9ho n\u00e1bytku, dver\u00ed a okien: <strong>30 000 Ft + DPH<\/strong><\/li>\n<li>Kontrola a nastavenie okien a dver\u00ed: <strong>10 000 Ft + DPH<\/strong><\/li>\n<li>Kontrola a oprava kotla \u00fastredn\u00e9ho k\u00farenia (vr\u00e1tane ofici\u00e1lneho plyn\u00e1rensk\u00e9ho protokolu): <strong>50 000 Ft + DPH<\/strong><\/li>\n<li>Kontrola radi\u00e1torov, naplnenie syst\u00e9mu nemrzn\u00facou zmesou (-30 \u00b0C), tlakov\u00e1 sk\u00fa\u0161ka, 24-hodinov\u00e1 testovacia prev\u00e1dzka: <strong>50 000 Ft + DPH<\/strong><\/li>\n<li>In\u0161tal\u00e1cia detektora oxidu uho\u013enat\u00e9ho: <strong>12 000 Ft + DPH<\/strong><\/li>\n<li>Preplach radi\u00e1torov: <strong>7 000 Ft + DPH\/kus<\/strong><\/li>\n<li>Zriadenie pr\u00edpojky pre pr\u00e1\u010dku: <strong>45 000 Ft + DPH<\/strong><\/li>\n<\/ul>\n<p><strong>Roz\u0161\u00edrenie elektrickej siete:<\/strong><\/p>\n<ul>\n<li>In\u0161tal\u00e1cia elektrick\u00e9ho bojlera (50 l\/80 l): <strong>145 000 Ft + DPH<\/strong><\/li>\n<li>Zriadenie elektrick\u00e9ho \u00fastredn\u00e9ho k\u00farenia (6 kW kotol Bosch): <strong>275 000 Ft + DPH<\/strong><\/li>\n<\/ul>\n<p><strong>Zatep\u013eovacie pr\u00e1ce:<\/strong><\/p>\n<ul>\n<li>Dodato\u010dn\u00e9 zateplenie podlahy: <strong>250 000 \u2013 390 000 Ft + DPH<\/strong><\/li>\n<li>Dodato\u010dn\u00e9 zateplenie strechy: <strong>300 000 \u2013 490 000 Ft + DPH<\/strong><\/li>\n<li>Zateplenie fas\u00e1dy: <strong>1 200 000 \u2013 2 450 000 Ft + DPH<\/strong><\/li>\n<li>Realiz\u00e1cia zateplenia sokla na mieste: <strong>550 000 \u2013 850 000 Ft + DPH<\/strong><\/li>\n<\/ul>\n<p><strong>\u010eal\u0161ie slu\u017eby:<\/strong><\/p>\n<ul>\n<li>Servis klimatiz\u00e1ci\u00ed,<\/li>\n<li>Z\u00e1ru\u010dn\u00e1 kontrola pou\u017eit\u00fdch dom\u00e1cich spotrebi\u010dov a okien\/dver\u00ed.<\/li>\n<\/ul>\n<p><strong>Z\u00e1ruka:<\/strong> V pr\u00edpade servisu poskytujeme jednoro\u010dn\u00fa z\u00e1ruku na mobiln\u00e9 domy, v\u010faka \u010domu si m\u00f4\u017eete by\u0165 ist\u00ed spo\u013eahlivos\u0165ou svojho domova.<\/p>\n<p><strong>Ceny s\u00fa len orienta\u010dn\u00e9 a vyhradzujeme si pr\u00e1vo na ich zmenu!<\/strong><\/p>\n<\/div>\n<p><\/div>\n<p><\/div>\n<p>[\/vc_column_text][\/vc_tta_section][vc_tta_section title=&#8220;Je mo\u017enos\u0165 spl\u00e1tkov\u00e9ho predaja?&#8220; tab_id=&#8220;1770818506047-94e674a6-a73b&#8220;][vc_column_text css=&#8220;&#8220;]<\/p>\n<div class=\"question-box\" data-toggle=\"collapse\" data-target=\"#answer-14\" aria-expanded=\"true\">\n<div id=\"answer-14\" class=\"answer collapse show\">\n<div class=\"user-content\">\n<p><strong>V pr\u00edpade nov\u00fdch mobiln\u00fdch domov: \u00c1NO<\/strong><\/p>\n<p>Nov\u00e9, zateplen\u00e9 mobiln\u00e9 domy pon\u00fakan\u00e9 spolo\u010dnos\u0165ou Mobile Homes Centre s\u00fa overen\u00e9, certifikovan\u00e9 a disponuj\u00fa n\u00e1rodn\u00fdm technick\u00fdm hodnoten\u00edm (NM\u00c9), v\u010faka \u010domu m\u00f4\u017eu by\u0165 schv\u00e1len\u00e9 ako obytn\u00e9 budovy. Poskytujeme aj mo\u017enos\u0165 spl\u00e1cania na spl\u00e1tky a je mo\u017en\u00e9 ich z\u00edska\u0165 aj v r\u00e1mci v\u00fdhodnej sch\u00e9my hypotek\u00e1rneho \u00faveru s 20\u201330 % vlastn\u00fdmi zdrojmi.<\/p>\n<p>V pr\u00edpade \u010fal\u0161\u00edch ot\u00e1zok t\u00fdkaj\u00facich sa na\u0161ich \u00faverov\u00fdch mo\u017enost\u00ed n\u00e1s nev\u00e1hajte kontaktova\u0165.<\/p>\n<p><strong>Pri k\u00fape pou\u017eit\u00fdch mobiln\u00fdch domov nie je mo\u017en\u00e9 vyu\u017ei\u0165 spl\u00e1tkov\u00fd predaj.<\/strong><\/p>\n<\/div>\n<p><\/div>\n<p><\/div>\n<p>[\/vc_column_text][\/vc_tta_section][vc_tta_section title=&#8220;Existuj\u00fa mobiln\u00e9 domy s rozlohou viac ako 50 metrov \u0161tvorcov\u00fdch?&#8220; tab_id=&#8220;1770818534318-c1731db6-5927&#8243;][vc_column_text css=&#8220;&#8220;]<\/p>\n<div class=\"question-box\" data-toggle=\"collapse\" data-target=\"#answer-14\" aria-expanded=\"true\">\n<div id=\"answer-14\" class=\"answer collapse show\">\n<div class=\"user-content\">\n<p>\u00c1no, v na\u0161ej ponuke n\u00e1jdete aj mobiln\u00e9 domy s rozlohou viac ako 50 \u0161tvorcov\u00fdch metrov. V na\u0161om portf\u00f3liu m\u00e1me mobiln\u00e9 domy s rozlohou od 20 m\u00b2 do 70 m\u00b2, ktor\u00e9 m\u00f4\u017eu by\u0165 na po\u017eiadanie vyroben\u00e9 aj s individu\u00e1lnou v\u00fdbavou alebo pod\u013ea \u0161peci\u00e1lnych po\u017eiadaviek.<\/p>\n<p>Okrem toho je mo\u017en\u00e9 spoji\u0165 nieko\u013eko jednotiek dokopy, \u010d\u00edm vznikne e\u0161te priestrannej\u0161\u00ed obytn\u00fd priestor pod\u013ea va\u0161ich potrieb.<\/p>\n<\/div>\n<p><\/div>\n<p><\/div>\n<p>[\/vc_column_text][\/vc_tta_section][\/vc_tta_accordion][\/vc_column][\/vc_row]<\/p>\n<\/div>","protected":false},"excerpt":{"rendered":"<p>[vc_row full_width=&#8220;stretch_row&#8220; bg_type=&#8220;image&#8220; parallax_style=&#8220;vcpb-vz-jquery&#8220; bg_image_new=&#8220;id^2695|url^https:\/\/mobilehomescentre.com\/wp-content\/uploads\/2026\/02\/gyakran-ismetelt-kerdesek.webp|caption^null|alt^null|title^gyakran-ismetelt-kerdesek|description^null&#8220; bg_image_repeat=&#8220;no-repeat&#8220; fadeout_row=&#8220;fadeout_row_value&#8220; enable_overlay=&#8220;enable_overlay_value&#8220; overlay_color=&#8220;#00000040&#8243; overlay_pattern=&#8220;transperant&#8220; el_class=&#8220;hero-header&#8220;][vc_column width=&#8220;7\/12&#8243;][vc_column_text css=&#8220;&#8220; el_class=&#8220;text-white uppercase&#8220;] \u010casto kladen\u00e9 ot\u00e1zky V\u0161etko, \u010do potrebujete vedie\u0165 o mobiln\u00fdch domoch \u2014 s r\u00fdchlymi odpove\u010fami na naj\u010dastej\u0161ie ot\u00e1zky, aby ste sa \u013eah\u0161ie zorientovali vo svete k\u00fapy, pou\u017e\u00edvania a \u00fadr\u017eby.[\/vc_column_text][\/vc_column][\/vc_row][vc_row el_class=&#8220;p-t-50&#8243;][vc_column width=&#8220;2\/3&#8243; offset=&#8220;vc_col-sm-offset-2&#8243;][vc_tta_accordion section_title_tag=&#8220;h3&#8243; style=&#8220;flat&#8220; shape=&#8220;square&#8220; gap=&#8220;25&#8243; active_section=&#8220;0&#8243; collapsible_all=&#8220;true&#8220;][vc_tta_section title=&#8220;Ako dlho trv\u00e1&hellip;<\/p>\n","protected":false},"author":1,"featured_media":0,"parent":2233,"menu_order":0,"comment_status":"closed","ping_status":"closed","template":"","meta":{"_acf_changed":false,"inline_featured_image":false,"footnotes":""},"class_list":["post-2293","page","type-page","status-publish","hentry","description-off"],"acf":[],"yoast_head":"<!-- This site is optimized with the Yoast SEO plugin v27.3 - https:\/\/yoast.com\/product\/yoast-seo-wordpress\/ -->\n<title>\u010casto kladen\u00e9 ot\u00e1zky - Mobilh\u00e1z - \u00daj \u00e9s haszn\u00e1lt mobilh\u00e1zak Magyarorsz\u00e1g els\u0151 sz\u00e1m\u00fa keresked\u0151j\u00e9t\u0151l - Mobile Homes Centre<\/title>\n<meta name=\"robots\" content=\"index, follow, max-snippet:-1, max-image-preview:large, max-video-preview:-1\" \/>\n<link rel=\"canonical\" href=\"https:\/\/mobilehomescentre.com\/sk\/odborne-zazemie\/casto-kladene-otazky\/\" \/>\n<meta property=\"og:locale\" content=\"sk_SK\" \/>\n<meta property=\"og:type\" content=\"article\" \/>\n<meta property=\"og:title\" content=\"\u010casto kladen\u00e9 ot\u00e1zky - Mobilh\u00e1z - \u00daj \u00e9s haszn\u00e1lt mobilh\u00e1zak Magyarorsz\u00e1g els\u0151 sz\u00e1m\u00fa keresked\u0151j\u00e9t\u0151l - Mobile Homes Centre\" \/>\n<meta property=\"og:description\" content=\"[vc_row full_width=&#8220;stretch_row&#8220; bg_type=&#8220;image&#8220; parallax_style=&#8220;vcpb-vz-jquery&#8220; bg_image_new=&#8220;id^2695|url^https:\/\/mobilehomescentre.com\/wp-content\/uploads\/2026\/02\/gyakran-ismetelt-kerdesek.webp|caption^null|alt^null|title^gyakran-ismetelt-kerdesek|description^null&#8220; bg_image_repeat=&#8220;no-repeat&#8220; fadeout_row=&#8220;fadeout_row_value&#8220; enable_overlay=&#8220;enable_overlay_value&#8220; overlay_color=&#8220;#00000040&#8243; overlay_pattern=&#8220;transperant&#8220; el_class=&#8220;hero-header&#8220;][vc_column width=&#8220;7\/12&#8243;][vc_column_text css=&#8220;&#8220; el_class=&#8220;text-white uppercase&#8220;] \u010casto kladen\u00e9 ot\u00e1zky V\u0161etko, \u010do potrebujete vedie\u0165 o mobiln\u00fdch domoch \u2014 s r\u00fdchlymi odpove\u010fami na naj\u010dastej\u0161ie ot\u00e1zky, aby ste sa \u013eah\u0161ie zorientovali vo svete k\u00fapy, pou\u017e\u00edvania a \u00fadr\u017eby.[\/vc_column_text][\/vc_column][\/vc_row][vc_row el_class=&#8220;p-t-50&#8243;][vc_column width=&#8220;2\/3&#8243; offset=&#8220;vc_col-sm-offset-2&#8243;][vc_tta_accordion section_title_tag=&#8220;h3&#8243; style=&#8220;flat&#8220; shape=&#8220;square&#8220; gap=&#8220;25&#8243; active_section=&#8220;0&#8243; collapsible_all=&#8220;true&#8220;][vc_tta_section title=&#8220;Ako dlho trv\u00e1&hellip;\" \/>\n<meta property=\"og:url\" content=\"https:\/\/mobilehomescentre.com\/sk\/odborne-zazemie\/casto-kladene-otazky\/\" \/>\n<meta property=\"og:site_name\" content=\"Mobilh\u00e1z - \u00daj \u00e9s haszn\u00e1lt mobilh\u00e1zak Magyarorsz\u00e1g els\u0151 sz\u00e1m\u00fa keresked\u0151j\u00e9t\u0151l - Mobile Homes Centre\" \/>\n<meta property=\"article:publisher\" content=\"https:\/\/www.facebook.com\/mobilhomeskft\" \/>\n<meta property=\"article:modified_time\" content=\"2026-03-30T09:08:28+00:00\" \/>\n<meta name=\"twitter:card\" content=\"summary_large_image\" \/>\n<meta name=\"twitter:label1\" content=\"Predpokladan\u00fd \u010das \u010d\u00edtania\" \/>\n\t<meta name=\"twitter:data1\" content=\"11 min\u00fat\" \/>\n<script type=\"application\/ld+json\" class=\"yoast-schema-graph\">{\"@context\":\"https:\\\/\\\/schema.org\",\"@graph\":[{\"@type\":\"WebPage\",\"@id\":\"https:\\\/\\\/mobilehomescentre.com\\\/sk\\\/odborne-zazemie\\\/casto-kladene-otazky\\\/\",\"url\":\"https:\\\/\\\/mobilehomescentre.com\\\/sk\\\/odborne-zazemie\\\/casto-kladene-otazky\\\/\",\"name\":\"\u010casto kladen\u00e9 ot\u00e1zky - Mobilh\u00e1z - \u00daj \u00e9s haszn\u00e1lt mobilh\u00e1zak Magyarorsz\u00e1g els\u0151 sz\u00e1m\u00fa keresked\u0151j\u00e9t\u0151l - Mobile Homes Centre\",\"isPartOf\":{\"@id\":\"https:\\\/\\\/mobilehomescentre.com\\\/sk\\\/#website\"},\"datePublished\":\"2026-01-28T13:40:05+00:00\",\"dateModified\":\"2026-03-30T09:08:28+00:00\",\"breadcrumb\":{\"@id\":\"https:\\\/\\\/mobilehomescentre.com\\\/sk\\\/odborne-zazemie\\\/casto-kladene-otazky\\\/#breadcrumb\"},\"inLanguage\":\"sk-SK\",\"potentialAction\":[{\"@type\":\"ReadAction\",\"target\":[\"https:\\\/\\\/mobilehomescentre.com\\\/sk\\\/odborne-zazemie\\\/casto-kladene-otazky\\\/\"]}]},{\"@type\":\"BreadcrumbList\",\"@id\":\"https:\\\/\\\/mobilehomescentre.com\\\/sk\\\/odborne-zazemie\\\/casto-kladene-otazky\\\/#breadcrumb\",\"itemListElement\":[{\"@type\":\"ListItem\",\"position\":1,\"name\":\"Kezd\u0151lap\",\"item\":\"https:\\\/\\\/mobilehomescentre.com\\\/sk\\\/\"},{\"@type\":\"ListItem\",\"position\":2,\"name\":\"Odborn\u00e9 Z\u00e1zemie\",\"item\":\"https:\\\/\\\/mobilehomescentre.com\\\/sk\\\/odborne-zazemie\\\/\"},{\"@type\":\"ListItem\",\"position\":3,\"name\":\"\u010casto kladen\u00e9 ot\u00e1zky\"}]},{\"@type\":\"WebSite\",\"@id\":\"https:\\\/\\\/mobilehomescentre.com\\\/sk\\\/#website\",\"url\":\"https:\\\/\\\/mobilehomescentre.com\\\/sk\\\/\",\"name\":\"Mobilh\u00e1z - \u00daj \u00e9s haszn\u00e1lt mobilh\u00e1zak Magyarorsz\u00e1g els\u0151 sz\u00e1m\u00fa keresked\u0151j\u00e9t\u0151l\",\"description\":\"\",\"publisher\":{\"@id\":\"https:\\\/\\\/mobilehomescentre.com\\\/sk\\\/#organization\"},\"potentialAction\":[{\"@type\":\"SearchAction\",\"target\":{\"@type\":\"EntryPoint\",\"urlTemplate\":\"https:\\\/\\\/mobilehomescentre.com\\\/sk\\\/?s={search_term_string}\"},\"query-input\":{\"@type\":\"PropertyValueSpecification\",\"valueRequired\":true,\"valueName\":\"search_term_string\"}}],\"inLanguage\":\"sk-SK\"},{\"@type\":\"Organization\",\"@id\":\"https:\\\/\\\/mobilehomescentre.com\\\/sk\\\/#organization\",\"name\":\"Mobil-Homes Kereskedelmi Kft.\",\"url\":\"https:\\\/\\\/mobilehomescentre.com\\\/sk\\\/\",\"logo\":{\"@type\":\"ImageObject\",\"inLanguage\":\"sk-SK\",\"@id\":\"https:\\\/\\\/mobilehomescentre.com\\\/sk\\\/#\\\/schema\\\/logo\\\/image\\\/\",\"url\":\"https:\\\/\\\/mobilehomescentre.com\\\/wp-content\\\/uploads\\\/2026\\\/02\\\/mobile-homes-centre.png?v=1775640080\",\"contentUrl\":\"https:\\\/\\\/mobilehomescentre.com\\\/wp-content\\\/uploads\\\/2026\\\/02\\\/mobile-homes-centre.png?v=1775640080\",\"width\":600,\"height\":758,\"caption\":\"Mobil-Homes Kereskedelmi Kft.\"},\"image\":{\"@id\":\"https:\\\/\\\/mobilehomescentre.com\\\/sk\\\/#\\\/schema\\\/logo\\\/image\\\/\"},\"sameAs\":[\"https:\\\/\\\/www.facebook.com\\\/mobilhomeskft\",\"https:\\\/\\\/www.instagram.com\\\/mobilehomescentre\"]}]}<\/script>\n<!-- \/ Yoast SEO plugin. -->","yoast_head_json":{"title":"\u010casto kladen\u00e9 ot\u00e1zky - Mobilh\u00e1z - \u00daj \u00e9s haszn\u00e1lt mobilh\u00e1zak Magyarorsz\u00e1g els\u0151 sz\u00e1m\u00fa keresked\u0151j\u00e9t\u0151l - Mobile Homes Centre","robots":{"index":"index","follow":"follow","max-snippet":"max-snippet:-1","max-image-preview":"max-image-preview:large","max-video-preview":"max-video-preview:-1"},"canonical":"https:\/\/mobilehomescentre.com\/sk\/odborne-zazemie\/casto-kladene-otazky\/","og_locale":"sk_SK","og_type":"article","og_title":"\u010casto kladen\u00e9 ot\u00e1zky - Mobilh\u00e1z - \u00daj \u00e9s haszn\u00e1lt mobilh\u00e1zak Magyarorsz\u00e1g els\u0151 sz\u00e1m\u00fa keresked\u0151j\u00e9t\u0151l - Mobile Homes Centre","og_description":"[vc_row full_width=&#8220;stretch_row&#8220; bg_type=&#8220;image&#8220; parallax_style=&#8220;vcpb-vz-jquery&#8220; bg_image_new=&#8220;id^2695|url^https:\/\/mobilehomescentre.com\/wp-content\/uploads\/2026\/02\/gyakran-ismetelt-kerdesek.webp|caption^null|alt^null|title^gyakran-ismetelt-kerdesek|description^null&#8220; bg_image_repeat=&#8220;no-repeat&#8220; fadeout_row=&#8220;fadeout_row_value&#8220; enable_overlay=&#8220;enable_overlay_value&#8220; overlay_color=&#8220;#00000040&#8243; overlay_pattern=&#8220;transperant&#8220; el_class=&#8220;hero-header&#8220;][vc_column width=&#8220;7\/12&#8243;][vc_column_text css=&#8220;&#8220; el_class=&#8220;text-white uppercase&#8220;] \u010casto kladen\u00e9 ot\u00e1zky V\u0161etko, \u010do potrebujete vedie\u0165 o mobiln\u00fdch domoch \u2014 s r\u00fdchlymi odpove\u010fami na naj\u010dastej\u0161ie ot\u00e1zky, aby ste sa \u013eah\u0161ie zorientovali vo svete k\u00fapy, pou\u017e\u00edvania a \u00fadr\u017eby.[\/vc_column_text][\/vc_column][\/vc_row][vc_row el_class=&#8220;p-t-50&#8243;][vc_column width=&#8220;2\/3&#8243; offset=&#8220;vc_col-sm-offset-2&#8243;][vc_tta_accordion section_title_tag=&#8220;h3&#8243; style=&#8220;flat&#8220; shape=&#8220;square&#8220; gap=&#8220;25&#8243; active_section=&#8220;0&#8243; collapsible_all=&#8220;true&#8220;][vc_tta_section title=&#8220;Ako dlho trv\u00e1&hellip;","og_url":"https:\/\/mobilehomescentre.com\/sk\/odborne-zazemie\/casto-kladene-otazky\/","og_site_name":"Mobilh\u00e1z - \u00daj \u00e9s haszn\u00e1lt mobilh\u00e1zak Magyarorsz\u00e1g els\u0151 sz\u00e1m\u00fa keresked\u0151j\u00e9t\u0151l - Mobile Homes Centre","article_publisher":"https:\/\/www.facebook.com\/mobilhomeskft","article_modified_time":"2026-03-30T09:08:28+00:00","twitter_card":"summary_large_image","twitter_misc":{"Predpokladan\u00fd \u010das \u010d\u00edtania":"11 min\u00fat"},"schema":{"@context":"https:\/\/schema.org","@graph":[{"@type":"WebPage","@id":"https:\/\/mobilehomescentre.com\/sk\/odborne-zazemie\/casto-kladene-otazky\/","url":"https:\/\/mobilehomescentre.com\/sk\/odborne-zazemie\/casto-kladene-otazky\/","name":"\u010casto kladen\u00e9 ot\u00e1zky - Mobilh\u00e1z - \u00daj \u00e9s haszn\u00e1lt mobilh\u00e1zak Magyarorsz\u00e1g els\u0151 sz\u00e1m\u00fa keresked\u0151j\u00e9t\u0151l - Mobile Homes Centre","isPartOf":{"@id":"https:\/\/mobilehomescentre.com\/sk\/#website"},"datePublished":"2026-01-28T13:40:05+00:00","dateModified":"2026-03-30T09:08:28+00:00","breadcrumb":{"@id":"https:\/\/mobilehomescentre.com\/sk\/odborne-zazemie\/casto-kladene-otazky\/#breadcrumb"},"inLanguage":"sk-SK","potentialAction":[{"@type":"ReadAction","target":["https:\/\/mobilehomescentre.com\/sk\/odborne-zazemie\/casto-kladene-otazky\/"]}]},{"@type":"BreadcrumbList","@id":"https:\/\/mobilehomescentre.com\/sk\/odborne-zazemie\/casto-kladene-otazky\/#breadcrumb","itemListElement":[{"@type":"ListItem","position":1,"name":"Kezd\u0151lap","item":"https:\/\/mobilehomescentre.com\/sk\/"},{"@type":"ListItem","position":2,"name":"Odborn\u00e9 Z\u00e1zemie","item":"https:\/\/mobilehomescentre.com\/sk\/odborne-zazemie\/"},{"@type":"ListItem","position":3,"name":"\u010casto kladen\u00e9 ot\u00e1zky"}]},{"@type":"WebSite","@id":"https:\/\/mobilehomescentre.com\/sk\/#website","url":"https:\/\/mobilehomescentre.com\/sk\/","name":"Mobilh\u00e1z - \u00daj \u00e9s haszn\u00e1lt mobilh\u00e1zak Magyarorsz\u00e1g els\u0151 sz\u00e1m\u00fa keresked\u0151j\u00e9t\u0151l","description":"","publisher":{"@id":"https:\/\/mobilehomescentre.com\/sk\/#organization"},"potentialAction":[{"@type":"SearchAction","target":{"@type":"EntryPoint","urlTemplate":"https:\/\/mobilehomescentre.com\/sk\/?s={search_term_string}"},"query-input":{"@type":"PropertyValueSpecification","valueRequired":true,"valueName":"search_term_string"}}],"inLanguage":"sk-SK"},{"@type":"Organization","@id":"https:\/\/mobilehomescentre.com\/sk\/#organization","name":"Mobil-Homes Kereskedelmi Kft.","url":"https:\/\/mobilehomescentre.com\/sk\/","logo":{"@type":"ImageObject","inLanguage":"sk-SK","@id":"https:\/\/mobilehomescentre.com\/sk\/#\/schema\/logo\/image\/","url":"https:\/\/mobilehomescentre.com\/wp-content\/uploads\/2026\/02\/mobile-homes-centre.png?v=1775640080","contentUrl":"https:\/\/mobilehomescentre.com\/wp-content\/uploads\/2026\/02\/mobile-homes-centre.png?v=1775640080","width":600,"height":758,"caption":"Mobil-Homes Kereskedelmi Kft."},"image":{"@id":"https:\/\/mobilehomescentre.com\/sk\/#\/schema\/logo\/image\/"},"sameAs":["https:\/\/www.facebook.com\/mobilhomeskft","https:\/\/www.instagram.com\/mobilehomescentre"]}]}},"_links":{"self":[{"href":"https:\/\/mobilehomescentre.com\/sk\/wp-json\/wp\/v2\/pages\/2293","targetHints":{"allow":["GET"]}}],"collection":[{"href":"https:\/\/mobilehomescentre.com\/sk\/wp-json\/wp\/v2\/pages"}],"about":[{"href":"https:\/\/mobilehomescentre.com\/sk\/wp-json\/wp\/v2\/types\/page"}],"author":[{"embeddable":true,"href":"https:\/\/mobilehomescentre.com\/sk\/wp-json\/wp\/v2\/users\/1"}],"replies":[{"embeddable":true,"href":"https:\/\/mobilehomescentre.com\/sk\/wp-json\/wp\/v2\/comments?post=2293"}],"version-history":[{"count":11,"href":"https:\/\/mobilehomescentre.com\/sk\/wp-json\/wp\/v2\/pages\/2293\/revisions"}],"predecessor-version":[{"id":14814,"href":"https:\/\/mobilehomescentre.com\/sk\/wp-json\/wp\/v2\/pages\/2293\/revisions\/14814"}],"up":[{"embeddable":true,"href":"https:\/\/mobilehomescentre.com\/sk\/wp-json\/wp\/v2\/pages\/2233"}],"wp:attachment":[{"href":"https:\/\/mobilehomescentre.com\/sk\/wp-json\/wp\/v2\/media?parent=2293"}],"curies":[{"name":"wp","href":"https:\/\/api.w.org\/{rel}","templated":true}]}}