{"id":25214,"date":"2026-04-08T14:40:16","date_gmt":"2026-04-08T12:40:16","guid":{"rendered":"https:\/\/mobilehomescentre.com\/termek\/lakeside-komfort\/"},"modified":"2026-04-27T15:56:55","modified_gmt":"2026-04-27T13:56:55","slug":"lakeside-komfort","status":"publish","type":"product","link":"https:\/\/mobilehomescentre.com\/de\/produkt\/lakeside-komfort\/","title":{"rendered":"Sevilla Komfort"},"content":{"rendered":"<p>Az el\u0151regy\u00e1rtott ac\u00e9lv\u00e1zszerkezetes k\u00e9szh\u00e1z k\u00e9t t\u00edpusban, Komfort illetve Komfort Plusz verzi\u00f3ban v\u00e1laszthat\u00f3k.<\/p>\n<div><\/div>\n<div><\/div>\n<div>Rendel\u00e9skor a bels\u0151 sz\u00ednek megv\u00e1laszt\u00e1sra lehet\u0151s\u00e9g van, mely az \u00e1rakat nem befoly\u00e1solja<\/div>\n<div><\/div>\n<div><b>Komfort<\/b><\/div>\n<div><\/div>\n<div>A h\u00e1zak ebben a verzi\u00f3ban b\u00fatoroz\u00e1sra k\u00e9sz \u00e1llapotban vannak<\/div>\n<div><\/div>\n<div><b>A h\u00e1z az al\u00e1bbi berendez\u00e9sekkel van felszerelve:<\/b><\/div>\n<ul>\n<li>1-3 h\u00e1l\u00f3szoba, a h\u00e1z m\u00e9ret\u00e9t\u0151l f\u00fcgg\u0151en;<\/li>\n<li>Nappali, hellyel a konyha sz\u00e1m\u00e1ra<\/li>\n<li>Helyis\u00e9g f\u00fcrd\u0151szob\u00e1nak<\/li>\n<li>18 cm h\u0151szigetel\u00e9s (13 cm PUR + 5cm homlokzati k\u0151zetgyapot szigetel\u00e9s d\u00f6rzsvakolat befejez\u00e9ssel) a falakban \u00e9s 13 cm PUR szigetel\u00e9s a padl\u00f3zatban \u00e9s 18 cm PUR szigetel\u00e9s a mennyezetben<\/li>\n<li>L\u00e1bazati h\u0151szigetel\u00e9s<\/li>\n<li>Min\u0151s\u00edtett, bevizsg\u00e1lt r\u00e9tegrend (NM\u00c9)<\/li>\n<li>K\u0151zetgyapot hangszigetel\u00e9s a v\u00e1laszfalakban<\/li>\n<li>F\u00e9m tet\u0151cser\u00e9p (korcolt, vagy cserepeslemez)<\/li>\n<li>MDF burkolat a bels\u0151 falakon, illetve a mennyezeten<\/li>\n<li>5 kamr\u00e1s feh\u00e9r ablakok \u00e9s bej\u00e1rati ajt\u00f3k<\/li>\n<li>Lamin\u00e1lt padl\u00f3zat \u00e9s PVC szeg\u00e9lyez\u00e9s<\/li>\n<li>Elektromos csatlakoz\u00e1s \u2013 fali konnektorok \u00e9s kapcsol\u00f3k, antenna csatlakoz\u00f3, biztos\u00edt\u00e9k t\u00e1bla, k\u00fcls\u0151 kett\u0151s csatlakoz\u00f3aljzat, csatlakoz\u00f3 aljzat a h\u00e1z alatt opcion\u00e1lis f\u0171t\u00e9s sz\u00e1m\u00e1ra<\/li>\n<li>Elektromos f\u0171t\u00e9s termoszt\u00e1ttal minden szob\u00e1ban, f\u00fcrd\u0151szobai elektromos radi\u00e1tor<\/li>\n<li>Konyhai \u00e9s f\u00fcrd\u0151szobai v\u00edzvezet\u00e9k, valamint mos\u00f3g\u00e9p ki\u00e1ll\u00e1s<\/li>\n<li>Mechanikus f\u00fcrd\u0151szobai szell\u0151ztet\u00e9s \u00e9s v\u00edzvezet\u00e9k szell\u0151z\u0151<\/li>\n<li>Mennyezeti vil\u00e1g\u00edt\u00e1s (LED spotok minden szob\u00e1ban) 2db konnektor ki\u00e1ll\u00e1s a h\u00e1z homlokzat\u00e1n<\/li>\n<li>F\u00e9m ereszcsatorna<\/li>\n<\/ul>\n<section class=\"text-token-text-primary w-full focus:outline-none [--shadow-height:45px] has-data-writing-block:pointer-events-none has-data-writing-block:-mt-(--shadow-height) has-data-writing-block:pt-(--shadow-height) [&amp;:has([data-writing-block])&gt;*]:pointer-events-auto [content-visibility:auto] supports-[content-visibility:auto]:[contain-intrinsic-size:auto_100lvh] R6Vx5W_threadScrollVars scroll-mb-[calc(var(--scroll-root-safe-area-inset-bottom,0px)+var(--thread-response-height))] scroll-mt-[calc(var(--header-height)+min(200px,max(70px,20svh)))]\" dir=\"auto\" data-turn-id=\"request-WEB:d3e88d00-8254-4e07-90b5-d7bd31760b0b-21\" data-testid=\"conversation-turn-44\" data-scroll-anchor=\"false\" data-turn=\"assistant\">\n<div class=\"text-base my-auto mx-auto pb-10 [--thread-content-margin:var(--thread-content-margin-xs,calc(var(--spacing)*4))] @w-sm\/main:[--thread-content-margin:var(--thread-content-margin-sm,calc(var(--spacing)*6))] @w-lg\/main:[--thread-content-margin:var(--thread-content-margin-lg,calc(var(--spacing)*16))] px-(--thread-content-margin)\">\n<div class=\"[--thread-content-max-width:40rem] @w-lg\/main:[--thread-content-max-width:48rem] mx-auto max-w-(--thread-content-max-width) flex-1 group\/turn-messages focus-visible:outline-hidden relative flex w-full min-w-0 flex-col agent-turn\">\n<div class=\"flex max-w-full flex-col gap-4 grow\">\n<div class=\"min-h-8 text-message relative flex w-full flex-col items-end gap-2 text-start break-words whitespace-normal outline-none keyboard-focused:focus-ring [.text-message+&amp;]:mt-1\" dir=\"auto\" tabindex=\"0\" data-message-author-role=\"assistant\" data-message-id=\"7429fce2-fa1d-4cce-bf40-c81349cd4a4f\" data-message-model-slug=\"gpt-5-3\" data-turn-start-message=\"true\">\n<div class=\"flex w-full flex-col gap-1 empty:hidden\">\n<div class=\"markdown prose dark:prose-invert w-full wrap-break-word light markdown-new-styling\">\n<p data-start=\"0\" data-end=\"49\" data-is-last-node=\"\" data-is-only-node=\"\"><strong>Tov\u00e1bbi r\u00e9szletek az al\u00e1bbi adatlapon \u00e9rhet\u0151k el:<\/strong><\/p>\n<p data-start=\"0\" data-end=\"49\" data-is-last-node=\"\" data-is-only-node=\"\"><a href=\"https:\/\/mobilehomescentre.com\/wp-content\/uploads\/2026\/04\/Sevilla.pdf\" target=\"_blank\" rel=\"noopener\">Sevilla adatlap<\/a><\/p>\n<\/div>\n<\/div>\n<\/div>\n<\/div>\n<\/div>\n<\/div>\n<\/section>\n","protected":false},"excerpt":{"rendered":"<p>Az el\u0151regy\u00e1rtott ac\u00e9lv\u00e1zszerkezetes k\u00e9szh\u00e1z k\u00e9t t\u00edpusban, Komfort illetve Komfort Plusz verzi\u00f3ban v\u00e1laszthat\u00f3k. Rendel\u00e9skor a bels\u0151 sz\u00ednek megv\u00e1laszt\u00e1sra lehet\u0151s\u00e9g van, mely az \u00e1rakat nem befoly\u00e1solja Komfort A h\u00e1zak ebben a verzi\u00f3ban b\u00fatoroz\u00e1sra k\u00e9sz \u00e1llapotban vannak A h\u00e1z az al\u00e1bbi berendez\u00e9sekkel van felszerelve: 1-3 h\u00e1l\u00f3szoba, a h\u00e1z m\u00e9ret\u00e9t\u0151l f\u00fcgg\u0151en; Nappali, hellyel a konyha sz\u00e1m\u00e1ra Helyis\u00e9g f\u00fcrd\u0151szob\u00e1nak 18&hellip;<\/p>\n","protected":false},"featured_media":26828,"comment_status":"closed","ping_status":"closed","template":"","meta":{"_acf_changed":false,"inline_featured_image":false},"product_brand":[],"product_cat":[231,430,251,269,271],"product_tag":[],"class_list":{"0":"post-25214","1":"product","2":"type-product","3":"status-publish","4":"has-post-thumbnail","6":"product_cat-2-zimmer-haeuser","7":"product_cat-61-m2-ig","8":"product_cat-finanzierbare-mobilheime","9":"product_cat-neue-haeuser","10":"product_cat-neues-mobilheim","11":"acf-status","12":"status-rendelheto","13":"description-off","15":"first","16":"instock","17":"taxable","18":"shipping-taxable","19":"product-type-simple"},"acf":[],"yoast_head":"<!-- This site is optimized with the Yoast SEO plugin v27.3 - https:\/\/yoast.com\/product\/yoast-seo-wordpress\/ -->\n<title>Sevilla Komfort - Mobilh\u00e1z - \u00daj \u00e9s haszn\u00e1lt mobilh\u00e1zak Magyarorsz\u00e1g els\u0151 sz\u00e1m\u00fa keresked\u0151j\u00e9t\u0151l - Mobile Homes Centre<\/title>\n<meta name=\"robots\" content=\"index, follow, max-snippet:-1, max-image-preview:large, max-video-preview:-1\" \/>\n<link rel=\"canonical\" href=\"https:\/\/mobilehomescentre.com\/de\/produkt\/lakeside-komfort\/\" \/>\n<meta property=\"og:locale\" content=\"de_DE\" \/>\n<meta property=\"og:type\" content=\"article\" \/>\n<meta property=\"og:title\" content=\"Sevilla Komfort - Mobilh\u00e1z - \u00daj \u00e9s haszn\u00e1lt mobilh\u00e1zak Magyarorsz\u00e1g els\u0151 sz\u00e1m\u00fa keresked\u0151j\u00e9t\u0151l - Mobile Homes Centre\" \/>\n<meta property=\"og:description\" content=\"Az el\u0151regy\u00e1rtott ac\u00e9lv\u00e1zszerkezetes k\u00e9szh\u00e1z k\u00e9t t\u00edpusban, Komfort illetve Komfort Plusz verzi\u00f3ban v\u00e1laszthat\u00f3k. Rendel\u00e9skor a bels\u0151 sz\u00ednek megv\u00e1laszt\u00e1sra lehet\u0151s\u00e9g van, mely az \u00e1rakat nem befoly\u00e1solja Komfort A h\u00e1zak ebben a verzi\u00f3ban b\u00fatoroz\u00e1sra k\u00e9sz \u00e1llapotban vannak A h\u00e1z az al\u00e1bbi berendez\u00e9sekkel van felszerelve: 1-3 h\u00e1l\u00f3szoba, a h\u00e1z m\u00e9ret\u00e9t\u0151l f\u00fcgg\u0151en; Nappali, hellyel a konyha sz\u00e1m\u00e1ra Helyis\u00e9g f\u00fcrd\u0151szob\u00e1nak 18&hellip;\" \/>\n<meta property=\"og:url\" content=\"https:\/\/mobilehomescentre.com\/de\/produkt\/lakeside-komfort\/\" \/>\n<meta property=\"og:site_name\" content=\"Mobilh\u00e1z - \u00daj \u00e9s haszn\u00e1lt mobilh\u00e1zak Magyarorsz\u00e1g els\u0151 sz\u00e1m\u00fa keresked\u0151j\u00e9t\u0151l - Mobile Homes Centre\" \/>\n<meta property=\"article:publisher\" content=\"https:\/\/www.facebook.com\/mobilhomeskft\" \/>\n<meta property=\"article:modified_time\" content=\"2026-04-27T13:56:55+00:00\" \/>\n<meta property=\"og:image\" content=\"https:\/\/mobilehomescentre.com\/wp-content\/uploads\/2026\/04\/sommer-andras-01-1024x683.jpg\" \/>\n\t<meta property=\"og:image:width\" content=\"1024\" \/>\n\t<meta property=\"og:image:height\" content=\"683\" \/>\n\t<meta property=\"og:image:type\" content=\"image\/jpeg\" \/>\n<meta name=\"twitter:card\" content=\"summary_large_image\" \/>\n<meta name=\"twitter:label1\" content=\"Gesch\u00e4tzte Lesezeit\" \/>\n\t<meta name=\"twitter:data1\" content=\"1\u00a0Minute\" \/>\n<script type=\"application\/ld+json\" class=\"yoast-schema-graph\">{\"@context\":\"https:\\\/\\\/schema.org\",\"@graph\":[{\"@type\":\"WebPage\",\"@id\":\"https:\\\/\\\/mobilehomescentre.com\\\/de\\\/produkt\\\/lakeside-komfort\\\/\",\"url\":\"https:\\\/\\\/mobilehomescentre.com\\\/de\\\/produkt\\\/lakeside-komfort\\\/\",\"name\":\"Sevilla Komfort - Mobilh\u00e1z - \u00daj \u00e9s haszn\u00e1lt mobilh\u00e1zak Magyarorsz\u00e1g els\u0151 sz\u00e1m\u00fa keresked\u0151j\u00e9t\u0151l - Mobile Homes Centre\",\"isPartOf\":{\"@id\":\"https:\\\/\\\/mobilehomescentre.com\\\/de\\\/#website\"},\"primaryImageOfPage\":{\"@id\":\"https:\\\/\\\/mobilehomescentre.com\\\/de\\\/produkt\\\/lakeside-komfort\\\/#primaryimage\"},\"image\":{\"@id\":\"https:\\\/\\\/mobilehomescentre.com\\\/de\\\/produkt\\\/lakeside-komfort\\\/#primaryimage\"},\"thumbnailUrl\":\"https:\\\/\\\/mobilehomescentre.com\\\/wp-content\\\/uploads\\\/2026\\\/04\\\/szabo-norbert-01.jpg\",\"datePublished\":\"2026-04-08T12:40:16+00:00\",\"dateModified\":\"2026-04-27T13:56:55+00:00\",\"breadcrumb\":{\"@id\":\"https:\\\/\\\/mobilehomescentre.com\\\/de\\\/produkt\\\/lakeside-komfort\\\/#breadcrumb\"},\"inLanguage\":\"de\",\"potentialAction\":[{\"@type\":\"ReadAction\",\"target\":[\"https:\\\/\\\/mobilehomescentre.com\\\/de\\\/produkt\\\/lakeside-komfort\\\/\"]}]},{\"@type\":\"ImageObject\",\"inLanguage\":\"de\",\"@id\":\"https:\\\/\\\/mobilehomescentre.com\\\/de\\\/produkt\\\/lakeside-komfort\\\/#primaryimage\",\"url\":\"https:\\\/\\\/mobilehomescentre.com\\\/wp-content\\\/uploads\\\/2026\\\/04\\\/szabo-norbert-01.jpg\",\"contentUrl\":\"https:\\\/\\\/mobilehomescentre.com\\\/wp-content\\\/uploads\\\/2026\\\/04\\\/szabo-norbert-01.jpg\",\"width\":2560,\"height\":1704},{\"@type\":\"BreadcrumbList\",\"@id\":\"https:\\\/\\\/mobilehomescentre.com\\\/de\\\/produkt\\\/lakeside-komfort\\\/#breadcrumb\",\"itemListElement\":[{\"@type\":\"ListItem\",\"position\":1,\"name\":\"Kezd\u0151lap\",\"item\":\"https:\\\/\\\/mobilehomescentre.com\\\/de\\\/\"},{\"@type\":\"ListItem\",\"position\":2,\"name\":\"Shop\",\"item\":\"https:\\\/\\\/mobilehomescentre.com\\\/de\\\/shop\\\/\"},{\"@type\":\"ListItem\",\"position\":3,\"name\":\"Sevilla Komfort\"}]},{\"@type\":\"WebSite\",\"@id\":\"https:\\\/\\\/mobilehomescentre.com\\\/de\\\/#website\",\"url\":\"https:\\\/\\\/mobilehomescentre.com\\\/de\\\/\",\"name\":\"Mobilh\u00e1z - \u00daj \u00e9s haszn\u00e1lt mobilh\u00e1zak Magyarorsz\u00e1g els\u0151 sz\u00e1m\u00fa keresked\u0151j\u00e9t\u0151l\",\"description\":\"\",\"publisher\":{\"@id\":\"https:\\\/\\\/mobilehomescentre.com\\\/de\\\/#organization\"},\"potentialAction\":[{\"@type\":\"SearchAction\",\"target\":{\"@type\":\"EntryPoint\",\"urlTemplate\":\"https:\\\/\\\/mobilehomescentre.com\\\/de\\\/?s={search_term_string}\"},\"query-input\":{\"@type\":\"PropertyValueSpecification\",\"valueRequired\":true,\"valueName\":\"search_term_string\"}}],\"inLanguage\":\"de\"},{\"@type\":\"Organization\",\"@id\":\"https:\\\/\\\/mobilehomescentre.com\\\/de\\\/#organization\",\"name\":\"Mobil-Homes Kereskedelmi Kft.\",\"url\":\"https:\\\/\\\/mobilehomescentre.com\\\/de\\\/\",\"logo\":{\"@type\":\"ImageObject\",\"inLanguage\":\"de\",\"@id\":\"https:\\\/\\\/mobilehomescentre.com\\\/de\\\/#\\\/schema\\\/logo\\\/image\\\/\",\"url\":\"https:\\\/\\\/mobilehomescentre.com\\\/wp-content\\\/uploads\\\/2026\\\/02\\\/mobile-homes-centre.png?v=1775640080\",\"contentUrl\":\"https:\\\/\\\/mobilehomescentre.com\\\/wp-content\\\/uploads\\\/2026\\\/02\\\/mobile-homes-centre.png?v=1775640080\",\"width\":600,\"height\":758,\"caption\":\"Mobil-Homes Kereskedelmi Kft.\"},\"image\":{\"@id\":\"https:\\\/\\\/mobilehomescentre.com\\\/de\\\/#\\\/schema\\\/logo\\\/image\\\/\"},\"sameAs\":[\"https:\\\/\\\/www.facebook.com\\\/mobilhomeskft\",\"https:\\\/\\\/www.instagram.com\\\/mobilehomescentre\"]}]}<\/script>\n<!-- \/ Yoast SEO plugin. -->","yoast_head_json":{"title":"Sevilla Komfort - Mobilh\u00e1z - \u00daj \u00e9s haszn\u00e1lt mobilh\u00e1zak Magyarorsz\u00e1g els\u0151 sz\u00e1m\u00fa keresked\u0151j\u00e9t\u0151l - Mobile Homes Centre","robots":{"index":"index","follow":"follow","max-snippet":"max-snippet:-1","max-image-preview":"max-image-preview:large","max-video-preview":"max-video-preview:-1"},"canonical":"https:\/\/mobilehomescentre.com\/de\/produkt\/lakeside-komfort\/","og_locale":"de_DE","og_type":"article","og_title":"Sevilla Komfort - Mobilh\u00e1z - \u00daj \u00e9s haszn\u00e1lt mobilh\u00e1zak Magyarorsz\u00e1g els\u0151 sz\u00e1m\u00fa keresked\u0151j\u00e9t\u0151l - Mobile Homes Centre","og_description":"Az el\u0151regy\u00e1rtott ac\u00e9lv\u00e1zszerkezetes k\u00e9szh\u00e1z k\u00e9t t\u00edpusban, Komfort illetve Komfort Plusz verzi\u00f3ban v\u00e1laszthat\u00f3k. Rendel\u00e9skor a bels\u0151 sz\u00ednek megv\u00e1laszt\u00e1sra lehet\u0151s\u00e9g van, mely az \u00e1rakat nem befoly\u00e1solja Komfort A h\u00e1zak ebben a verzi\u00f3ban b\u00fatoroz\u00e1sra k\u00e9sz \u00e1llapotban vannak A h\u00e1z az al\u00e1bbi berendez\u00e9sekkel van felszerelve: 1-3 h\u00e1l\u00f3szoba, a h\u00e1z m\u00e9ret\u00e9t\u0151l f\u00fcgg\u0151en; Nappali, hellyel a konyha sz\u00e1m\u00e1ra Helyis\u00e9g f\u00fcrd\u0151szob\u00e1nak 18&hellip;","og_url":"https:\/\/mobilehomescentre.com\/de\/produkt\/lakeside-komfort\/","og_site_name":"Mobilh\u00e1z - \u00daj \u00e9s haszn\u00e1lt mobilh\u00e1zak Magyarorsz\u00e1g els\u0151 sz\u00e1m\u00fa keresked\u0151j\u00e9t\u0151l - Mobile Homes Centre","article_publisher":"https:\/\/www.facebook.com\/mobilhomeskft","article_modified_time":"2026-04-27T13:56:55+00:00","og_image":[{"width":1024,"height":683,"url":"https:\/\/mobilehomescentre.com\/wp-content\/uploads\/2026\/04\/sommer-andras-01-1024x683.jpg","type":"image\/jpeg"}],"twitter_card":"summary_large_image","twitter_misc":{"Gesch\u00e4tzte Lesezeit":"1\u00a0Minute"},"schema":{"@context":"https:\/\/schema.org","@graph":[{"@type":"WebPage","@id":"https:\/\/mobilehomescentre.com\/de\/produkt\/lakeside-komfort\/","url":"https:\/\/mobilehomescentre.com\/de\/produkt\/lakeside-komfort\/","name":"Sevilla Komfort - Mobilh\u00e1z - \u00daj \u00e9s haszn\u00e1lt mobilh\u00e1zak Magyarorsz\u00e1g els\u0151 sz\u00e1m\u00fa keresked\u0151j\u00e9t\u0151l - Mobile Homes Centre","isPartOf":{"@id":"https:\/\/mobilehomescentre.com\/de\/#website"},"primaryImageOfPage":{"@id":"https:\/\/mobilehomescentre.com\/de\/produkt\/lakeside-komfort\/#primaryimage"},"image":{"@id":"https:\/\/mobilehomescentre.com\/de\/produkt\/lakeside-komfort\/#primaryimage"},"thumbnailUrl":"https:\/\/mobilehomescentre.com\/wp-content\/uploads\/2026\/04\/szabo-norbert-01.jpg","datePublished":"2026-04-08T12:40:16+00:00","dateModified":"2026-04-27T13:56:55+00:00","breadcrumb":{"@id":"https:\/\/mobilehomescentre.com\/de\/produkt\/lakeside-komfort\/#breadcrumb"},"inLanguage":"de","potentialAction":[{"@type":"ReadAction","target":["https:\/\/mobilehomescentre.com\/de\/produkt\/lakeside-komfort\/"]}]},{"@type":"ImageObject","inLanguage":"de","@id":"https:\/\/mobilehomescentre.com\/de\/produkt\/lakeside-komfort\/#primaryimage","url":"https:\/\/mobilehomescentre.com\/wp-content\/uploads\/2026\/04\/szabo-norbert-01.jpg","contentUrl":"https:\/\/mobilehomescentre.com\/wp-content\/uploads\/2026\/04\/szabo-norbert-01.jpg","width":2560,"height":1704},{"@type":"BreadcrumbList","@id":"https:\/\/mobilehomescentre.com\/de\/produkt\/lakeside-komfort\/#breadcrumb","itemListElement":[{"@type":"ListItem","position":1,"name":"Kezd\u0151lap","item":"https:\/\/mobilehomescentre.com\/de\/"},{"@type":"ListItem","position":2,"name":"Shop","item":"https:\/\/mobilehomescentre.com\/de\/shop\/"},{"@type":"ListItem","position":3,"name":"Sevilla Komfort"}]},{"@type":"WebSite","@id":"https:\/\/mobilehomescentre.com\/de\/#website","url":"https:\/\/mobilehomescentre.com\/de\/","name":"Mobilh\u00e1z - \u00daj \u00e9s haszn\u00e1lt mobilh\u00e1zak Magyarorsz\u00e1g els\u0151 sz\u00e1m\u00fa keresked\u0151j\u00e9t\u0151l","description":"","publisher":{"@id":"https:\/\/mobilehomescentre.com\/de\/#organization"},"potentialAction":[{"@type":"SearchAction","target":{"@type":"EntryPoint","urlTemplate":"https:\/\/mobilehomescentre.com\/de\/?s={search_term_string}"},"query-input":{"@type":"PropertyValueSpecification","valueRequired":true,"valueName":"search_term_string"}}],"inLanguage":"de"},{"@type":"Organization","@id":"https:\/\/mobilehomescentre.com\/de\/#organization","name":"Mobil-Homes Kereskedelmi Kft.","url":"https:\/\/mobilehomescentre.com\/de\/","logo":{"@type":"ImageObject","inLanguage":"de","@id":"https:\/\/mobilehomescentre.com\/de\/#\/schema\/logo\/image\/","url":"https:\/\/mobilehomescentre.com\/wp-content\/uploads\/2026\/02\/mobile-homes-centre.png?v=1775640080","contentUrl":"https:\/\/mobilehomescentre.com\/wp-content\/uploads\/2026\/02\/mobile-homes-centre.png?v=1775640080","width":600,"height":758,"caption":"Mobil-Homes Kereskedelmi Kft."},"image":{"@id":"https:\/\/mobilehomescentre.com\/de\/#\/schema\/logo\/image\/"},"sameAs":["https:\/\/www.facebook.com\/mobilhomeskft","https:\/\/www.instagram.com\/mobilehomescentre"]}]}},"_links":{"self":[{"href":"https:\/\/mobilehomescentre.com\/de\/wp-json\/wp\/v2\/product\/25214","targetHints":{"allow":["GET"]}}],"collection":[{"href":"https:\/\/mobilehomescentre.com\/de\/wp-json\/wp\/v2\/product"}],"about":[{"href":"https:\/\/mobilehomescentre.com\/de\/wp-json\/wp\/v2\/types\/product"}],"replies":[{"embeddable":true,"href":"https:\/\/mobilehomescentre.com\/de\/wp-json\/wp\/v2\/comments?post=25214"}],"wp:featuredmedia":[{"embeddable":true,"href":"https:\/\/mobilehomescentre.com\/de\/wp-json\/wp\/v2\/media\/26828"}],"wp:attachment":[{"href":"https:\/\/mobilehomescentre.com\/de\/wp-json\/wp\/v2\/media?parent=25214"}],"wp:term":[{"taxonomy":"product_brand","embeddable":true,"href":"https:\/\/mobilehomescentre.com\/de\/wp-json\/wp\/v2\/product_brand?post=25214"},{"taxonomy":"product_cat","embeddable":true,"href":"https:\/\/mobilehomescentre.com\/de\/wp-json\/wp\/v2\/product_cat?post=25214"},{"taxonomy":"product_tag","embeddable":true,"href":"https:\/\/mobilehomescentre.com\/de\/wp-json\/wp\/v2\/product_tag?post=25214"}],"curies":[{"name":"wp","href":"https:\/\/api.w.org\/{rel}","templated":true}]}}