{"id":2316,"date":"2026-01-07T14:17:11","date_gmt":"2026-01-07T13:17:11","guid":{"rendered":"https:\/\/mobilehomescentre.com\/datenschutzhinweis\/"},"modified":"2026-02-17T15:13:38","modified_gmt":"2026-02-17T14:13:38","slug":"datenschutzhinweis","status":"publish","type":"page","link":"https:\/\/mobilehomescentre.com\/de\/datenschutzhinweis\/","title":{"rendered":"Datenschutzhinweis"},"content":{"rendered":"<div class=\"wpb-content-wrapper\"><p>[vc_row][vc_column width=&#8220;5\/6&#8243; offset=&#8220;vc_col-sm-offset-1&#8243;][vc_column_text css=&#8220;&#8220;]<\/p>\n<div>\n<h4><b>DATENSCHUTZERKL\u00c4RUNG<\/b><\/h4>\n<h4>\u00dcBER DIE RECHTE DER BETROFFENEN NAT\u00dcRLICHEN PERSON<\/h4>\n<div>IM HINBLICK AUF DIE VERARBEITUNG IHRER PERSONENBEZOGENEN DATEN<\/div>\n<div><\/div>\n<h4>EINLEITUNG<\/h4>\n<div><\/div>\n<div>Die VERORDNUNG (EU) 2016\/679 DES EUROP\u00c4ISCHEN PARLAMENTS UND DES RATES \u00fcber den Schutz nat\u00fcrlicher Personen bei der Verarbeitung personenbezogener Daten, \u00fcber den freien Datenverkehr und zur Aufhebung der Richtlinie 95\/46\/EG <b>(im Folgenden: \u201eDSGVO-Verordnung\u201c, \u201eVerordnung\u201c, \u201eAllgemeine Datenschutzverordnung\u201c)<\/b> schreibt vor, dass der Verantwortliche geeignete Ma\u00dfnahmen ergreift, damit die betroffene Person s\u00e4mtliche Informationen zur Verarbeitung personenbezogener Daten in pr\u00e4ziser, transparenter, verst\u00e4ndlicher und leicht zug\u00e4nglicher Form sowie in klarer und einfacher Sprache erh\u00e4lt. Zudem hat der Verantwortliche die Aus\u00fcbung der Rechte der betroffenen Person zu erleichtern.<\/div>\n<div><\/div>\n<div>Die Pflicht zur vorherigen Information der betroffenen Person wird auch durch das Gesetz Nr. CXII von 2011 \u00fcber das Recht auf informationelle Selbstbestimmung und die Informationsfreiheit vorgeschrieben. Mit den nachstehenden Informationen kommen wir dieser gesetzlichen Verpflichtung nach.<\/div>\n<div><\/div>\n<div><\/div>\n<div><b>Warum wurde diese Datenschutzerkl\u00e4rung erstellt?<\/b><\/div>\n<div><\/div>\n<div>Der Verantwortliche verarbeitet im Rahmen seiner T\u00e4tigkeit personenbezogene Daten zu verschiedenen Zwecken und beabsichtigt, dies unter Wahrung der Rechte der betroffenen Personen sowie in Erf\u00fcllung gesetzlicher Verpflichtungen zu tun. Dem Verantwortlichen ist es auch wichtig, den betroffenen Personen die Verarbeitung der ihm im Rahmen seiner Datenverarbeitungst\u00e4tigkeit bekannt gewordenen personenbezogenen Daten sowie deren wichtigste Merkmale darzustellen.<\/div>\n<div><\/div>\n<div><\/div>\n<div><b>Auf welcher Grundlage erfolgt die Verarbeitung der personenbezogenen Daten der betroffenen Personen?<\/b><\/div>\n<div><\/div>\n<div>Personenbezogene Daten werden nur zu einem bestimmten Zweck und auf einer entsprechenden Rechtsgrundlage verarbeitet. Diese Zwecke und Rechtsgrundlagen werden im Zusammenhang mit den konkreten Datenverarbeitungen jeweils gesondert dargestellt.<\/div>\n<div><\/div>\n<div><\/div>\n<div><b>Welche externe Unterst\u00fctzung wird bei der Verarbeitung Ihrer personenbezogenen Daten in Anspruch genommen?<\/b><\/div>\n<div><\/div>\n<div>Personenbezogene Daten werden gr\u00f6\u00dftenteils vom Verantwortlichen an seinem eigenen Standort verarbeitet. Es gibt jedoch Vorg\u00e4nge, bei denen externe Unterst\u00fctzung in Anspruch genommen wird, d. h. ein Auftragsverarbeiter eingesetzt wird. Die Person des Auftragsverarbeiters kann je nach den Merkmalen der einzelnen Datenverarbeitungen variieren.<\/div>\n<div><\/div>\n<div><\/div>\n<div><b>Wer verarbeitet Ihre personenbezogenen Daten?<\/b><\/div>\n<div><\/div>\n<div>Im folgenden Kapitel II. der Datenschutzerkl\u00e4rung erh\u00e4lt die betroffene Person Auskunft \u00fcber die vom Verantwortlichen eingesetzten Auftragsverarbeiter sowie deren Kontaktdaten.<\/div>\n<div><\/div>\n<div><\/div>\n<div><b>Welche Grunds\u00e4tze h\u00e4lt der Verantwortliche bei der Verarbeitung Ihrer personenbezogenen Daten f\u00fcr wichtig?<\/b><\/div>\n<div><\/div>\n<div>Die Verarbeitung personenbezogener Daten erfolgt auf Grundlage der geltenden rechtlichen Bestimmungen, insbesondere der Verordnung (EU) 2016\/679 des Europ\u00e4ischen Parlaments und des Rates vom 27. April 2016 (DSGVO).<\/div>\n<div><\/div>\n<div>Im Rahmen seiner T\u00e4tigkeiten verarbeitet der Verantwortliche nur diejenigen personenbezogenen Daten, die im Zusammenhang mit den einzelnen Datenverarbeitungen festgelegt wurden, und sch\u00fctzt die angegebenen personenbezogenen Daten durch die erforderlichen und m\u00f6glichen technischen sowie organisatorischen Ma\u00dfnahmen. Dabei wird besonderes Augenmerk auf die Gew\u00e4hrleistung der Vertraulichkeit, Integrit\u00e4t und Verf\u00fcgbarkeit der personenbezogenen Daten gelegt.<\/div>\n<div><\/div>\n<div>F\u00fcr die Richtigkeit und Genauigkeit der personenbezogenen Daten nach deren Angabe durch die betroffene Person ist der Verantwortliche verantwortlich. Die in dieser Datenschutzerkl\u00e4rung verwendeten Begriffe wurden im Einklang mit den in dem Gesetz \u00fcber das Recht auf informationelle Selbstbestimmung sowie in den Auslegungsbestimmungen der DSGVO definierten Begriffen interpretiert.<\/div>\n<div><b>\u00a0<\/b><\/div>\n<h4><b>I. KAPITEL<\/b><br \/>\nBEZEICHNUNG DES VERANTWORTLICHEN<\/h4>\n<div><\/div>\n<div>Herausgeber dieser Information und zugleich Verantwortlicher:<\/div>\n<div><\/div>\n<div>NAME: <b>MOBIL-HOMES KFT.<\/b><\/div>\n<div><\/div>\n<div>SITZ: 2881 \u00c1sz\u00e1r, Kossuth Lajos u. 44.<\/div>\n<div><\/div>\n<div>HANDELSREGISTERNUMMER: 11-09-015286<\/div>\n<div><\/div>\n<div>STEUERNUMMER: 14730755-2-11<\/div>\n<div><\/div>\n<div>VERTRETEN DURCH: Dr. Lunkn\u00e9 Nyuli M\u00e1rta, Gesch\u00e4ftsf\u00fchrerin<\/div>\n<div><\/div>\n<div>E-MAIL: info@mobilehomescentre.com<\/div>\n<div><\/div>\n<div>KONTAKTDATEN: <a href=\"https:\/\/www.https\/\/www.mobilehomescentre.com\/de\/kontakt\">https:\/\/www.https:\/\/www.mobilehomescentre.com\/de\/kontakt<\/a><\/div>\n<div>\u2013 unter dem Men\u00fcpunkt \u201eKontakt\u201c<\/div>\n<div><\/div>\n<div>(im Folgenden: \u201eVerantwortlicher\u201c, \u201eGesellschaft\u201c)<\/div>\n<div><\/div>\n<h4><b>II. KAPITEL<br \/>\n<\/b>BEZEICHNUNG DER AUFTRAGSVERARBEITER<\/h4>\n<div><\/div>\n<div>Auftragsverarbeiter: diejenige nat\u00fcrliche oder juristische Person, Beh\u00f6rde, Agentur oder sonstige Stelle, die personenbezogene Daten im Auftrag des Verantwortlichen verarbeitet; (Verordnung Art. 4 Abs. 8)<\/div>\n<div><\/div>\n<div>F\u00fcr die Inanspruchnahme eines Auftragsverarbeiters ist keine vorherige Zustimmung der betroffenen Person erforderlich, jedoch ist deren Information notwendig. Dementsprechend erteilen wir folgende Auskunft:<\/div>\n<div><\/div>\n<div><\/div>\n<div><b>Die mit der Verwaltung der Kameras betraute Person:<\/b><\/div>\n<div><\/div>\n<div>FIRMENNAME: <b>MOBIL-HOMES KFT.<\/b><\/div>\n<div><\/div>\n<div>SITZ: 2881 \u00c1sz\u00e1r, Kossuth Lajos u. 44<\/div>\n<div><\/div>\n<div>STEUERNUMMER: 14730755-2-11<\/div>\n<div><\/div>\n<div>HANDELSREGISTERNUMMER: 11-09-015286<\/div>\n<div><\/div>\n<div>WEBSEITE: <a href=\"https:\/\/www.mobilehomescentre.hu\/\">https:\/\/www.mobilehomescentre.hu<\/a><\/div>\n<div><\/div>\n<div><b>\u00a0<\/b><\/div>\n<div><b>Auftragsverarbeiter f\u00fcr Abrechnungst\u00e4tigkeiten:<\/b><\/div>\n<div><\/div>\n<div>FIRMENNAME: <b>Billingo Technologies Gesellschaft mit beschr\u00e4nkter Haftung (Z\u00e1rtk\u00f6r\u0171en M\u0171k\u00f6d\u0151 R\u00e9szv\u00e9nyt\u00e1rsas\u00e1g)<\/b><\/div>\n<div><\/div>\n<div>SITZ: 1133 Budapest, \u00c1rb\u00f3c utca 6. I. Etage<\/div>\n<div><\/div>\n<div>STEUERNUMMER: 27926309-2-41<\/div>\n<div><\/div>\n<div>HANDELSREGISTERNUMMER: 01-10-140802<\/div>\n<div><\/div>\n<div>WEBSEITE: <a href=\"https:\/\/www.billingo.hu\/\">https:\/\/www.billingo.hu\/<\/a><\/div>\n<div><\/div>\n<div><b>\u00a0<\/b><\/div>\n<div><b>Hosting-Dienstleister:<\/b><\/div>\n<div><\/div>\n<div>FIRMENNAME: <b>fws online Gesellschaft mit beschr\u00e4nkter Haftung (Z\u00e1rtk\u00f6r\u0171en M\u0171k\u00f6d\u0151 R\u00e9szv\u00e9nyt\u00e1rsas\u00e1g)<\/b><\/div>\n<div><\/div>\n<div>SITZ: 9444 Fert\u0151szentmikl\u00f3s, Pet\u0151fi u. 44.<\/div>\n<div><\/div>\n<div>STEUERNUMMER: 32180840-2-08<\/div>\n<div><\/div>\n<div>HANDELSREGISTERNUMMER: 08-09-015591<\/div>\n<div><\/div>\n<div>WEBSEITE: <a href=\"https:\/\/www.fws.hu\/\">https:\/\/www.fws.hu\/<\/a><\/div>\n<div><\/div>\n<div><\/div>\n<div><b>Auftragsverarbeiter f\u00fcr Transportt\u00e4tigkeiten:<\/b><\/div>\n<div><\/div>\n<div>NAME: <b>T.S.L Damian Iwula<\/b><\/div>\n<div><\/div>\n<div>SITZ: Polen, 22-437 \u0141abunie, Br\u00f3dek 43.<\/div>\n<div><\/div>\n<div>STEUERNUMMER: 9222892191<\/div>\n<div><\/div>\n<div><\/div>\n<div><b>Weitere Empf\u00e4nger:<\/b><\/div>\n<div><\/div>\n<div>FIRMENNAME: <b>Google LLC<\/b><\/div>\n<div><\/div>\n<div>SITZ: 1600 Amphitheatre Pkwy, Mountain View, CA 94043<\/div>\n<div><\/div>\n<div>(Organisation, die in der DPF-Liste aufgef\u00fchrt ist)<\/div>\n<div><\/div>\n<div>WEBSEITE: <a href=\"https:\/\/www.google.com\/\">https:\/\/www.google.com\/<\/a><\/div>\n<div><\/div>\n<div><\/div>\n<div>FIRMENNAME: <b>Meta Platforms, Inc.<\/b><\/div>\n<div><\/div>\n<div>SITZ: 1601 Willow Rd, Menlo Park, CA 94025<\/div>\n<div><\/div>\n<div>(Organisation, die in der DPF-Liste aufgef\u00fchrt ist)<\/div>\n<div><\/div>\n<div>WEBSEITE: <a href=\"https:\/\/www.facebook.com\/\">https:\/\/www.facebook.com\/<\/a><\/div>\n<div><\/div>\n<div>In den F\u00e4llen, in denen die Datenschutzerkl\u00e4rung allgemein die Weitergabe von Daten an die Auftragsverarbeiter der Gesellschaft vorsieht, ist dies auch als Weitergabe von Daten an die oben genannten Empf\u00e4nger zu verstehen.<\/div>\n<div><\/div>\n<h4><b>III. KAPITEL<br \/>\n<\/b>GEW\u00c4HRLEISTUNG DER RECHTM\u00c4SSIGKEIT DER DATENVERARBEITUNG<\/h4>\n<div><\/div>\n<div><b>1. Datenverarbeitung auf Grundlage der Einwilligung der betroffenen Person<\/b><\/div>\n<div><\/div>\n<div><b><i>1.1<\/i><\/b>. Sofern die Gesellschaft eine auf Einwilligung beruhende Datenverarbeitung durchf\u00fchren m\u00f6chte, ist die Einwilligung der betroffenen Person zur Verarbeitung ihrer personenbezogenen Daten mit dem im Datenschutzreglement festgelegten Antragsformular und der darin enthaltenen Information einzuholen.<\/div>\n<div><\/div>\n<div><b><i>1.2<\/i><\/b>. Als Einwilligung gilt auch, wenn die betroffene Person beim Besuch der Internetseite der Gesellschaft ein entsprechendes K\u00e4stchen ankreuzt, bei der Inanspruchnahme von Diensten der Informationsgesellschaft entsprechende technische Einstellungen vornimmt oder jede andere Erkl\u00e4rung oder Handlung abgibt, die in dem jeweiligen Zusammenhang eindeutig auf die Einwilligung der betroffenen Person zur geplanten Verarbeitung ihrer personenbezogenen Daten hinweist. Schweigen, vorab angekreuzte K\u00e4stchen oder Unt\u00e4tigkeit gelten daher nicht als Einwilligung.<\/div>\n<div><\/div>\n<div><b><i>1.3<\/i><\/b>. Die Einwilligung erstreckt sich auf s\u00e4mtliche Datenverarbeitungst\u00e4tigkeiten, die zu demselben Zweck oder denselben Zwecken durchgef\u00fchrt werden. Dient die Datenverarbeitung gleichzeitig mehreren Zwecken, so muss die Einwilligung f\u00fcr s\u00e4mtliche Zwecke erteilt werden.<\/div>\n<div><\/div>\n<div><b><i>1.4<\/i><\/b>. Erteilt die betroffene Person ihre Einwilligung im Rahmen einer schriftlichen Erkl\u00e4rung, die sich auch auf andere Angelegenheiten bezieht \u2013 beispielsweise auf den Abschluss eines Verkaufs- oder Dienstleistungsvertrags \u2013, so ist das Einholungsgesuch f\u00fcr die Einwilligung in einer von diesen anderen Angelegenheiten klar unterscheidbaren Weise vorzulegen, in verst\u00e4ndlicher und leicht zug\u00e4nglicher Form sowie in klarer und einfacher Sprache. Jeder Teil einer solchen Erkl\u00e4rung, der gegen die Verordnung verst\u00f6\u00dft, ist nicht verbindlich.<\/div>\n<div><\/div>\n<div><b><i>1.5<\/i><\/b>. Die Gesellschaft darf den Abschluss oder die Erf\u00fcllung eines Vertrags nicht von der Erteilung einer Einwilligung zur Verarbeitung personenbezogener Daten abh\u00e4ngig machen, die f\u00fcr die Vertragserf\u00fcllung nicht erforderlich sind.<\/div>\n<div><\/div>\n<div><b><i>1.6<\/i><\/b>. Der Widerruf der Einwilligung muss in ebenso einfacher Weise m\u00f6glich sein wie ihre Erteilung. Die betroffene Person kann ihre Einwilligung jederzeit durch eine E-Mail an die im Kapitel I angegebene Adresse widerrufen.<\/div>\n<div><\/div>\n<div><b><i>1.7. <\/i><\/b>Widerruft die betroffene Person ihre Einwilligung, darf der Verantwortliche ihre Daten nicht l\u00e4nger verarbeiten. Beim Widerruf der Einwilligung muss der Verantwortliche die L\u00f6schung der Daten sicherstellen, es sei denn, eine andere Rechtsgrundlage erlaubt die Verarbeitung dieser Daten (z. B. gesetzliche Aufbewahrungspflichten oder die Notwendigkeit zur Vertragserf\u00fcllung). Erfolgt die Datenverarbeitung zu mehreren Zwecken, so darf der Verantwortliche die personenbezogenen Daten nicht mehr f\u00fcr den Zweck verwenden, f\u00fcr den die betroffene Person ihre Einwilligung widerrufen hat.<\/div>\n<div><\/div>\n<div><\/div>\n<div><b>2. Datenverarbeitung auf Grundlage der Erf\u00fcllung einer rechtlichen Verpflichtung<\/b><\/div>\n<div><\/div>\n<div><b><i>2.1<\/i><\/b>. Im Falle einer auf einer rechtlichen Verpflichtung beruhenden Datenverarbeitung richten sich der Umfang der verarbeitbaren Daten, der Zweck der Datenverarbeitung, die Dauer der Speicherung der Daten sowie die Empf\u00e4nger nach den Bestimmungen des zugrunde liegenden Gesetzes.<\/div>\n<div><\/div>\n<div><b><i>2.2<\/i><\/b>. Eine auf der Erf\u00fcllung einer rechtlichen Verpflichtung beruhende Datenverarbeitung ist unabh\u00e4ngig von der Einwilligung der betroffenen Person, da die Verarbeitung durch Rechtsvorschriften vorgeschrieben ist. Die betroffene Person ist jedoch vor Beginn der Datenverarbeitung dar\u00fcber zu informieren, dass die Datenverarbeitung verpflichtend ist, und sie muss vor Beginn der Verarbeitung eindeutig und ausf\u00fchrlich \u00fcber alle mit der Verarbeitung ihrer Daten verbundenen Umst\u00e4nde unterrichtet werden, insbesondere \u00fcber den Zweck und die Rechtsgrundlage der Datenverarbeitung, die zur Verarbeitung und Auftragsverarbeitung befugte Person, die Dauer der Verarbeitung, dar\u00fcber, ob der Verantwortliche die personenbezogenen Daten aufgrund einer ihn treffenden rechtlichen Verpflichtung verarbeitet, sowie dar\u00fcber, wer Zugang zu den Daten haben kann. Die Information muss sich auch auf die Rechte der betroffenen Person im Zusammenhang mit der Datenverarbeitung und auf ihre Rechtsbehelfe erstrecken. Im Falle einer verpflichtenden Datenverarbeitung kann die Information auch durch den Hinweis auf die Ver\u00f6ffentlichung der Rechtsvorschriften erfolgen, die die vorgenannten Informationen enthalten.<\/div>\n<div><\/div>\n<div><\/div>\n<div><b>3. Datenverarbeitung auf Grundlage berechtigter Interessen<\/b><\/div>\n<div><\/div>\n<div><b><i>3.1<\/i><\/b>. Ein berechtigtes Interesse der Gesellschaft oder eines Dritten kann eine Rechtsgrundlage f\u00fcr die Datenverarbeitung darstellen, sofern die Interessen, Grundrechte und Grundfreiheiten der betroffenen Person nicht \u00fcberwiegen. Dabei sind die berechtigten Erwartungen der betroffenen Person im Hinblick auf ihre Beziehung zum Verantwortlichen zu ber\u00fccksichtigen, sodass auch die Verarbeitung personenbezogener Daten zu Zwecken der Kontaktpflege oder sogar der Direktwerbung als auf berechtigten Interessen beruhend angesehen werden kann.<\/div>\n<div><\/div>\n<div><b><i>3.2<\/i><\/b>. F\u00fcr eine auf berechtigten Interessen beruhende Datenverarbeitung ist ein Interessenabw\u00e4gungstest erforderlich, bei dem die Gesellschaft stets die aktuellen Umst\u00e4nde sowie die Situation des Verantwortlichen und der betroffenen Personen ber\u00fccksichtigt. Im Hinblick auf die im Interesse der Gesellschaft erfolgenden Datenverarbeitungen sind die jeweils durchgef\u00fchrten Interessenabw\u00e4gungstests zu folgendem Ergebnis gelangt: Unter Ber\u00fccksichtigung der bei der jeweiligen Datenverarbeitung beschriebenen Bedingungen hat die Gesellschaft festgestellt, dass die Verarbeitung unter den geeigneten, in dieser Regelung enthaltenen Garantien gerechtfertigt ist, da die Gesellschaft andernfalls nicht wettbewerbsf\u00e4hig arbeiten k\u00f6nnte. Vor diesem Hintergrund sind die emotionalen Auswirkungen auf die betroffenen Personen sowie die Beeintr\u00e4chtigung des Rechts auf Privatsph\u00e4re als verh\u00e4ltnism\u00e4\u00dfig anzusehen.<\/div>\n<div><\/div>\n<div><\/div>\n<div><b>4. Datenverarbeitung zum Schutz lebenswichtiger Interessen der betroffenen Person oder einer anderen nat\u00fcrlichen Person<\/b><\/div>\n<div><\/div>\n<div><b><i>4.1<\/i><\/b>. Der Schutz lebenswichtiger Interessen der betroffenen Person oder einer anderen nat\u00fcrlichen Person kann ebenfalls eine Rechtsgrundlage f\u00fcr die Datenverarbeitung darstellen. Dabei ist zu ber\u00fccksichtigen, dass das Recht auf Datenschutz ein grundlegendes, jedoch nicht ausschlie\u00dfliches Recht ist; in Fragen von Leben und Tod hat das Recht auf Leben selbstverst\u00e4ndlich Vorrang vor dem Recht auf den Schutz personenbezogener Daten.<\/div>\n<div><\/div>\n<div><\/div>\n<div><b>5. Datenverarbeitung auf Grundlage vertraglicher Interessen<\/b><\/div>\n<div><\/div>\n<div><b><i>5.1<\/i><\/b>. Eine Datenverarbeitung kann auch auf vertraglichen Interessen beruhen, sofern sie f\u00fcr die Erf\u00fcllung eines Vertrags erforderlich ist, bei dem die betroffene Person eine Vertragspartei ist, oder zur Durchf\u00fchrung von Ma\u00dfnahmen, die auf Anfrage der betroffenen Person vor Abschluss eines Vertrags erfolgen.<\/div>\n<div><\/div>\n<div><\/div>\n<div><b>6. F\u00f6rderung der Rechte der betroffenen Person<\/b><\/div>\n<div><\/div>\n<div><b><i>6.1<\/i><\/b>. Die Gesellschaft ist bei s\u00e4mtlichen Datenverarbeitungen verpflichtet, die Aus\u00fcbung der Rechte der betroffenen Person zu gew\u00e4hrleisten.<\/div>\n<h4><b>IV. KAPITEL<br \/>\n<\/b>INFORMATIONEN \u00dcBER DIE VON DER GESELLSCHAFT DURCHGEF\u00dcHRTE DATENVERARBEITUNG<\/h4>\n<div><\/div>\n<p><b>Verarbeitung der Daten nat\u00fcrlicher Personen (einschlie\u00dflich Einzelunternehmer oder Privatpersonen, die Rechnungen ausstellen), die einen Vertrag mit dem Verantwortlichen abschlie\u00dfen<\/b><\/p>\n<p>(1) Die Gesellschaft darf auf Grundlage der Rechtsgrundlage \u201eVertragserf\u00fcllung\u201c die personenbezogenen Daten von nat\u00fcrlichen Personen, die mit ihr in einem Vertragsverh\u00e4ltnis stehen, zum Zweck der Vorbereitung, des Abschlusses, der Erf\u00fcllung, der Beendigung des Vertrags, der Gew\u00e4hrung vertraglicher Verg\u00fcnstigungen \u2013 zusammenfassend zur Unterst\u00fctzung der im gemeinsamen Interessenbereich anfallenden wirtschaftlichen Prozesse \u2013 verarbeiten. Dazu geh\u00f6ren: Name, Geburtsname, Geburtsdatum, Name der Mutter, Adresse, Steuer-Identifikationsnummer, Steuernummer, Registrierungsnummer, Adresse, Sitz- und Betriebsst\u00e4ttenadresse, Telefonnummer, E-Mail-Adresse, Website-Adresse, Bankkontonummer, Kundennummer (Kundennummer, Bestellnummer), Online-Kennung (Kunden-, Lieferantenlisten, Stammkundenlisten). Diese Datenverarbeitung gilt auch dann als rechtm\u00e4\u00dfig, wenn sie zur Durchf\u00fchrung von Ma\u00dfnahmen erforderlich ist, die auf Anfrage der betroffenen Person vor Abschluss des Vertrags erfolgen.<\/p>\n<p>(2) Die Speicherdauer der personenbezogenen Daten betr\u00e4gt unter Ber\u00fccksichtigung der langfristigen Gesch\u00e4ftsbeziehungen der Gesellschaft <b>5 Jahre<\/b> nach Beendigung des Vertrags.<\/p>\n<p>(3) Empf\u00e4nger der personenbezogenen Daten: Zugriff auf die personenbezogenen Daten haben diejenigen Besch\u00e4ftigten des Verantwortlichen, die an der Vorbereitung, Durchf\u00fchrung und Speicherung des Vertrags beteiligt sind. Dazu geh\u00f6ren die Gesch\u00e4ftsf\u00fchrung der Gesellschaft, die f\u00fcr den Kundenservice zust\u00e4ndigen Mitarbeiter, die Kontaktpersonen, die Auftragsverarbeiter der Gesellschaft, insbesondere die f\u00fcr Gesch\u00e4ftsabschl\u00fcsse zust\u00e4ndigen Mitarbeiter und deren Auftragsverarbeiter. Dar\u00fcber hinaus auch die in Rechtsvorschriften festgelegten Stellen, die gesetzlich zur Kontrolle berechtigt sind.<\/p>\n<p>(4) Die personenbezogenen Daten k\u00f6nnen zum Zwecke des Versands und der Lieferung an die Ungarische Post oder den beauftragten Kurierdienst, zum Zwecke des Objektschutzes an den Sicherheitsbeauftragten des Verantwortlichen sowie an die Auftragsverarbeiter des Verantwortlichen weitergegeben werden.<\/p>\n<p>(5) Die Datenverarbeitung gilt als rechtm\u00e4\u00dfig, wenn sie im Rahmen eines Vertrags oder einer beabsichtigten Vertragsunterzeichnung erforderlich ist (Erw\u00e4gungsgrund 44.), oder wenn sie erforderlich ist, um auf Anfrage der betroffenen Person vor Vertragsabschluss Ma\u00dfnahmen zu ergreifen (Art. 6 Abs. 1 Buchstabe b DSGVO). Somit k\u00f6nnen im Rahmen der Rechtsgrundlage \u201eVertragserf\u00fcllung\u201c auch die im Rahmen von Vertragsangeboten erhobenen personenbezogenen Daten gem\u00e4\u00df diesem Punkt verarbeitet werden. Bei Abgabe oder Entgegennahme eines Angebots ist die Gesellschaft verpflichtet, den Angebotssteller bzw. den Adressaten des Angebots dar\u00fcber zu informieren.<\/p>\n<p><b>Datenverarbeitung im Zusammenhang mit der Ausstellung von Rechnungen und der Aufbewahrung von Belegen im Zusammenhang mit dem vom Verantwortlichen abgeschlossenen Vertrag<\/b><\/p>\n<p>(1) Zweck der Datenverarbeitung: Zur Begleichung des Entgelts f\u00fcr die Dienstleistung die Ausstellung einer Rechnung gem\u00e4\u00df dem Gesetz Nr. CXXVII von 2007 \u00fcber die Mehrwertsteuer sowie die Erf\u00fcllung der Pflicht zur Aufbewahrung von Buchhaltungsbelegen.<\/p>\n<p>(2) Betroffene: Nat\u00fcrliche Personen, die einen Vertrag mit dem Verantwortlichen abschlie\u00dfen, oder Vertreter von Personen, die einen Vertrag mit dem Verantwortlichen abschlie\u00dfen.<\/p>\n<p>(3) Umfang der verarbeiteten personenbezogenen Daten: Name und Adresse der nat\u00fcrlichen Person. Im Falle eines Einzelunternehmers: Name, Sitz, Steuernummer. Im Falle einer juristischen Person: Steuernummer.<\/p>\n<p>(4) Rechtsgrundlage der Datenverarbeitung: erforderlich zur Erf\u00fcllung der rechtlichen Verpflichtung des Verantwortlichen. [Art. 6 Abs. 1 Buchst. c DSGVO]<\/p>\n<p>(5) Empf\u00e4nger der personenbezogenen Daten bzw. Kategorien von Empf\u00e4ngern: Auftragsverarbeiter der Gesellschaft, insbesondere die Mitarbeiter und Auftragsverarbeiter, die Buchhaltungs- und Steueraufgaben wahrnehmen. Nationale Steuer- und Zollverwaltung.<\/p>\n<p>(6) Speicherdauer der personenbezogenen Daten: 8 Jahre nach Ausstellung der Rechnung gem\u00e4\u00df \u00a7 169 Abs. 2 des Gesetzes Nr. C von 2000 \u00fcber das Rechnungswesen.<\/p>\n<p><b>Verarbeitung der personenbezogenen Daten nat\u00fcrlicher Personen, die im Namen einer juristischen Person, die einen Vertrag mit dem Verantwortlichen abschlie\u00dft, handeln \u2013 also den Vertrag unterzeichnen<\/b><\/p>\n<p>(1) Zweck der Datenverarbeitung: Zweck der Verarbeitung ist die Erstellung eines Vertrags, die Aus\u00fcbung der im Vertrag festgelegten Rechte und die Erf\u00fcllung der Pflichten, die Geltendmachung etwaiger zivilrechtlicher Anspr\u00fcche, die sich aus der Vertragserf\u00fcllung ergeben, sowie die Erfassung und Erf\u00fcllung der vom Verantwortlichen \u00fcbernommenen Verpflichtungen.<\/p>\n<p>(2) Betroffene: Die nat\u00fcrlichen Personen, die den Vertrag unterzeichnen.<\/p>\n<p>(3) Umfang der verarbeiteten personenbezogenen Daten: Von der unterzeichnenden nat\u00fcrlichen Person:<\/p>\n<ul>\n<li>Name, Position (Funktion)<\/li>\n<li>E-Mail-Adresse<\/li>\n<li>Telefonnummer<\/li>\n<li>Postanschrift<\/li>\n<li>Unterschriftsprobe<\/li>\n<\/ul>\n<p>(4) Rechtsgrundlage der Datenverarbeitung: Wahrnehmung der berechtigten Interessen des Verantwortlichen auf Grundlage des folgenden Interessenabw\u00e4gungstests. [Art. 6 Abs. 1 Buchst. f DSGVO]<\/p>\n<p><i>Der Verantwortliche ist der Auffassung, dass die Rechtsgrundlage f\u00fcr die Verarbeitung der personenbezogenen Daten der unterzeichnenden nat\u00fcrlichen Personen dem berechtigten Interesse gem\u00e4\u00df Art. 6 Abs. 1 Buchst. f DSGVO entspricht und dass die Interessen oder die Grundrechte und Grundfreiheiten der betroffenen Personen durch die Datenverarbeitung nicht in einer Weise beeintr\u00e4chtigt werden, die das berechtigte Interesse des Verantwortlichen \u00fcberwiegen w\u00fcrde (die spezifischen Interessen oder Grundrechte und Grundfreiheiten der betroffenen Person genie\u00dfen gegen\u00fcber dem Interesse nicht den Vorrang).<\/i><\/p>\n<table class=\"table table-bordered\">\n<tbody>\n<tr>\n<td>Das berechtigte Interesse besteht.<\/td>\n<td>Die \u00dcbergabe\/Abnahme von Produkten bzw. die Erbringung von Dienstleistungen und deren Nachweis im Rahmen der Vertragserf\u00fcllung stellen ein Interesse dar, das nicht ausschlie\u00dflich im Interesse des Verantwortlichen liegt, sondern auch im Interesse der Vertragspartei als Drittem, und das zugleich auf die Erf\u00fcllung schuldrechtlicher Verpflichtungen zur\u00fcckzuf\u00fchren ist.<br \/>\nDer Verantwortliche hat zudem ein erhebliches Interesse daran, seine vertraglichen Verpflichtungen ordnungsgem\u00e4\u00df und vertragsgem\u00e4\u00df zu erf\u00fcllen, um m\u00f6gliche Rechtsstreitigkeiten zu vermeiden. Ein berechtigtes gesch\u00e4ftliches Interesse des Verantwortlichen besteht darin, bei seinen Vertragspartnern Zufriedenheit zu schaffen und mit ihnen eine gute Gesch\u00e4ftsbeziehung aufrechtzuerhalten.<\/td>\n<\/tr>\n<tr>\n<td>Die Datenverarbeitung ist erforderlich.<\/td>\n<td>Die Datenverarbeitung ist erforderlich, da ohne die personenbezogenen Daten des Vertreters, der einer juristischen Person zugeordnet ist, die juristischen Personen und der Verantwortliche keinen Kontakt miteinander aufnehmen k\u00f6nnten. Ohne die personenbezogenen Daten des Vertreters w\u00fcrde die Kommunikation mit den Vertragspartnern sowie die Vertragserf\u00fcllung erheblich erschwert, was zur Folge h\u00e4tte, dass die Erf\u00fcllung der Vertr\u00e4ge beeintr\u00e4chtigt werden k\u00f6nnte.<\/td>\n<\/tr>\n<tr>\n<td>Die Datenverarbeitung stellt eine verh\u00e4ltnism\u00e4\u00dfige Einschr\u00e4nkung in Bezug auf die betroffene Person dar.<\/td>\n<td>Der Verantwortliche verarbeitet die personenbezogenen Daten des Vertreters der betroffenen Person ausschlie\u00dflich in dem Umfang, der zur Erreichung des berechtigten Gesch\u00e4ftszwecks und\/oder zur Kontaktaufnahme mit einer anderen externen Stelle erforderlich ist.<br \/>\nDie verarbeiteten Daten geh\u00f6ren nicht zu den besonderen Kategorien personenbezogener Daten, was f\u00fcr die Zul\u00e4ssigkeit dieser Datenverarbeitung spricht. Aus der Durchf\u00fchrung der Datenverarbeitung ergibt sich f\u00fcr den Vertreter der betroffenen Person kein Nachteil; die Verarbeitung stellt f\u00fcr ihn eine verh\u00e4ltnism\u00e4\u00dfige Einschr\u00e4nkung dar, da der Verantwortliche ihm das Recht garantiert, die L\u00f6schung seiner personenbezogenen Daten aus den Verzeichnissen des Verantwortlichen im Falle eines entsprechenden Antrags oder Widerspruchs zu verlangen.<br \/>\nDer Verantwortliche beschr\u00e4nkt den Zugang zu den personenbezogenen Daten auf seine eigenen Mitarbeiter. Dar\u00fcber hinaus gew\u00e4hrleistet er den Schutz der Daten durch geeignete Firewall- und Virenschutzma\u00dfnahmen und \u00fcbernimmt somit eine Garantie f\u00fcr den risikoad\u00e4quaten Schutz der Datenverarbeitung.<\/td>\n<\/tr>\n<\/tbody>\n<\/table>\n<p><b>Die Verarbeitung der Unterschriftsprobe ist zur Erf\u00fcllung der rechtlichen Verpflichtung des Verantwortlichen<\/b> <b>erforderlich.<\/b> [Art. 6 Abs. 1 Buchst. c DSGVO]. Der Verantwortliche ist gem\u00e4\u00df \u00a7 3:116 Abs. 1 des Gesetzes Nr. V von 2013 verpflichtet, die Unterschrift des Vertreters des Vertragspartners zu verarbeiten.<\/p>\n<p>(5) Empf\u00e4nger der personenbezogenen Daten bzw. Kategorien von Empf\u00e4ngern: Zugriff auf die personenbezogenen Daten haben diejenigen Besch\u00e4ftigten des Verantwortlichen, die an der Vorbereitung, Durchf\u00fchrung und Speicherung des Vertrags beteiligt sind. Dazu geh\u00f6ren die leitenden Organe der Gesellschaft, die mit dem Kundenservice betrauten Mitarbeiter, die Kontaktpersonen sowie die f\u00fcr Gesch\u00e4ftsabschl\u00fcsse zust\u00e4ndigen Mitarbeiter der Gesellschaft. Dar\u00fcber hinaus auch die in Rechtsvorschriften festgelegten Stellen, die gesetzlich zur Kontrolle befugt sind.<\/p>\n<p>(6) Speicherdauer der personenbezogenen Daten: 5 Jahre nach Beendigung des Vertrags.<\/p>\n<p><b>Verarbeitung der personenbezogenen Daten nat\u00fcrlicher Personen, die in Vertr\u00e4gen (im vom Verantwortlichen gef\u00fchrten Register) als Kontaktpersonen \u2013 nicht als Unterzeichner \u2013 angegeben sind<\/b><\/p>\n<p>(1) Zweck der Datenverarbeitung: Sicherstellung der Kommunikation im Zusammenhang mit der Erf\u00fcllung des jeweiligen Vertrags oder Dokuments, der Unterst\u00fctzung der Vertragserf\u00fcllung sowie der Aufrechterhaltung der vertraglichen Beziehung.<\/p>\n<p>(2) Betroffene: Nat\u00fcrliche Personen, die als Kontaktpersonen \u2013 nicht als Unterzeichner \u2013 angegeben sind.<\/p>\n<p>(3) Umfang der verarbeiteten personenbezogenen Daten: Von der als Kontaktperson angegebenen nat\u00fcrlichen Person:<\/p>\n<ul>\n<li>Name, Position (Funktion)<\/li>\n<li>E-Mail-Adresse<\/li>\n<li>Telefonnummer<\/li>\n<li>Postanschrift<\/li>\n<\/ul>\n<p>(4) Rechtsgrundlage der Datenverarbeitung: Wahrnehmung der berechtigten Interessen des Verantwortlichen auf Grundlage des folgenden Interessenabw\u00e4gungstests. [Art. 6 Abs. 1 Buchst. f DSGVO]<\/p>\n<p><i>Der Verantwortliche ist der Auffassung, dass die Rechtsgrundlage f\u00fcr die Verarbeitung der Kontaktdaten externer Partner dem berechtigten Interesse gem\u00e4\u00df Art. 6 Abs. 1 Buchst. f DSGVO entspricht und dass die Interessen oder die Grundrechte und Grundfreiheiten der betroffenen Personen durch die Datenverarbeitung nicht in einer Weise beeintr\u00e4chtigt werden, die das berechtigte Interesse des Verantwortlichen \u00fcberwiegen w\u00fcrde (die spezifischen Interessen oder Grundrechte und Grundfreiheiten der betroffenen Person genie\u00dfen gegen\u00fcber dem Interesse nicht den Vorrang).<\/i><\/p>\n<table class=\"table table-bordered\">\n<tbody>\n<tr>\n<td>Das berechtigte Interesse besteht<\/td>\n<td>Das berechtigte Interesse des Verantwortlichen liegt in der Aufrechterhaltung der Kommunikation im Zusammenhang mit den von ihm abgeschlossenen Vertr\u00e4gen, in der Sicherstellung der Kommunikation mit dem Vertragspartner sowie in der Unterst\u00fctzung der Vertragserf\u00fcllung.<br \/>\nDas berechtigte Interesse des Verantwortlichen besteht zudem in der Speicherung der personenbezogenen Daten der Kontaktpersonen potenzieller Gesch\u00e4ftspartner und\/oder anderer externer Stellen sowie in deren Nutzung im Zusammenhang mit einer k\u00fcnftigen offiziellen Kontaktaufnahme und\/oder der M\u00f6glichkeit eines Vertragsabschlusses, was im Einklang mit den T\u00e4tigkeiten des Verantwortlichen und seinem Ziel der Gesch\u00e4ftsanbahnung steht.<\/td>\n<\/tr>\n<tr>\n<td>Die Datenverarbeitung ist erforderlich<\/td>\n<td>Die Datenverarbeitung ist erforderlich, da ohne die Kontaktdaten die Kommunikation mit den Vertragspartnern erheblich erschwert w\u00e4re, was wiederum die Vertragserf\u00fcllung beeintr\u00e4chtigen k\u00f6nnte.<\/td>\n<\/tr>\n<tr>\n<td>Die Datenverarbeitung stellt eine verh\u00e4ltnism\u00e4\u00dfige Einschr\u00e4nkung in Bezug auf die betroffene Person dar<\/td>\n<td>Der Verantwortliche verarbeitet die personenbezogenen Daten der betroffenen Kontaktpersonen ausschlie\u00dflich in dem Umfang, der zur Erreichung des berechtigten Gesch\u00e4ftszwecks und\/oder zur Kontaktaufnahme mit einer anderen externen Stelle erforderlich ist.<br \/>\nDie verarbeiteten Daten geh\u00f6ren nicht zu den besonderen Kategorien personenbezogener Daten, was f\u00fcr die Zul\u00e4ssigkeit dieser Datenverarbeitung spricht. Aus der Durchf\u00fchrung der Datenverarbeitung ergibt sich f\u00fcr die betroffenen Kontaktpersonen kein Nachteil; die Verarbeitung stellt f\u00fcr sie eine verh\u00e4ltnism\u00e4\u00dfige Einschr\u00e4nkung dar, da der Verantwortliche ihnen das Recht garantiert, die L\u00f6schung ihrer personenbezogenen Daten aus den Verzeichnissen des Verantwortlichen im Falle eines entsprechenden Antrags oder Widerspruchs zu verlangen.<br \/>\nDer Verantwortliche beschr\u00e4nkt den Zugang zu den personenbezogenen Daten auf seine eigenen Mitarbeiter. Dar\u00fcber hinaus gew\u00e4hrleistet er den Schutz der Daten durch geeignete Firewall- und Virenschutzma\u00dfnahmen und \u00fcbernimmt somit eine Garantie f\u00fcr den risikoad\u00e4quaten Schutz der Datenverarbeitung.<\/td>\n<\/tr>\n<\/tbody>\n<\/table>\n<p>(5) Empf\u00e4nger der personenbezogenen Daten bzw. Kategorien von Empf\u00e4ngern: Zugriff auf die personenbezogenen Daten haben diejenigen Besch\u00e4ftigten des Verantwortlichen, die an der Vorbereitung, Durchf\u00fchrung und Speicherung des Vertrags beteiligt sind. Dazu geh\u00f6ren die leitenden Organe der Gesellschaft, die mit dem Kundenservice betrauten Mitarbeiter, die Kontaktpersonen sowie die f\u00fcr Gesch\u00e4ftsabschl\u00fcsse zust\u00e4ndigen Mitarbeiter der Gesellschaft. Dar\u00fcber hinaus auch die in Rechtsvorschriften festgelegten Stellen, die gesetzlich zur Kontrolle befugt sind.<\/p>\n<p>(6) Speicherdauer der personenbezogenen Daten: 5 Jahre nach Beendigung des Vertrags.<\/p>\n<p><b>Nachrichten\u00fcbermittlung \u00fcber die Website der Gesellschaft (Kontaktaufnahme)<\/b><\/p>\n<p>(1) Die nat\u00fcrliche Person, die \u00fcber die Website eine Nachricht sendet, kann ihre Einwilligung zur Verarbeitung ihrer personenbezogenen Daten durch Ankreuzen des entsprechenden K\u00e4stchens erteilen. Das K\u00e4stchen darf nicht vorab angekreuzt sein.<\/p>\n<p>(2) Umfang der verarbeitbaren personenbezogenen Daten: Name der nat\u00fcrlichen Person (Vorname, Nachname), Telefonnummer, E-Mail-Adresse, Wohnort, Nachricht.<\/p>\n<p>(3) Zweck der Verarbeitung personenbezogener Daten: Informationsanfrage, Angebotsanfrage, Inanspruchnahme einer Dienstleistung.<\/p>\n<p>(4) Rechtsgrundlage der Datenverarbeitung: Freiwillige Einwilligung der betroffenen Person [Art. 6 Abs. 1 Buchst. a DSGVO]. Die freiwillige Einwilligung kann jederzeit widerrufen werden. Wir weisen Sie darauf hin, dass der Widerruf die Rechtm\u00e4\u00dfigkeit der bis zum Widerruf erfolgten Datenverarbeitung nicht ber\u00fchrt. Im L\u00f6schungsantrag sind zum Zweck der Identifizierung Name und E-Mail-Adresse anzugeben.<\/p>\n<p>(5) Empf\u00e4nger der personenbezogenen Daten bzw. Kategorien von Empf\u00e4ngern: Mitarbeiter der Gesellschaft, die mit Kundenservice- und Marketingaufgaben betraut sind, sowie die Auftragsverarbeiter der Gesellschaft als Datenverarbeiter.<\/p>\n<p>(6) Speicherdauer der personenbezogenen Daten: Bis zum Widerruf der Einwilligung durch die betroffene Person.<\/p>\n<p><b>Registrierung zum Herunterladen des Katalogs bzw. der Preisliste<\/b><\/p>\n<p>(1) Zweck der Datenverarbeitung: \u00dcbermittlung von Informationen, Preislisten und Katalogen \u00fcber die Produkte oder Dienstleistungen des Unternehmens an Interessenten sowie die damit verbundene Kommunikation und Vorbereitung potenzieller Gesch\u00e4ftsbeziehungen.<\/p>\n<p>(2) Umfang der verarbeitbaren personenbezogenen Daten:<\/p>\n<ul>\n<li>Name<\/li>\n<li>E-Mail-Adresse<\/li>\n<li>Telefonnummer<\/li>\n<li>Angabe des Komitats (Verwaltungsbezirks)<\/li>\n<li>Installationsort<\/li>\n<\/ul>\n<p>(4)\u00a0Rechtsgrundlage der Datenverarbeitung: Freiwillige Einwilligung der betroffenen Person [Art. 6 Abs. 1 Buchst. a DSGVO]. Die freiwillige Einwilligung kann jederzeit widerrufen werden. Wir weisen Sie darauf hin, dass der Widerruf die Rechtm\u00e4\u00dfigkeit der bis zum Widerruf erfolgten Datenverarbeitung nicht ber\u00fchrt. Im L\u00f6schungsantrag sind zum Zweck der Identifizierung Name und E-Mail-Adresse anzugeben.<\/p>\n<p>(5) Empf\u00e4nger der personenbezogenen Daten bzw. Kategorien von Empf\u00e4ngern: Mitarbeiter der Gesellschaft, die mit Kundenservice- und Marketingaufgaben betraut sind, sowie die Auftragsverarbeiter der Gesellschaft als Datenverarbeiter.<\/p>\n<p>(6) Speicherdauer der personenbezogenen Daten: Bis zum Widerruf der Einwilligung durch die betroffene Person.<\/p>\n<p><b>Datenverarbeitung im Zusammenhang mit dem Warenversand<\/b><\/p>\n<p>(1) Zweck der Datenverarbeitung: Das vorrangige Ziel der Datenverarbeitung im Zusammenhang mit dem Warenversand besteht darin, das vom K\u00e4ufer bestellte Produkt auf die effizienteste und bequemste Weise an die angegebene Lieferadresse zuzustellen. Zu diesem Zweck werden die von der betroffenen Person angegebenen Daten ausschlie\u00dflich daf\u00fcr verwendet, dass die Lieferung reibungslos und den Bed\u00fcrfnissen sowie Pr\u00e4ferenzen der betroffenen Person entsprechend erfolgen kann.<\/p>\n<p>(2) Umfang der verarbeitbaren personenbezogenen Daten:<\/p>\n<ul>\n<li>Name<\/li>\n<li>Lieferadresse<\/li>\n<li>E-Mail-Adresse<\/li>\n<li>Telefonnummer<\/li>\n<li>Merkmale der zu liefernden Produkte<\/li>\n<li>Zeitpunkt des Kaufs<\/li>\n<li>gew\u00fcnschter und\/oder zugesagter Liefertermin<\/li>\n<\/ul>\n<p>(4) Rechtsgrundlage der Datenverarbeitung: Freiwillige Einwilligung der betroffenen Person [Art. 6 Abs. 1 Buchst. a DSGVO]. Die freiwillige Einwilligung kann jederzeit widerrufen werden. Wir weisen Sie darauf hin, dass der Widerruf die Rechtm\u00e4\u00dfigkeit der bis zum Widerruf erfolgten Datenverarbeitung nicht ber\u00fchrt. Im L\u00f6schungsantrag sind zum Zweck der Identifizierung Name und E-Mail-Adresse anzugeben.<\/p>\n<p>(5) Empf\u00e4nger der personenbezogenen Daten bzw. Kategorien von Empf\u00e4ngern: Mitarbeiter der Gesellschaft, die mit Kundenservice- und Transportaufgaben betraut sind, sowie die Auftragsverarbeiter der Gesellschaft als Datenverarbeiter.<\/p>\n<p>(6) Speicherdauer der personenbezogenen Daten: Bis zum Widerruf der Einwilligung durch die betroffene Person.<\/p>\n<p><b>Datenverarbeitung in Bezug auf soziale Medien (Facebook und Instagram)<\/b><\/p>\n<p>(1) Auf die Datenverarbeitung durch die Betreiber der sozialen Medien hat unsere Gesellschaft nur eingeschr\u00e4nkten Einfluss. Dort, wo wir Einfluss nehmen und Einstellungen vornehmen k\u00f6nnen, f\u00f6rdern wir im Rahmen der uns zur Verf\u00fcgung stehenden M\u00f6glichkeiten eine datenschutzgerechte Verarbeitung. In den meisten F\u00e4llen k\u00f6nnen wir jedoch die T\u00e4tigkeit des Betreibers nicht beeinflussen, sodass uns keine Informationen dar\u00fcber vorliegen, welche Daten genau verarbeitet werden.<\/p>\n<p><b>Die Datenschutzrichtlinie von Facebook ist unter folgendem Link abrufbar:<\/b> <a href=\"https:\/\/www.facebook.com\/privacy\/explanation\/\">https:\/\/www.facebook.com\/privacy\/explanation\/<\/a><\/p>\n<p><b>Die Datenschutzrichtlinie von Instagram ist unter folgendem Link abrufbar:<\/b> <a href=\"https:\/\/help.instagram.com\/519522125107875\">https:\/\/help.instagram.com\/519522125107875<\/a><\/p>\n<p>(2) Der Verantwortliche verwaltet seine eigene Seite auf Facebook. Die betroffene Person kann die Nachrichtenfeeds, die an der Pinnwand der Facebook-Seite ver\u00f6ffentlicht werden, abonnieren, indem sie auf den \u201e<i>Like\u201c-<\/i> oder <i>\u201eGef\u00e4llt<\/i> <i>mir\u201c<\/i>-Link klickt. Um \u00fcber Facebook mit dem Verantwortlichen Kontakt aufnehmen zu k\u00f6nnen, muss sich die betroffene Person anmelden. Hierf\u00fcr erhebt, speichert und verarbeitet Facebook ebenfalls personenbezogene Daten. Auf die Art, den Umfang und die Verarbeitung dieser Daten hat der Verantwortliche keinen Einfluss und erh\u00e4lt vom Betreiber von Facebook keine personenbezogenen Daten.<\/p>\n<p>Die personenbezogenen Daten der Follower auf den Facebook-Seiten verarbeitet der Verantwortliche auf Grundlage der freiwilligen Einwilligung der Follower. Diese Einwilligung gilt als erteilt, wenn die betroffene Person die Seite oder die Beitr\u00e4ge des Verantwortlichen mit <i>\u201eGef\u00e4llt mir\u201c<\/i> markiert, diesen folgt oder dazu Kommentare verfasst. Die betroffene Person erkl\u00e4rt im Zusammenhang mit der Inanspruchnahme von Diensten \u00fcber die Facebook-Seite des Verantwortlichen, dass sie das 16. Lebensjahr vollendet hat. F\u00fcr Personen unter 16 Jahren ist gem\u00e4\u00df Art. 8 Abs. 1 DSGVO die Zustimmung des gesetzlichen Vertreters erforderlich, damit ihre Erkl\u00e4rung \u00fcber die Einwilligung in die Datenverarbeitung wirksam ist. Der Verantwortliche ist nicht in der Lage, das Alter oder die Berechtigung der einwilligenden Person zu \u00fcberpr\u00fcfen; daher garantiert die betroffene Person die Richtigkeit der von ihr gemachten Angaben.<\/p>\n<p>(3) Zweck der Datenverarbeitung: Information \u00fcber aktuelle Nachrichten, den Verantwortlichen betreffende Mitteilungen, Werbung \u00fcber soziale Medien, Vorstellung und Bewerbung von Dienstleistungen. Der Verantwortliche nutzt die Facebook-Seite zu Marketingzwecken, um Interessenten \u00fcber seine Dienstleistungen zu informieren und den Kontakt mit ihnen herzustellen.<\/p>\n<p>(4) Rechtsgrundlage der Datenverarbeitung: Freiwillige Einwilligung der betroffenen Person (im Einklang mit den Datenschutzrichtlinien von Facebook, Instagram und LinkedIn).<\/p>\n<p>(5) Umfang der verarbeiteten personenbezogenen Daten: Name der betroffenen Person; Betroffene: Nutzer der sozialen Medien-Plattform.<\/p>\n<p>(6) Dauer der Datenverarbeitung: Die betroffene Person kann das Folgen der Facebook-Seite des Verantwortlichen durch Klicken auf die Schaltfl\u00e4che <i>\u201eDislike\u201c<\/i> oder<i> \u201eGef\u00e4llt mir nicht mehr\u201c<\/i> beenden oder \u00fcber die Pinnwandeinstellungen unerw\u00fcnschte Inhalte l\u00f6schen. Dauer: solange der Dienst aktiv besteht.<\/p>\n<p>(7) Empf\u00e4nger: Mitarbeiter des Verantwortlichen, die mit Kundenservice- und Marketingaufgaben betraut sind, die Auftragsverarbeiter der Gesellschaft als Datenverarbeiter, insbesondere der IT-Dienstleister der Gesellschaft.<\/p>\n<p>(8) Die betroffene Person nimmt zur Kenntnis, dass die Bereitstellung der Daten keine Voraussetzung f\u00fcr den Abschluss eines Vertrags ist und sie nicht verpflichtet ist, ihre personenbezogenen Daten anzugeben. M\u00f6gliche Folge der Nichtbereitstellung der Daten ist, dass sie keine Informationen \u00fcber aktuelle Nachrichten und Dienstleistungen des Verantwortlichen erh\u00e4lt.<\/p>\n<p><b>Datenverarbeitung zu Direktmarketingzwecken<\/b><\/p>\n<p>(1) Sofern ein spezielles Gesetz nichts anderes bestimmt, darf Werbung, die sich an eine nat\u00fcrliche Person als Adressaten richtet (Direktwerbung), insbesondere per elektronischer Post oder \u00fcber ein anderes gleichwertiges individuelles Kommunikationsmittel \u2013 mit Ausnahme der im Gesetz Nr. XLVIII von 2008 festgelegten F\u00e4lle \u2013 ausschlie\u00dflich dann \u00fcbermittelt werden, wenn der Adressat der Werbung zuvor eindeutig und ausdr\u00fccklich zugestimmt hat. Nach Erw\u00e4gungsgrund 47 der DSGVO gilt die Verarbeitung personenbezogener Daten zu Zwecken der Direktwerbung ebenfalls als ein auf berechtigten Interessen beruhendes Verfahren.<\/p>\n<p>(2) Umfang der personenbezogenen Daten, die von der Gesellschaft zu Zwecken der werblichen Ansprache verarbeitet werden d\u00fcrfen: Name, Telefonnummer und E-Mail-Adresse der nat\u00fcrlichen Person.<\/p>\n<p>(3) Zweck der Verarbeitung personenbezogener Daten ist die Durchf\u00fchrung von Direktmarketingaktivit\u00e4ten im Zusammenhang mit den T\u00e4tigkeiten der Gesellschaft, das hei\u00dft die regelm\u00e4\u00dfige oder gelegentliche Zusendung von Werbematerialien, Newslettern und aktuellen Angeboten in gedruckter (per Post) oder elektronischer Form (per E-Mail) an die bei der Registrierung angegebenen Kontaktdaten.<\/p>\n<ul>\n<li>Einladung per E-Mail zu f\u00fcr Sie relevanten, von uns organisierten Veranstaltungen,<\/li>\n<li>Empfehlung relevanter Inhalte f\u00fcr Sie per E-Mail,<\/li>\n<li>direkte Ansprache mit einem Angebot per E-Mail und Telefon,<\/li>\n<li>Anzeige gezielter Werbung f\u00fcr Sie per E-Mail.<\/li>\n<\/ul>\n<p>Das allgemeine Ziel personalisierter Marketingnachrichten besteht darin, die Bekanntheit des Verantwortlichen sowie seiner Produkte und Dienstleistungen bei interessierten Personen zu erh\u00f6hen. Dies wollen wir dadurch erreichen, dass wir Ihnen nur die f\u00fcr Sie relevanten Informationen zusenden, sofern Sie uns zuvor Ihre Einwilligung erteilt haben.<\/p>\n<p>(4) Rechtsgrundlage der Datenverarbeitung: Freiwillige Einwilligung der betroffenen Person [Art. 6 Abs. 1 Buchst. a DSGVO].<\/p>\n<p>Die freiwillige Einwilligung kann jederzeit widerrufen werden. Wir weisen Sie darauf hin, dass der Widerruf die Rechtm\u00e4\u00dfigkeit der bis zum Widerruf erfolgten Datenverarbeitung nicht ber\u00fchrt. Im L\u00f6schungsantrag sind zum Zweck der Identifizierung Name und E-Mail-Adresse anzugeben.<\/p>\n<p>(5) Empf\u00e4nger der personenbezogenen Daten bzw. Kategorien von Empf\u00e4ngern: Mitarbeiter der Gesellschaft, die mit Kundenservice- und Marketingaufgaben betraut sind, sowie die Auftragsverarbeiter der Gesellschaft als Datenverarbeiter.<\/p>\n<p>(6) Speicherdauer der personenbezogenen Daten: Bis zum Widerruf der Einwilligung durch die betroffene Person (L\u00f6schungsantrag).<\/p>\n<p><b>Datenverarbeitung im Zusammenhang mit der Einrichtung eines Kamerasyste<\/b><b>ms<\/b><\/p>\n<p>(1) Zweck der Datenverarbeitung: An unserem Standort 2870 Kisb\u00e9r, T\u00e9glagy\u00e1ri \u00fat, wo die Musterh\u00e4user besichtigt werden k\u00f6nnen, setzt unsere Gesellschaft ein elektronisches \u00dcberwachungssystem zum Schutz von Leben, k\u00f6rperlicher Unversehrtheit, pers\u00f6nlicher Freiheit, Gesch\u00e4ftsgeheimnissen und zum Schutz des Eigentums ein.<\/p>\n<p>(2) Rechtsgrundlage der Datenverarbeitung: Wahrnehmung der berechtigten Interessen des Verantwortlichen. (Art. 6 Abs. 1 Buchst. f DSGVO)<\/p>\n<p><i>Der Verantwortliche hat den Abw\u00e4gungsprozess (Interessenabw\u00e4gungstest) dokumentiert und unter Ber\u00fccksichtigung aller Umst\u00e4nde festgestellt, dass zum Schutz Ihrer Sicherheit sowie der Sicherheit anderer Personen, die sich in den Geb\u00e4uden (Fabrik, Gesch\u00e4fte) aufhalten, zur Wahrung der Ordnung in den Geb\u00e4uden und zum Schutz des Eigentums \u2013 auch unter Ber\u00fccksichtigung der kurzen Speicherdauer der Aufnahmen, der sorgf\u00e4ltigen Datensicherheitsma\u00dfnahmen und der Garantievorschriften, die die Wahrnehmung der Rechte der betroffenen Personen gew\u00e4hrleisten \u2013 der Betrieb des Kamerasystems rechtm\u00e4\u00dfig ist. Nach dem Ergebnis der Abw\u00e4gung \u00fcberwiegt insgesamt der Vorteil der Datenverarbeitung den Nachteil, der Ihnen durch die Aufzeichnung und Speicherung entsteht, und verursacht keine erheblichen Beeintr\u00e4chtigungen.<\/i><\/p>\n<p>(3) \u00dcber die Tatsache der Anwendung des elektronischen \u00dcberwachungssystems in einem bestimmten Bereich ist an gut sichtbarer und gut lesbarer Stelle ein Hinweis anzubringen, der Dritte, die das Gebiet betreten m\u00f6chten, informiert. Diese Information ist f\u00fcr jede einzelne Kamera anzugeben und muss den Umstand der \u00dcberwachung durch das elektronische Sicherheitssystem sowie den Zweck der Erstellung von Bild- und Tonaufnahmen mit personenbezogenen Daten enthalten.<\/p>\n<p>(4) Kreis der Betroffenen: Alle nat\u00fcrlichen Personen, die das durch das Kamerasystem \u00fcberwachte Gebiet betreten oder sich dort aufhalten (Mitarbeiter, Kunden, Klienten).<\/p>\n<p>(5) Umfang der verarbeitbaren personenbezogenen Daten: Alle auf dem Gel\u00e4nde des Verantwortlichen betriebenen Kameras f\u00fchren eine aufgezeichnete \u00dcberwachung durch.<\/p>\n<p>Das Kamerasystem erfasst das Bild der in den \u00fcberwachten Bereich eintretenden Personen sowie die darauf erkennbaren Handlungen. Das Kamerasystem zeichnet keine T\u00f6ne auf.<\/p>\n<p>(6) Datensicherheitsma\u00dfnahmen:<\/p>\n<p>a) Der Monitor zur Ansicht und Wiedergabe der Aufnahmen ist so aufzustellen, dass die Aufnahmen von Personen au\u00dferhalb des Berechtigtenkreises nicht eingesehen werden k\u00f6nnen.<\/p>\n<p>b) Die \u00dcberwachung und die Wiedergabe der gespeicherten Aufnahmen d\u00fcrfen ausschlie\u00dflich zum Zweck der Erkennung von rechtswidrigen Handlungen und zur Einleitung der erforderlichen Ma\u00dfnahmen zu deren Beendigung erfolgen.<\/p>\n<p>c) Von den von den Kameras \u00fcbertragenen Bildern d\u00fcrfen au\u00dferhalb der zentralen Aufnahmeeinheit keine weiteren Aufnahmen erstellt werden.<\/p>\n<p>d) Die Tr\u00e4germedien der Aufnahmen sind an einem verschlossenen Ort aufzubewahren.<\/p>\n<p>e) Der Zugriff auf die gespeicherten Aufnahmen darf nur in sicherer Weise erfolgen, sodass die Identit\u00e4t der zugreifenden Person feststellbar ist.<\/p>\n<p>f) Die Wiedergabe der gespeicherten Aufnahmen und die Anfertigung von Kopien daraus sind zu dokumentieren.<\/p>\n<p>g) Bei Wegfall der Berechtigung ist der Zugang zu den gespeicherten Aufnahmen unverz\u00fcglich zu sperren.<\/p>\n<p>h) Auf der im Aufnahmeger\u00e4t getrennt eingerichteten Festplatte laufen sowohl das Betriebssystem als auch die aufgezeichneten Aufnahmen. Es wird keine separate Sicherheitskopie der Aufnahmen erstellt.<\/p>\n<p>i) Nach Feststellung einer rechtswidrigen Handlung ist unverz\u00fcglich f\u00fcr die Speicherung der Aufnahme \u00fcber den Vorfall sowie f\u00fcr die Einleitung des erforderlichen beh\u00f6rdlichen Verfahrens zu sorgen; zudem ist die Beh\u00f6rde dar\u00fcber zu informieren, dass eine Bildaufnahme des Vorfalls vorliegt.<\/p>\n<p>(7) Empf\u00e4nger der personenbezogenen Daten bzw. Kategorien von Empf\u00e4ngern: Zugriff auf die durch das elektronische \u00dcberwachungssystem aufgezeichneten Daten haben neben den gesetzlich Berechtigten die Gesch\u00e4ftsf\u00fchrer und die Unternehmensleitung der Gesellschaft.<\/p>\n<p>(8) Speicherdauer der personenbezogenen Daten (Bildaufnahmen): maximal 30 Tage.<\/p>\n<p><b>Verarbeitung der personenbezogenen Daten von Bewerbern, Bewerbungsunterlagen und Lebensl\u00e4ufen<\/b><\/p>\n<p>(1) Umfang der verarbeitbaren personenbezogenen Daten: Name, Geburtsdatum, Geburtsort, Name der Mutter, Wohnadresse, Foto, Telefonnummer, E-Mail-Adresse, Daten \u00fcber beruflichen Werdegang, Praxis, Qualifikationen und Abschl\u00fcsse der nat\u00fcrlichen Person.<\/p>\n<p>Sofern es nach Einreichung der Bewerbung zu einem pers\u00f6nlichen Vorstellungsgespr\u00e4ch kommt, fertigt der Verantwortliche dar\u00fcber eine Notiz an, deren Inhalt ebenfalls als personenbezogene Daten gilt.<\/p>\n<p>(2) Zweck der Verarbeitung personenbezogener Daten:<\/p>\n<ul>\n<li>Identifizierung der betroffenen Person,<\/li>\n<li>Beurteilung der vom Betroffenen beim Verantwortlichen eingereichten Bewerbung,<\/li>\n<li>Teilnahme der betroffenen Person am Auswahlverfahren,<\/li>\n<li>Auswahl der geeigneten Person mit den erforderlichen F\u00e4higkeiten und Berufserfahrungen f\u00fcr die vom Verantwortlichen ausgeschriebene Stelle,<\/li>\n<li>Kontaktaufnahme mit der betroffenen Person und Kommunikation w\u00e4hrend des Auswahlverfahrens,<\/li>\n<li>Angebot einer sp\u00e4teren Besch\u00e4ftigungsm\u00f6glichkeit f\u00fcr die betroffene Person, falls diese vom Verantwortlichen nicht f\u00fcr die ausgeschriebene Stelle ausgew\u00e4hlt wird.<\/li>\n<\/ul>\n<p>(3) Rechtsgrundlage der Datenverarbeitung: Mit der Einreichung der Bewerbung erteilt die betroffene Person ihre Einwilligung (Art. 6 Abs. 1 Buchst. a DSGVO) zur Verarbeitung ihrer personenbezogenen Daten (die Einwilligung gilt bereits mit der Absendung der Bewerbung als erteilt).<\/p>\n<p>(4) Empf\u00e4nger der personenbezogenen Daten bzw. Kategorien von Empf\u00e4ngern: F\u00fchrungskr\u00e4fte der Gesellschaft, die zur Aus\u00fcbung von Arbeitgeberrechten befugt sind, sowie Mitarbeiter, die mit Personalaufgaben betraut sind. Wir weisen darauf hin, dass die Gesellschaft bei der Besetzung bestimmter Stellen die Unterst\u00fctzung eines Auftragsverarbeiters in Anspruch nehmen kann. In diesem Fall \u00fcbernimmt ein Fachpartner im Auftrag der Gesellschaft einzelne Phasen des Auswahlverfahrens, wobei die im Bewerbungsprozess \u00fcbermittelten Unterlagen zur Erreichung des Verarbeitungszwecks an den vertraglichen Auftragsverarbeiter der Gesellschaft weitergeleitet werden. Gleichzeitig wird gew\u00e4hrleistet, dass der Partner Ihre Daten ausschlie\u00dflich zu dem oben genannten Zweck verarbeitet. \u00dcber die Identit\u00e4t des Partners informieren wir Sie vor der Datenweitergabe.<\/p>\n<p>(5) Speicherdauer der personenbezogenen Daten: Der Verantwortliche l\u00f6scht die personenbezogenen Daten der betroffenen Person 1 Jahr nach Einreichung der Bewerbung oder verarbeitet diese bis zum Widerruf der Einwilligung durch die betroffene Person.<\/p>\n<p>Der Verantwortliche l\u00f6scht die von der betroffenen Person \u00fcbermittelten Dokumente auf deren Antrag hin unverz\u00fcglich. Fordert die betroffene Person die L\u00f6schung ihrer personenbezogenen Daten vor Abschluss des Auswahlverfahrens, so kann sie nicht am Auswahlverfahren teilnehmen.<\/p>\n<p><b>Wir informieren Sie dar\u00fcber, dass wir bei der Bewertung der Bewerbung auch \u00f6ffentlich zug\u00e4ngliche Informationen auf sozialen Netzwerken (Facebook, LinkedIn, Instagram, Twitter usw.) einsehen k\u00f6nnen. Diese werden ausschlie\u00dflich zu Informationszwecken verarbeitet, nicht kopiert, nicht ausgedruckt und in keiner Weise gespeichert.<\/b><\/p>\n<p><b>Datenverarbeitung zur Erf\u00fcllung steuerlicher und buchhalterischer Verpflichtungen<\/b><\/p>\n<p>(1) Die Gesellschaft verarbeitet auf Grundlage der Rechtsgrundlage \u201eErf\u00fcllung einer rechtlichen Verpflichtung\u201c die gesetzlich vorgeschriebenen Daten nat\u00fcrlicher Personen zum Zweck der Erf\u00fcllung von Steuer- und Buchhaltungspflichten (Buchf\u00fchrung, Besteuerung). Die verarbeiteten Daten sind insbesondere gem\u00e4\u00df Gesetz Nr. CXXVII von 2017 \u00fcber die Mehrwertsteuer \u00a7\u00a7 169 und 202: Steuernummer, Name, Adresse, Steuerstatus; gem\u00e4\u00df Gesetz Nr. C von 2000 \u00fcber das Rechnungswesen \u00a7 167: Name, Adresse, die anordnende Person oder Organisation der wirtschaftlichen Transaktion, die autorisierende und die die Ausf\u00fchrung best\u00e4tigende Person sowie je nach Organisation die Unterschrift des Pr\u00fcfers; auf Belegen \u00fcber Bestandsbewegungen und Zahlungsbelegen die Unterschrift des Empf\u00e4ngers, auf Quittungen die Unterschrift des Einzahlers; gem\u00e4\u00df Gesetz Nr. CXVII von 1995 \u00fcber die Einkommensteuer: Steueridentifikationsnummer.<\/p>\n<p>(2) Datenverarbeitung im Zusammenhang mit Fahrtenbuch- und Fahrtennachweisf\u00fchrung (bei Fahrzeugen, die von mehreren Berechtigten genutzt werden k\u00f6nnen): Die Gesellschaft verarbeitet auf Grundlage der Rechtsgrundlage \u201eErf\u00fcllung einer rechtlichen Verpflichtung\u201c die gesetzlich vorgeschriebenen Daten zur Kostenerfassung, Belegf\u00fchrung, Feststellung von Steuerbemessungsgrundlagen sowie zur Abrechnung von Kraftstoffersparnissen in Bezug auf die Nutzung von Firmenfahrzeugen und die dienstliche, gesch\u00e4ftliche Nutzung privater Fahrzeuge durch Mitarbeiter. Dazu geh\u00f6ren: Name des Fahrers, Typ und Kennzeichen des Fahrzeugs, Zeitpunkt und Zweck der Fahrt, zur\u00fcckgelegte Strecke, Name des besuchten Gesch\u00e4ftspartners. Ma\u00dfgebliche Rechtsgrundlage: Gesetz Nr. CXVII von 1995 (Einkommensteuergesetz), \u00a7 27 Abs. 2, Anhang 3 Nr. 6 und Anhang 5 Nr. 7.<\/p>\n<p>(3) Speicherdauer der personenbezogenen Daten: 8 Jahre nach Beendigung des Rechtsverh\u00e4ltnisses, das die Rechtsgrundlage bildet.<\/p>\n<p>(4) Empf\u00e4nger der personenbezogenen Daten: Mitarbeiter und Auftragsverarbeiter der Gesellschaft, die Aufgaben im Bereich Steuern, Buchhaltung, Lohnabrechnung und Sozialversicherung wahrnehmen.<\/p>\n<p><b>Datenverarbeitung durch den Auszahlungsverpflichteten<\/b><\/p>\n<p>(1) Die Gesellschaft verarbeitet auf Grundlage der Rechtsgrundlage \u201eErf\u00fcllung einer rechtlichen Verpflichtung\u201c die in Steuergesetzen vorgeschriebenen personenbezogenen Daten derjenigen Betroffenen \u2013 Arbeitnehmer, deren Familienangeh\u00f6rige, Besch\u00e4ftigte, sonstige Leistungsempf\u00e4nger \u2013, zu denen ein Auszahlungsverh\u00e4ltnis besteht [Gesetz Nr. CL von 2017 \u00fcber die Abgabenordnung (Art.) \u00a7 7 Ziff. 31.], zum Zweck der Erf\u00fcllung gesetzlicher Steuer- und Abgabenpflichten (Feststellung von Steuer, Steuer-Vorauszahlung, Abgaben, Lohnabrechnung, Sozialversicherungs- und Rentenverwaltung). Der Umfang der verarbeiteten Daten ist in Art. \u00a7 50 festgelegt, insbesondere: die personenbezogenen Identifikationsdaten der nat\u00fcrlichen Person (einschlie\u00dflich fr\u00fcherer Name und Titel), Geschlecht, Staatsangeh\u00f6rigkeit, Steueridentifikationsnummer, Sozialversicherungsnummer (TAJ-Nummer). Soweit Steuergesetze dies mit Rechtsfolgen versehen, kann die Gesellschaft auch Gesundheitsdaten der Arbeitnehmer (EStG \u00a7 40) sowie Daten zur Gewerkschaftszugeh\u00f6rigkeit (EStG \u00a7 47 Abs. 2 b.\/) zum Zweck der Erf\u00fcllung von Steuer- und Abgabenpflichten (Lohnabrechnung, Sozialversicherungsverwaltung) verarbeiten.<\/p>\n<p>(2) Speicherdauer der personenbezogenen Daten: 8 Jahre nach Beendigung des Rechtsverh\u00e4ltnisses, das die Rechtsgrundlage bildet.<\/p>\n<p>(3) Empf\u00e4nger der personenbezogenen Daten: Mitarbeiter und Auftragsverarbeiter der Gesellschaft, die steuerliche, lohnabrechnungstechnische und sozialversicherungsrechtliche (auszahlungsverpflichtete) Aufgaben wahrnehmen.<\/p>\n<p><b>Datenverarbeitung in Bezug auf nach dem Archivgesetz dauerhaft aufzubewahrende Unterlagen<\/b><\/p>\n<p>(1) Die Gesellschaft verarbeitet auf Grundlage der Rechtsgrundlage \u201eErf\u00fcllung einer rechtlichen Verpflichtung\u201c ihre nach dem Gesetz Nr. LXVI von 1995 \u00fcber \u00f6ffentliche Dokumente, \u00f6ffentliche Archive und den Schutz privaten Archivguts (Archivgesetz) als dauerhaft wertvoll eingestuften Unterlagen, um sicherzustellen, dass der dauerhaft wertvolle Teil der Archivmaterialien der Gesellschaft auch f\u00fcr k\u00fcnftige Generationen in unversehrtem und nutzbarem Zustand erhalten bleibt. Speicherdauer: bis zur \u00dcbergabe an das \u00f6ffentliche Archiv.<\/p>\n<p>(2) Empf\u00e4nger der personenbezogenen Daten: der Leiter der Gesellschaft, der mit Dokumentenverwaltung und Archivierung betraute Mitarbeiter sowie die Mitarbeiter des \u00f6ffentlichen Archivs.<\/p>\n<h4><b>V. KAPITEL<br \/>\n<\/b>DATENVERARBEITUNG VON BESUCHERN AUF DER WEBSITE DER GESELLSCHAFT \u2013 INFORMATIONEN \u00dcBER DIE VERWENDUNG VON COOKIES<\/h4>\n<p>1. Die Besucher der Website sind auf der Website \u00fcber die Verwendung von Cookies zu informieren, und hierf\u00fcr ist \u2013 mit Ausnahme der technisch unbedingt erforderlichen Sitzungscookies (Session-Cookies) \u2013 ihre Einwilligung einzuholen.<\/p>\n<p>Ein Cookie ist eine kleine Textdatei, die im langfristigen Speicher des Computers oder mobilen Ger\u00e4ts der betroffenen Person (HDD, SSD) f\u00fcr die im Cookie festgelegte G\u00fcltigkeitsdauer gespeichert wird und bei sp\u00e4teren Besuchen erneut aktiviert wird. Sein Zweck ist es, Daten im Zusammenhang mit dem Besuch sowie pers\u00f6nliche Einstellungen zu speichern; diese k\u00f6nnen jedoch nicht mit der Person des Besuchers in Verbindung gebracht werden. Cookies helfen bei der Gestaltung einer benutzerfreundlichen Website und dienen der Verbesserung des Online-Erlebnisses der betroffenen Person. Wenn die betroffene Person nicht damit einverstanden ist, dass der Auftragsverarbeiter Cookies verwendet, muss sie die Nutzung der Website beenden.<\/p>\n<p><b>Zweck der Datenverarbeitung:<\/b><\/p>\n<ul>\n<li>Erfassung Ihrer Einstellungen und Nutzungsgewohnheiten zur Erleichterung der Navigation auf der Website und damit der Nutzung der Website.<\/li>\n<li>Verbesserung des Benutzererlebnisses, indem wir Informationen dar\u00fcber sammeln, wie Sie die Website nutzen, welche Seiten Sie besuchen oder am h\u00e4ufigsten verwenden, sodass wir erfahren, wie wir Ihnen beim n\u00e4chsten Besuch ein noch besseres Benutzererlebnis bieten k\u00f6nnen.<\/li>\n<li>Sammlung von Statistiken, deren Analyse hilft zu verstehen, wie Sie die Website und weitere Online-Dienste nutzen, sodass wir diese weiterentwickeln k\u00f6nnen.<\/li>\n<li>Weiterentwicklung und Feinabstimmung der Website entsprechend Ihren Bed\u00fcrfnissen.<\/li>\n<li>Identifizierung m\u00f6glicher b\u00f6swilliger IT-Aktivit\u00e4ten.<\/li>\n<\/ul>\n<p>Rechtsgrundlage der Datenverarbeitung:<b> Im Falle der f\u00fcr das ordnungsgem\u00e4\u00dfe Funktionieren der Website unbedingt erforderlichen Cookies das berechtigte Interesse des Verantwortlichen [Art. 6 Abs. 1 Buchst. f DSGVO].<\/b><\/p>\n<p><b>Der Verantwortliche hat ein berechtigtes Interesse an der Gew\u00e4hrleistung des sicheren Betriebs seiner Website.<\/b><\/p>\n<p>Sofern die Rechtsgrundlage der Datenverarbeitung das vom Verantwortlichen geltend gemachte berechtigte Interesse ist, haben Sie als betroffene Person (d. h. als Nutzer oder Besucher der Website) das Recht, jederzeit aus Gr\u00fcnden, die sich aus Ihrer besonderen Situation ergeben, Widerspruch gegen die Verarbeitung Ihrer personenbezogenen Daten auf dieser Grundlage einzulegen. In solchen F\u00e4llen ist der Verantwortliche verpflichtet, den von der betroffenen Person eingelegten Widerspruch inhaltlich zu pr\u00fcfen und auf Grundlage der von ihm durchgef\u00fchrten sogenannten Interessenabw\u00e4gung (Vergleich der Interessen des Verantwortlichen und der betroffenen Person) \u00fcber die Fortsetzung, eventuelle Einschr\u00e4nkung oder Beendigung der Datenverarbeitung zu entscheiden. Zum Nachweis seiner berechtigten Interessen hat der Verantwortliche einen sogenannten Interessenabw\u00e4gungstest erstellt.<\/p>\n<p>Die Rechtsgrundlage f\u00fcr die Verarbeitung sonstiger Cookies ist die freiwillige Einwilligung der betroffenen Person [Art. 6 Abs. 1 Buchst. a DSGVO]. Die freiwillige Einwilligung kann jederzeit widerrufen werden. Wir weisen Sie darauf hin, dass der Widerruf die Rechtm\u00e4\u00dfigkeit der bis zum Widerruf erfolgten Datenverarbeitung nicht ber\u00fchrt. Im L\u00f6schungsantrag sind zum Zweck der Identifizierung Name und E-Mail-Adresse anzugeben.<\/p>\n<p>Umfang der von der Datenverarbeitung betroffenen Daten: Durch das Setzen und Auslesen von Cookies werden Daten und Informationen verarbeitet, die mit der Nutzung und dem Browsen der Website durch die Besucher im Zusammenhang stehen, entsprechend den Zwecken der Datenverarbeitung.<\/p>\n<p>Dauer der Datenverarbeitung: Es wird unterschieden zwischen Cookies, die bis zum Ende der jeweiligen Sitzung gespeichert werden, und solchen, die f\u00fcr eine l\u00e4ngere, bestimmte Dauer gespeichert werden. Die verschiedenen Cookies werden nur f\u00fcr die Zeit gespeichert, die zur Erreichung des jeweiligen Zwecks erforderlich ist. Die betroffene Person kann die auf ihrem Computer oder Mobiltelefon gespeicherten Cookies jederzeit \u00fcber die Einstellungen ihres Browsers l\u00f6schen.<\/p>\n<p><b>2. Detaillierte Informationen \u00fcber Cookies<\/b><\/p>\n<p><b><i>2.1.<\/i><\/b>Ein Cookie ist eine von der besuchten Website an den Browser des Besuchers gesendete Datenmenge (in Form von Variablenname-Wert), die dort gespeichert wird und deren Inhalt sp\u00e4ter von derselben Website erneut geladen werden kann. Ein Cookie kann eine bestimmte G\u00fcltigkeitsdauer haben, bis zum Schlie\u00dfen des Browsers g\u00fcltig sein oder auch unbegrenzt. Bei jeder weiteren HTTP(S)-Anfrage sendet der Browser diese Daten ebenfalls an den Server. Dadurch werden Daten auf dem Ger\u00e4t des Nutzers ver\u00e4ndert.<\/p>\n<p><i><b>2.2. <\/b><\/i>Aufgrund der Natur moderner Webdienste sind Cookies erforderlich, deren Funktion darin besteht, einen Nutzer zu kennzeichnen (z. B. dass er sich auf der Seite eingeloggt hat) und ihn entsprechend zu verwalten, ihn bei sp\u00e4teren Besuchen sogar zu identifizieren. Die Gefahr besteht darin, dass der Nutzer dar\u00fcber nicht immer informiert ist und die M\u00f6glichkeit besteht, dass der Website-Betreiber oder ein anderer in die Seite eingebundener Dienstleister (z. B. Facebook, Google Analytics) den Nutzer verfolgt und dadurch ein Profil \u00fcber ihn erstellt. In diesem Fall kann der Inhalt des Cookies als personenbezogenes Datum angesehen werden.<\/p>\n<p><i><b>2.3.<\/b><\/i> Arten von Cookies:<\/p>\n<p>2.3.1. Technisch unbedingt erforderliche Sitzungscookies (Session-Cookies): Ohne diese w\u00fcrde die Seite funktional nicht funktionieren. Sie sind notwendig, um den Nutzer zu identifizieren, z. B. ob er eingeloggt ist, was er in den Warenkorb gelegt hat usw. Typischerweise wird dabei nur eine Session-ID gespeichert, alle weiteren Daten werden auf dem Server gespeichert, was sicherer ist. Es gibt sicherheitsrelevante Aspekte: Ist der Wert des Session-Cookies nicht korrekt generiert, besteht die Gefahr eines Session-Hijacking-Angriffs. Daher ist es unbedingt erforderlich, dass diese Werte ordnungsgem\u00e4\u00df generiert werden. Nach anderer Terminologie werden alle Cookies, die beim Schlie\u00dfen des Browsers gel\u00f6scht werden, Session-Cookies genannt (eine Session entspricht der Nutzung des Browsers von Start bis Beenden).<\/p>\n<p><b><i>2.3.2.<\/i><\/b> Nutzungsunterst\u00fctzende Cookies: Dies sind Cookies, die sich die Auswahl des Nutzers merken, z. B. in welcher Form er die Seite angezeigt bekommen m\u00f6chte. Diese Art von Cookies speichern im Wesentlichen die im Cookie hinterlegten Einstellungsdaten.<\/p>\n<p><b><i>2.3.3.<\/i><\/b> Leistungsbezogene Cookies: Auch wenn sie mit \u201eLeistung\u201c wenig zu tun haben, werden sie in der Regel so genannt. Dabei handelt es sich um Cookies, die Informationen \u00fcber das Verhalten des Nutzers auf der besuchten Website sammeln, z. B. die dort verbrachte Zeit, Klicks. Typischerweise handelt es sich hierbei um Anwendungen Dritter (z. B. Google Analytics, AdWords oder Yandex.ru-Cookies). Diese sind geeignet, ein Profil \u00fcber den Besucher zu erstellen.<\/p>\n<p>Informationen zu den Google Analytics Cookies finden Sie hier:<\/p>\n<p><a href=\"https:\/\/developers.google.com\/analytics\/devguides\/collection\/analyticsjs\/cookie-usage\">https:\/\/developers.google.com\/analytics\/devguides\/collection\/analyticsjs\/cookie-usage<\/a><\/p>\n<p>Informationen zu den Google AdWords Cookies finden Sie hier:<\/p>\n<p><a href=\"https:\/\/support.google.com\/adwords\/answer\/2407785?hl=de\">https:\/\/support.google.com\/adwords\/answer\/2407785?hl=de<\/a><\/p>\n<p><b><i>2.4. <\/i><\/b>Die Verwendung von Cookies zu akzeptieren und diese zu erlauben, ist nicht verpflichtend. Sie k\u00f6nnen die Einstellungen Ihres Browsers so \u00e4ndern, dass er alle Cookies ablehnt oder Sie benachrichtigt, wenn ein Cookie gesendet wird. Obwohl die meisten Browser Cookies standardm\u00e4\u00dfig automatisch akzeptieren, lassen sich diese Einstellungen in der Regel \u00e4ndern, um die automatische Annahme zu verhindern.<\/p>\n<p><b>Informationen zu den Cookie-Einstellungen der beliebtesten Browser finden Sie unter den folgenden Links:<\/b><\/p>\n<p>Google Chrome: <a href=\"https:\/\/support.google.com\/accounts\/answer\/61416?hl=de\">https:\/\/support.google.com\/accounts\/answer\/61416?hl=de<\/a><\/p>\n<p>Firefox: <a href=\"https:\/\/support.mozilla.org\/de\/kb\/cookies-erlauben-und-ablehnen\">https:\/\/support.mozilla.org\/de\/kb\/cookies-erlauben-und-ablehnen<\/a><\/p>\n<p>Microsoft Internet Explorer 11: <a href=\"http:\/\/windows.microsoft.com\/de-de\/internet-explorer\/delete-manage-cookies#ie=ie-11\">http:\/\/windows.microsoft.com\/de-de\/internet-explorer\/delete-manage-cookies#ie=ie-11<\/a><\/p>\n<p>Microsoft Internet Explorer 10: <a href=\"http:\/\/windows.microsoft.com\/de-de\/internet-explorer\/delete-manage-cookies#ie=ie-10-win-7\">http:\/\/windows.microsoft.com\/de-de\/internet-explorer\/delete-manage-cookies#ie=ie-10-win-7<\/a><\/p>\n<p>Microsoft Internet Explorer 9: <a href=\"http:\/\/windows.microsoft.com\/de-de\/internet-explorer\/delete-manage-cookies#ie=ie-9\">http:\/\/windows.microsoft.com\/de-de\/internet-explorer\/delete-manage-cookies#ie=ie-9<\/a><\/p>\n<p>Microsoft Internet Explorer 8: <a href=\"http:\/\/windows.microsoft.com\/de-de\/internet-explorer\/delete-manage-cookies#ie=ie-8\">http:\/\/windows.microsoft.com\/de-de\/internet-explorer\/delete-manage-cookies#ie=ie-8<\/a><\/p>\n<p>Microsoft Edge: <a href=\"http:\/\/windows.microsoft.com\/de-de\/windows-10\/edge-privacy-faq\">http:\/\/windows.microsoft.com\/de-de\/windows-10\/edge-privacy-faq<\/a><\/p>\n<p>Safari: <a href=\"https:\/\/support.apple.com\/de-de\/HT201265\">https:\/\/support.apple.com\/de-de\/HT201265<\/a><\/p>\n<p>Wir weisen jedoch darauf hin, dass bestimmte Website-Funktionen oder -Dienste ohne Cookies m\u00f6glicherweise nicht ordnungsgem\u00e4\u00df funktionieren.<\/p>\n<p><b>3. Informationen \u00fcber die auf der Website des Unternehmens verwendeten Cookies sowie \u00fcber die w\u00e4hrend des Besuchs erfassten Daten<\/b><\/p>\n<p><b>3.1. Datenkategorien, die w\u00e4hrend des Besuchs verarbeitet werden:<\/b><\/p>\n<p>Unsere Website kann w\u00e4hrend der Nutzung folgende Daten \u00fcber den Besucher bzw. das von ihm verwendete Ger\u00e4t erfassen und verarbeiten:<\/p>\n<ul>\n<li>die vom Besucher verwendete IP-Adresse,<\/li>\n<li>den Browsertyp,<\/li>\n<li>die Eigenschaften des auf dem Ger\u00e4t installierten Betriebssystems (eingestellte Sprache),<\/li>\n<li>Zeitpunkt des Besuchs,<\/li>\n<li>die besuchte(n) (Unter-)Seite(n), Funktion(en) oder Dienstleistung(en),<\/li>\n<li>Klicks.<\/li>\n<\/ul>\n<p><b>Diese Daten werden maximal 90 Tage lang gespeichert und in erster Linie zur Untersuchung von Sicherheitsvorf\u00e4llen verwendet.<\/b><\/p>\n<p><b>3.2. Auf der Website verwendete Cookies<\/b><\/p>\n<p><b>3.2.1. Technisch unbedingt erforderliche Sitzungs-Cookies <\/b>(Session-Cookies)<\/p>\n<p>Der Zweck der Datenverarbeitung ist die Sicherstellung des ordnungsgem\u00e4\u00dfen Funktionierens der Website. Diese Cookies sind notwendig, damit die Besucher die Website durchsuchen, ihre Funktionen reibungslos und vollst\u00e4ndig nutzen sowie die \u00fcber die Website zug\u00e4nglichen Dienste in Anspruch nehmen k\u00f6nnen, insbesondere das Merken der vom Besucher auf den einzelnen Seiten vorgenommenen Aktionen oder die Identifizierung des eingeloggten Nutzers w\u00e4hrend eines Besuchs. Die Dauer der Datenverarbeitung dieser Cookies bezieht sich ausschlie\u00dflich auf den aktuellen Besuch des Nutzers; nach Beendigung der Sitzung bzw. beim Schlie\u00dfen des Browsers werden diese Cookies automatisch vom Computer gel\u00f6scht.<\/p>\n<p>Die Rechtsgrundlage dieser Datenverarbeitung ist \u00a7 13\/A Abs. 3 des Gesetzes CVIII von 2001 \u00fcber bestimmte Fragen der Dienste des elektronischen Gesch\u00e4ftsverkehrs sowie der Dienste der Informationsgesellschaft, wonach der Dienstleister personenbezogene Daten zum Zweck der Erbringung der Dienstleistung verarbeiten darf, soweit dies technisch unbedingt erforderlich ist. Der Dienstleister hat bei ansonsten gleichen Bedingungen die im Zusammenhang mit der Erbringung von Diensten der Informationsgesellschaft eingesetzten Mittel so zu w\u00e4hlen und in jedem Fall so zu betreiben, dass eine Verarbeitung personenbezogener Daten nur erfolgt, wenn dies zur Erbringung der Dienstleistung und zur Erf\u00fcllung der in diesem Gesetz festgelegten weiteren Zwecke unbedingt erforderlich ist, jedoch auch in diesem Fall nur im notwendigen Umfang und f\u00fcr die notwendige Dauer.<\/p>\n<p><b>3.2.2. Nutzungsunterst\u00fctzende Cookies:<\/b><\/p>\n<p>Diese merken sich die Entscheidungen des Nutzers, zum Beispiel in welcher Form der Nutzer die Seite sehen m\u00f6chte. Diese Art von Cookies stellen im Wesentlichen die im Cookie gespeicherten Einstellungsdaten dar.<\/p>\n<p>Die Rechtsgrundlage der Datenverarbeitung ist die Einwilligung des Besuchers.<\/p>\n<p>Der Zweck der Datenverarbeitung: Erh\u00f6hung der Effizienz des Dienstes, Verbesserung des Benutzererlebnisses, komfortablere Nutzung der Website.<\/p>\n<p><i>Diese Daten befinden sich in der Regel auf dem Computer des Nutzers, die Website greift lediglich darauf zu und kann den Besucher dadurch erkennen.<\/i><\/p>\n<p><b>3.2.3. Leistungsbezogene Cookies:<\/b><\/p>\n<p>Sie sammeln Informationen \u00fcber das Verhalten des Nutzers auf der besuchten Website, \u00fcber die dort verbrachte Zeit und die Klicks.<\/p>\n<p>Rechtsgrundlage der Datenverarbeitung: die Einwilligung der betroffenen Person.<\/p>\n<p>Zweck der Datenverarbeitung: Analyse der Website, Versand von Werbeangeboten.<\/p>\n<h4><b>VI. KAPITEL<br \/>\n<\/b>INFORMATIONEN \u00dcBER DIE RECHTE DER BETROFFENEN PERSON<\/h4>\n<p><b>I. Ihre Rechte in K\u00fcrze zusammengefasst:<\/b><\/p>\n<p><b>Sie k\u00f6nnen beim Verantwortlichen Folgendes beantragen:<\/b><\/p>\n<ul>\n<li>Auskunft \u00fcber die Verarbeitung Ihrer personenbezogenen Daten (vor Beginn der Verarbeitung sowie w\u00e4hrend der Verarbeitung). Ihr Auskunftsrecht wird durch die Erstellung und Ver\u00f6ffentlichung dieser Datenschutzerkl\u00e4rung gew\u00e4hrleistet.<\/li>\n<li>Zugang zu Ihren personenbezogenen Daten (Bereitstellung Ihrer personenbezogenen Daten durch den Verantwortlichen),<\/li>\n<li>Berichtigung oder Erg\u00e4nzung Ihrer personenbezogenen Daten,<\/li>\n<li>L\u00f6schung oder Einschr\u00e4nkung (Sperrung) Ihrer personenbezogenen Daten \u2013 mit Ausnahme der verpflichtenden Datenverarbeitung,<\/li>\n<li>Recht auf Daten\u00fcbertragbarkeit,<\/li>\n<li>Widerspruch gegen die Verarbeitung Ihrer personenbezogenen Daten,<\/li>\n<li>das Recht, nicht einer ausschlie\u00dflich auf einer automatisierten Datenverarbeitung \u2013 einschlie\u00dflich Profiling \u2013 beruhenden Entscheidung unterworfen zu werden, die Ihnen gegen\u00fcber rechtliche Wirkung entfaltet oder Sie in \u00e4hnlicher Weise erheblich beeintr\u00e4chtigt,<\/li>\n<li>Recht auf Rechtsbehelf.<\/li>\n<\/ul>\n<p>Sie k\u00f6nnen Ihren Antrag als betroffene Person in Bezug auf die Datenverarbeitung gem\u00e4\u00df dem Kapitel \u00fcber Rechtsdurchsetzung und Rechtsbehelfe schriftlich beim Verantwortlichen einreichen. Der Verantwortliche erf\u00fcllt Ihren rechtm\u00e4\u00dfigen Antrag innerhalb von h\u00f6chstens 30 Tagen und informiert Sie dar\u00fcber in einem Schreiben an die von Ihnen angegebene Kontaktadresse.<\/p>\n<p><b>II. Ihre Rechte im Einzelnen:<\/b><\/p>\n<p><b>Das Recht auf Auskunft (auf Grundlage der in den Artikeln 13\u201314 der DSGVO festgelegten Pflichten des Verantwortlichen)<\/b><\/p>\n<p>Gem\u00e4\u00df dem Kapitel \u00fcber Rechtsdurchsetzung und Rechtsbehelfe in Bezug auf die Datenverarbeitung k\u00f6nnen Sie vom Verantwortlichen schriftlich Auskunft dar\u00fcber verlangen,<\/p>\n<ul>\n<li>welche personenbezogenen Daten von Ihnen<\/li>\n<li>auf welcher Rechtsgrundlage<\/li>\n<li>zu welchem Zweck<\/li>\n<li>aus welcher Quelle<\/li>\n<li>f\u00fcr welchen Zeitraum verarbeitet werden,<\/li>\n<li>ob ein Auftragsverarbeiter eingesetzt wird; wenn ja, den Namen, die Anschrift und die mit der Datenverarbeitung verbundenen T\u00e4tigkeiten des betreffenden Auftragsverarbeiters,<\/li>\n<li>wem, wann, auf welcher Rechtsgrundlage und zu welchen Ihrer personenbezogenen Daten der Verantwortliche Zugang gew\u00e4hrt hat oder wem er Ihre personenbezogenen Daten \u00fcbermittelt hat,<\/li>\n<li>sowie \u00fcber die Umst\u00e4nde, Auswirkungen und die zur Abwehr getroffenen Ma\u00dfnahmen eines etwaigen Datenschutzvorfalls.<\/li>\n<\/ul>\n<p><b>Das Recht auf Zugang (auf Grundlage von Artikel 15 der DSGVO)<\/b><\/p>\n<p>Sie haben das Recht, vom Verantwortlichen eine Best\u00e4tigung dar\u00fcber zu erhalten, ob eine Verarbeitung Ihrer personenbezogenen Daten stattfindet, und, falls eine solche Verarbeitung stattfindet, das Recht auf Zugang zu diesen personenbezogenen Daten. Dieses Auskunftsrecht k\u00f6nnen Sie gem\u00e4\u00df dem Kapitel \u00fcber Rechtsdurchsetzung und Rechtsbehelfe in Bezug auf die Datenverarbeitung schriftlich beim Verantwortlichen geltend machen.<\/p>\n<p>Der Verantwortliche stellt Ihnen eine Kopie der personenbezogenen Daten, die Gegenstand der Verarbeitung sind, zur Verf\u00fcgung \u2013 sofern dem keine anderen gesetzlichen Bestimmungen entgegenstehen. Wenn Sie den Antrag elektronisch gestellt haben, m\u00fcssen die Informationen in einem g\u00e4ngigen elektronischen Format bereitgestellt werden, es sei denn, Sie w\u00fcnschen ausdr\u00fccklich eine andere Form.<\/p>\n<p><b>Das Recht auf Berichtigung und Erg\u00e4nzung (auf Grundlage von Artikel 16 der DSGVO)<\/b><\/p>\n<p>Sie k\u00f6nnen gem\u00e4\u00df dem Kapitel \u00fcber Rechtsdurchsetzung und Rechtsbehelfe in Bezug auf die Datenverarbeitung schriftlich beantragen, dass der Verantwortliche bestimmte personenbezogene Daten \u00e4ndert (zum Beispiel k\u00f6nnen Sie jederzeit Ihre E-Mail-Adresse oder Ihre Postanschrift \u00e4ndern oder verlangen, dass der Verantwortliche unrichtige personenbezogene Daten berichtigt).<\/p>\n<p>Unter Ber\u00fccksichtigung des Zwecks der Verarbeitung haben Sie au\u00dferdem das Recht, die Vervollst\u00e4ndigung unvollst\u00e4ndiger personenbezogener Daten, die vom Verantwortlichen verarbeitet werden, zu verlangen.<\/p>\n<p><b>Das Recht auf L\u00f6schung (auf Grundlage von Artikel 17 der DSGVO)<\/b><\/p>\n<p>Die L\u00f6schung personenbezogener Daten kann grunds\u00e4tzlich dann beantragt werden, wenn unsere Datenverarbeitung auf Ihrer freiwilligen Einwilligung beruht, z. B. wenn Sie eingewilligt haben, dass wir Ihre Daten (Telefonnummer, E-Mail-Adresse) verarbeiten. In einem solchen Fall l\u00f6schen wir Ihre personenbezogenen Daten.<\/p>\n<p>Ihre freiwillige Einwilligung kann jederzeit widerrufen werden. Wir weisen Sie darauf hin, dass der Widerruf die Rechtm\u00e4\u00dfigkeit der vor dem Widerruf erfolgten Datenverarbeitung nicht ber\u00fchrt. In Ihrem L\u00f6schungsantrag bitten wir Sie, zu Identifikationszwecken Ihren Namen und Ihre E-Mail-Adresse anzugeben.<\/p>\n<p><b>Das Recht auf Einschr\u00e4nkung der Verarbeitung (auf Grundlage von Artikel 18 der DSGVO)<\/b><\/p>\n<p>Sie k\u00f6nnen gem\u00e4\u00df dem Kapitel \u00fcber Rechtsdurchsetzung und Rechtsbehelfe in Bezug auf die Datenverarbeitung schriftlich beantragen, dass der Verantwortliche Ihre personenbezogenen Daten sperrt (durch eine eindeutige Kennzeichnung der eingeschr\u00e4nkten Verarbeitung und die getrennte Aufbewahrung von anderen Daten).<\/p>\n<p>Die Sperrung dauert so lange, wie der von Ihnen angegebene Grund die Speicherung der Daten erforderlich macht. Sie k\u00f6nnen beispielsweise die Sperrung verlangen, wenn Sie der Ansicht sind, dass der Verantwortliche Ihre Eingabe unrechtm\u00e4\u00dfig verarbeitet hat, es jedoch f\u00fcr das von Ihnen eingeleitete beh\u00f6rdliche oder gerichtliche Verfahren notwendig ist, dass der Verantwortliche die Eingabe nicht l\u00f6scht.<\/p>\n<p>In diesem Fall bewahrt der Verantwortliche die personenbezogenen Daten (z. B. die betreffende Eingabe) bis zur Anfrage der Beh\u00f6rde oder des Gerichts weiterhin auf und l\u00f6scht die Daten anschlie\u00dfend.<\/p>\n<p><b>Recht auf Daten\u00fcbertragbarkeit (auf Grundlage von Artikel 20 der DSGVO)<\/b><\/p>\n<p>Sie k\u00f6nnen gem\u00e4\u00df dem Kapitel \u00fcber Rechtsdurchsetzung und Rechtsbehelfe in Bezug auf die Datenverarbeitung schriftlich beantragen, dass Sie die Sie betreffenden personenbezogenen Daten, die Sie dem Verantwortlichen bereitgestellt haben, in einem strukturierten, g\u00e4ngigen und maschinenlesbaren Format erhalten. Au\u00dferdem haben Sie das Recht, diese Daten einem anderen Verantwortlichen zu \u00fcbermitteln, ohne dass der Verantwortliche Sie daran hindert, sofern<\/p>\n<ul>\n<li>die Verarbeitung auf einer Einwilligung nach Artikel 6 Absatz 1 Buchstabe a oder Artikel 9 Absatz 2 Buchstabe a der DSGVO beruht, oder<\/li>\n<li>auf einem Vertrag nach Artikel 6 Absatz 1 Buchstabe b der DSGVO basiert; und<\/li>\n<li>die Verarbeitung mithilfe automatisierter Verfahren erfolgt.<\/li>\n<\/ul>\n<p><b>Recht auf Widerspruch (auf Grundlage von Artikel 21 der DSGVO)<\/b><\/p>\n<p>Sie k\u00f6nnen gem\u00e4\u00df den im Kapitel \u00fcber Rechtsdurchsetzung und Rechtsbehelfe angegebenen Kontaktm\u00f6glichkeiten schriftlich Widerspruch gegen die Verarbeitung Ihrer personenbezogenen Daten einlegen, wenn diese gem\u00e4\u00df Artikel 6 Absatz 1 Buchstabe f der DSGVO zur Wahrung der berechtigten Interessen des Verantwortlichen oder eines Dritten erforderlich ist, einschlie\u00dflich eines auf diese Bestimmungen gest\u00fctzten Profilings.<\/p>\n<p>In diesem Fall verarbeitet der Verantwortliche die personenbezogenen Daten nicht weiter, es sei denn, er kann zwingende schutzw\u00fcrdige Gr\u00fcnde f\u00fcr die Verarbeitung nachweisen, die den Interessen, Rechten und Freiheiten der betroffenen Person \u00fcberwiegen, oder die Verarbeitung dient der Geltendmachung, Aus\u00fcbung oder Verteidigung von Rechtsanspr\u00fcchen.<\/p>\n<p><b>Automatisierte Entscheidungen im Einzelfall einschlie\u00dflich Profiling (auf Grundlage von Artikel 22 der DSGVO)<\/b><\/p>\n<p>Sie haben das Recht, nicht einer ausschlie\u00dflich auf einer automatisierten Verarbeitung \u2013 einschlie\u00dflich Profiling \u2013 beruhenden Entscheidung unterworfen zu werden, die Ihnen gegen\u00fcber rechtliche Wirkung entfaltet oder Sie in \u00e4hnlicher Weise erheblich beeintr\u00e4chtigt.<\/p>\n<p>Dieses Recht gilt nicht, wenn die Entscheidung:<\/p>\n<p>a) f\u00fcr den Abschluss oder die Erf\u00fcllung eines Vertrags zwischen Ihnen und dem Verantwortlichen erforderlich ist;<\/p>\n<p>b) aufgrund von Unionsrecht oder dem Recht eines Mitgliedstaates zul\u00e4ssig ist, dem der Verantwortliche unterliegt, und das auch angemessene Ma\u00dfnahmen zum Schutz Ihrer Rechte, Freiheiten und berechtigten Interessen vorsieht; oder<\/p>\n<p>c) auf Ihrer ausdr\u00fccklichen Einwilligung beruht.<\/p>\n<p>In den unter a) und c) genannten F\u00e4llen ist der Verantwortliche verpflichtet, angemessene Ma\u00dfnahmen zum Schutz Ihrer Rechte, Freiheiten und berechtigten Interessen zu treffen, wozu mindestens das Recht geh\u00f6rt, ein Eingreifen einer Person seitens des Verantwortlichen zu erwirken, den eigenen Standpunkt darzulegen und die Entscheidung anzufechten.<\/p>\n<h4><b>VII. KAPITEL<br \/>\n<\/b>DURCHSETZUNG UND RECHTSBEHELFE IM ZUSAMMENHANG MIT DER DATENVERARBEITUNG<\/h4>\n<p><b>Kontaktaufnahme mit dem Verantwortlichen<\/b><\/p>\n<p>Wir empfehlen, dass Sie vor der Einleitung eines Gerichts- oder Verwaltungsverfahrens Ihr Anliegen oder Ihre Beschwerde im Zusammenhang mit der Verarbeitung Ihrer personenbezogenen Daten an den Verantwortlichen senden, damit wir diese pr\u00fcfen und zufriedenstellend beheben k\u00f6nnen, sowie damit wir \u2013 bei entsprechender Begr\u00fcndetheit \u2013 Ihrem Antrag oder Anspruch gem\u00e4\u00df dem Kapitel \u201eInformationen \u00fcber die Rechte der betroffenen Person\u201c nachkommen k\u00f6nnen.<\/p>\n<p>Der Verantwortliche pr\u00fcft ohne unangemessene Verz\u00f6gerung und innerhalb der jeweils gesetzlich vorgeschriebenen Fristen Ihr Anliegen im Zusammenhang mit der Geltendmachung eines Rechts auf Datenverarbeitung, eines Auskunftsersuchens oder eines Widerspruchs bzw. einer Beschwerde und ergreift entsprechende Ma\u00dfnahmen. Zudem informiert er Sie \u00fcber den Vorgang. Gegebenenfalls kann diese Frist unter Ber\u00fccksichtigung der Komplexit\u00e4t des Antrags und der Anzahl der Antr\u00e4ge gem\u00e4\u00df den gesetzlichen Bestimmungen verl\u00e4ngert werden.<\/p>\n<p>Wenn Sie Ihr Anliegen elektronisch eingereicht haben, erteilen wir die Auskunft nach M\u00f6glichkeit ebenfalls elektronisch, es sei denn, Sie w\u00fcnschen ausdr\u00fccklich eine andere Form. Falls der Verantwortliche auf Ihre Anfrage nicht unverz\u00fcglich, sp\u00e4testens jedoch innerhalb der gesetzlich festgelegten Frist reagiert, informiert er Sie \u00fcber die Gr\u00fcnde f\u00fcr das Unterbleiben der Ma\u00dfnahmen bzw. die Ablehnung des Antrags sowie dar\u00fcber, dass Sie wie nachstehend beschrieben ein Gerichts- oder Verwaltungsverfahren einleiten k\u00f6nnen.<\/p>\n<p><b>Zur Durchsetzung Ihrer Rechte im Zusammenhang mit der Datenverarbeitung oder wenn Sie Fragen oder Zweifel zu den vom Verantwortlichen verarbeiteten Daten haben, Auskunft \u00fcber Ihre Daten w\u00fcnschen, eine Beschwerde einreichen m\u00f6chten oder eines Ihrer Rechte gem\u00e4\u00df dem Kapitel \u201eInformationen \u00fcber die Rechte der betroffenen Person\u201c aus\u00fcben m\u00f6chten, k\u00f6nnen Sie dies als sogenanntes Betroffenenersuchen schriftlich per Post oder per E-Mail \u00fcber die Kontaktdaten des Verantwortlichen tun:<\/b><\/p>\n<p><b>MOBIL-HOMES KFT.<\/b><\/p>\n<p><b>Sitz: 2881 \u00c1sz\u00e1r, Kossuth Lajos u. 44.<\/b><\/p>\n<p><b>Telefonnummer: +36 70 776 6322<\/b><\/p>\n<p><b>E-Mail-Adresse: info@mobilehomescentre.com<\/b><\/p>\n<p><b><i>Einleitung eines beh\u00f6rdlichen Verfahrens<\/i><\/b><\/p>\n<p>Sie haben das Recht, bei einer Aufsichtsbeh\u00f6rde \u2013 insbesondere in dem Mitgliedstaat Ihres gew\u00f6hnlichen Aufenthaltsortes, Ihres Arbeitsplatzes oder des Ortes des mutma\u00dflichen Versto\u00dfes \u2013 Beschwerde einzulegen, wenn Sie der Ansicht sind, dass die Verarbeitung Ihrer personenbezogenen Daten gegen die Bestimmungen der DSGVO verst\u00f6\u00dft.<\/p>\n<p>Die Kontaktdaten der einzelnen Aufsichtsbeh\u00f6rden (Datenschutzbeh\u00f6rden) innerhalb der EU finden Sie unter: <a href=\"https:\/\/edpb.europa.eu\/about-edpb\/board\/members_de.\">https:\/\/edpb.europa.eu\/about-edpb\/board\/members_de.<\/a><\/p>\n<p>In Ungarn k\u00f6nnen Sie zur Durchsetzung Ihrer Rechte bei der Nationalen Beh\u00f6rde f\u00fcr Datenschutz und Informationsfreiheit (1055 Budapest, Falk Miksa u. 9\u201311., Website: http:\/\/naih.hu, Postanschrift: 1363 Budapest, Pf.: 9.; Telefon: +36-1-391-1400; Fax: +36-1-391-1410; E-Mail: ugyfelszolgalat@naih.hu) eine Untersuchung bzw. die Durchf\u00fchrung eines Verwaltungsverfahrens beantragen, mit der Begr\u00fcndung, dass im Zusammenhang mit der Verarbeitung Ihrer personenbezogenen Daten eine Rechtsverletzung eingetreten ist oder deren unmittelbare Gefahr besteht, insbesondere<\/p>\n<ul>\n<li>wenn Sie der Ansicht sind, dass der Verantwortliche die in dem Kapitel \u201eInformationen \u00fcber die Rechte der betroffenen Person\u201c festgelegte Aus\u00fcbung Ihrer Betroffenenrechte einschr\u00e4nkt oder Ihren Antrag auf Aus\u00fcbung dieser Rechte ablehnt (Beantragung einer Untersuchung), sowie<\/li>\n<li>wenn Sie der Auffassung sind, dass bei der Verarbeitung Ihrer personenbezogenen Daten der Verantwortliche oder der von ihm beauftragte bzw. in seinem Auftrag handelnde Auftragsverarbeiter gegen die in einem Gesetz oder in einem verbindlichen Rechtsakt der Europ\u00e4ischen Union festgelegten Vorschriften zur Verarbeitung personenbezogener Daten verst\u00f6\u00dft (Beantragung der Durchf\u00fchrung eines Verwaltungsverfahrens).<\/li>\n<\/ul>\n<p><b>Einleitung eines Gerichtsverfahrens<\/b><\/p>\n<p>Sie k\u00f6nnen ein Gericht anrufen, wenn Sie der Ansicht sind, dass der Verantwortliche Ihre personenbezogenen Daten unter Versto\u00df gegen die in einem Gesetz oder in einem verbindlichen Rechtsakt der Europ\u00e4ischen Union festgelegten Vorschriften zur Verarbeitung personenbezogener Daten verarbeitet. Ein solches Verfahren kann auch vor dem Gericht des Mitgliedstaates eingeleitet werden, in dem die betroffene Person ihren gew\u00f6hnlichen Aufenthaltsort hat.<\/p>\n<p>In Ungarn f\u00e4llt ein solcher Rechtsstreit in die Zust\u00e4ndigkeit des Gerichts erster Instanz (T\u00f6rv\u00e9nysz\u00e9k). Die Klage kann \u2013 nach Wahl der betroffenen Person \u2013 auch vor dem Gericht erster Instanz erhoben werden, das f\u00fcr ihren Wohnsitz oder Aufenthaltsort zust\u00e4ndig ist. Informationen \u00fcber die Zust\u00e4ndigkeit und die Kontaktdaten der Gerichte (T\u00f6rv\u00e9nysz\u00e9k) finden Sie auf der folgenden Website: <a href=\"https:\/\/birosag.hu\/\">https:\/\/birosag.hu\/<\/a>.<\/p>\n<h4><b>VIII. KAPITEL<br \/>\n<\/b>DATENSICHERHEIT<\/h4>\n<p>Der Verantwortliche verpflichtet sich, f\u00fcr die Sicherheit der von ihm verarbeiteten personenbezogenen Daten Sorge zu tragen. Unter Ber\u00fccksichtigung des Stands von Wissenschaft und Technik, der Implementierungskosten sowie der Art, des Umfangs, der Umst\u00e4nde und der Zwecke der Verarbeitung und des Risikos unterschiedlicher Eintrittswahrscheinlichkeit und Schwere f\u00fcr die Rechte und Freiheiten nat\u00fcrlicher Personen trifft er die technischen und organisatorischen Ma\u00dfnahmen und erstellt die Verfahrensregeln, die gew\u00e4hrleisten, dass die erfassten, gespeicherten und verarbeiteten Daten gesch\u00fctzt sind, sowie ihre Vernichtung, unbefugte Nutzung oder unbefugte Ver\u00e4nderung verhindert wird.<\/p>\n<p>Der Verantwortliche verpflichtet sich au\u00dferdem, alle Dritten, an die er Daten auf irgendeiner Rechtsgrundlage \u00fcbermittelt oder weitergibt, aufzufordern, die Anforderungen der Datensicherheit zu erf\u00fcllen. Der Verantwortliche sorgt daf\u00fcr, dass Unbefugte keinen Zugang zu den verarbeiteten Daten haben, diese nicht ver\u00f6ffentlichen, nicht weitergeben sowie nicht ver\u00e4ndern oder l\u00f6schen k\u00f6nnen.<\/p>\n<p>Die verarbeiteten Daten d\u00fcrfen ausschlie\u00dflich vom Verantwortlichen, seinen Mitarbeitern sowie von den durch den Verantwortlichen eingesetzten Auftragsverarbeitern und Empf\u00e4ngern nach Berechtigungsstufen eingesehen werden. An Dritte, die keine Berechtigung zum Zugang zu den Daten haben, werden diese nicht weitergegeben. Die Mitarbeiter des Verantwortlichen bzw. der Auftragsverarbeiter k\u00f6nnen personenbezogene Daten nur in den vom Verantwortlichen bzw. vom Auftragsverarbeiter festgelegten Funktionen, in der festgelegten Weise und nach Berechtigungsstufen einsehen.<\/p>\n<p>Zum Schutz der Sicherheit der IT-Systeme sch\u00fctzt der Verantwortliche die Systeme mit einer Firewall und setzt zur Vermeidung interner und externer Datenverluste Antiviren- und Virenbek\u00e4mpfungsprogramme ein. Dar\u00fcber hinaus sorgt der Verantwortliche daf\u00fcr, dass zur Vorbeugung von Missbrauch s\u00e4mtliche eingehenden und ausgehenden Kommunikationsvorg\u00e4nge in geeigneter Weise \u00fcberpr\u00fcft werden.<\/p>\n<p>Der Verantwortliche bzw. der Auftragsverarbeiter stuft die personenbezogenen Daten als vertrauliche Daten ein und behandelt sie entsprechend. Zum Schutz der in den verschiedenen Registern elektronisch verarbeiteten Datenbest\u00e4nde stellt der Verantwortliche sicher, dass die in den Registern gespeicherten Daten \u2013 mit den im Gesetz bestimmten Ausnahmen \u2013 nicht unmittelbar miteinander verkn\u00fcpft und der betroffenen Person zugeordnet werden k\u00f6nnen.<\/p>\n<p>Der Verantwortliche gew\u00e4hrleistet ein dem Risiko angemessenes Schutzniveau der Datensicherheit, das unter anderem gegebenenfalls Folgendes umfasst:<\/p>\n<ul>\n<li>die Pseudonymisierung und Verschl\u00fcsselung personenbezogener Daten,<\/li>\n<li>die Gew\u00e4hrleistung der fortlaufenden Vertraulichkeit, Integrit\u00e4t, Verf\u00fcgbarkeit und Belastbarkeit der Systeme und Dienste, die zur Verarbeitung personenbezogener Daten verwendet werden (Betriebs- und Entwicklungssicherheit, Schutz und Erkennung von Eindringversuchen, Verhinderung unbefugten Zugriffs),<\/li>\n<li>die F\u00e4higkeit, bei einem physischen oder technischen Zwischenfall den Zugang zu personenbezogenen Daten und deren Verf\u00fcgbarkeit innerhalb angemessener Frist wiederherzustellen (Vermeidung von Datenlecks; Schwachstellen- und Vorfallmanagement),<\/li>\n<li>ein Verfahren zur regelm\u00e4\u00dfigen Pr\u00fcfung, Bewertung und Evaluierung der Wirksamkeit der technischen und organisatorischen Ma\u00dfnahmen zur Gew\u00e4hrleistung der Sicherheit der Verarbeitung (Aufrechterhaltung der Gesch\u00e4ftskontinuit\u00e4t, Schutz vor Schadcode, sichere Speicherung, \u00dcbermittlung und Verarbeitung von Daten, Sicherheitsschulungen f\u00fcr unsere Mitarbeiter).<\/li>\n<\/ul>\n<p>Bei der Festlegung des angemessenen Sicherheitsniveaus sind insbesondere die Risiken zu ber\u00fccksichtigen, die sich aus der Verarbeitung ergeben und die insbesondere aus der zuf\u00e4lligen oder unrechtm\u00e4\u00dfigen Vernichtung, dem Verlust, der Ver\u00e4nderung, der unbefugten Offenlegung oder dem unbefugten Zugriff auf \u00fcbermittelte, gespeicherte oder anderweitig verarbeitete personenbezogene Daten entstehen.<\/p>\n<p><b>Wir weisen Sie darauf hin, dass Sie weitere detaillierte Informationen zur Datensicherheit beim Verantwortlichen anfordern k\u00f6nnen (E-Mail-Adresse: info@mobilehomescentre.com).<\/b><\/p>\n<h4><b>IX. KAPITEL<br \/>\n<\/b>\u00dcBERMITTLUNG VON DATEN AN DRITTL\u00c4NDER ODER AN INTERNATIONALE ORGANISATIONEN<\/h4>\n<p><b>1.) Auf Grundlage eines Angemessenheitsbeschlusses (Artikel 45 DSGVO)<\/b><\/p>\n<p>Gem\u00e4\u00df Artikel 45 der DSGVO k\u00f6nnen personenbezogene Daten an ein Drittland oder an eine internationale Organisation \u00fcbermittelt werden, wenn die Europ\u00e4ische Kommission in einem Beschluss festgestellt hat, dass das betreffende Drittland oder ein Gebiet bzw. ein oder mehrere Sektoren dieses Landes oder die betreffende internationale Organisation ein angemessenes Schutzniveau im Einklang mit dem unionsrechtlichen Datenschutz gew\u00e4hrleistet.\u00a0Artikel 45 Absatz 2 DSGVO legt die allgemeinen Kriterien fest, die die Kommission bei der Bewertung der Angemessenheit des Schutzniveaus ber\u00fccksichtigt. Die Kommission \u00fcberpr\u00fcft regelm\u00e4\u00dfig und fortlaufend das angemessene Schutzniveau in den L\u00e4ndern (in bestimmten Gebieten, Sektoren oder internationalen Organisationen), f\u00fcr die sie zuvor einen Angemessenheitsbeschluss erlassen hat, und hebt diesen auf, \u00e4ndert oder setzt ihn aus, wenn sie feststellt, dass das angemessene Schutzniveau nicht mehr gew\u00e4hrleistet ist.<\/p>\n<p><b>2.) Transatlantischer Datenschutzrahmen (Data Privacy Framework)<\/b><\/p>\n<p>Die Europ\u00e4ische Kommission hat am 10. Juli 2023 einen Angemessenheitsbeschluss zum neuen EU-US-Datenschutzrahmen erlassen. Darin wird festgestellt, dass personenbezogene Daten aus der Europ\u00e4ischen Union sicher an US-amerikanische Unternehmen \u00fcbermittelt werden k\u00f6nnen, die an diesem neuen Rahmen teilnehmen, und dass die Vereinigten Staaten f\u00fcr die aus der EU an teilnehmende US-Unternehmen \u00fcbermittelten personenbezogenen Daten ein angemessenes Schutzniveau gew\u00e4hrleisten.\u00a0Voraussetzung f\u00fcr den Beitritt zum Transatlantischen Datenschutzrahmen ist, dass sich die US-amerikanischen Unternehmen als Verantwortliche verpflichten, Datenschutzma\u00dfnahmen einzuf\u00fchren, die der DSGVO entsprechen.<\/p>\n<p><b>3.) Daten\u00fcbermittlungen auf Grundlage geeigneter Garantien (Artikel 46 DSGVO)<\/b><\/p>\n<p>Liegt kein Angemessenheitsbeschluss gem\u00e4\u00df Artikel 45 DSGVO vor, darf der Verantwortliche oder der Auftragsverarbeiter personenbezogene Daten nur dann an ein Drittland oder an eine internationale Organisation \u00fcbermitteln, wenn er im Hinblick auf die Angemessenheit der Daten\u00fcbermittlung sogenannte geeignete Garantien bietet und den betroffenen Personen durchsetzbare Rechte sowie wirksame Rechtsbehelfe zur Verf\u00fcgung stehen.<\/p>\n<p><b>Der Verantwortliche informiert Sie dar\u00fcber, dass Ihre angegebenen personenbezogenen Daten im Rahmen der Datenverarbeitung an ein Drittland \u00fcbermittelt werden k\u00f6nnen.<\/b><\/p>\n<h4><b>X. KAPITEL<br \/>\n<\/b>SONSTIGES<\/h4>\n<p>Im Rahmen der in dieser Datenschutzerkl\u00e4rung beschriebenen Verarbeitung personenbezogener Daten erfolgt keine <b>automatisierte Entscheidungsfindung und kein Profiling<\/b>.<\/p>\n<p>Der Verantwortliche beh\u00e4lt sich das Recht vor, diese Datenschutzerkl\u00e4rung einseitig und mit Wirkung f\u00fcr die Zukunft zu \u00e4ndern. Die jeweils g\u00fcltige Datenschutzerkl\u00e4rung ist auf der Website des Verantwortlichen verf\u00fcgbar. \u00dcber \u00c4nderungen werden die Betroffenen \u00fcber die Website des Verantwortlichen informiert.<\/p>\n<p>Ausgestellt in \u00c1sz\u00e1r, am 16. April 2025.<\/p>\n<p><b>MOBIL-HOMES KFT.<\/b><\/p>\n<p><b>Vertreten durch: Dr. Lunkn\u00e9 Nyuli M\u00e1rta, Gesch\u00e4ftsf\u00fchrerin<\/b><\/p>\n<\/div>\n<p>[\/vc_column_text][\/vc_column][\/vc_row]<\/p>\n<\/div>","protected":false},"excerpt":{"rendered":"<p>[vc_row][vc_column width=&#8220;5\/6&#8243; offset=&#8220;vc_col-sm-offset-1&#8243;][vc_column_text css=&#8220;&#8220;] DATENSCHUTZERKL\u00c4RUNG \u00dcBER DIE RECHTE DER BETROFFENEN NAT\u00dcRLICHEN PERSON IM HINBLICK AUF DIE VERARBEITUNG IHRER PERSONENBEZOGENEN DATEN EINLEITUNG Die VERORDNUNG (EU) 2016\/679 DES EUROP\u00c4ISCHEN PARLAMENTS UND DES RATES \u00fcber den Schutz nat\u00fcrlicher Personen bei der Verarbeitung personenbezogener Daten, \u00fcber den freien Datenverkehr und zur Aufhebung der Richtlinie 95\/46\/EG (im Folgenden: \u201eDSGVO-Verordnung\u201c, \u201eVerordnung\u201c,&hellip;<\/p>\n","protected":false},"author":1,"featured_media":0,"parent":0,"menu_order":0,"comment_status":"closed","ping_status":"closed","template":"","meta":{"_acf_changed":false,"inline_featured_image":false,"footnotes":""},"class_list":["post-2316","page","type-page","status-publish","hentry","description-off"],"acf":[],"yoast_head":"<!-- This site is optimized with the Yoast SEO plugin v27.3 - https:\/\/yoast.com\/product\/yoast-seo-wordpress\/ -->\n<title>Datenschutzhinweis - Mobilh\u00e1z - \u00daj \u00e9s haszn\u00e1lt mobilh\u00e1zak Magyarorsz\u00e1g els\u0151 sz\u00e1m\u00fa keresked\u0151j\u00e9t\u0151l - Mobile Homes Centre<\/title>\n<meta name=\"robots\" content=\"index, follow, max-snippet:-1, max-image-preview:large, max-video-preview:-1\" \/>\n<link rel=\"canonical\" href=\"https:\/\/mobilehomescentre.com\/de\/datenschutzhinweis\/\" \/>\n<meta property=\"og:locale\" content=\"de_DE\" \/>\n<meta property=\"og:type\" content=\"article\" \/>\n<meta property=\"og:title\" content=\"Datenschutzhinweis - Mobilh\u00e1z - \u00daj \u00e9s haszn\u00e1lt mobilh\u00e1zak Magyarorsz\u00e1g els\u0151 sz\u00e1m\u00fa keresked\u0151j\u00e9t\u0151l - Mobile Homes Centre\" \/>\n<meta property=\"og:description\" content=\"[vc_row][vc_column width=&#8220;5\/6&#8243; offset=&#8220;vc_col-sm-offset-1&#8243;][vc_column_text css=&#8220;&#8220;] DATENSCHUTZERKL\u00c4RUNG \u00dcBER DIE RECHTE DER BETROFFENEN NAT\u00dcRLICHEN PERSON IM HINBLICK AUF DIE VERARBEITUNG IHRER PERSONENBEZOGENEN DATEN EINLEITUNG Die VERORDNUNG (EU) 2016\/679 DES EUROP\u00c4ISCHEN PARLAMENTS UND DES RATES \u00fcber den Schutz nat\u00fcrlicher Personen bei der Verarbeitung personenbezogener Daten, \u00fcber den freien Datenverkehr und zur Aufhebung der Richtlinie 95\/46\/EG (im Folgenden: \u201eDSGVO-Verordnung\u201c, \u201eVerordnung\u201c,&hellip;\" \/>\n<meta property=\"og:url\" content=\"https:\/\/mobilehomescentre.com\/de\/datenschutzhinweis\/\" \/>\n<meta property=\"og:site_name\" content=\"Mobilh\u00e1z - \u00daj \u00e9s haszn\u00e1lt mobilh\u00e1zak Magyarorsz\u00e1g els\u0151 sz\u00e1m\u00fa keresked\u0151j\u00e9t\u0151l - Mobile Homes Centre\" \/>\n<meta property=\"article:publisher\" content=\"https:\/\/www.facebook.com\/mobilhomeskft\" \/>\n<meta property=\"article:modified_time\" content=\"2026-02-17T14:13:38+00:00\" \/>\n<meta name=\"twitter:card\" content=\"summary_large_image\" \/>\n<meta name=\"twitter:label1\" content=\"Gesch\u00e4tzte Lesezeit\" \/>\n\t<meta name=\"twitter:data1\" content=\"55\u00a0Minuten\" \/>\n<script type=\"application\/ld+json\" class=\"yoast-schema-graph\">{\"@context\":\"https:\\\/\\\/schema.org\",\"@graph\":[{\"@type\":\"WebPage\",\"@id\":\"https:\\\/\\\/mobilehomescentre.com\\\/de\\\/datenschutzhinweis\\\/\",\"url\":\"https:\\\/\\\/mobilehomescentre.com\\\/de\\\/datenschutzhinweis\\\/\",\"name\":\"Datenschutzhinweis - Mobilh\u00e1z - \u00daj \u00e9s haszn\u00e1lt mobilh\u00e1zak Magyarorsz\u00e1g els\u0151 sz\u00e1m\u00fa keresked\u0151j\u00e9t\u0151l - Mobile Homes Centre\",\"isPartOf\":{\"@id\":\"https:\\\/\\\/mobilehomescentre.com\\\/de\\\/#website\"},\"datePublished\":\"2026-01-07T13:17:11+00:00\",\"dateModified\":\"2026-02-17T14:13:38+00:00\",\"breadcrumb\":{\"@id\":\"https:\\\/\\\/mobilehomescentre.com\\\/de\\\/datenschutzhinweis\\\/#breadcrumb\"},\"inLanguage\":\"de\",\"potentialAction\":[{\"@type\":\"ReadAction\",\"target\":[\"https:\\\/\\\/mobilehomescentre.com\\\/de\\\/datenschutzhinweis\\\/\"]}]},{\"@type\":\"BreadcrumbList\",\"@id\":\"https:\\\/\\\/mobilehomescentre.com\\\/de\\\/datenschutzhinweis\\\/#breadcrumb\",\"itemListElement\":[{\"@type\":\"ListItem\",\"position\":1,\"name\":\"Kezd\u0151lap\",\"item\":\"https:\\\/\\\/mobilehomescentre.com\\\/de\\\/\"},{\"@type\":\"ListItem\",\"position\":2,\"name\":\"Datenschutzhinweis\"}]},{\"@type\":\"WebSite\",\"@id\":\"https:\\\/\\\/mobilehomescentre.com\\\/de\\\/#website\",\"url\":\"https:\\\/\\\/mobilehomescentre.com\\\/de\\\/\",\"name\":\"Mobilh\u00e1z - \u00daj \u00e9s haszn\u00e1lt mobilh\u00e1zak Magyarorsz\u00e1g els\u0151 sz\u00e1m\u00fa keresked\u0151j\u00e9t\u0151l\",\"description\":\"\",\"publisher\":{\"@id\":\"https:\\\/\\\/mobilehomescentre.com\\\/de\\\/#organization\"},\"potentialAction\":[{\"@type\":\"SearchAction\",\"target\":{\"@type\":\"EntryPoint\",\"urlTemplate\":\"https:\\\/\\\/mobilehomescentre.com\\\/de\\\/?s={search_term_string}\"},\"query-input\":{\"@type\":\"PropertyValueSpecification\",\"valueRequired\":true,\"valueName\":\"search_term_string\"}}],\"inLanguage\":\"de\"},{\"@type\":\"Organization\",\"@id\":\"https:\\\/\\\/mobilehomescentre.com\\\/de\\\/#organization\",\"name\":\"Mobil-Homes Kereskedelmi Kft.\",\"url\":\"https:\\\/\\\/mobilehomescentre.com\\\/de\\\/\",\"logo\":{\"@type\":\"ImageObject\",\"inLanguage\":\"de\",\"@id\":\"https:\\\/\\\/mobilehomescentre.com\\\/de\\\/#\\\/schema\\\/logo\\\/image\\\/\",\"url\":\"https:\\\/\\\/mobilehomescentre.com\\\/wp-content\\\/uploads\\\/2026\\\/02\\\/mobile-homes-centre.png?v=1775640080\",\"contentUrl\":\"https:\\\/\\\/mobilehomescentre.com\\\/wp-content\\\/uploads\\\/2026\\\/02\\\/mobile-homes-centre.png?v=1775640080\",\"width\":600,\"height\":758,\"caption\":\"Mobil-Homes Kereskedelmi Kft.\"},\"image\":{\"@id\":\"https:\\\/\\\/mobilehomescentre.com\\\/de\\\/#\\\/schema\\\/logo\\\/image\\\/\"},\"sameAs\":[\"https:\\\/\\\/www.facebook.com\\\/mobilhomeskft\",\"https:\\\/\\\/www.instagram.com\\\/mobilehomescentre\"]}]}<\/script>\n<!-- \/ Yoast SEO plugin. -->","yoast_head_json":{"title":"Datenschutzhinweis - Mobilh\u00e1z - \u00daj \u00e9s haszn\u00e1lt mobilh\u00e1zak Magyarorsz\u00e1g els\u0151 sz\u00e1m\u00fa keresked\u0151j\u00e9t\u0151l - Mobile Homes Centre","robots":{"index":"index","follow":"follow","max-snippet":"max-snippet:-1","max-image-preview":"max-image-preview:large","max-video-preview":"max-video-preview:-1"},"canonical":"https:\/\/mobilehomescentre.com\/de\/datenschutzhinweis\/","og_locale":"de_DE","og_type":"article","og_title":"Datenschutzhinweis - Mobilh\u00e1z - \u00daj \u00e9s haszn\u00e1lt mobilh\u00e1zak Magyarorsz\u00e1g els\u0151 sz\u00e1m\u00fa keresked\u0151j\u00e9t\u0151l - Mobile Homes Centre","og_description":"[vc_row][vc_column width=&#8220;5\/6&#8243; offset=&#8220;vc_col-sm-offset-1&#8243;][vc_column_text css=&#8220;&#8220;] DATENSCHUTZERKL\u00c4RUNG \u00dcBER DIE RECHTE DER BETROFFENEN NAT\u00dcRLICHEN PERSON IM HINBLICK AUF DIE VERARBEITUNG IHRER PERSONENBEZOGENEN DATEN EINLEITUNG Die VERORDNUNG (EU) 2016\/679 DES EUROP\u00c4ISCHEN PARLAMENTS UND DES RATES \u00fcber den Schutz nat\u00fcrlicher Personen bei der Verarbeitung personenbezogener Daten, \u00fcber den freien Datenverkehr und zur Aufhebung der Richtlinie 95\/46\/EG (im Folgenden: \u201eDSGVO-Verordnung\u201c, \u201eVerordnung\u201c,&hellip;","og_url":"https:\/\/mobilehomescentre.com\/de\/datenschutzhinweis\/","og_site_name":"Mobilh\u00e1z - \u00daj \u00e9s haszn\u00e1lt mobilh\u00e1zak Magyarorsz\u00e1g els\u0151 sz\u00e1m\u00fa keresked\u0151j\u00e9t\u0151l - Mobile Homes Centre","article_publisher":"https:\/\/www.facebook.com\/mobilhomeskft","article_modified_time":"2026-02-17T14:13:38+00:00","twitter_card":"summary_large_image","twitter_misc":{"Gesch\u00e4tzte Lesezeit":"55\u00a0Minuten"},"schema":{"@context":"https:\/\/schema.org","@graph":[{"@type":"WebPage","@id":"https:\/\/mobilehomescentre.com\/de\/datenschutzhinweis\/","url":"https:\/\/mobilehomescentre.com\/de\/datenschutzhinweis\/","name":"Datenschutzhinweis - Mobilh\u00e1z - \u00daj \u00e9s haszn\u00e1lt mobilh\u00e1zak Magyarorsz\u00e1g els\u0151 sz\u00e1m\u00fa keresked\u0151j\u00e9t\u0151l - Mobile Homes Centre","isPartOf":{"@id":"https:\/\/mobilehomescentre.com\/de\/#website"},"datePublished":"2026-01-07T13:17:11+00:00","dateModified":"2026-02-17T14:13:38+00:00","breadcrumb":{"@id":"https:\/\/mobilehomescentre.com\/de\/datenschutzhinweis\/#breadcrumb"},"inLanguage":"de","potentialAction":[{"@type":"ReadAction","target":["https:\/\/mobilehomescentre.com\/de\/datenschutzhinweis\/"]}]},{"@type":"BreadcrumbList","@id":"https:\/\/mobilehomescentre.com\/de\/datenschutzhinweis\/#breadcrumb","itemListElement":[{"@type":"ListItem","position":1,"name":"Kezd\u0151lap","item":"https:\/\/mobilehomescentre.com\/de\/"},{"@type":"ListItem","position":2,"name":"Datenschutzhinweis"}]},{"@type":"WebSite","@id":"https:\/\/mobilehomescentre.com\/de\/#website","url":"https:\/\/mobilehomescentre.com\/de\/","name":"Mobilh\u00e1z - \u00daj \u00e9s haszn\u00e1lt mobilh\u00e1zak Magyarorsz\u00e1g els\u0151 sz\u00e1m\u00fa keresked\u0151j\u00e9t\u0151l","description":"","publisher":{"@id":"https:\/\/mobilehomescentre.com\/de\/#organization"},"potentialAction":[{"@type":"SearchAction","target":{"@type":"EntryPoint","urlTemplate":"https:\/\/mobilehomescentre.com\/de\/?s={search_term_string}"},"query-input":{"@type":"PropertyValueSpecification","valueRequired":true,"valueName":"search_term_string"}}],"inLanguage":"de"},{"@type":"Organization","@id":"https:\/\/mobilehomescentre.com\/de\/#organization","name":"Mobil-Homes Kereskedelmi Kft.","url":"https:\/\/mobilehomescentre.com\/de\/","logo":{"@type":"ImageObject","inLanguage":"de","@id":"https:\/\/mobilehomescentre.com\/de\/#\/schema\/logo\/image\/","url":"https:\/\/mobilehomescentre.com\/wp-content\/uploads\/2026\/02\/mobile-homes-centre.png?v=1775640080","contentUrl":"https:\/\/mobilehomescentre.com\/wp-content\/uploads\/2026\/02\/mobile-homes-centre.png?v=1775640080","width":600,"height":758,"caption":"Mobil-Homes Kereskedelmi Kft."},"image":{"@id":"https:\/\/mobilehomescentre.com\/de\/#\/schema\/logo\/image\/"},"sameAs":["https:\/\/www.facebook.com\/mobilhomeskft","https:\/\/www.instagram.com\/mobilehomescentre"]}]}},"_links":{"self":[{"href":"https:\/\/mobilehomescentre.com\/de\/wp-json\/wp\/v2\/pages\/2316","targetHints":{"allow":["GET"]}}],"collection":[{"href":"https:\/\/mobilehomescentre.com\/de\/wp-json\/wp\/v2\/pages"}],"about":[{"href":"https:\/\/mobilehomescentre.com\/de\/wp-json\/wp\/v2\/types\/page"}],"author":[{"embeddable":true,"href":"https:\/\/mobilehomescentre.com\/de\/wp-json\/wp\/v2\/users\/1"}],"replies":[{"embeddable":true,"href":"https:\/\/mobilehomescentre.com\/de\/wp-json\/wp\/v2\/comments?post=2316"}],"version-history":[{"count":5,"href":"https:\/\/mobilehomescentre.com\/de\/wp-json\/wp\/v2\/pages\/2316\/revisions"}],"predecessor-version":[{"id":2324,"href":"https:\/\/mobilehomescentre.com\/de\/wp-json\/wp\/v2\/pages\/2316\/revisions\/2324"}],"wp:attachment":[{"href":"https:\/\/mobilehomescentre.com\/de\/wp-json\/wp\/v2\/media?parent=2316"}],"curies":[{"name":"wp","href":"https:\/\/api.w.org\/{rel}","templated":true}]}}