{"id":2299,"date":"2026-01-07T13:15:31","date_gmt":"2026-01-07T12:15:31","guid":{"rendered":"https:\/\/mobilehomescentre.com\/referenzen\/"},"modified":"2026-04-12T18:49:21","modified_gmt":"2026-04-12T16:49:21","slug":"referenzen","status":"publish","type":"page","link":"https:\/\/mobilehomescentre.com\/de\/referenzen\/","title":{"rendered":"Referenzen"},"content":{"rendered":"<div class=\"wpb-content-wrapper\"><p>[vc_row el_class=&#8220;p-t-50&#8243;][vc_column]<style type=\"text\/css\" data-type=\"the7_shortcodes-inline-css\">.blog-shortcode.blog-masonry-shortcode-id-4d78cc79d416f957d069fd96cc6e9b0a.dividers-on.classic-layout-list article {\n  padding-top: 0;\n}\n.blog-shortcode.blog-masonry-shortcode-id-4d78cc79d416f957d069fd96cc6e9b0a.dividers-on.classic-layout-list article:first-of-type {\n  margin-top: 0;\n  padding-top: 0;\n}\n.blog-shortcode.blog-masonry-shortcode-id-4d78cc79d416f957d069fd96cc6e9b0a.classic-layout-list.mode-list .post-entry-content {\n  width: calc(100% - );\n}\n.blog-shortcode.blog-masonry-shortcode-id-4d78cc79d416f957d069fd96cc6e9b0a.classic-layout-list.mode-list .no-img .post-entry-content {\n  width: 100%;\n}\n.blog-shortcode.blog-masonry-shortcode-id-4d78cc79d416f957d069fd96cc6e9b0a .filter-bg-decoration .filter-categories a.act {\n  color: #fff;\n}\n.blog-shortcode.blog-masonry-shortcode-id-4d78cc79d416f957d069fd96cc6e9b0a:not(.mode-masonry) article:first-of-type,\n.blog-shortcode.blog-masonry-shortcode-id-4d78cc79d416f957d069fd96cc6e9b0a:not(.mode-masonry) article.visible.first:not(.product) {\n  margin-top: 0;\n}\n.blog-shortcode.blog-masonry-shortcode-id-4d78cc79d416f957d069fd96cc6e9b0a.dividers-on:not(.mode-masonry) article {\n  margin-top: 0;\n}\n.blog-shortcode.blog-masonry-shortcode-id-4d78cc79d416f957d069fd96cc6e9b0a.dividers-on:not(.mode-masonry) article:first-of-type,\n.blog-shortcode.blog-masonry-shortcode-id-4d78cc79d416f957d069fd96cc6e9b0a.dividers-on:not(.mode-masonry) article.visible.first:not(.product) {\n  margin-top: 0;\n  padding-top: 0;\n}\n.blog-shortcode.blog-masonry-shortcode-id-4d78cc79d416f957d069fd96cc6e9b0a .post-thumbnail-wrap {\n  padding: 0px 0px 0px 0px;\n}\n.blog-shortcode.blog-masonry-shortcode-id-4d78cc79d416f957d069fd96cc6e9b0a.enable-bg-rollover .post-thumbnail-rollover:after {\n  background: -webkit-linear-gradient();\n  background: linear-gradient();\n}\n.blog-shortcode.blog-masonry-shortcode-id-4d78cc79d416f957d069fd96cc6e9b0a .gallery-zoom-ico {\n  width: 44px;\n  height: 44px;\n  line-height: 44px;\n  border-radius: 100px;\n  margin: -22px 0 0 -22px;\n  border-width: 0px;\n  color: #ffffff;\n}\n.bottom-overlap-layout-list.blog-shortcode.blog-masonry-shortcode-id-4d78cc79d416f957d069fd96cc6e9b0a .gallery-zoom-ico {\n  margin-top: -72px;\n}\n.gradient-overlay-layout-list.blog-shortcode.blog-masonry-shortcode-id-4d78cc79d416f957d069fd96cc6e9b0a .gallery-zoom-ico,\n.content-rollover-layout-list.blog-shortcode.blog-masonry-shortcode-id-4d78cc79d416f957d069fd96cc6e9b0a .gallery-zoom-ico {\n  margin: 0 0 10px;\n}\n.content-align-center.gradient-overlay-layout-list.blog-shortcode.blog-masonry-shortcode-id-4d78cc79d416f957d069fd96cc6e9b0a .gallery-zoom-ico,\n.content-align-center.content-rollover-layout-list.blog-shortcode.blog-masonry-shortcode-id-4d78cc79d416f957d069fd96cc6e9b0a .gallery-zoom-ico {\n  margin: 0 auto 10px;\n}\n.dt-icon-bg-on.blog-shortcode.blog-masonry-shortcode-id-4d78cc79d416f957d069fd96cc6e9b0a .gallery-zoom-ico {\n  background: rgba(255,255,255,0.3);\n  box-shadow: none;\n}\n.blog-shortcode.blog-masonry-shortcode-id-4d78cc79d416f957d069fd96cc6e9b0a .gallery-zoom-ico > span,\n.blog-shortcode.blog-masonry-shortcode-id-4d78cc79d416f957d069fd96cc6e9b0a .gallery-zoom-ico:before {\n  font-size: 32px;\n  line-height: 44px;\n}\n.blog-shortcode.blog-masonry-shortcode-id-4d78cc79d416f957d069fd96cc6e9b0a .gallery-zoom-ico > span,\n.blog-shortcode.blog-masonry-shortcode-id-4d78cc79d416f957d069fd96cc6e9b0a .gallery-zoom-ico:before {\n  color: #ffffff;\n}\n.blog-shortcode.blog-masonry-shortcode-id-4d78cc79d416f957d069fd96cc6e9b0a .entry-title,\n.blog-shortcode.blog-masonry-shortcode-id-4d78cc79d416f957d069fd96cc6e9b0a.owl-carousel .entry-title {\n  margin-bottom: 5px;\n  font-size: 22px;\n  line-height: 28px;\n  font-weight: bold;\n}\n.blog-shortcode.blog-masonry-shortcode-id-4d78cc79d416f957d069fd96cc6e9b0a .entry-meta {\n  margin-bottom: 15px;\n}\n.blog-shortcode.blog-masonry-shortcode-id-4d78cc79d416f957d069fd96cc6e9b0a .entry-meta * {\n  color: #70777B;\n}\n.blog-shortcode.blog-masonry-shortcode-id-4d78cc79d416f957d069fd96cc6e9b0a .portfolio-categories {\n  margin-bottom: 15px;\n}\n.blog-shortcode.blog-masonry-shortcode-id-4d78cc79d416f957d069fd96cc6e9b0a .entry-meta > a:after,\n.blog-shortcode.blog-masonry-shortcode-id-4d78cc79d416f957d069fd96cc6e9b0a .entry-meta > span:after {\n  background: #70777B;\n  box-shadow: none;\n}\n.blog-shortcode.blog-masonry-shortcode-id-4d78cc79d416f957d069fd96cc6e9b0a .entry-excerpt {\n  margin-bottom: 5px;\n}\n.blog-shortcode.blog-masonry-shortcode-id-4d78cc79d416f957d069fd96cc6e9b0a .entry-excerpt * {\n  color: #70777B;\n}\n.blog-shortcode.blog-masonry-shortcode-id-4d78cc79d416f957d069fd96cc6e9b0a:not(.centered-layout-list) .post-entry-content {\n  padding: 25px 30px 30px 30px;\n}\n.blog-shortcode.blog-masonry-shortcode-id-4d78cc79d416f957d069fd96cc6e9b0a:not(.centered-layout-list):not(.content-bg-on):not(.mode-list) .no-img .post-entry-content {\n  padding: 0;\n}\n@media screen and (max-width: ) {\n  .blog-shortcode.blog-masonry-shortcode-id-4d78cc79d416f957d069fd96cc6e9b0a article {\n    -ms-flex-flow: column nowrap;\n    flex-flow: column nowrap;\n    margin-top: 20px;\n  }\n  .blog-shortcode.blog-masonry-shortcode-id-4d78cc79d416f957d069fd96cc6e9b0a.dividers-on article {\n    border: none;\n  }\n  .blog-shortcode.blog-masonry-shortcode-id-4d78cc79d416f957d069fd96cc6e9b0a.content-bg-on.centered-layout-list article {\n    padding: 0;\n  }\n  .blog-shortcode.blog-masonry-shortcode-id-4d78cc79d416f957d069fd96cc6e9b0a.blog-shortcode.dividers-on article,\n  .blog-shortcode.blog-masonry-shortcode-id-4d78cc79d416f957d069fd96cc6e9b0a.dividers-on.classic-layout-list article {\n    margin-top: 20px;\n    padding: 0;\n  }\n  .blog-shortcode.blog-masonry-shortcode-id-4d78cc79d416f957d069fd96cc6e9b0a.blog-shortcode.dividers-on article:first-of-type,\n  .blog-shortcode.blog-masonry-shortcode-id-4d78cc79d416f957d069fd96cc6e9b0a.dividers-on.classic-layout-list article:first-of-type {\n    padding: 0;\n  }\n  #page .blog-shortcode.blog-masonry-shortcode-id-4d78cc79d416f957d069fd96cc6e9b0a .post-thumbnail-wrap,\n  #page .blog-shortcode.blog-masonry-shortcode-id-4d78cc79d416f957d069fd96cc6e9b0a .post-entry-content {\n    width: 100%;\n    margin: 0;\n    top: 0;\n  }\n  #page .blog-shortcode.blog-masonry-shortcode-id-4d78cc79d416f957d069fd96cc6e9b0a .post-thumbnail-wrap {\n    padding: 0;\n  }\n  #page .blog-shortcode.blog-masonry-shortcode-id-4d78cc79d416f957d069fd96cc6e9b0a .post-entry-content:after {\n    display: none;\n  }\n  #page .blog-shortcode.blog-masonry-shortcode-id-4d78cc79d416f957d069fd96cc6e9b0a .project-even .post-thumbnail-wrap,\n  #page .blog-shortcode.blog-masonry-shortcode-id-4d78cc79d416f957d069fd96cc6e9b0a.centered-layout-list .post-thumbnail-wrap {\n    -ms-flex-order: 0;\n    order: 0;\n  }\n  #page .blog-shortcode.blog-masonry-shortcode-id-4d78cc79d416f957d069fd96cc6e9b0a.centered-layout-list .post-entry-title-content {\n    -ms-flex-order: 1;\n    order: 1;\n    width: 100%;\n    padding: 20px 20px 0;\n  }\n  #page .blog-shortcode.blog-masonry-shortcode-id-4d78cc79d416f957d069fd96cc6e9b0a.centered-layout-list .post-entry-content {\n    -ms-flex-order: 2;\n    order: 2;\n    padding-top: 0;\n  }\n  #page .blog-shortcode.blog-masonry-shortcode-id-4d78cc79d416f957d069fd96cc6e9b0a .fancy-categories {\n    top: 10px;\n    left: 10px;\n    bottom: auto;\n    right: auto;\n  }\n  #page .blog-shortcode.blog-masonry-shortcode-id-4d78cc79d416f957d069fd96cc6e9b0a .fancy-date a {\n    top: 10px;\n    right: 10px;\n    left: auto;\n    bottom: auto;\n  }\n  #page .blog-shortcode.blog-masonry-shortcode-id-4d78cc79d416f957d069fd96cc6e9b0a .post-entry-content {\n    padding: 20px;\n  }\n  #page .blog-shortcode.blog-masonry-shortcode-id-4d78cc79d416f957d069fd96cc6e9b0a .entry-title {\n    margin: 3px 0 5px;\n    font-size: 20px;\n    line-height: 26px;\n  }\n  #page .blog-shortcode.blog-masonry-shortcode-id-4d78cc79d416f957d069fd96cc6e9b0a .entry-meta {\n    margin: 5px 0 5px;\n  }\n  #page .blog-shortcode.blog-masonry-shortcode-id-4d78cc79d416f957d069fd96cc6e9b0a .entry-excerpt {\n    margin: 15px 0 0;\n  }\n  #page .blog-shortcode.blog-masonry-shortcode-id-4d78cc79d416f957d069fd96cc6e9b0a .post-details {\n    margin: 5px 0 10px;\n  }\n  #page .blog-shortcode.blog-masonry-shortcode-id-4d78cc79d416f957d069fd96cc6e9b0a .post-details.details-type-link {\n    margin-bottom: 2px;\n  }\n}\n.blog-shortcode.blog-masonry-shortcode-id-4d78cc79d416f957d069fd96cc6e9b0a:not(.resize-by-browser-width) .dt-css-grid {\n  grid-row-gap: 30px;\n  grid-column-gap: 30px;\n  grid-template-columns: repeat(auto-fill,minmax(,1fr));\n}\n.blog-shortcode.blog-masonry-shortcode-id-4d78cc79d416f957d069fd96cc6e9b0a:not(.resize-by-browser-width) .dt-css-grid .double-width {\n  grid-column: span 2;\n}\n.cssgridlegacy.no-cssgrid .blog-shortcode.blog-masonry-shortcode-id-4d78cc79d416f957d069fd96cc6e9b0a:not(.resize-by-browser-width) .dt-css-grid,\n.no-cssgridlegacy.no-cssgrid .blog-shortcode.blog-masonry-shortcode-id-4d78cc79d416f957d069fd96cc6e9b0a:not(.resize-by-browser-width) .dt-css-grid {\n  display: flex;\n  flex-flow: row wrap;\n  margin: -15px;\n}\n.cssgridlegacy.no-cssgrid .blog-shortcode.blog-masonry-shortcode-id-4d78cc79d416f957d069fd96cc6e9b0a:not(.resize-by-browser-width) .dt-css-grid .wf-cell,\n.no-cssgridlegacy.no-cssgrid .blog-shortcode.blog-masonry-shortcode-id-4d78cc79d416f957d069fd96cc6e9b0a:not(.resize-by-browser-width) .dt-css-grid .wf-cell {\n  flex: 1 0 ;\n  max-width: 100%;\n  padding: 15px;\n  box-sizing: border-box;\n}\n.blog-shortcode.blog-masonry-shortcode-id-4d78cc79d416f957d069fd96cc6e9b0a.resize-by-browser-width .dt-css-grid {\n  grid-template-columns: repeat(3,1fr);\n  grid-template-rows: auto;\n  grid-column-gap: 30px;\n  grid-row-gap: 30px;\n}\n.blog-shortcode.blog-masonry-shortcode-id-4d78cc79d416f957d069fd96cc6e9b0a.resize-by-browser-width .dt-css-grid .double-width {\n  grid-column: span 2;\n}\n.cssgridlegacy.no-cssgrid .blog-shortcode.blog-masonry-shortcode-id-4d78cc79d416f957d069fd96cc6e9b0a.resize-by-browser-width .dt-css-grid {\n  margin: -15px;\n}\n.cssgridlegacy.no-cssgrid .blog-shortcode.blog-masonry-shortcode-id-4d78cc79d416f957d069fd96cc6e9b0a.resize-by-browser-width .dt-css-grid .wf-cell {\n  width: 33.3333333333%;\n  padding: 15px;\n}\n.cssgridlegacy.no-cssgrid .blog-shortcode.blog-masonry-shortcode-id-4d78cc79d416f957d069fd96cc6e9b0a.resize-by-browser-width .dt-css-grid .wf-cell.double-width {\n  width: calc(33.3333333333%) * 2;\n}\n.blog-shortcode.blog-masonry-shortcode-id-4d78cc79d416f957d069fd96cc6e9b0a.resize-by-browser-width:not(.centered-layout-list):not(.content-bg-on) .dt-css-grid {\n  grid-row-gap: 0px;\n}\n@media screen and (max-width: 1199px) {\n  .blog-shortcode.blog-masonry-shortcode-id-4d78cc79d416f957d069fd96cc6e9b0a.resize-by-browser-width .dt-css-grid {\n    grid-template-columns: repeat(3,1fr);\n  }\n  .cssgridlegacy.no-cssgrid .blog-shortcode.blog-masonry-shortcode-id-4d78cc79d416f957d069fd96cc6e9b0a.resize-by-browser-width .dt-css-grid .wf-cell,\n  .no-cssgridlegacy.no-cssgrid .blog-shortcode.blog-masonry-shortcode-id-4d78cc79d416f957d069fd96cc6e9b0a.resize-by-browser-width .dt-css-grid .wf-cell {\n    width: 33.3333333333%;\n  }\n  .cssgridlegacy.no-cssgrid .blog-shortcode.blog-masonry-shortcode-id-4d78cc79d416f957d069fd96cc6e9b0a.resize-by-browser-width .dt-css-grid .wf-cell.double-width,\n  .no-cssgridlegacy.no-cssgrid .blog-shortcode.blog-masonry-shortcode-id-4d78cc79d416f957d069fd96cc6e9b0a.resize-by-browser-width .dt-css-grid .wf-cell.double-width {\n    width: calc(33.3333333333%)*2;\n  }\n}\n@media screen and (max-width: 991px) {\n  .blog-shortcode.blog-masonry-shortcode-id-4d78cc79d416f957d069fd96cc6e9b0a.resize-by-browser-width .dt-css-grid {\n    grid-template-columns: repeat(2,1fr);\n  }\n  .cssgridlegacy.no-cssgrid .blog-shortcode.blog-masonry-shortcode-id-4d78cc79d416f957d069fd96cc6e9b0a.resize-by-browser-width .dt-css-grid .wf-cell,\n  .no-cssgridlegacy.no-cssgrid .blog-shortcode.blog-masonry-shortcode-id-4d78cc79d416f957d069fd96cc6e9b0a.resize-by-browser-width .dt-css-grid .wf-cell {\n    width: 50%;\n  }\n  .cssgridlegacy.no-cssgrid .blog-shortcode.blog-masonry-shortcode-id-4d78cc79d416f957d069fd96cc6e9b0a.resize-by-browser-width .dt-css-grid .wf-cell.double-width,\n  .no-cssgridlegacy.no-cssgrid .blog-shortcode.blog-masonry-shortcode-id-4d78cc79d416f957d069fd96cc6e9b0a.resize-by-browser-width .dt-css-grid .wf-cell.double-width {\n    width: calc(50%)*2;\n  }\n}\n@media screen and (max-width: 767px) {\n  .blog-shortcode.blog-masonry-shortcode-id-4d78cc79d416f957d069fd96cc6e9b0a.resize-by-browser-width .dt-css-grid {\n    grid-template-columns: repeat(1,1fr);\n  }\n  .blog-shortcode.blog-masonry-shortcode-id-4d78cc79d416f957d069fd96cc6e9b0a.resize-by-browser-width .dt-css-grid .double-width {\n    grid-column: span 1;\n  }\n  .cssgridlegacy.no-cssgrid .blog-shortcode.blog-masonry-shortcode-id-4d78cc79d416f957d069fd96cc6e9b0a.resize-by-browser-width .dt-css-grid .wf-cell,\n  .no-cssgridlegacy.no-cssgrid .blog-shortcode.blog-masonry-shortcode-id-4d78cc79d416f957d069fd96cc6e9b0a.resize-by-browser-width .dt-css-grid .wf-cell {\n    width: 100%;\n  }\n  .cssgridlegacy.no-cssgrid .blog-shortcode.blog-masonry-shortcode-id-4d78cc79d416f957d069fd96cc6e9b0a.resize-by-browser-width .dt-css-grid .wf-cell.double-width,\n  .no-cssgridlegacy.no-cssgrid .blog-shortcode.blog-masonry-shortcode-id-4d78cc79d416f957d069fd96cc6e9b0a.resize-by-browser-width .dt-css-grid .wf-cell.double-width {\n    width: calc(100%)*2;\n  }\n}<\/style><div class=\"blog-shortcode blog-masonry-shortcode-id-4d78cc79d416f957d069fd96cc6e9b0a mode-grid classic-layout-list jquery-filter scale-img meta-info-off dt-css-grid-wrap dt-icon-bg-off resize-by-browser-width loading-effect-none description-under-image \" data-padding=\"15px\" data-cur-page=\"1\" data-post-limit=\"-1\" data-pagination-mode=\"none\" data-desktop-columns-num=\"3\" data-v-tablet-columns-num=\"2\" data-h-tablet-columns-num=\"3\" data-phone-columns-num=\"1\" data-width=\"0px\" data-columns=\"0\"><div class=\"dt-css-grid\" ><div class=\"visible wf-cell\" data-post-id=\"2494\" data-date=\"2026-02-11T14:52:42+01:00\" data-name=\"Wir haben ein neues isoliertes Glamping-Haus mit einem Kran installiert\"><article class=\"post project-odd visible post-2494 type-post status-publish format-standard has-post-thumbnail hentry category-referencia category-397\" data-name=\"Wir haben ein neues isoliertes Glamping-Haus mit einem Kran installiert\" data-date=\"2026-02-11T14:52:42+01:00\">\n\n<div class=\"post-thumbnail-wrap\">\n\t<div class=\"post-thumbnail\">\n\t\t\n\t\t\n\t\t<a href=\"https:\/\/mobilehomescentre.com\/de\/referencia\/wir-haben-ein-neues-isoliertes-glamping-haus-mit-einem-kran-installiert\/\" class=\"post-thumbnail-rollover layzr-bg layzr-bg\" ><img fetchpriority=\"high\" decoding=\"async\" class=\"iso-lazy-load preload-me iso-lazy-load aspect\" src=\"data:image\/svg+xml,%3Csvg%20xmlns%3D&#39;http%3A%2F%2Fwww.w3.org%2F2000%2Fsvg&#39;%20viewBox%3D&#39;0%200%20768%20512&#39;%2F%3E\" data-src=\"https:\/\/mobilehomescentre.com\/wp-content\/uploads\/2026\/02\/egy-uj-hoszigetelt-glamping-hazat-telepitettunk-daru-segitsegevel1-768x512.jpeg\" data-srcset=\"https:\/\/mobilehomescentre.com\/wp-content\/uploads\/2026\/02\/egy-uj-hoszigetelt-glamping-hazat-telepitettunk-daru-segitsegevel1-768x512.jpeg 768w, https:\/\/mobilehomescentre.com\/wp-content\/uploads\/2026\/02\/egy-uj-hoszigetelt-glamping-hazat-telepitettunk-daru-segitsegevel1-1152x768.jpeg 1152w\" loading=\"eager\" style=\"--ratio: 768 \/ 512\" sizes=\"(max-width: 768px) 100vw, 768px\" alt=\"\" title=\"egy-uj-hoszigetelt-glamping-hazat-telepitettunk-daru-segitsegevel1\" width=\"768\" height=\"512\"  \/><\/a>\t<\/div>\n<\/div>\n\n\n<div class=\"post-entry-content\">\n\n\t<h3 class=\"entry-title\">\n\t\t<a href=\"https:\/\/mobilehomescentre.com\/de\/referencia\/wir-haben-ein-neues-isoliertes-glamping-haus-mit-einem-kran-installiert\/\" title=\"Wir haben ein neues isoliertes Glamping-Haus mit einem Kran installiert\" rel=\"bookmark\">Wir haben ein neues isoliertes Glamping-Haus mit einem Kran installiert<\/a>\n\t<\/h3>\n\n\t\n\t<div class=\"entry-excerpt\"><p>[vc_row][vc_column width=&#8220;2\/3&#8243; offset=&#8220;vc_col-sm-offset-2&#8243;][vc_column_text css=&#8220;&#8220;]Wir haben ein neues, hochwertiges isoliertes Glamping-Haus mit einem Kran f\u00fcr seinen neuen Besitzer installiert. Dieses besondere&hellip;<\/p>\n<\/div>\n\t\n<\/div><\/article><\/div><div class=\"visible wf-cell\" data-post-id=\"2491\" data-date=\"2026-02-11T14:51:09+01:00\" data-name=\"Installation eines neuen w\u00e4rmeisolierten Fertighauses\"><article class=\"post project-odd visible post-2491 type-post status-publish format-standard has-post-thumbnail hentry category-referencia category-397\" data-name=\"Installation eines neuen w\u00e4rmeisolierten Fertighauses\" data-date=\"2026-02-11T14:51:09+01:00\">\n\n<div class=\"post-thumbnail-wrap\">\n\t<div class=\"post-thumbnail\">\n\t\t\n\t\t\n\t\t<a href=\"https:\/\/mobilehomescentre.com\/de\/referencia\/installation-eines-neuen-waermeisolierten-fertighauses\/\" class=\"post-thumbnail-rollover layzr-bg layzr-bg\" ><img decoding=\"async\" class=\"iso-lazy-load preload-me iso-lazy-load aspect\" src=\"data:image\/svg+xml,%3Csvg%20xmlns%3D&#39;http%3A%2F%2Fwww.w3.org%2F2000%2Fsvg&#39;%20viewBox%3D&#39;0%200%20768%20512&#39;%2F%3E\" data-src=\"https:\/\/mobilehomescentre.com\/wp-content\/uploads\/2026\/02\/uj-hoszigetelt-keszhaz-telepitese3-768x512.jpg\" data-srcset=\"https:\/\/mobilehomescentre.com\/wp-content\/uploads\/2026\/02\/uj-hoszigetelt-keszhaz-telepitese3-768x512.jpg 768w, https:\/\/mobilehomescentre.com\/wp-content\/uploads\/2026\/02\/uj-hoszigetelt-keszhaz-telepitese3-1152x768.jpg 1152w\" loading=\"eager\" style=\"--ratio: 768 \/ 512\" sizes=\"(max-width: 768px) 100vw, 768px\" alt=\"\" title=\"uj-hoszigetelt-keszhaz-telepitese3\" width=\"768\" height=\"512\"  \/><\/a>\t<\/div>\n<\/div>\n\n\n<div class=\"post-entry-content\">\n\n\t<h3 class=\"entry-title\">\n\t\t<a href=\"https:\/\/mobilehomescentre.com\/de\/referencia\/installation-eines-neuen-waermeisolierten-fertighauses\/\" title=\"Installation eines neuen w\u00e4rmeisolierten Fertighauses\" rel=\"bookmark\">Installation eines neuen w\u00e4rmeisolierten Fertighauses<\/a>\n\t<\/h3>\n\n\t\n\t<div class=\"entry-excerpt\"><p>[vc_row][vc_column width=&#8220;2\/3&#8243; offset=&#8220;vc_col-sm-offset-2&#8243;][vc_column_text css=&#8220;&#8220;]Im Rahmen unseres letzten Projekts haben wir ein neues, w\u00e4rmeisoliertes Fertighaus mit Holzverkleidung installiert. Es wird als&hellip;<\/p>\n<\/div>\n\t\n<\/div><\/article><\/div><div class=\"visible wf-cell\" data-post-id=\"2488\" data-date=\"2026-02-11T14:46:40+01:00\" data-name=\"Transport des Atlas Everglade Mobilheims durch ein enges Waldgebiet\"><article class=\"post project-odd visible post-2488 type-post status-publish format-standard has-post-thumbnail hentry category-referencia category-397\" data-name=\"Transport des Atlas Everglade Mobilheims durch ein enges Waldgebiet\" data-date=\"2026-02-11T14:46:40+01:00\">\n\n<div class=\"post-thumbnail-wrap\">\n\t<div class=\"post-thumbnail\">\n\t\t\n\t\t\n\t\t<a href=\"https:\/\/mobilehomescentre.com\/de\/referencia\/transport-des-atlas-everglade-mobilheims-durch-ein-enges-waldgebiet\/\" class=\"post-thumbnail-rollover layzr-bg layzr-bg\" ><img decoding=\"async\" class=\"iso-lazy-load preload-me iso-lazy-load aspect\" src=\"data:image\/svg+xml,%3Csvg%20xmlns%3D&#39;http%3A%2F%2Fwww.w3.org%2F2000%2Fsvg&#39;%20viewBox%3D&#39;0%200%20768%20512&#39;%2F%3E\" data-src=\"https:\/\/mobilehomescentre.com\/wp-content\/uploads\/2026\/02\/atlas-everglade-mobilhaz-szallitasa-szuk-erdos-teruleten3-768x512.jpg\" data-srcset=\"https:\/\/mobilehomescentre.com\/wp-content\/uploads\/2026\/02\/atlas-everglade-mobilhaz-szallitasa-szuk-erdos-teruleten3-768x512.jpg 768w, https:\/\/mobilehomescentre.com\/wp-content\/uploads\/2026\/02\/atlas-everglade-mobilhaz-szallitasa-szuk-erdos-teruleten3-1152x768.jpg 1152w\" loading=\"eager\" style=\"--ratio: 768 \/ 512\" sizes=\"(max-width: 768px) 100vw, 768px\" alt=\"\" title=\"atlas-everglade-mobilhaz-szallitasa-szuk-erdos-teruleten3\" width=\"768\" height=\"512\"  \/><\/a>\t<\/div>\n<\/div>\n\n\n<div class=\"post-entry-content\">\n\n\t<h3 class=\"entry-title\">\n\t\t<a href=\"https:\/\/mobilehomescentre.com\/de\/referencia\/transport-des-atlas-everglade-mobilheims-durch-ein-enges-waldgebiet\/\" title=\"Transport des Atlas Everglade Mobilheims durch ein enges Waldgebiet\" rel=\"bookmark\">Transport des Atlas Everglade Mobilheims durch ein enges Waldgebiet<\/a>\n\t<\/h3>\n\n\t\n\t<div class=\"entry-excerpt\"><p>[vc_row][vc_column width=&#8220;2\/3&#8243; offset=&#8220;vc_col-sm-offset-2&#8243;][vc_column_text css=&#8220;&#8220;]Wir haben ein Atlas Everglade Mobilheim geliefert, das \u00fcber zwei ger\u00e4umige Zimmer, eine separate Dusche und Toilette&hellip;<\/p>\n<\/div>\n\t\n<\/div><\/article><\/div><div class=\"visible wf-cell\" data-post-id=\"2485\" data-date=\"2026-02-11T13:57:16+01:00\" data-name=\"Installation eines neuen Mobilheims auf engem Raum\"><article class=\"post project-odd visible post-2485 type-post status-publish format-standard has-post-thumbnail hentry category-referencia category-397\" data-name=\"Installation eines neuen Mobilheims auf engem Raum\" data-date=\"2026-02-11T13:57:16+01:00\">\n\n<div class=\"post-thumbnail-wrap\">\n\t<div class=\"post-thumbnail\">\n\t\t\n\t\t\n\t\t<a href=\"https:\/\/mobilehomescentre.com\/de\/referencia\/installation-eines-neuen-mobilheims-auf-engem-raum\/\" class=\"post-thumbnail-rollover layzr-bg layzr-bg\" ><img decoding=\"async\" class=\"iso-lazy-load preload-me iso-lazy-load aspect\" src=\"data:image\/svg+xml,%3Csvg%20xmlns%3D&#39;http%3A%2F%2Fwww.w3.org%2F2000%2Fsvg&#39;%20viewBox%3D&#39;0%200%20768%20512&#39;%2F%3E\" data-src=\"https:\/\/mobilehomescentre.com\/wp-content\/uploads\/2026\/02\/uj-mobilhaz-telepitese-szukos-helyre3-768x512.jpeg\" data-srcset=\"https:\/\/mobilehomescentre.com\/wp-content\/uploads\/2026\/02\/uj-mobilhaz-telepitese-szukos-helyre3-768x512.jpeg 768w, https:\/\/mobilehomescentre.com\/wp-content\/uploads\/2026\/02\/uj-mobilhaz-telepitese-szukos-helyre3-1152x768.jpeg 1152w\" loading=\"eager\" style=\"--ratio: 768 \/ 512\" sizes=\"(max-width: 768px) 100vw, 768px\" alt=\"\" title=\"uj-mobilhaz-telepitese-szukos-helyre3\" width=\"768\" height=\"512\"  \/><\/a>\t<\/div>\n<\/div>\n\n\n<div class=\"post-entry-content\">\n\n\t<h3 class=\"entry-title\">\n\t\t<a href=\"https:\/\/mobilehomescentre.com\/de\/referencia\/installation-eines-neuen-mobilheims-auf-engem-raum\/\" title=\"Installation eines neuen Mobilheims auf engem Raum\" rel=\"bookmark\">Installation eines neuen Mobilheims auf engem Raum<\/a>\n\t<\/h3>\n\n\t\n\t<div class=\"entry-excerpt\"><p>[vc_row][vc_column width=&#8220;2\/3&#8243; offset=&#8220;vc_col-sm-offset-2&#8243;][vc_column_text css=&#8220;&#8220;]Wir haben erfolgreich ein modernes Mobilheim auf einem engen, bewaldeten Gel\u00e4nde installiert. Der Transport und die Installation&hellip;<\/p>\n<\/div>\n\t\n<\/div><\/article><\/div><div class=\"visible wf-cell\" data-post-id=\"2482\" data-date=\"2026-02-11T13:55:30+01:00\" data-name=\"Installation eines Cosalt Stratmore Mobilheims in Gy\u0151r-Moson-Sopron\"><article class=\"post project-odd visible post-2482 type-post status-publish format-standard has-post-thumbnail hentry category-referencia category-397\" data-name=\"Installation eines Cosalt Stratmore Mobilheims in Gy\u0151r-Moson-Sopron\" data-date=\"2026-02-11T13:55:30+01:00\">\n\n<div class=\"post-thumbnail-wrap\">\n\t<div class=\"post-thumbnail\">\n\t\t\n\t\t\n\t\t<a href=\"https:\/\/mobilehomescentre.com\/de\/referencia\/installation-eines-cosalt-stratmore-mobilheims-in-gyor-moson-sopron\/\" class=\"post-thumbnail-rollover layzr-bg layzr-bg\" ><img decoding=\"async\" class=\"iso-lazy-load preload-me iso-lazy-load aspect\" src=\"data:image\/svg+xml,%3Csvg%20xmlns%3D&#39;http%3A%2F%2Fwww.w3.org%2F2000%2Fsvg&#39;%20viewBox%3D&#39;0%200%20768%20512&#39;%2F%3E\" data-src=\"https:\/\/mobilehomescentre.com\/wp-content\/uploads\/2026\/02\/cosalt-stratmore-mobilhaz-telepitese-gyor-moson-sopron-varmegyeben3-768x512.jpg\" data-srcset=\"https:\/\/mobilehomescentre.com\/wp-content\/uploads\/2026\/02\/cosalt-stratmore-mobilhaz-telepitese-gyor-moson-sopron-varmegyeben3-768x512.jpg 768w, https:\/\/mobilehomescentre.com\/wp-content\/uploads\/2026\/02\/cosalt-stratmore-mobilhaz-telepitese-gyor-moson-sopron-varmegyeben3-1152x768.jpg 1152w\" loading=\"eager\" style=\"--ratio: 768 \/ 512\" sizes=\"(max-width: 768px) 100vw, 768px\" alt=\"\" title=\"cosalt-stratmore-mobilhaz-telepitese-gyor-moson-sopron-varmegyeben3\" width=\"768\" height=\"512\"  \/><\/a>\t<\/div>\n<\/div>\n\n\n<div class=\"post-entry-content\">\n\n\t<h3 class=\"entry-title\">\n\t\t<a href=\"https:\/\/mobilehomescentre.com\/de\/referencia\/installation-eines-cosalt-stratmore-mobilheims-in-gyor-moson-sopron\/\" title=\"Installation eines Cosalt Stratmore Mobilheims in Gy\u0151r-Moson-Sopron\" rel=\"bookmark\">Installation eines Cosalt Stratmore Mobilheims in Gy\u0151r-Moson-Sopron<\/a>\n\t<\/h3>\n\n\t\n\t<div class=\"entry-excerpt\"><p>[vc_row][vc_column width=&#8220;2\/3&#8243; offset=&#8220;vc_col-sm-offset-2&#8243;][vc_column_text css=&#8220;&#8220;]Vor Kurzem haben wir ein extra gro\u00dfes, modern und jugendlich eingerichtetes Cosalt Stratmore Mobilheim in Gy\u0151r-Moson-Sopron installiert.&hellip;<\/p>\n<\/div>\n\t\n<\/div><\/article><\/div><div class=\"visible wf-cell\" data-post-id=\"2479\" data-date=\"2026-02-11T13:53:35+01:00\" data-name=\"Installation eines Willerby Vogue Mobilheims in S\u00fcd-Transdanubien\"><article class=\"post project-odd visible post-2479 type-post status-publish format-standard has-post-thumbnail hentry category-referencia category-397\" data-name=\"Installation eines Willerby Vogue Mobilheims in S\u00fcd-Transdanubien\" data-date=\"2026-02-11T13:53:35+01:00\">\n\n<div class=\"post-thumbnail-wrap\">\n\t<div class=\"post-thumbnail\">\n\t\t\n\t\t\n\t\t<a href=\"https:\/\/mobilehomescentre.com\/de\/referencia\/installation-eines-willerby-vogue-mobilheims-in-sued-transdanubien\/\" class=\"post-thumbnail-rollover layzr-bg layzr-bg\" ><img decoding=\"async\" class=\"iso-lazy-load preload-me iso-lazy-load aspect\" src=\"data:image\/svg+xml,%3Csvg%20xmlns%3D&#39;http%3A%2F%2Fwww.w3.org%2F2000%2Fsvg&#39;%20viewBox%3D&#39;0%200%20768%20512&#39;%2F%3E\" data-src=\"https:\/\/mobilehomescentre.com\/wp-content\/uploads\/2026\/02\/willerby-vogue-mobilhaz-telepitese-a-del-dunantulon1-768x512.jpg\" data-srcset=\"https:\/\/mobilehomescentre.com\/wp-content\/uploads\/2026\/02\/willerby-vogue-mobilhaz-telepitese-a-del-dunantulon1-768x512.jpg 768w, https:\/\/mobilehomescentre.com\/wp-content\/uploads\/2026\/02\/willerby-vogue-mobilhaz-telepitese-a-del-dunantulon1-1152x768.jpg 1152w\" loading=\"eager\" style=\"--ratio: 768 \/ 512\" sizes=\"(max-width: 768px) 100vw, 768px\" alt=\"\" title=\"willerby-vogue-mobilhaz-telepitese-a-del-dunantulon1\" width=\"768\" height=\"512\"  \/><\/a>\t<\/div>\n<\/div>\n\n\n<div class=\"post-entry-content\">\n\n\t<h3 class=\"entry-title\">\n\t\t<a href=\"https:\/\/mobilehomescentre.com\/de\/referencia\/installation-eines-willerby-vogue-mobilheims-in-sued-transdanubien\/\" title=\"Installation eines Willerby Vogue Mobilheims in S\u00fcd-Transdanubien\" rel=\"bookmark\">Installation eines Willerby Vogue Mobilheims in S\u00fcd-Transdanubien<\/a>\n\t<\/h3>\n\n\t\n\t<div class=\"entry-excerpt\"><p>[vc_row][vc_column width=&#8220;2\/3&#8243; offset=&#8220;vc_col-sm-offset-2&#8243;][vc_column_text css=&#8220;&#8220;]Vor Kurzem haben wir ein gebrauchtes Willerby Vogue Mobilheim in S\u00fcd-Transdanubien installiert. Das Modell ist 3,70 x&hellip;<\/p>\n<\/div>\n\t\n<\/div><\/article><\/div><div class=\"visible wf-cell\" data-post-id=\"2476\" data-date=\"2026-02-11T13:51:35+01:00\" data-name=\"Abi Camberra Mobilheim-Installation in Nord-Bakony auf einem Reiterhof\"><article class=\"post project-odd visible post-2476 type-post status-publish format-standard has-post-thumbnail hentry category-referencia category-397\" data-name=\"Abi Camberra Mobilheim-Installation in Nord-Bakony auf einem Reiterhof\" data-date=\"2026-02-11T13:51:35+01:00\">\n\n<div class=\"post-thumbnail-wrap\">\n\t<div class=\"post-thumbnail\">\n\t\t\n\t\t\n\t\t<a href=\"https:\/\/mobilehomescentre.com\/de\/referencia\/abi-camberra-mobilheim-installation-in-nord-bakony-auf-einem-reiterhof\/\" class=\"post-thumbnail-rollover layzr-bg layzr-bg\" ><img decoding=\"async\" class=\"iso-lazy-load preload-me iso-lazy-load aspect\" src=\"data:image\/svg+xml,%3Csvg%20xmlns%3D&#39;http%3A%2F%2Fwww.w3.org%2F2000%2Fsvg&#39;%20viewBox%3D&#39;0%200%20768%20512&#39;%2F%3E\" data-src=\"https:\/\/mobilehomescentre.com\/wp-content\/uploads\/2026\/02\/abi-camberra-mobilhaz-telepitese-eszak-bakonyban-egy-lovastanyan1-768x512.jpeg\" data-srcset=\"https:\/\/mobilehomescentre.com\/wp-content\/uploads\/2026\/02\/abi-camberra-mobilhaz-telepitese-eszak-bakonyban-egy-lovastanyan1-768x512.jpeg 768w, https:\/\/mobilehomescentre.com\/wp-content\/uploads\/2026\/02\/abi-camberra-mobilhaz-telepitese-eszak-bakonyban-egy-lovastanyan1-1152x768.jpeg 1152w\" loading=\"eager\" style=\"--ratio: 768 \/ 512\" sizes=\"(max-width: 768px) 100vw, 768px\" alt=\"\" title=\"abi-camberra-mobilhaz-telepitese-eszak-bakonyban-egy-lovastanyan1\" width=\"768\" height=\"512\"  \/><\/a>\t<\/div>\n<\/div>\n\n\n<div class=\"post-entry-content\">\n\n\t<h3 class=\"entry-title\">\n\t\t<a href=\"https:\/\/mobilehomescentre.com\/de\/referencia\/abi-camberra-mobilheim-installation-in-nord-bakony-auf-einem-reiterhof\/\" title=\"Abi Camberra Mobilheim-Installation in Nord-Bakony auf einem Reiterhof\" rel=\"bookmark\">Abi Camberra Mobilheim-Installation in Nord-Bakony auf einem Reiterhof<\/a>\n\t<\/h3>\n\n\t\n\t<div class=\"entry-excerpt\"><p>[vc_row][vc_column width=&#8220;2\/3&#8243; offset=&#8220;vc_col-sm-offset-2&#8243;][vc_column_text css=&#8220;&#8220;]Vor Kurzem haben wir ein Abi Camberra Mobilheim auf einem Reiterhof am westlichen Hang des Nord-Bakony installiert.&hellip;<\/p>\n<\/div>\n\t\n<\/div><\/article><\/div><div class=\"visible wf-cell\" data-post-id=\"2473\" data-date=\"2026-02-11T13:49:43+01:00\" data-name=\"Erfolgreiche Installation von Modulh\u00e4usern im Komitat B\u00e9k\u00e9s \u2013 L-Box Arbeiterunterk\u00fcnfte\"><article class=\"post project-odd visible post-2473 type-post status-publish format-standard has-post-thumbnail hentry category-referencia category-397\" data-name=\"Erfolgreiche Installation von Modulh\u00e4usern im Komitat B\u00e9k\u00e9s \u2013 L-Box Arbeiterunterk\u00fcnfte\" data-date=\"2026-02-11T13:49:43+01:00\">\n\n<div class=\"post-thumbnail-wrap\">\n\t<div class=\"post-thumbnail\">\n\t\t\n\t\t\n\t\t<a href=\"https:\/\/mobilehomescentre.com\/de\/referencia\/erfolgreiche-installation-von-modulhaeusern-im-komitat-bekes-l-box-arbeiterunterkuenfte\/\" class=\"post-thumbnail-rollover layzr-bg layzr-bg\" ><img decoding=\"async\" class=\"iso-lazy-load preload-me iso-lazy-load aspect\" src=\"data:image\/svg+xml,%3Csvg%20xmlns%3D&#39;http%3A%2F%2Fwww.w3.org%2F2000%2Fsvg&#39;%20viewBox%3D&#39;0%200%20768%20512&#39;%2F%3E\" data-src=\"https:\/\/mobilehomescentre.com\/wp-content\/uploads\/2026\/02\/ujabb-sikeres-modulhaz-telepites-bekes-varmegyeben-\u2013-l-box-munkasszallo-hazak4-768x512.jpeg\" data-srcset=\"https:\/\/mobilehomescentre.com\/wp-content\/uploads\/2026\/02\/ujabb-sikeres-modulhaz-telepites-bekes-varmegyeben-\u2013-l-box-munkasszallo-hazak4-768x512.jpeg 768w, https:\/\/mobilehomescentre.com\/wp-content\/uploads\/2026\/02\/ujabb-sikeres-modulhaz-telepites-bekes-varmegyeben-\u2013-l-box-munkasszallo-hazak4-1152x768.jpeg 1152w\" loading=\"eager\" style=\"--ratio: 768 \/ 512\" sizes=\"(max-width: 768px) 100vw, 768px\" alt=\"\" title=\"ujabb-sikeres-modulhaz-telepites-bekes-varmegyeben-\u2013-l-box-munkasszallo-hazak4\" width=\"768\" height=\"512\"  \/><\/a>\t<\/div>\n<\/div>\n\n\n<div class=\"post-entry-content\">\n\n\t<h3 class=\"entry-title\">\n\t\t<a href=\"https:\/\/mobilehomescentre.com\/de\/referencia\/erfolgreiche-installation-von-modulhaeusern-im-komitat-bekes-l-box-arbeiterunterkuenfte\/\" title=\"Erfolgreiche Installation von Modulh\u00e4usern im Komitat B\u00e9k\u00e9s \u2013 L-Box Arbeiterunterk\u00fcnfte\" rel=\"bookmark\">Erfolgreiche Installation von Modulh\u00e4usern im Komitat B\u00e9k\u00e9s \u2013 L-Box Arbeiterunterk\u00fcnfte<\/a>\n\t<\/h3>\n\n\t\n\t<div class=\"entry-excerpt\"><p>[vc_row][vc_column width=&#8220;2\/3&#8243; offset=&#8220;vc_col-sm-offset-2&#8243;][vc_column_text css=&#8220;&#8220;]Wir haben drei identische L-Box Modulh\u00e4user im Komitat B\u00e9k\u00e9s als Arbeiterunterk\u00fcnfte installiert. Die H\u00e4user wurden individuell gestaltet&hellip;<\/p>\n<\/div>\n\t\n<\/div><\/article><\/div><div class=\"visible wf-cell\" data-post-id=\"2470\" data-date=\"2026-02-11T13:47:49+01:00\" data-name=\"Individuelles L-Box-Modulhaus im Bezirk S\u00fcmeg installiert\"><article class=\"post project-odd visible post-2470 type-post status-publish format-standard has-post-thumbnail hentry category-referencia category-397\" data-name=\"Individuelles L-Box-Modulhaus im Bezirk S\u00fcmeg installiert\" data-date=\"2026-02-11T13:47:49+01:00\">\n\n<div class=\"post-thumbnail-wrap\">\n\t<div class=\"post-thumbnail\">\n\t\t\n\t\t\n\t\t<a href=\"https:\/\/mobilehomescentre.com\/de\/referencia\/individuelles-l-box-modulhaus-im-bezirk-suemeg-installiert\/\" class=\"post-thumbnail-rollover layzr-bg layzr-bg\" ><img decoding=\"async\" class=\"iso-lazy-load preload-me iso-lazy-load aspect\" src=\"data:image\/svg+xml,%3Csvg%20xmlns%3D&#39;http%3A%2F%2Fwww.w3.org%2F2000%2Fsvg&#39;%20viewBox%3D&#39;0%200%20768%20512&#39;%2F%3E\" data-src=\"https:\/\/mobilehomescentre.com\/wp-content\/uploads\/2026\/02\/egyedi-l-box-modulhaz-telepitese-a-sumegi-jarasban1-768x512.jpeg\" data-srcset=\"https:\/\/mobilehomescentre.com\/wp-content\/uploads\/2026\/02\/egyedi-l-box-modulhaz-telepitese-a-sumegi-jarasban1-768x512.jpeg 768w, https:\/\/mobilehomescentre.com\/wp-content\/uploads\/2026\/02\/egyedi-l-box-modulhaz-telepitese-a-sumegi-jarasban1-1152x768.jpeg 1152w\" loading=\"eager\" style=\"--ratio: 768 \/ 512\" sizes=\"(max-width: 768px) 100vw, 768px\" alt=\"\" title=\"egyedi-l-box-modulhaz-telepitese-a-sumegi-jarasban1\" width=\"768\" height=\"512\"  \/><\/a>\t<\/div>\n<\/div>\n\n\n<div class=\"post-entry-content\">\n\n\t<h3 class=\"entry-title\">\n\t\t<a href=\"https:\/\/mobilehomescentre.com\/de\/referencia\/individuelles-l-box-modulhaus-im-bezirk-suemeg-installiert\/\" title=\"Individuelles L-Box-Modulhaus im Bezirk S\u00fcmeg installiert\" rel=\"bookmark\">Individuelles L-Box-Modulhaus im Bezirk S\u00fcmeg installiert<\/a>\n\t<\/h3>\n\n\t\n\t<div class=\"entry-excerpt\"><p>[vc_row][vc_column width=&#8220;2\/3&#8243; offset=&#8220;vc_col-sm-offset-2&#8243;][vc_column_text css=&#8220;&#8220;]K\u00fcrzlich haben wir ein L-Box-Modulhaus im Bezirk S\u00fcmeg installiert. Dieses Haus bietet eine hervorragende W\u00e4rmed\u00e4mmung, doppelt verglaste&hellip;<\/p>\n<\/div>\n\t\n<\/div><\/article><\/div><div class=\"visible wf-cell\" data-post-id=\"2467\" data-date=\"2026-02-11T13:46:19+01:00\" data-name=\"Transport eines gebrauchten Ideal-Mobilheims nach Zala\"><article class=\"post project-odd visible post-2467 type-post status-publish format-standard has-post-thumbnail hentry category-referencia category-397\" data-name=\"Transport eines gebrauchten Ideal-Mobilheims nach Zala\" data-date=\"2026-02-11T13:46:19+01:00\">\n\n<div class=\"post-thumbnail-wrap\">\n\t<div class=\"post-thumbnail\">\n\t\t\n\t\t\n\t\t<a href=\"https:\/\/mobilehomescentre.com\/de\/referencia\/transport-eines-gebrauchten-ideal-mobilheims-nach-zala\/\" class=\"post-thumbnail-rollover layzr-bg layzr-bg\" ><img decoding=\"async\" class=\"iso-lazy-load preload-me iso-lazy-load aspect\" src=\"data:image\/svg+xml,%3Csvg%20xmlns%3D&#39;http%3A%2F%2Fwww.w3.org%2F2000%2Fsvg&#39;%20viewBox%3D&#39;0%200%20768%20512&#39;%2F%3E\" data-src=\"https:\/\/mobilehomescentre.com\/wp-content\/uploads\/2026\/02\/ujabb-sikeres-szallitas-zala-varmegyeben-\u2013-ideal-mobilhaz-telepitese1-768x512.jpg\" data-srcset=\"https:\/\/mobilehomescentre.com\/wp-content\/uploads\/2026\/02\/ujabb-sikeres-szallitas-zala-varmegyeben-\u2013-ideal-mobilhaz-telepitese1-768x512.jpg 768w, https:\/\/mobilehomescentre.com\/wp-content\/uploads\/2026\/02\/ujabb-sikeres-szallitas-zala-varmegyeben-\u2013-ideal-mobilhaz-telepitese1-1152x768.jpg 1152w\" loading=\"eager\" style=\"--ratio: 768 \/ 512\" sizes=\"(max-width: 768px) 100vw, 768px\" alt=\"\" title=\"ujabb-sikeres-szallitas-zala-varmegyeben-\u2013-ideal-mobilhaz-telepitese1\" width=\"768\" height=\"512\"  \/><\/a>\t<\/div>\n<\/div>\n\n\n<div class=\"post-entry-content\">\n\n\t<h3 class=\"entry-title\">\n\t\t<a href=\"https:\/\/mobilehomescentre.com\/de\/referencia\/transport-eines-gebrauchten-ideal-mobilheims-nach-zala\/\" title=\"Transport eines gebrauchten Ideal-Mobilheims nach Zala\" rel=\"bookmark\">Transport eines gebrauchten Ideal-Mobilheims nach Zala<\/a>\n\t<\/h3>\n\n\t\n\t<div class=\"entry-excerpt\"><p>[vc_row][vc_column width=&#8220;2\/3&#8243; offset=&#8220;vc_col-sm-offset-2&#8243;][vc_column_text css=&#8220;&#8220;]Wir haben k\u00fcrzlich ein gebrauchtes Ideal-Mobilheim (8&#215;3,10 m) mit zwei Schlafzimmern nach Zala geliefert. Vor der Lieferung&hellip;<\/p>\n<\/div>\n\t\n<\/div><\/article><\/div><div class=\"visible wf-cell\" data-post-id=\"2464\" data-date=\"2026-02-11T13:44:05+01:00\" data-name=\"Premium JB SilverMoon Fertighaus am Ufer des Tisza-Sees \u2013 Erfolgreiche Installation in der Nagykuns\u00e1\"><article class=\"post project-odd visible post-2464 type-post status-publish format-standard has-post-thumbnail hentry category-referencia category-397\" data-name=\"Premium JB SilverMoon Fertighaus am Ufer des Tisza-Sees \u2013 Erfolgreiche Installation in der Nagykuns\u00e1\" data-date=\"2026-02-11T13:44:05+01:00\">\n\n<div class=\"post-thumbnail-wrap\">\n\t<div class=\"post-thumbnail\">\n\t\t\n\t\t\n\t\t<a href=\"https:\/\/mobilehomescentre.com\/de\/referencia\/premium-jb-silvermoon-fertighaus-am-ufer-des-tisza-sees-erfolgreiche-installation-in-der-nagykunsa\/\" class=\"post-thumbnail-rollover layzr-bg layzr-bg\" ><img decoding=\"async\" class=\"iso-lazy-load preload-me iso-lazy-load aspect\" src=\"data:image\/svg+xml,%3Csvg%20xmlns%3D&#39;http%3A%2F%2Fwww.w3.org%2F2000%2Fsvg&#39;%20viewBox%3D&#39;0%200%20768%20512&#39;%2F%3E\" data-src=\"https:\/\/mobilehomescentre.com\/wp-content\/uploads\/2026\/02\/premium-jb-silvermoon-keszhaz-a-tisza-to-partjan-\u2013-sikeres-telepites-a-nagykunsagban5-768x512.jpeg\" data-srcset=\"https:\/\/mobilehomescentre.com\/wp-content\/uploads\/2026\/02\/premium-jb-silvermoon-keszhaz-a-tisza-to-partjan-\u2013-sikeres-telepites-a-nagykunsagban5-768x512.jpeg 768w, https:\/\/mobilehomescentre.com\/wp-content\/uploads\/2026\/02\/premium-jb-silvermoon-keszhaz-a-tisza-to-partjan-\u2013-sikeres-telepites-a-nagykunsagban5-1152x768.jpeg 1152w\" loading=\"eager\" style=\"--ratio: 768 \/ 512\" sizes=\"(max-width: 768px) 100vw, 768px\" alt=\"\" title=\"premium-jb-silvermoon-keszhaz-a-tisza-to-partjan-\u2013-sikeres-telepites-a-nagykunsagban5\" width=\"768\" height=\"512\"  \/><\/a>\t<\/div>\n<\/div>\n\n\n<div class=\"post-entry-content\">\n\n\t<h3 class=\"entry-title\">\n\t\t<a href=\"https:\/\/mobilehomescentre.com\/de\/referencia\/premium-jb-silvermoon-fertighaus-am-ufer-des-tisza-sees-erfolgreiche-installation-in-der-nagykunsa\/\" title=\"Premium JB SilverMoon Fertighaus am Ufer des Tisza-Sees \u2013 Erfolgreiche Installation in der Nagykuns\u00e1\" rel=\"bookmark\">Premium JB SilverMoon Fertighaus am Ufer des Tisza-Sees \u2013 Erfolgreiche Installation in der Nagykuns\u00e1<\/a>\n\t<\/h3>\n\n\t\n\t<div class=\"entry-excerpt\"><p>[vc_row][vc_column width=&#8220;2\/3&#8243; offset=&#8220;vc_col-sm-offset-2&#8243;][vc_column_text css=&#8220;&#8220;]K\u00fcrzlich haben wir ein neues JB SilverMoon Fertighaus an das Ufer des Tisza-Sees geliefert. Das 57 m\u00b2&hellip;<\/p>\n<\/div>\n\t\n<\/div><\/article><\/div><div class=\"visible wf-cell\" data-post-id=\"2461\" data-date=\"2026-02-11T13:41:54+01:00\" data-name=\"Transport eines neuen isolierten Hauses im Komitat Pest\"><article class=\"post project-odd visible post-2461 type-post status-publish format-standard has-post-thumbnail hentry category-referencia category-397\" data-name=\"Transport eines neuen isolierten Hauses im Komitat Pest\" data-date=\"2026-02-11T13:41:54+01:00\">\n\n<div class=\"post-thumbnail-wrap\">\n\t<div class=\"post-thumbnail\">\n\t\t\n\t\t\n\t\t<a href=\"https:\/\/mobilehomescentre.com\/de\/referencia\/transport-eines-neuen-isolierten-hauses-im-komitat-pest\/\" class=\"post-thumbnail-rollover layzr-bg layzr-bg\" ><img decoding=\"async\" class=\"iso-lazy-load preload-me iso-lazy-load aspect\" src=\"data:image\/svg+xml,%3Csvg%20xmlns%3D&#39;http%3A%2F%2Fwww.w3.org%2F2000%2Fsvg&#39;%20viewBox%3D&#39;0%200%20768%20512&#39;%2F%3E\" data-src=\"https:\/\/mobilehomescentre.com\/wp-content\/uploads\/2026\/02\/uj-hoszigetelt-haz-atszallitasa-pest-varmegyeben5-768x512.jpg\" data-srcset=\"https:\/\/mobilehomescentre.com\/wp-content\/uploads\/2026\/02\/uj-hoszigetelt-haz-atszallitasa-pest-varmegyeben5-768x512.jpg 768w, https:\/\/mobilehomescentre.com\/wp-content\/uploads\/2026\/02\/uj-hoszigetelt-haz-atszallitasa-pest-varmegyeben5-1152x768.jpg 1152w\" loading=\"eager\" style=\"--ratio: 768 \/ 512\" sizes=\"(max-width: 768px) 100vw, 768px\" alt=\"\" title=\"uj-hoszigetelt-haz-atszallitasa-pest-varmegyeben5\" width=\"768\" height=\"512\"  \/><\/a>\t<\/div>\n<\/div>\n\n\n<div class=\"post-entry-content\">\n\n\t<h3 class=\"entry-title\">\n\t\t<a href=\"https:\/\/mobilehomescentre.com\/de\/referencia\/transport-eines-neuen-isolierten-hauses-im-komitat-pest\/\" title=\"Transport eines neuen isolierten Hauses im Komitat Pest\" rel=\"bookmark\">Transport eines neuen isolierten Hauses im Komitat Pest<\/a>\n\t<\/h3>\n\n\t\n\t<div class=\"entry-excerpt\"><p>[vc_row][vc_column width=&#8220;2\/3&#8243; offset=&#8220;vc_col-sm-offset-2&#8243;][vc_column_text css=&#8220;&#8220;]Wir haben k\u00fcrzlich ein neues isoliertes Haus im Komitat Pest erfolgreich transportiert und installiert. Der Kunde w\u00fcnschte&hellip;<\/p>\n<\/div>\n\t\n<\/div><\/article><\/div><div class=\"visible wf-cell\" data-post-id=\"2458\" data-date=\"2026-02-11T12:01:15+01:00\" data-name=\"Installation eines isolierten Mobilheims im Schnee \u2013 Herausforderungen und erfolgreiche L\u00f6sungen\"><article class=\"post project-odd visible post-2458 type-post status-publish format-standard has-post-thumbnail hentry category-referencia category-397\" data-name=\"Installation eines isolierten Mobilheims im Schnee \u2013 Herausforderungen und erfolgreiche L\u00f6sungen\" data-date=\"2026-02-11T12:01:15+01:00\">\n\n<div class=\"post-thumbnail-wrap\">\n\t<div class=\"post-thumbnail\">\n\t\t\n\t\t\n\t\t<a href=\"https:\/\/mobilehomescentre.com\/de\/referencia\/installation-eines-isolierten-mobilheims-im-schnee-herausforderungen-und-erfolgreiche-loesungen\/\" class=\"post-thumbnail-rollover layzr-bg layzr-bg\" ><img decoding=\"async\" class=\"iso-lazy-load preload-me iso-lazy-load aspect\" src=\"data:image\/svg+xml,%3Csvg%20xmlns%3D&#39;http%3A%2F%2Fwww.w3.org%2F2000%2Fsvg&#39;%20viewBox%3D&#39;0%200%20768%20512&#39;%2F%3E\" data-src=\"https:\/\/mobilehomescentre.com\/wp-content\/uploads\/2026\/02\/hoszigetelt-mobilhaz-telepitese-hoban-\u2013-kihivasok-es-sikeres-megoldasok3-768x512.jpg\" data-srcset=\"https:\/\/mobilehomescentre.com\/wp-content\/uploads\/2026\/02\/hoszigetelt-mobilhaz-telepitese-hoban-\u2013-kihivasok-es-sikeres-megoldasok3-768x512.jpg 768w, https:\/\/mobilehomescentre.com\/wp-content\/uploads\/2026\/02\/hoszigetelt-mobilhaz-telepitese-hoban-\u2013-kihivasok-es-sikeres-megoldasok3-1152x768.jpg 1152w\" loading=\"eager\" style=\"--ratio: 768 \/ 512\" sizes=\"(max-width: 768px) 100vw, 768px\" alt=\"\" title=\"hoszigetelt-mobilhaz-telepitese-hoban-\u2013-kihivasok-es-sikeres-megoldasok3\" width=\"768\" height=\"512\"  \/><\/a>\t<\/div>\n<\/div>\n\n\n<div class=\"post-entry-content\">\n\n\t<h3 class=\"entry-title\">\n\t\t<a href=\"https:\/\/mobilehomescentre.com\/de\/referencia\/installation-eines-isolierten-mobilheims-im-schnee-herausforderungen-und-erfolgreiche-loesungen\/\" title=\"Installation eines isolierten Mobilheims im Schnee \u2013 Herausforderungen und erfolgreiche L\u00f6sungen\" rel=\"bookmark\">Installation eines isolierten Mobilheims im Schnee \u2013 Herausforderungen und erfolgreiche L\u00f6sungen<\/a>\n\t<\/h3>\n\n\t\n\t<div class=\"entry-excerpt\"><p>[vc_row][vc_column width=&#8220;2\/3&#8243; offset=&#8220;vc_col-sm-offset-2&#8243;][vc_column_text css=&#8220;&#8220;]Trotz des winterlichen Wetters haben wir erfolgreich ein neues isoliertes Mobilheim installiert. Dank der Erfahrung unseres Teams&hellip;<\/p>\n<\/div>\n\t\n<\/div><\/article><\/div><div class=\"visible wf-cell\" data-post-id=\"2455\" data-date=\"2026-02-11T11:59:18+01:00\" data-name=\"Individuelle Anforderungen, au\u00dfergew\u00f6hnliche L\u00f6sungen\"><article class=\"post project-odd visible post-2455 type-post status-publish format-standard has-post-thumbnail hentry category-referencia category-397\" data-name=\"Individuelle Anforderungen, au\u00dfergew\u00f6hnliche L\u00f6sungen\" data-date=\"2026-02-11T11:59:18+01:00\">\n\n<div class=\"post-thumbnail-wrap\">\n\t<div class=\"post-thumbnail\">\n\t\t\n\t\t\n\t\t<a href=\"https:\/\/mobilehomescentre.com\/de\/referencia\/individuelle-anforderungen-aussergewoehnliche-loesungen\/\" class=\"post-thumbnail-rollover layzr-bg layzr-bg\" ><img decoding=\"async\" class=\"iso-lazy-load preload-me iso-lazy-load aspect\" src=\"data:image\/svg+xml,%3Csvg%20xmlns%3D&#39;http%3A%2F%2Fwww.w3.org%2F2000%2Fsvg&#39;%20viewBox%3D&#39;0%200%20768%20512&#39;%2F%3E\" data-src=\"https:\/\/mobilehomescentre.com\/wp-content\/uploads\/2026\/02\/egyedi-igenyek-kiveteles-megoldasok5-768x512.jpg\" data-srcset=\"https:\/\/mobilehomescentre.com\/wp-content\/uploads\/2026\/02\/egyedi-igenyek-kiveteles-megoldasok5-768x512.jpg 768w, https:\/\/mobilehomescentre.com\/wp-content\/uploads\/2026\/02\/egyedi-igenyek-kiveteles-megoldasok5-1152x768.jpg 1152w\" loading=\"eager\" style=\"--ratio: 768 \/ 512\" sizes=\"(max-width: 768px) 100vw, 768px\" alt=\"\" title=\"egyedi-igenyek-kiveteles-megoldasok5\" width=\"768\" height=\"512\"  \/><\/a>\t<\/div>\n<\/div>\n\n\n<div class=\"post-entry-content\">\n\n\t<h3 class=\"entry-title\">\n\t\t<a href=\"https:\/\/mobilehomescentre.com\/de\/referencia\/individuelle-anforderungen-aussergewoehnliche-loesungen\/\" title=\"Individuelle Anforderungen, au\u00dfergew\u00f6hnliche L\u00f6sungen\" rel=\"bookmark\">Individuelle Anforderungen, au\u00dfergew\u00f6hnliche L\u00f6sungen<\/a>\n\t<\/h3>\n\n\t\n\t<div class=\"entry-excerpt\"><p>[vc_row][vc_column width=&#8220;2\/3&#8243; offset=&#8220;vc_col-sm-offset-2&#8243;][vc_column_text css=&#8220;&#8220;]K\u00fcrzlich haben wir ein w\u00e4rmeisoliertes Fertighaus des Typs Riviera installiert. Dieser beliebte Haustyp kann nach individuellen W\u00fcnschen&hellip;<\/p>\n<\/div>\n\t\n<\/div><\/article><\/div><div class=\"visible wf-cell\" data-post-id=\"2452\" data-date=\"2026-02-11T11:57:29+01:00\" data-name=\"Installation eines neuen 48 m\u00b2 gro\u00dfen Riviera-Typ-Fertighauses in der S\u00fcdlichen Gro\u00dfen Tiefebene\"><article class=\"post project-odd visible post-2452 type-post status-publish format-standard has-post-thumbnail hentry category-referencia category-397\" data-name=\"Installation eines neuen 48 m\u00b2 gro\u00dfen Riviera-Typ-Fertighauses in der S\u00fcdlichen Gro\u00dfen Tiefebene\" data-date=\"2026-02-11T11:57:29+01:00\">\n\n<div class=\"post-thumbnail-wrap\">\n\t<div class=\"post-thumbnail\">\n\t\t\n\t\t\n\t\t<a href=\"https:\/\/mobilehomescentre.com\/de\/referencia\/installation-eines-neuen-48-m%c2%b2-grossen-riviera-typ-fertighauses-in-der-suedlichen-grossen-tiefebene\/\" class=\"post-thumbnail-rollover layzr-bg layzr-bg\" ><img decoding=\"async\" class=\"iso-lazy-load preload-me iso-lazy-load aspect\" src=\"data:image\/svg+xml,%3Csvg%20xmlns%3D&#39;http%3A%2F%2Fwww.w3.org%2F2000%2Fsvg&#39;%20viewBox%3D&#39;0%200%20768%20512&#39;%2F%3E\" data-src=\"https:\/\/mobilehomescentre.com\/wp-content\/uploads\/2026\/02\/uj-48nm-es-riviera-tipusu-mobilhaz-telepitese-a-del-alfoldon1-768x512.jpg\" data-srcset=\"https:\/\/mobilehomescentre.com\/wp-content\/uploads\/2026\/02\/uj-48nm-es-riviera-tipusu-mobilhaz-telepitese-a-del-alfoldon1-768x512.jpg 768w, https:\/\/mobilehomescentre.com\/wp-content\/uploads\/2026\/02\/uj-48nm-es-riviera-tipusu-mobilhaz-telepitese-a-del-alfoldon1-1152x768.jpg 1152w\" loading=\"eager\" style=\"--ratio: 768 \/ 512\" sizes=\"(max-width: 768px) 100vw, 768px\" alt=\"\" title=\"uj-48nm-es-riviera-tipusu-mobilhaz-telepitese-a-del-alfoldon1\" width=\"768\" height=\"512\"  \/><\/a>\t<\/div>\n<\/div>\n\n\n<div class=\"post-entry-content\">\n\n\t<h3 class=\"entry-title\">\n\t\t<a href=\"https:\/\/mobilehomescentre.com\/de\/referencia\/installation-eines-neuen-48-m%c2%b2-grossen-riviera-typ-fertighauses-in-der-suedlichen-grossen-tiefebene\/\" title=\"Installation eines neuen 48 m\u00b2 gro\u00dfen Riviera-Typ-Fertighauses in der S\u00fcdlichen Gro\u00dfen Tiefebene\" rel=\"bookmark\">Installation eines neuen 48 m\u00b2 gro\u00dfen Riviera-Typ-Fertighauses in der S\u00fcdlichen Gro\u00dfen Tiefebene<\/a>\n\t<\/h3>\n\n\t\n\t<div class=\"entry-excerpt\"><p>[vc_row][vc_column width=&#8220;2\/3&#8243; offset=&#8220;vc_col-sm-offset-2&#8243;][vc_column_text css=&#8220;&#8220;]In der s\u00fcdlichen Gro\u00dfen Tiefebene haben wir ein 48 m\u00b2 gro\u00dfes, isoliertes Riviera-Fertighaus installiert. Modernes Design und&hellip;<\/p>\n<\/div>\n\t\n<\/div><\/article><\/div><div class=\"visible wf-cell\" data-post-id=\"2449\" data-date=\"2026-02-11T11:55:39+01:00\" data-name=\"Gebrauchtes Willerby Salisbury Mobilheim bei neuem Eigent\u00fcmer\"><article class=\"post project-odd visible post-2449 type-post status-publish format-standard has-post-thumbnail hentry category-referencia category-397\" data-name=\"Gebrauchtes Willerby Salisbury Mobilheim bei neuem Eigent\u00fcmer\" data-date=\"2026-02-11T11:55:39+01:00\">\n\n<div class=\"post-thumbnail-wrap\">\n\t<div class=\"post-thumbnail\">\n\t\t\n\t\t\n\t\t<a href=\"https:\/\/mobilehomescentre.com\/de\/referencia\/gebrauchtes-willerby-salisbury-mobilheim-bei-neuem-eigentuemer\/\" class=\"post-thumbnail-rollover layzr-bg layzr-bg\" ><img decoding=\"async\" class=\"iso-lazy-load preload-me iso-lazy-load aspect\" src=\"data:image\/svg+xml,%3Csvg%20xmlns%3D&#39;http%3A%2F%2Fwww.w3.org%2F2000%2Fsvg&#39;%20viewBox%3D&#39;0%200%20768%20512&#39;%2F%3E\" data-src=\"https:\/\/mobilehomescentre.com\/wp-content\/uploads\/2026\/02\/hasznalt-willerby-salisbury-mobilhaz-uj-tulajdonosanal3-768x512.jpg\" data-srcset=\"https:\/\/mobilehomescentre.com\/wp-content\/uploads\/2026\/02\/hasznalt-willerby-salisbury-mobilhaz-uj-tulajdonosanal3-768x512.jpg 768w, https:\/\/mobilehomescentre.com\/wp-content\/uploads\/2026\/02\/hasznalt-willerby-salisbury-mobilhaz-uj-tulajdonosanal3-1152x768.jpg 1152w\" loading=\"eager\" style=\"--ratio: 768 \/ 512\" sizes=\"(max-width: 768px) 100vw, 768px\" alt=\"\" title=\"hasznalt-willerby-salisbury-mobilhaz-uj-tulajdonosanal3\" width=\"768\" height=\"512\"  \/><\/a>\t<\/div>\n<\/div>\n\n\n<div class=\"post-entry-content\">\n\n\t<h3 class=\"entry-title\">\n\t\t<a href=\"https:\/\/mobilehomescentre.com\/de\/referencia\/gebrauchtes-willerby-salisbury-mobilheim-bei-neuem-eigentuemer\/\" title=\"Gebrauchtes Willerby Salisbury Mobilheim bei neuem Eigent\u00fcmer\" rel=\"bookmark\">Gebrauchtes Willerby Salisbury Mobilheim bei neuem Eigent\u00fcmer<\/a>\n\t<\/h3>\n\n\t\n\t<div class=\"entry-excerpt\"><p>[vc_row][vc_column width=&#8220;2\/3&#8243; offset=&#8220;vc_col-sm-offset-2&#8243;][vc_column_text css=&#8220;&#8220;]Vor Kurzem haben wir ein Willerby Salisbury Mobilheim an einem l\u00e4ndlichen Standort installiert. Der Eigent\u00fcmer nutzt es&hellip;<\/p>\n<\/div>\n\t\n<\/div><\/article><\/div><div class=\"visible wf-cell\" data-post-id=\"2446\" data-date=\"2026-02-11T11:53:57+01:00\" data-name=\"Installation eines Willerby Salisbury Mobilheims\"><article class=\"post project-odd visible post-2446 type-post status-publish format-standard has-post-thumbnail hentry category-referencia category-397\" data-name=\"Installation eines Willerby Salisbury Mobilheims\" data-date=\"2026-02-11T11:53:57+01:00\">\n\n<div class=\"post-thumbnail-wrap\">\n\t<div class=\"post-thumbnail\">\n\t\t\n\t\t\n\t\t<a href=\"https:\/\/mobilehomescentre.com\/de\/referencia\/installation-eines-willerby-salisbury-mobilheims\/\" class=\"post-thumbnail-rollover layzr-bg layzr-bg\" ><img decoding=\"async\" class=\"iso-lazy-load preload-me iso-lazy-load aspect\" src=\"data:image\/svg+xml,%3Csvg%20xmlns%3D&#39;http%3A%2F%2Fwww.w3.org%2F2000%2Fsvg&#39;%20viewBox%3D&#39;0%200%20768%20512&#39;%2F%3E\" data-src=\"https:\/\/mobilehomescentre.com\/wp-content\/uploads\/2026\/02\/willerby-salisbury-mobilhaz-telepitese3-768x512.jpeg\" data-srcset=\"https:\/\/mobilehomescentre.com\/wp-content\/uploads\/2026\/02\/willerby-salisbury-mobilhaz-telepitese3-768x512.jpeg 768w, https:\/\/mobilehomescentre.com\/wp-content\/uploads\/2026\/02\/willerby-salisbury-mobilhaz-telepitese3-1152x768.jpeg 1152w\" loading=\"eager\" style=\"--ratio: 768 \/ 512\" sizes=\"(max-width: 768px) 100vw, 768px\" alt=\"\" title=\"willerby-salisbury-mobilhaz-telepitese3\" width=\"768\" height=\"512\"  \/><\/a>\t<\/div>\n<\/div>\n\n\n<div class=\"post-entry-content\">\n\n\t<h3 class=\"entry-title\">\n\t\t<a href=\"https:\/\/mobilehomescentre.com\/de\/referencia\/installation-eines-willerby-salisbury-mobilheims\/\" title=\"Installation eines Willerby Salisbury Mobilheims\" rel=\"bookmark\">Installation eines Willerby Salisbury Mobilheims<\/a>\n\t<\/h3>\n\n\t\n\t<div class=\"entry-excerpt\"><p>[vc_row][vc_column width=&#8220;2\/3&#8243; offset=&#8220;vc_col-sm-offset-2&#8243;][vc_column_text css=&#8220;&#8220;]Vor Kurzem haben wir ein Willerby Salisbury Mobilheim auf einem l\u00e4ndlichen Grundst\u00fcck installiert. Der Besitzer freute sich&hellip;<\/p>\n<\/div>\n\t\n<\/div><\/article><\/div><div class=\"visible wf-cell\" data-post-id=\"2443\" data-date=\"2026-02-11T11:52:14+01:00\" data-name=\"Installation eines gebrauchten Willerby RT Special Mobilheims auf der Kleinen Tiefebene\"><article class=\"post project-odd visible post-2443 type-post status-publish format-standard has-post-thumbnail hentry category-referencia category-397\" data-name=\"Installation eines gebrauchten Willerby RT Special Mobilheims auf der Kleinen Tiefebene\" data-date=\"2026-02-11T11:52:14+01:00\">\n\n<div class=\"post-thumbnail-wrap\">\n\t<div class=\"post-thumbnail\">\n\t\t\n\t\t\n\t\t<a href=\"https:\/\/mobilehomescentre.com\/de\/referencia\/installation-eines-gebrauchten-willerby-rt-special-mobilheims-auf-der-kleinen-tiefebene\/\" class=\"post-thumbnail-rollover layzr-bg layzr-bg\" ><img decoding=\"async\" class=\"iso-lazy-load preload-me iso-lazy-load aspect\" src=\"data:image\/svg+xml,%3Csvg%20xmlns%3D&#39;http%3A%2F%2Fwww.w3.org%2F2000%2Fsvg&#39;%20viewBox%3D&#39;0%200%20768%20512&#39;%2F%3E\" data-src=\"https:\/\/mobilehomescentre.com\/wp-content\/uploads\/2026\/02\/willerby-rt-special-mobilhaz-telepitese-a-kisalfoldon6-768x512.jpg\" data-srcset=\"https:\/\/mobilehomescentre.com\/wp-content\/uploads\/2026\/02\/willerby-rt-special-mobilhaz-telepitese-a-kisalfoldon6-768x512.jpg 768w, https:\/\/mobilehomescentre.com\/wp-content\/uploads\/2026\/02\/willerby-rt-special-mobilhaz-telepitese-a-kisalfoldon6-1152x768.jpg 1152w\" loading=\"eager\" style=\"--ratio: 768 \/ 512\" sizes=\"(max-width: 768px) 100vw, 768px\" alt=\"\" title=\"willerby-rt-special-mobilhaz-telepitese-a-kisalfoldon6\" width=\"768\" height=\"512\"  \/><\/a>\t<\/div>\n<\/div>\n\n\n<div class=\"post-entry-content\">\n\n\t<h3 class=\"entry-title\">\n\t\t<a href=\"https:\/\/mobilehomescentre.com\/de\/referencia\/installation-eines-gebrauchten-willerby-rt-special-mobilheims-auf-der-kleinen-tiefebene\/\" title=\"Installation eines gebrauchten Willerby RT Special Mobilheims auf der Kleinen Tiefebene\" rel=\"bookmark\">Installation eines gebrauchten Willerby RT Special Mobilheims auf der Kleinen Tiefebene<\/a>\n\t<\/h3>\n\n\t\n\t<div class=\"entry-excerpt\"><p>[vc_row][vc_column width=&#8220;2\/3&#8243; offset=&#8220;vc_col-sm-offset-2&#8243;][vc_column_text css=&#8220;&#8220;]Vor kurzem haben wir ein gebrauchtes Willerby RT Special Mobilheim in der Kleinen Tiefebene installiert. Das Mobilheim&hellip;<\/p>\n<\/div>\n\t\n<\/div><\/article><\/div><div class=\"visible wf-cell\" data-post-id=\"2440\" data-date=\"2026-02-11T11:50:28+01:00\" data-name=\"Installation eines Tiny Houses im malerischen Donauknie \u2013 Herausforderungen und Erfolg\"><article class=\"post project-odd visible post-2440 type-post status-publish format-standard has-post-thumbnail hentry category-referencia category-397\" data-name=\"Installation eines Tiny Houses im malerischen Donauknie \u2013 Herausforderungen und Erfolg\" data-date=\"2026-02-11T11:50:28+01:00\">\n\n<div class=\"post-thumbnail-wrap\">\n\t<div class=\"post-thumbnail\">\n\t\t\n\t\t\n\t\t<a href=\"https:\/\/mobilehomescentre.com\/de\/referencia\/installation-eines-tiny-houses-im-malerischen-donauknie-herausforderungen-und-erfolg\/\" class=\"post-thumbnail-rollover layzr-bg layzr-bg\" ><img decoding=\"async\" class=\"iso-lazy-load preload-me iso-lazy-load aspect\" src=\"data:image\/svg+xml,%3Csvg%20xmlns%3D&#39;http%3A%2F%2Fwww.w3.org%2F2000%2Fsvg&#39;%20viewBox%3D&#39;0%200%20768%20512&#39;%2F%3E\" data-src=\"https:\/\/mobilehomescentre.com\/wp-content\/uploads\/2026\/02\/tiny-house-telepitese-a-festoi-dunakanyarban-\u2013-kihivasok-es-siker5-768x512.jpg\" data-srcset=\"https:\/\/mobilehomescentre.com\/wp-content\/uploads\/2026\/02\/tiny-house-telepitese-a-festoi-dunakanyarban-\u2013-kihivasok-es-siker5-768x512.jpg 768w, https:\/\/mobilehomescentre.com\/wp-content\/uploads\/2026\/02\/tiny-house-telepitese-a-festoi-dunakanyarban-\u2013-kihivasok-es-siker5-1152x768.jpg 1152w\" loading=\"eager\" style=\"--ratio: 768 \/ 512\" sizes=\"(max-width: 768px) 100vw, 768px\" alt=\"\" title=\"tiny-house-telepitese-a-festoi-dunakanyarban-\u2013-kihivasok-es-siker5\" width=\"768\" height=\"512\"  \/><\/a>\t<\/div>\n<\/div>\n\n\n<div class=\"post-entry-content\">\n\n\t<h3 class=\"entry-title\">\n\t\t<a href=\"https:\/\/mobilehomescentre.com\/de\/referencia\/installation-eines-tiny-houses-im-malerischen-donauknie-herausforderungen-und-erfolg\/\" title=\"Installation eines Tiny Houses im malerischen Donauknie \u2013 Herausforderungen und Erfolg\" rel=\"bookmark\">Installation eines Tiny Houses im malerischen Donauknie \u2013 Herausforderungen und Erfolg<\/a>\n\t<\/h3>\n\n\t\n\t<div class=\"entry-excerpt\"><p>[vc_row][vc_column width=&#8220;2\/3&#8243; offset=&#8220;vc_col-sm-offset-2&#8243;][vc_column_text css=&#8220;&#8220;]K\u00fcrzlich haben wir ein Tiny House im malerischen Donauknie installiert. Der Standort bot einen tollen Blick auf&hellip;<\/p>\n<\/div>\n\t\n<\/div><\/article><\/div><div class=\"visible wf-cell\" data-post-id=\"2437\" data-date=\"2026-02-11T11:35:21+01:00\" data-name=\"Installation des Shelbox Giotto Mobilheims in der N\u00e4he des Balatons\"><article class=\"post project-odd visible post-2437 type-post status-publish format-standard has-post-thumbnail hentry category-referencia category-397\" data-name=\"Installation des Shelbox Giotto Mobilheims in der N\u00e4he des Balatons\" data-date=\"2026-02-11T11:35:21+01:00\">\n\n<div class=\"post-thumbnail-wrap\">\n\t<div class=\"post-thumbnail\">\n\t\t\n\t\t\n\t\t<a href=\"https:\/\/mobilehomescentre.com\/de\/referencia\/installation-des-shelbox-giotto-mobilheims-in-der-naehe-des-balatons\/\" class=\"post-thumbnail-rollover layzr-bg layzr-bg\" ><img decoding=\"async\" class=\"iso-lazy-load preload-me iso-lazy-load aspect\" src=\"data:image\/svg+xml,%3Csvg%20xmlns%3D&#39;http%3A%2F%2Fwww.w3.org%2F2000%2Fsvg&#39;%20viewBox%3D&#39;0%200%20768%20512&#39;%2F%3E\" data-src=\"https:\/\/mobilehomescentre.com\/wp-content\/uploads\/2026\/02\/shelbox-giotto-mobilhaz-telepitese-a-balaton-kozeleben3-768x512.jpeg\" data-srcset=\"https:\/\/mobilehomescentre.com\/wp-content\/uploads\/2026\/02\/shelbox-giotto-mobilhaz-telepitese-a-balaton-kozeleben3-768x512.jpeg 768w, https:\/\/mobilehomescentre.com\/wp-content\/uploads\/2026\/02\/shelbox-giotto-mobilhaz-telepitese-a-balaton-kozeleben3-1152x768.jpeg 1152w\" loading=\"eager\" style=\"--ratio: 768 \/ 512\" sizes=\"(max-width: 768px) 100vw, 768px\" alt=\"\" title=\"shelbox-giotto-mobilhaz-telepitese-a-balaton-kozeleben3\" width=\"768\" height=\"512\"  \/><\/a>\t<\/div>\n<\/div>\n\n\n<div class=\"post-entry-content\">\n\n\t<h3 class=\"entry-title\">\n\t\t<a href=\"https:\/\/mobilehomescentre.com\/de\/referencia\/installation-des-shelbox-giotto-mobilheims-in-der-naehe-des-balatons\/\" title=\"Installation des Shelbox Giotto Mobilheims in der N\u00e4he des Balatons\" rel=\"bookmark\">Installation des Shelbox Giotto Mobilheims in der N\u00e4he des Balatons<\/a>\n\t<\/h3>\n\n\t\n\t<div class=\"entry-excerpt\"><p>[vc_row][vc_column width=&#8220;2\/3&#8243; offset=&#8220;vc_col-sm-offset-2&#8243;][vc_column_text css=&#8220;&#8220;]Vor kurzem haben wir ein Shelbox Giotto Mobilheim in einer bewaldeten Umgebung nahe dem Balaton installiert. Dieses&hellip;<\/p>\n<\/div>\n\t\n<\/div><\/article><\/div><div class=\"visible wf-cell\" data-post-id=\"2434\" data-date=\"2026-02-11T11:31:40+01:00\" data-name=\"Installation des Omar Hilton Mobilheims in einer engen, bewaldeten Umgebung\"><article class=\"post project-odd visible post-2434 type-post status-publish format-standard has-post-thumbnail hentry category-referencia category-397\" data-name=\"Installation des Omar Hilton Mobilheims in einer engen, bewaldeten Umgebung\" data-date=\"2026-02-11T11:31:40+01:00\">\n\n<div class=\"post-thumbnail-wrap\">\n\t<div class=\"post-thumbnail\">\n\t\t\n\t\t\n\t\t<a href=\"https:\/\/mobilehomescentre.com\/de\/referencia\/installation-des-omar-hilton-mobilheims-in-einer-engen-bewaldeten-umgebung\/\" class=\"post-thumbnail-rollover layzr-bg layzr-bg\" ><img decoding=\"async\" class=\"iso-lazy-load preload-me iso-lazy-load aspect\" src=\"data:image\/svg+xml,%3Csvg%20xmlns%3D&#39;http%3A%2F%2Fwww.w3.org%2F2000%2Fsvg&#39;%20viewBox%3D&#39;0%200%20768%20512&#39;%2F%3E\" data-src=\"https:\/\/mobilehomescentre.com\/wp-content\/uploads\/2026\/02\/omar-hilton-mobilhaz-telepitese-egy-szuk-fas-kornyezetben3-768x512.jpeg\" data-srcset=\"https:\/\/mobilehomescentre.com\/wp-content\/uploads\/2026\/02\/omar-hilton-mobilhaz-telepitese-egy-szuk-fas-kornyezetben3-768x512.jpeg 768w, https:\/\/mobilehomescentre.com\/wp-content\/uploads\/2026\/02\/omar-hilton-mobilhaz-telepitese-egy-szuk-fas-kornyezetben3-1152x768.jpeg 1152w\" loading=\"eager\" style=\"--ratio: 768 \/ 512\" sizes=\"(max-width: 768px) 100vw, 768px\" alt=\"\" title=\"omar-hilton-mobilhaz-telepitese-egy-szuk-fas-kornyezetben3\" width=\"768\" height=\"512\"  \/><\/a>\t<\/div>\n<\/div>\n\n\n<div class=\"post-entry-content\">\n\n\t<h3 class=\"entry-title\">\n\t\t<a href=\"https:\/\/mobilehomescentre.com\/de\/referencia\/installation-des-omar-hilton-mobilheims-in-einer-engen-bewaldeten-umgebung\/\" title=\"Installation des Omar Hilton Mobilheims in einer engen, bewaldeten Umgebung\" rel=\"bookmark\">Installation des Omar Hilton Mobilheims in einer engen, bewaldeten Umgebung<\/a>\n\t<\/h3>\n\n\t\n\t<div class=\"entry-excerpt\"><p>[vc_row][vc_column width=&#8220;2\/3&#8243; offset=&#8220;vc_col-sm-offset-2&#8243;][vc_column_text css=&#8220;&#8220;]K\u00fcrzlich haben wir die Installation des Omar Hilton Mobilheims abgeschlossen. Dieses sch\u00f6ne Haus mit gro\u00dfem Wohnzimmer und&hellip;<\/p>\n<\/div>\n\t\n<\/div><\/article><\/div><div class=\"visible wf-cell\" data-post-id=\"2428\" data-date=\"2026-02-11T11:29:02+01:00\" data-name=\"Installation eines neuen w\u00e4rmeisolierten Fertighauses \u2013 Vorstellung unseres neuesten Projekts\"><article class=\"post project-odd visible post-2428 type-post status-publish format-standard has-post-thumbnail hentry category-referencia category-397\" data-name=\"Installation eines neuen w\u00e4rmeisolierten Fertighauses \u2013 Vorstellung unseres neuesten Projekts\" data-date=\"2026-02-11T11:29:02+01:00\">\n\n<div class=\"post-thumbnail-wrap\">\n\t<div class=\"post-thumbnail\">\n\t\t\n\t\t\n\t\t<a href=\"https:\/\/mobilehomescentre.com\/de\/referencia\/uj-hoszigetelt-keszhaz-telepitese-ujabb-projektuenk-bemutatasa\/\" class=\"post-thumbnail-rollover layzr-bg layzr-bg\" ><img decoding=\"async\" class=\"iso-lazy-load preload-me iso-lazy-load aspect\" src=\"data:image\/svg+xml,%3Csvg%20xmlns%3D&#39;http%3A%2F%2Fwww.w3.org%2F2000%2Fsvg&#39;%20viewBox%3D&#39;0%200%20768%20512&#39;%2F%3E\" data-src=\"https:\/\/mobilehomescentre.com\/wp-content\/uploads\/2026\/02\/uj-hoszigetelt-keszhaz-telepitese-\u2013-ujabb-projektunk-bemutatasa14-768x512.jpg\" data-srcset=\"https:\/\/mobilehomescentre.com\/wp-content\/uploads\/2026\/02\/uj-hoszigetelt-keszhaz-telepitese-\u2013-ujabb-projektunk-bemutatasa14-768x512.jpg 768w, https:\/\/mobilehomescentre.com\/wp-content\/uploads\/2026\/02\/uj-hoszigetelt-keszhaz-telepitese-\u2013-ujabb-projektunk-bemutatasa14-1152x768.jpg 1152w\" loading=\"eager\" style=\"--ratio: 768 \/ 512\" sizes=\"(max-width: 768px) 100vw, 768px\" alt=\"\" title=\"uj-hoszigetelt-keszhaz-telepitese-\u2013-ujabb-projektunk-bemutatasa14\" width=\"768\" height=\"512\"  \/><\/a>\t<\/div>\n<\/div>\n\n\n<div class=\"post-entry-content\">\n\n\t<h3 class=\"entry-title\">\n\t\t<a href=\"https:\/\/mobilehomescentre.com\/de\/referencia\/uj-hoszigetelt-keszhaz-telepitese-ujabb-projektuenk-bemutatasa\/\" title=\"Installation eines neuen w\u00e4rmeisolierten Fertighauses \u2013 Vorstellung unseres neuesten Projekts\" rel=\"bookmark\">Installation eines neuen w\u00e4rmeisolierten Fertighauses \u2013 Vorstellung unseres neuesten Projekts<\/a>\n\t<\/h3>\n\n\t\n\t<div class=\"entry-excerpt\"><p>[vc_row][vc_column width=&#8220;2\/3&#8243; offset=&#8220;vc_col-sm-offset-2&#8243;][vc_column_text css=&#8220;&#8220;]K\u00fcrzlich haben wir ein modernes, w\u00e4rmeisoliertes Fertighaus mit Blechverkleidung installiert, das vor\u00fcbergehend an einem anderen Ort steht.&hellip;<\/p>\n<\/div>\n\t\n<\/div><\/article><\/div><div class=\"visible wf-cell\" data-post-id=\"2425\" data-date=\"2026-02-11T11:25:56+01:00\" data-name=\"Installation eines neuen w\u00e4rmeisolierten Fertighauses an einem wundersch\u00f6nen Ort\"><article class=\"post project-odd visible post-2425 type-post status-publish format-standard has-post-thumbnail hentry category-referencia category-397\" data-name=\"Installation eines neuen w\u00e4rmeisolierten Fertighauses an einem wundersch\u00f6nen Ort\" data-date=\"2026-02-11T11:25:56+01:00\">\n\n<div class=\"post-thumbnail-wrap\">\n\t<div class=\"post-thumbnail\">\n\t\t\n\t\t\n\t\t<a href=\"https:\/\/mobilehomescentre.com\/de\/referencia\/installation-eines-neuen-waermeisolierten-fertighauses-an-einem-wunderschoenen-ort\/\" class=\"post-thumbnail-rollover layzr-bg layzr-bg\" ><img decoding=\"async\" class=\"iso-lazy-load preload-me iso-lazy-load aspect\" src=\"data:image\/svg+xml,%3Csvg%20xmlns%3D&#39;http%3A%2F%2Fwww.w3.org%2F2000%2Fsvg&#39;%20viewBox%3D&#39;0%200%20768%20512&#39;%2F%3E\" data-src=\"https:\/\/mobilehomescentre.com\/wp-content\/uploads\/2026\/02\/uj-hoszigetelt-keszhaz-telepitese-egy-gyonyoru-helyszinre3-768x512.jpg\" data-srcset=\"https:\/\/mobilehomescentre.com\/wp-content\/uploads\/2026\/02\/uj-hoszigetelt-keszhaz-telepitese-egy-gyonyoru-helyszinre3-768x512.jpg 768w, https:\/\/mobilehomescentre.com\/wp-content\/uploads\/2026\/02\/uj-hoszigetelt-keszhaz-telepitese-egy-gyonyoru-helyszinre3-859x573.jpg 859w\" loading=\"eager\" style=\"--ratio: 768 \/ 512\" sizes=\"(max-width: 768px) 100vw, 768px\" alt=\"\" title=\"uj-hoszigetelt-keszhaz-telepitese-egy-gyonyoru-helyszinre3\" width=\"768\" height=\"512\"  \/><\/a>\t<\/div>\n<\/div>\n\n\n<div class=\"post-entry-content\">\n\n\t<h3 class=\"entry-title\">\n\t\t<a href=\"https:\/\/mobilehomescentre.com\/de\/referencia\/installation-eines-neuen-waermeisolierten-fertighauses-an-einem-wunderschoenen-ort\/\" title=\"Installation eines neuen w\u00e4rmeisolierten Fertighauses an einem wundersch\u00f6nen Ort\" rel=\"bookmark\">Installation eines neuen w\u00e4rmeisolierten Fertighauses an einem wundersch\u00f6nen Ort<\/a>\n\t<\/h3>\n\n\t\n\t<div class=\"entry-excerpt\"><p>[vc_row][vc_column width=&#8220;2\/3&#8243; offset=&#8220;vc_col-sm-offset-2&#8243;][vc_column_text css=&#8220;&#8220;]Wir haben ein modernes, w\u00e4rmeisoliertes Fertighaus an einem sch\u00f6nen Ort installiert. Das Haus ist energieeffizient und f\u00fcgt&hellip;<\/p>\n<\/div>\n\t\n<\/div><\/article><\/div><div class=\"visible wf-cell\" data-post-id=\"2422\" data-date=\"2026-02-11T11:22:56+01:00\" data-name=\"Installation eines neuen w\u00e4rmeisolierten Fertighauses \u2013 Vorstellung unseres neuesten Projekts\"><article class=\"post project-odd visible post-2422 type-post status-publish format-standard has-post-thumbnail hentry category-referencia category-397\" data-name=\"Installation eines neuen w\u00e4rmeisolierten Fertighauses \u2013 Vorstellung unseres neuesten Projekts\" data-date=\"2026-02-11T11:22:56+01:00\">\n\n<div class=\"post-thumbnail-wrap\">\n\t<div class=\"post-thumbnail\">\n\t\t\n\t\t\n\t\t<a href=\"https:\/\/mobilehomescentre.com\/de\/referencia\/installation-eines-neuen-waermeisolierten-fertighauses-vorstellung-unseres-neuesten-projekts\/\" class=\"post-thumbnail-rollover layzr-bg layzr-bg\" ><img decoding=\"async\" class=\"iso-lazy-load preload-me iso-lazy-load aspect\" src=\"data:image\/svg+xml,%3Csvg%20xmlns%3D&#39;http%3A%2F%2Fwww.w3.org%2F2000%2Fsvg&#39;%20viewBox%3D&#39;0%200%20768%20512&#39;%2F%3E\" data-src=\"https:\/\/mobilehomescentre.com\/wp-content\/uploads\/2026\/02\/uj-hoszigetelt-keszhaz-telepitese-\u2013-ujabb-projektunk-bemutatasa3-768x512.jpg\" data-srcset=\"https:\/\/mobilehomescentre.com\/wp-content\/uploads\/2026\/02\/uj-hoszigetelt-keszhaz-telepitese-\u2013-ujabb-projektunk-bemutatasa3-768x512.jpg 768w, https:\/\/mobilehomescentre.com\/wp-content\/uploads\/2026\/02\/uj-hoszigetelt-keszhaz-telepitese-\u2013-ujabb-projektunk-bemutatasa3-1152x768.jpg 1152w\" loading=\"eager\" style=\"--ratio: 768 \/ 512\" sizes=\"(max-width: 768px) 100vw, 768px\" alt=\"\" title=\"uj-hoszigetelt-keszhaz-telepitese-\u2013-ujabb-projektunk-bemutatasa3\" width=\"768\" height=\"512\"  \/><\/a>\t<\/div>\n<\/div>\n\n\n<div class=\"post-entry-content\">\n\n\t<h3 class=\"entry-title\">\n\t\t<a href=\"https:\/\/mobilehomescentre.com\/de\/referencia\/installation-eines-neuen-waermeisolierten-fertighauses-vorstellung-unseres-neuesten-projekts\/\" title=\"Installation eines neuen w\u00e4rmeisolierten Fertighauses \u2013 Vorstellung unseres neuesten Projekts\" rel=\"bookmark\">Installation eines neuen w\u00e4rmeisolierten Fertighauses \u2013 Vorstellung unseres neuesten Projekts<\/a>\n\t<\/h3>\n\n\t\n\t<div class=\"entry-excerpt\"><p>[vc_row][vc_column width=&#8220;2\/3&#8243; offset=&#8220;vc_col-sm-offset-2&#8243;][vc_column_text css=&#8220;&#8220;]In letzter Zeit haben wir ein w\u00e4rmeisoliertes Fertighaus installiert, das noch Isolierungsarbeiten ben\u00f6tigt, bevor es mit Edelputz&hellip;<\/p>\n<\/div>\n\t\n<\/div><\/article><\/div><div class=\"visible wf-cell\" data-post-id=\"2419\" data-date=\"2026-02-11T11:19:08+01:00\" data-name=\"Cosalt Torino Mobilheim-Installation in der Region B\u00e1cs-Kiskun \u2013 In der N\u00e4he der Thei\u00df\"><article class=\"post project-odd visible post-2419 type-post status-publish format-standard has-post-thumbnail hentry category-referencia category-397\" data-name=\"Cosalt Torino Mobilheim-Installation in der Region B\u00e1cs-Kiskun \u2013 In der N\u00e4he der Thei\u00df\" data-date=\"2026-02-11T11:19:08+01:00\">\n\n<div class=\"post-thumbnail-wrap\">\n\t<div class=\"post-thumbnail\">\n\t\t\n\t\t\n\t\t<a href=\"https:\/\/mobilehomescentre.com\/de\/referencia\/cosalt-torino-mobilheim-installation-in-der-region-bacs-kiskun-in-der-naehe-der-theiss\/\" class=\"post-thumbnail-rollover layzr-bg layzr-bg\" ><img decoding=\"async\" class=\"iso-lazy-load preload-me iso-lazy-load aspect\" src=\"data:image\/svg+xml,%3Csvg%20xmlns%3D&#39;http%3A%2F%2Fwww.w3.org%2F2000%2Fsvg&#39;%20viewBox%3D&#39;0%200%20768%20512&#39;%2F%3E\" data-src=\"https:\/\/mobilehomescentre.com\/wp-content\/uploads\/2026\/02\/cosalt-torino-mobilhaz-telepitese-bacs-kiskun-varmegyeben-a-tisza-kozeleben3-768x512.jpg\" data-srcset=\"https:\/\/mobilehomescentre.com\/wp-content\/uploads\/2026\/02\/cosalt-torino-mobilhaz-telepitese-bacs-kiskun-varmegyeben-a-tisza-kozeleben3-768x512.jpg 768w, https:\/\/mobilehomescentre.com\/wp-content\/uploads\/2026\/02\/cosalt-torino-mobilhaz-telepitese-bacs-kiskun-varmegyeben-a-tisza-kozeleben3-1152x768.jpg 1152w\" loading=\"eager\" style=\"--ratio: 768 \/ 512\" sizes=\"(max-width: 768px) 100vw, 768px\" alt=\"\" title=\"cosalt-torino-mobilhaz-telepitese-bacs-kiskun-varmegyeben-a-tisza-kozeleben3\" width=\"768\" height=\"512\"  \/><\/a>\t<\/div>\n<\/div>\n\n\n<div class=\"post-entry-content\">\n\n\t<h3 class=\"entry-title\">\n\t\t<a href=\"https:\/\/mobilehomescentre.com\/de\/referencia\/cosalt-torino-mobilheim-installation-in-der-region-bacs-kiskun-in-der-naehe-der-theiss\/\" title=\"Cosalt Torino Mobilheim-Installation in der Region B\u00e1cs-Kiskun \u2013 In der N\u00e4he der Thei\u00df\" rel=\"bookmark\">Cosalt Torino Mobilheim-Installation in der Region B\u00e1cs-Kiskun \u2013 In der N\u00e4he der Thei\u00df<\/a>\n\t<\/h3>\n\n\t\n\t<div class=\"entry-excerpt\"><p>[vc_row][vc_column width=&#8220;2\/3&#8243; offset=&#8220;vc_col-sm-offset-2&#8243;][vc_column_text css=&#8220;&#8220;]Im Rahmen eines Projekts haben wir ein Cosalt Torino Gebraucht-Mobilheim in der Region B\u00e1cs-Kiskun, nahe der Thei\u00df,&hellip;<\/p>\n<\/div>\n\t\n<\/div><\/article><\/div><div class=\"visible wf-cell\" data-post-id=\"2416\" data-date=\"2026-02-11T11:08:51+01:00\" data-name=\"Cosalt Resort Gebraucht-Mobilheim-Installation\"><article class=\"post project-odd visible post-2416 type-post status-publish format-standard has-post-thumbnail hentry category-referencia category-397\" data-name=\"Cosalt Resort Gebraucht-Mobilheim-Installation\" data-date=\"2026-02-11T11:08:51+01:00\">\n\n<div class=\"post-thumbnail-wrap\">\n\t<div class=\"post-thumbnail\">\n\t\t\n\t\t\n\t\t<a href=\"https:\/\/mobilehomescentre.com\/de\/referencia\/cosalt-resort-gebraucht-mobilheim-installation\/\" class=\"post-thumbnail-rollover layzr-bg layzr-bg\" ><img decoding=\"async\" class=\"iso-lazy-load preload-me iso-lazy-load aspect\" src=\"data:image\/svg+xml,%3Csvg%20xmlns%3D&#39;http%3A%2F%2Fwww.w3.org%2F2000%2Fsvg&#39;%20viewBox%3D&#39;0%200%20768%20512&#39;%2F%3E\" data-src=\"https:\/\/mobilehomescentre.com\/wp-content\/uploads\/2026\/02\/cosalt-resort-hasznalt-mobilhaz-telepites2-768x512.jpg\" data-srcset=\"https:\/\/mobilehomescentre.com\/wp-content\/uploads\/2026\/02\/cosalt-resort-hasznalt-mobilhaz-telepites2-768x512.jpg 768w, https:\/\/mobilehomescentre.com\/wp-content\/uploads\/2026\/02\/cosalt-resort-hasznalt-mobilhaz-telepites2-1152x768.jpg 1152w\" loading=\"eager\" style=\"--ratio: 768 \/ 512\" sizes=\"(max-width: 768px) 100vw, 768px\" alt=\"\" title=\"cosalt-resort-hasznalt-mobilhaz-telepites2\" width=\"768\" height=\"512\"  \/><\/a>\t<\/div>\n<\/div>\n\n\n<div class=\"post-entry-content\">\n\n\t<h3 class=\"entry-title\">\n\t\t<a href=\"https:\/\/mobilehomescentre.com\/de\/referencia\/cosalt-resort-gebraucht-mobilheim-installation\/\" title=\"Cosalt Resort Gebraucht-Mobilheim-Installation\" rel=\"bookmark\">Cosalt Resort Gebraucht-Mobilheim-Installation<\/a>\n\t<\/h3>\n\n\t\n\t<div class=\"entry-excerpt\"><p>[vc_row][vc_column width=&#8220;2\/3&#8243; offset=&#8220;vc_col-sm-offset-2&#8243;][vc_column_text css=&#8220;&#8220;]Im Rahmen eines Projekts haben wir ein Cosalt Resort Gebraucht-Mobilheim transportiert und installiert. Das Mobilheim wurde auf&hellip;<\/p>\n<\/div>\n\t\n<\/div><\/article><\/div><div class=\"visible wf-cell\" data-post-id=\"2413\" data-date=\"2026-02-11T11:05:18+01:00\" data-name=\"Installation eines Carnaby Belvedere Mobilheims in der N\u00e4he eines Flughafens\"><article class=\"post project-odd visible post-2413 type-post status-publish format-standard has-post-thumbnail hentry category-referencia category-397\" data-name=\"Installation eines Carnaby Belvedere Mobilheims in der N\u00e4he eines Flughafens\" data-date=\"2026-02-11T11:05:18+01:00\">\n\n<div class=\"post-thumbnail-wrap\">\n\t<div class=\"post-thumbnail\">\n\t\t\n\t\t\n\t\t<a href=\"https:\/\/mobilehomescentre.com\/de\/referencia\/installation-eines-carnaby-belvedere-mobilheims-in-der-naehe-eines-flughafens\/\" class=\"post-thumbnail-rollover layzr-bg layzr-bg\" ><img decoding=\"async\" class=\"iso-lazy-load preload-me iso-lazy-load aspect\" src=\"data:image\/svg+xml,%3Csvg%20xmlns%3D&#39;http%3A%2F%2Fwww.w3.org%2F2000%2Fsvg&#39;%20viewBox%3D&#39;0%200%20768%20512&#39;%2F%3E\" data-src=\"https:\/\/mobilehomescentre.com\/wp-content\/uploads\/2026\/02\/carnaby-belvedere-mobilhaz-telepitese-repuloter-melle1-768x512.jpg\" data-srcset=\"https:\/\/mobilehomescentre.com\/wp-content\/uploads\/2026\/02\/carnaby-belvedere-mobilhaz-telepitese-repuloter-melle1-768x512.jpg 768w, https:\/\/mobilehomescentre.com\/wp-content\/uploads\/2026\/02\/carnaby-belvedere-mobilhaz-telepitese-repuloter-melle1-1152x768.jpg 1152w\" loading=\"eager\" style=\"--ratio: 768 \/ 512\" sizes=\"(max-width: 768px) 100vw, 768px\" alt=\"\" title=\"carnaby-belvedere-mobilhaz-telepitese-repuloter-melle1\" width=\"768\" height=\"512\"  \/><\/a>\t<\/div>\n<\/div>\n\n\n<div class=\"post-entry-content\">\n\n\t<h3 class=\"entry-title\">\n\t\t<a href=\"https:\/\/mobilehomescentre.com\/de\/referencia\/installation-eines-carnaby-belvedere-mobilheims-in-der-naehe-eines-flughafens\/\" title=\"Installation eines Carnaby Belvedere Mobilheims in der N\u00e4he eines Flughafens\" rel=\"bookmark\">Installation eines Carnaby Belvedere Mobilheims in der N\u00e4he eines Flughafens<\/a>\n\t<\/h3>\n\n\t\n\t<div class=\"entry-excerpt\"><p>[vc_row][vc_column width=&#8220;2\/3&#8243; offset=&#8220;vc_col-sm-offset-2&#8243;][vc_column_text css=&#8220;&#8220;]Wir installierten ein gebrauchtes Carnaby Belvedere Mobilheim nahe einem Flughafen. F\u00fcr stilvolles und komfortables Wohnen an besonderen&hellip;<\/p>\n<\/div>\n\t\n<\/div><\/article><\/div><div class=\"visible wf-cell\" data-post-id=\"2410\" data-date=\"2026-02-11T11:01:16+01:00\" data-name=\"Erfolgreicher Transport in der Region Pest\"><article class=\"post project-odd visible post-2410 type-post status-publish format-standard has-post-thumbnail hentry category-referencia category-397\" data-name=\"Erfolgreicher Transport in der Region Pest\" data-date=\"2026-02-11T11:01:16+01:00\">\n\n<div class=\"post-thumbnail-wrap\">\n\t<div class=\"post-thumbnail\">\n\t\t\n\t\t\n\t\t<a href=\"https:\/\/mobilehomescentre.com\/de\/referencia\/erfolgreicher-transport-in-der-region-pest\/\" class=\"post-thumbnail-rollover layzr-bg layzr-bg\" ><img decoding=\"async\" class=\"iso-lazy-load preload-me iso-lazy-load aspect\" src=\"data:image\/svg+xml,%3Csvg%20xmlns%3D&#39;http%3A%2F%2Fwww.w3.org%2F2000%2Fsvg&#39;%20viewBox%3D&#39;0%200%20768%20512&#39;%2F%3E\" data-src=\"https:\/\/mobilehomescentre.com\/wp-content\/uploads\/2026\/02\/ujabb-sikeres-szallitas-pest-varmegyeben1-768x512.jpg\" data-srcset=\"https:\/\/mobilehomescentre.com\/wp-content\/uploads\/2026\/02\/ujabb-sikeres-szallitas-pest-varmegyeben1-768x512.jpg 768w, https:\/\/mobilehomescentre.com\/wp-content\/uploads\/2026\/02\/ujabb-sikeres-szallitas-pest-varmegyeben1-1152x768.jpg 1152w\" loading=\"eager\" style=\"--ratio: 768 \/ 512\" sizes=\"(max-width: 768px) 100vw, 768px\" alt=\"\" title=\"ujabb-sikeres-szallitas-pest-varmegyeben1\" width=\"768\" height=\"512\"  \/><\/a>\t<\/div>\n<\/div>\n\n\n<div class=\"post-entry-content\">\n\n\t<h3 class=\"entry-title\">\n\t\t<a href=\"https:\/\/mobilehomescentre.com\/de\/referencia\/erfolgreicher-transport-in-der-region-pest\/\" title=\"Erfolgreicher Transport in der Region Pest\" rel=\"bookmark\">Erfolgreicher Transport in der Region Pest<\/a>\n\t<\/h3>\n\n\t\n\t<div class=\"entry-excerpt\"><p>[vc_row][vc_column width=&#8220;2\/3&#8243; offset=&#8220;vc_col-sm-offset-2&#8243;][vc_column_text css=&#8220;&#8220;]Erfolgreicher Transport in der Region Pest. Beim letzten Transport standen wir vor einer au\u00dfergew\u00f6hnlichen Herausforderung: Wir mussten&hellip;<\/p>\n<\/div>\n\t\n<\/div><\/article><\/div><div class=\"visible wf-cell\" data-post-id=\"2407\" data-date=\"2026-02-02T13:14:47+01:00\" data-name=\"Installation des Atlas Sapphire Mobilheims im Sukor\u00f3i-H\u00fcgelland\"><article class=\"post project-odd visible post-2407 type-post status-publish format-standard has-post-thumbnail hentry category-referencia category-397\" data-name=\"Installation des Atlas Sapphire Mobilheims im Sukor\u00f3i-H\u00fcgelland\" data-date=\"2026-02-02T13:14:47+01:00\">\n\n<div class=\"post-thumbnail-wrap\">\n\t<div class=\"post-thumbnail\">\n\t\t\n\t\t\n\t\t<a href=\"https:\/\/mobilehomescentre.com\/de\/referencia\/installation-des-atlas-sapphire-mobilheims-im-sukoroi-huegelland\/\" class=\"post-thumbnail-rollover layzr-bg layzr-bg\" ><img decoding=\"async\" class=\"iso-lazy-load preload-me iso-lazy-load aspect\" src=\"data:image\/svg+xml,%3Csvg%20xmlns%3D&#39;http%3A%2F%2Fwww.w3.org%2F2000%2Fsvg&#39;%20viewBox%3D&#39;0%200%20768%20512&#39;%2F%3E\" data-src=\"https:\/\/mobilehomescentre.com\/wp-content\/uploads\/2026\/02\/Atlas-Sapphire-mobilhaz-telepitese-01-768x512.webp\" data-srcset=\"https:\/\/mobilehomescentre.com\/wp-content\/uploads\/2026\/02\/Atlas-Sapphire-mobilhaz-telepitese-01-768x512.webp 768w, https:\/\/mobilehomescentre.com\/wp-content\/uploads\/2026\/02\/Atlas-Sapphire-mobilhaz-telepitese-01-1152x768.webp 1152w\" loading=\"eager\" style=\"--ratio: 768 \/ 512\" sizes=\"(max-width: 768px) 100vw, 768px\" alt=\"\" title=\"Atlas Sapphire mobilh\u00e1z telep\u00edt\u00e9se-01\" width=\"768\" height=\"512\"  \/><\/a>\t<\/div>\n<\/div>\n\n\n<div class=\"post-entry-content\">\n\n\t<h3 class=\"entry-title\">\n\t\t<a href=\"https:\/\/mobilehomescentre.com\/de\/referencia\/installation-des-atlas-sapphire-mobilheims-im-sukoroi-huegelland\/\" title=\"Installation des Atlas Sapphire Mobilheims im Sukor\u00f3i-H\u00fcgelland\" rel=\"bookmark\">Installation des Atlas Sapphire Mobilheims im Sukor\u00f3i-H\u00fcgelland<\/a>\n\t<\/h3>\n\n\t\n\t<div class=\"entry-excerpt\"><p>[vc_row][vc_column width=&#8220;2\/3&#8243; offset=&#8220;vc_col-sm-offset-2&#8243;][vc_column_text]Ein Atlas Sapphire Mobilheim wurde im Pannonhalma Bezirk, in den s\u00fcdlichen H\u00fcgeln des Sukor\u00f3i-H\u00fcgellands, installiert. Dieses gebrauchte, 11,10&hellip;<\/p>\n<\/div>\n\t\n<\/div><\/article><\/div><div class=\"visible wf-cell\" data-post-id=\"2404\" data-date=\"2026-02-02T13:09:07+01:00\" data-name=\"Atlas Image Gebraucht-Mobilheim Installation in der Region B\u00e1cs-Kiskun\"><article class=\"post project-odd visible post-2404 type-post status-publish format-standard has-post-thumbnail hentry category-referencia category-397\" data-name=\"Atlas Image Gebraucht-Mobilheim Installation in der Region B\u00e1cs-Kiskun\" data-date=\"2026-02-02T13:09:07+01:00\">\n\n<div class=\"post-thumbnail-wrap\">\n\t<div class=\"post-thumbnail\">\n\t\t\n\t\t\n\t\t<a href=\"https:\/\/mobilehomescentre.com\/de\/referencia\/atlas-image-gebraucht-mobilheim-installation-in-der-region-bacs-kiskun\/\" class=\"post-thumbnail-rollover layzr-bg layzr-bg\" ><img decoding=\"async\" class=\"iso-lazy-load preload-me iso-lazy-load aspect\" src=\"data:image\/svg+xml,%3Csvg%20xmlns%3D&#39;http%3A%2F%2Fwww.w3.org%2F2000%2Fsvg&#39;%20viewBox%3D&#39;0%200%20768%20512&#39;%2F%3E\" data-src=\"https:\/\/mobilehomescentre.com\/wp-content\/uploads\/2026\/02\/atlas-image-hasznalt-mobilhaz-telepitese-768x512.webp\" data-srcset=\"https:\/\/mobilehomescentre.com\/wp-content\/uploads\/2026\/02\/atlas-image-hasznalt-mobilhaz-telepitese-768x512.webp 768w, https:\/\/mobilehomescentre.com\/wp-content\/uploads\/2026\/02\/atlas-image-hasznalt-mobilhaz-telepitese-1152x768.webp 1152w\" loading=\"eager\" style=\"--ratio: 768 \/ 512\" sizes=\"(max-width: 768px) 100vw, 768px\" alt=\"\" title=\"atlas-image-hasznalt-mobilhaz-telepitese\" width=\"768\" height=\"512\"  \/><\/a>\t<\/div>\n<\/div>\n\n\n<div class=\"post-entry-content\">\n\n\t<h3 class=\"entry-title\">\n\t\t<a href=\"https:\/\/mobilehomescentre.com\/de\/referencia\/atlas-image-gebraucht-mobilheim-installation-in-der-region-bacs-kiskun\/\" title=\"Atlas Image Gebraucht-Mobilheim Installation in der Region B\u00e1cs-Kiskun\" rel=\"bookmark\">Atlas Image Gebraucht-Mobilheim Installation in der Region B\u00e1cs-Kiskun<\/a>\n\t<\/h3>\n\n\t\n\t<div class=\"entry-excerpt\"><p>[vc_row][vc_column][vc_column_text]Wir haben erfolgreich ein Atlas Image Mobilheim in einer l\u00e4ndlichen Gegend von B\u00e1cs-Kiskun installiert. Das 11,10 x 3,70 Meter gro\u00dfe,&hellip;<\/p>\n<\/div>\n\t\n<\/div><\/article><\/div><\/div><!-- iso-container|iso-grid --><\/div>[\/vc_column][\/vc_row]<\/p>\n<\/div>","protected":false},"excerpt":{"rendered":"<p>[vc_row el_class=&#8220;p-t-50&#8243;][vc_column][\/vc_column][\/vc_row]<\/p>\n","protected":false},"author":1,"featured_media":0,"parent":0,"menu_order":0,"comment_status":"closed","ping_status":"closed","template":"","meta":{"_acf_changed":false,"inline_featured_image":false,"footnotes":""},"class_list":["post-2299","page","type-page","status-publish","hentry","description-off"],"acf":[],"yoast_head":"<!-- This site is optimized with the Yoast SEO plugin v27.3 - https:\/\/yoast.com\/product\/yoast-seo-wordpress\/ -->\n<title>Referenzen - Mobilh\u00e1z - \u00daj \u00e9s haszn\u00e1lt mobilh\u00e1zak Magyarorsz\u00e1g els\u0151 sz\u00e1m\u00fa keresked\u0151j\u00e9t\u0151l - Mobile Homes Centre<\/title>\n<meta name=\"robots\" content=\"index, follow, max-snippet:-1, max-image-preview:large, max-video-preview:-1\" \/>\n<link rel=\"canonical\" href=\"https:\/\/mobilehomescentre.com\/de\/referenzen\/\" \/>\n<meta property=\"og:locale\" content=\"de_DE\" \/>\n<meta property=\"og:type\" content=\"article\" \/>\n<meta property=\"og:title\" content=\"Referenzen - Mobilh\u00e1z - \u00daj \u00e9s haszn\u00e1lt mobilh\u00e1zak Magyarorsz\u00e1g els\u0151 sz\u00e1m\u00fa keresked\u0151j\u00e9t\u0151l - Mobile Homes Centre\" \/>\n<meta property=\"og:description\" content=\"[vc_row el_class=&#8220;p-t-50&#8243;][vc_column][\/vc_column][\/vc_row]\" \/>\n<meta property=\"og:url\" content=\"https:\/\/mobilehomescentre.com\/de\/referenzen\/\" \/>\n<meta property=\"og:site_name\" content=\"Mobilh\u00e1z - \u00daj \u00e9s haszn\u00e1lt mobilh\u00e1zak Magyarorsz\u00e1g els\u0151 sz\u00e1m\u00fa keresked\u0151j\u00e9t\u0151l - Mobile Homes Centre\" \/>\n<meta property=\"article:publisher\" content=\"https:\/\/www.facebook.com\/mobilhomeskft\" \/>\n<meta property=\"article:modified_time\" content=\"2026-04-12T16:49:21+00:00\" \/>\n<meta name=\"twitter:card\" content=\"summary_large_image\" \/>\n<script type=\"application\/ld+json\" class=\"yoast-schema-graph\">{\"@context\":\"https:\\\/\\\/schema.org\",\"@graph\":[{\"@type\":\"WebPage\",\"@id\":\"https:\\\/\\\/mobilehomescentre.com\\\/de\\\/referenzen\\\/\",\"url\":\"https:\\\/\\\/mobilehomescentre.com\\\/de\\\/referenzen\\\/\",\"name\":\"Referenzen - Mobilh\u00e1z - \u00daj \u00e9s haszn\u00e1lt mobilh\u00e1zak Magyarorsz\u00e1g els\u0151 sz\u00e1m\u00fa keresked\u0151j\u00e9t\u0151l - Mobile Homes Centre\",\"isPartOf\":{\"@id\":\"https:\\\/\\\/mobilehomescentre.com\\\/de\\\/#website\"},\"datePublished\":\"2026-01-07T12:15:31+00:00\",\"dateModified\":\"2026-04-12T16:49:21+00:00\",\"breadcrumb\":{\"@id\":\"https:\\\/\\\/mobilehomescentre.com\\\/de\\\/referenzen\\\/#breadcrumb\"},\"inLanguage\":\"de\",\"potentialAction\":[{\"@type\":\"ReadAction\",\"target\":[\"https:\\\/\\\/mobilehomescentre.com\\\/de\\\/referenzen\\\/\"]}]},{\"@type\":\"BreadcrumbList\",\"@id\":\"https:\\\/\\\/mobilehomescentre.com\\\/de\\\/referenzen\\\/#breadcrumb\",\"itemListElement\":[{\"@type\":\"ListItem\",\"position\":1,\"name\":\"Kezd\u0151lap\",\"item\":\"https:\\\/\\\/mobilehomescentre.com\\\/de\\\/\"},{\"@type\":\"ListItem\",\"position\":2,\"name\":\"Referenzen\"}]},{\"@type\":\"WebSite\",\"@id\":\"https:\\\/\\\/mobilehomescentre.com\\\/de\\\/#website\",\"url\":\"https:\\\/\\\/mobilehomescentre.com\\\/de\\\/\",\"name\":\"Mobilh\u00e1z - \u00daj \u00e9s haszn\u00e1lt mobilh\u00e1zak Magyarorsz\u00e1g els\u0151 sz\u00e1m\u00fa keresked\u0151j\u00e9t\u0151l\",\"description\":\"\",\"publisher\":{\"@id\":\"https:\\\/\\\/mobilehomescentre.com\\\/de\\\/#organization\"},\"potentialAction\":[{\"@type\":\"SearchAction\",\"target\":{\"@type\":\"EntryPoint\",\"urlTemplate\":\"https:\\\/\\\/mobilehomescentre.com\\\/de\\\/?s={search_term_string}\"},\"query-input\":{\"@type\":\"PropertyValueSpecification\",\"valueRequired\":true,\"valueName\":\"search_term_string\"}}],\"inLanguage\":\"de\"},{\"@type\":\"Organization\",\"@id\":\"https:\\\/\\\/mobilehomescentre.com\\\/de\\\/#organization\",\"name\":\"Mobil-Homes Kereskedelmi Kft.\",\"url\":\"https:\\\/\\\/mobilehomescentre.com\\\/de\\\/\",\"logo\":{\"@type\":\"ImageObject\",\"inLanguage\":\"de\",\"@id\":\"https:\\\/\\\/mobilehomescentre.com\\\/de\\\/#\\\/schema\\\/logo\\\/image\\\/\",\"url\":\"https:\\\/\\\/mobilehomescentre.com\\\/wp-content\\\/uploads\\\/2026\\\/02\\\/mobile-homes-centre.png?v=1775640080\",\"contentUrl\":\"https:\\\/\\\/mobilehomescentre.com\\\/wp-content\\\/uploads\\\/2026\\\/02\\\/mobile-homes-centre.png?v=1775640080\",\"width\":600,\"height\":758,\"caption\":\"Mobil-Homes Kereskedelmi Kft.\"},\"image\":{\"@id\":\"https:\\\/\\\/mobilehomescentre.com\\\/de\\\/#\\\/schema\\\/logo\\\/image\\\/\"},\"sameAs\":[\"https:\\\/\\\/www.facebook.com\\\/mobilhomeskft\",\"https:\\\/\\\/www.instagram.com\\\/mobilehomescentre\"]}]}<\/script>\n<!-- \/ Yoast SEO plugin. -->","yoast_head_json":{"title":"Referenzen - Mobilh\u00e1z - \u00daj \u00e9s haszn\u00e1lt mobilh\u00e1zak Magyarorsz\u00e1g els\u0151 sz\u00e1m\u00fa keresked\u0151j\u00e9t\u0151l - Mobile Homes Centre","robots":{"index":"index","follow":"follow","max-snippet":"max-snippet:-1","max-image-preview":"max-image-preview:large","max-video-preview":"max-video-preview:-1"},"canonical":"https:\/\/mobilehomescentre.com\/de\/referenzen\/","og_locale":"de_DE","og_type":"article","og_title":"Referenzen - Mobilh\u00e1z - \u00daj \u00e9s haszn\u00e1lt mobilh\u00e1zak Magyarorsz\u00e1g els\u0151 sz\u00e1m\u00fa keresked\u0151j\u00e9t\u0151l - Mobile Homes Centre","og_description":"[vc_row el_class=&#8220;p-t-50&#8243;][vc_column][\/vc_column][\/vc_row]","og_url":"https:\/\/mobilehomescentre.com\/de\/referenzen\/","og_site_name":"Mobilh\u00e1z - \u00daj \u00e9s haszn\u00e1lt mobilh\u00e1zak Magyarorsz\u00e1g els\u0151 sz\u00e1m\u00fa keresked\u0151j\u00e9t\u0151l - Mobile Homes Centre","article_publisher":"https:\/\/www.facebook.com\/mobilhomeskft","article_modified_time":"2026-04-12T16:49:21+00:00","twitter_card":"summary_large_image","schema":{"@context":"https:\/\/schema.org","@graph":[{"@type":"WebPage","@id":"https:\/\/mobilehomescentre.com\/de\/referenzen\/","url":"https:\/\/mobilehomescentre.com\/de\/referenzen\/","name":"Referenzen - Mobilh\u00e1z - \u00daj \u00e9s haszn\u00e1lt mobilh\u00e1zak Magyarorsz\u00e1g els\u0151 sz\u00e1m\u00fa keresked\u0151j\u00e9t\u0151l - Mobile Homes Centre","isPartOf":{"@id":"https:\/\/mobilehomescentre.com\/de\/#website"},"datePublished":"2026-01-07T12:15:31+00:00","dateModified":"2026-04-12T16:49:21+00:00","breadcrumb":{"@id":"https:\/\/mobilehomescentre.com\/de\/referenzen\/#breadcrumb"},"inLanguage":"de","potentialAction":[{"@type":"ReadAction","target":["https:\/\/mobilehomescentre.com\/de\/referenzen\/"]}]},{"@type":"BreadcrumbList","@id":"https:\/\/mobilehomescentre.com\/de\/referenzen\/#breadcrumb","itemListElement":[{"@type":"ListItem","position":1,"name":"Kezd\u0151lap","item":"https:\/\/mobilehomescentre.com\/de\/"},{"@type":"ListItem","position":2,"name":"Referenzen"}]},{"@type":"WebSite","@id":"https:\/\/mobilehomescentre.com\/de\/#website","url":"https:\/\/mobilehomescentre.com\/de\/","name":"Mobilh\u00e1z - \u00daj \u00e9s haszn\u00e1lt mobilh\u00e1zak Magyarorsz\u00e1g els\u0151 sz\u00e1m\u00fa keresked\u0151j\u00e9t\u0151l","description":"","publisher":{"@id":"https:\/\/mobilehomescentre.com\/de\/#organization"},"potentialAction":[{"@type":"SearchAction","target":{"@type":"EntryPoint","urlTemplate":"https:\/\/mobilehomescentre.com\/de\/?s={search_term_string}"},"query-input":{"@type":"PropertyValueSpecification","valueRequired":true,"valueName":"search_term_string"}}],"inLanguage":"de"},{"@type":"Organization","@id":"https:\/\/mobilehomescentre.com\/de\/#organization","name":"Mobil-Homes Kereskedelmi Kft.","url":"https:\/\/mobilehomescentre.com\/de\/","logo":{"@type":"ImageObject","inLanguage":"de","@id":"https:\/\/mobilehomescentre.com\/de\/#\/schema\/logo\/image\/","url":"https:\/\/mobilehomescentre.com\/wp-content\/uploads\/2026\/02\/mobile-homes-centre.png?v=1775640080","contentUrl":"https:\/\/mobilehomescentre.com\/wp-content\/uploads\/2026\/02\/mobile-homes-centre.png?v=1775640080","width":600,"height":758,"caption":"Mobil-Homes Kereskedelmi Kft."},"image":{"@id":"https:\/\/mobilehomescentre.com\/de\/#\/schema\/logo\/image\/"},"sameAs":["https:\/\/www.facebook.com\/mobilhomeskft","https:\/\/www.instagram.com\/mobilehomescentre"]}]}},"_links":{"self":[{"href":"https:\/\/mobilehomescentre.com\/de\/wp-json\/wp\/v2\/pages\/2299","targetHints":{"allow":["GET"]}}],"collection":[{"href":"https:\/\/mobilehomescentre.com\/de\/wp-json\/wp\/v2\/pages"}],"about":[{"href":"https:\/\/mobilehomescentre.com\/de\/wp-json\/wp\/v2\/types\/page"}],"author":[{"embeddable":true,"href":"https:\/\/mobilehomescentre.com\/de\/wp-json\/wp\/v2\/users\/1"}],"replies":[{"embeddable":true,"href":"https:\/\/mobilehomescentre.com\/de\/wp-json\/wp\/v2\/comments?post=2299"}],"version-history":[{"count":1,"href":"https:\/\/mobilehomescentre.com\/de\/wp-json\/wp\/v2\/pages\/2299\/revisions"}],"predecessor-version":[{"id":2300,"href":"https:\/\/mobilehomescentre.com\/de\/wp-json\/wp\/v2\/pages\/2299\/revisions\/2300"}],"wp:attachment":[{"href":"https:\/\/mobilehomescentre.com\/de\/wp-json\/wp\/v2\/media?parent=2299"}],"curies":[{"name":"wp","href":"https:\/\/api.w.org\/{rel}","templated":true}]}}