{"id":2251,"date":"2026-01-28T14:39:30","date_gmt":"2026-01-28T13:39:30","guid":{"rendered":"https:\/\/mobilehomescentre.com\/fachlicher-hintergrund\/ausstattungsstufen\/"},"modified":"2026-02-23T13:58:32","modified_gmt":"2026-02-23T12:58:32","slug":"ausstattungsstufen","status":"publish","type":"page","link":"https:\/\/mobilehomescentre.com\/de\/fachlicher-hintergrund\/ausstattungsstufen\/","title":{"rendered":"Ausstattungsstufen"},"content":{"rendered":"<div class=\"wpb-content-wrapper\"><p>[vc_row full_width=&#8220;stretch_row&#8220; bg_type=&#8220;image&#8220; parallax_style=&#8220;vcpb-vz-jquery&#8220; bg_image_new=&#8220;id^876|url^https:\/\/mobilehomescentre.com\/wp-content\/uploads\/2026\/02\/mobilhaz-felszereltsegi-szintek.webp|caption^null|alt^null|title^mobilhaz-felszereltsegi-szintek|description^null&#8220; bg_image_repeat=&#8220;no-repeat&#8220; fadeout_row=&#8220;fadeout_row_value&#8220; enable_overlay=&#8220;enable_overlay_value&#8220; overlay_color=&#8220;#00000040&#8243; overlay_pattern=&#8220;transperant&#8220; el_class=&#8220;hero-header&#8220;][vc_column width=&#8220;7\/12&#8243;][vc_column_text css=&#8220;&#8220; el_class=&#8220;text-white uppercase&#8220;]<\/p>\n<h1>Ausstattungsstufen<\/h1>\n<p><\/p>\n<p class=\"p1\">Erfahren Sie alles \u00fcber die Ausstattungsstufen von Mobilheimen, die verschiedenen Komfort- und Funktionsgrade und wie diese Faktoren Preis, Nutzbarkeit und Lebensqualit\u00e4t beeinflussen.<\/p>\n<p>[\/vc_column_text][\/vc_column][\/vc_row][vc_row full_width=&#8220;stretch_row&#8220; el_class=&#8220;p-t-50&#8243; css=&#8220;.vc_custom_1769610465187{background-color: #F5F5F5 !important;}&#8220;][vc_column][vc_column_text css=&#8220;.vc_custom_1769611473420{margin-bottom: 50px !important;}&#8220;]<\/p>\n<h2 style=\"text-align: center;\">Ausstattungsstufen neuer Mobilheime<\/h2>\n<p><\/p>\n<p style=\"text-align: center;\">Die Ausstattungsstufen neuer Mobilheime variieren je nach Hersteller.<\/p>\n<p>[\/vc_column_text][vc_column_text css=&#8220;&#8220;]<\/p>\n<h2 style=\"text-align: center;\"><span style=\"color: #3d98d3;\">I. A<\/span><span style=\"color: #3d98d3;\"><span style=\"caret-color: #3d98d3;\">usstattungsstufen der neuen mobilheime<\/span><\/span><\/h2>\n<p><\/p>\n<p style=\"text-align: center;\"><strong>Das vorgefertigte Stahlrahmen-Fertighaus ist in zwei Typen erh\u00e4ltlich: Komfort sowie Komfort Plus. <\/strong><br \/>\nBei der Bestellung besteht die M\u00f6glichkeit, die Innenfarben auszuw\u00e4hlen, was die Preise nicht beeinflusst.<\/p>\n<p>[\/vc_column_text][vc_row_inner][vc_column_inner width=&#8220;5\/12&#8243; css=&#8220;.vc_custom_1769610474824{padding-top: 30px !important;padding-right: 30px !important;padding-bottom: 30px !important;padding-left: 30px !important;background-color: #FFFFFF !important;}&#8220;][vc_column_text css=&#8220;&#8220;]<\/p>\n<h2><span style=\"color: #3d98d3;\">BASIC-Version<\/span><\/h2>\n<p>In dieser Version werden die H\u00e4user in einem bezugsfertigen Zustand zur M\u00f6blierung \u00fcbergeben.<\/p>\n<h4>Das Haus ist mit folgenden Ausstattungen versehen:<\/h4>\n<p><\/p>\n<ul>\n<li>1\u20133 Schlafzimmer, abh\u00e4ngig von der Gr\u00f6\u00dfe des Hauses;<\/li>\n<li>Wohnzimmer mit Platz f\u00fcr die K\u00fcche<\/li>\n<li>Separater Raum f\u00fcr ein Badezimmer<\/li>\n<li>18 cm W\u00e4rmed\u00e4mmung (13 cm PUR + 5 cm Fassaden-Steinwolle mit Reibeputz-Oberfl\u00e4che) in den W\u00e4nden sowie 13 cm PUR-D\u00e4mmung im Bodenaufbau und 18 cm PUR-D\u00e4mmung in der Decke<\/li>\n<li>Sockeld\u00e4mmung<\/li>\n<li>Zertifizierter, gepr\u00fcfter Schichtaufbau (NM\u00c9)<\/li>\n<li>Steinwolle-Schalld\u00e4mmung in den Trennw\u00e4nden<\/li>\n<li>Metalldachziegel (Stehfalz oder Dachblech in Ziegeloptik)<\/li>\n<li>MDF-Verkleidung an den Innenw\u00e4nden sowie an der Decke<\/li>\n<li>5-Kammer-Kunststofffenster in Wei\u00df und Eingangst\u00fcren<\/li>\n<li>Laminatboden mit PVC-Sockelleisten<\/li>\n<li>Elektroanschluss \u2013 Wandsteckdosen und Schalter, Antennenanschluss, Sicherungskasten, externe Doppelsteckdose, Anschlussdose unter dem Haus f\u00fcr optionale Heizung<\/li>\n<li>Elektrische Heizung mit Thermostat in jedem Raum, elektrischer Heizk\u00f6rper im Badezimmer<\/li>\n<li>K\u00fcchen- und Badezimmeranschl\u00fcsse f\u00fcr Wasser sowie Waschmaschinenanschluss<\/li>\n<li>Mechanische Badezimmerl\u00fcftung und Abwasserentl\u00fcftung<\/li>\n<li>Deckenbeleuchtung (LED-Spots in jedem Raum)<br \/>\n2 St\u00fcck Steckdosenanschl\u00fcsse an der Hausfassade<\/li>\n<li>Metall-Dachrinnensystem<\/li>\n<\/ul>\n<p>[\/vc_column_text][\/vc_column_inner][vc_column_inner width=&#8220;1\/2&#8243; offset=&#8220;vc_col-sm-offset-1&#8243; css=&#8220;.vc_custom_1769610482564{padding-top: 30px !important;padding-right: 30px !important;padding-bottom: 30px !important;padding-left: 30px !important;background-color: #FFFFFF !important;}&#8220;][vc_column_text css=&#8220;&#8220;]<\/p>\n<h2><span style=\"color: #3d98d3;\">KOMFORT PLUS<\/span><\/h2>\n<p>Zus\u00e4tzlich zur Komfort-Ausstattung ist das Haus mit folgenden Einrichtungen ausgestattet:<\/p>\n<ul>\n<li><strong>K\u00fcche<\/strong> (Unter- und Oberschr\u00e4nke, Arbeitsplatte, Granitsp\u00fcle, K\u00fchlschrank, 2-Platten-Elektrokochfeld, Dunstabzugshaube)<\/li>\n<li><strong>Badezimmer<\/strong> (80 cm Duschkabine, Waschbecken mit Unterschrank, Spiegelschrank, WC, 55-Liter-Boiler)<\/li>\n<li><strong>Schlafzimmer<\/strong> (Betten, Kleiderschrank, Nachttisch und H\u00e4ngeschr\u00e4nke)<\/li>\n<li><strong>Wohnzimmer<\/strong> (Sofa oder Ecksofa (ausziehbar als Schlafsofa), Couchtisch, H\u00e4ngeschr\u00e4nke, Platz f\u00fcr TV)<\/li>\n<\/ul>\n<p>[\/vc_column_text][\/vc_column_inner][\/vc_row_inner][\/vc_column][\/vc_row][vc_row full_width=&#8220;stretch_row&#8220; el_class=&#8220;p-t-50 p-b-50&#8243; css=&#8220;.vc_custom_1769611120640{background-color: #F5F5F5 !important;}&#8220;][vc_column offset=&#8220;vc_col-sm-offset-0&#8243;][vc_column_text css=&#8220;&#8220;]<\/p>\n<h2 style=\"text-align: center;\"><span style=\"color: #3d98d3;\">II. Modul\u00e1ris, box t\u00edpus\u00fa \u00faj h\u00e1zaink (I-box, U-Box&#8230;)<\/span><\/h2>\n<p><\/p>\n<p style=\"text-align: center;\">Ezek a h\u00e1zaink rendelhet\u0151ek csak g\u00e9p\u00e9szeti ki\u00e1ll\u00e1ssal, alapfelszerelts\u00e9ggel, illetve teljesen b\u00fatorozva is.<\/p>\n<p>\n[\/vc_column_text][vc_row_inner css=&#8220;.vc_custom_1769610900393{padding-top: 30px !important;padding-right: 30px !important;padding-bottom: 30px !important;padding-left: 30px !important;background-color: #FFFFFF !important;}&#8220;][vc_column_inner][vc_column_text css=&#8220;&#8220;]<\/p>\n<h3><span style=\"color: #3d98d3;\">Alapfelszerelts\u00e9g<\/span><\/h3>\n<p>\n[\/vc_column_text][\/vc_column_inner][vc_column_inner width=&#8220;1\/3&#8243;][vc_column_text css=&#8220;&#8220;]<\/p>\n<h4>Be\u00e9p\u00edtett konyha:<\/h4>\n<p><\/p>\n<ul>\n<li>gr\u00e1nit mosogat\u00f3 csaptelep<\/li>\n<li>2 z\u00f3n\u00e1s f\u0151z\u0151lap<\/li>\n<li>p\u00e1raelsz\u00edv\u00f3<\/li>\n<\/ul>\n<p>\n[\/vc_column_text][\/vc_column_inner][vc_column_inner width=&#8220;1\/3&#8243;][vc_column_text css=&#8220;&#8220;]<\/p>\n<h4>Be\u00e9p\u00edtett f\u00fcrd\u0151szoba:<\/h4>\n<p><\/p>\n<ul>\n<li>50l-es bojler<\/li>\n<li>zuhanyz\u00f3<\/li>\n<li>mosd\u00f3 szekr\u00e9nnyel<\/li>\n<li>wc<\/li>\n<\/ul>\n<p>\n[\/vc_column_text][\/vc_column_inner][vc_column_inner width=&#8220;1\/3&#8243;][vc_column_text css=&#8220;&#8220;]<\/p>\n<h4>Egy\u00e9b:<\/h4>\n<p><\/p>\n<ul>\n<li>h\u0171t\u0151-f\u0171t\u0151 kl\u00edma<\/li>\n<li>terasz 5.5m x 2.5 m<\/li>\n<li>l\u00e9pcs\u0151<\/li>\n<li>feh\u00e9r vinyil siding k\u00fcls\u0151 burkolat<\/li>\n<\/ul>\n<p>\n[\/vc_column_text][\/vc_column_inner][\/vc_row_inner][\/vc_column][\/vc_row][vc_row full_width=&#8220;stretch_row_content_no_spaces&#8220; css=&#8220;.vc_custom_1769611394774{background-color: #F5F5F5 !important;}&#8220; el_class=&#8220;p-b-50 p-t-50 felszereltsegi-szintek-gallery&#8220;][vc_column]<style type=\"text\/css\" data-type=\"the7_shortcodes-inline-css\">.gallery-shortcode.gallery-masonry-shortcode-id-ad9eef44371bd1cb705a3ed602fb8759 figure,\n.gallery-shortcode.gallery-masonry-shortcode-id-ad9eef44371bd1cb705a3ed602fb8759 .rollover,\n.gallery-shortcode.gallery-masonry-shortcode-id-ad9eef44371bd1cb705a3ed602fb8759 img,\n.gallery-shortcode.gallery-masonry-shortcode-id-ad9eef44371bd1cb705a3ed602fb8759 .gallery-rollover {\n  border-radius: 15px;\n}\n.gallery-shortcode.gallery-masonry-shortcode-id-ad9eef44371bd1cb705a3ed602fb8759.enable-bg-rollover .gallery-rollover {\n  background: -webkit-linear-gradient();\n  background: linear-gradient();\n}\n.gallery-shortcode.gallery-masonry-shortcode-id-ad9eef44371bd1cb705a3ed602fb8759.enable-bg-rollover.hover-scale figure .rollover:after {\n  background: -webkit-linear-gradient();\n  background: linear-gradient();\n}\n.gallery-shortcode.gallery-masonry-shortcode-id-ad9eef44371bd1cb705a3ed602fb8759 .gallery-zoom-ico {\n  width: 44px;\n  height: 44px;\n  line-height: 44px;\n  border-radius: 100px;\n  margin: -22px 0 0 -22px;\n  border-width: 0px;\n  color: #ffffff;\n}\n.dt-icon-bg-on.gallery-shortcode.gallery-masonry-shortcode-id-ad9eef44371bd1cb705a3ed602fb8759 .gallery-zoom-ico {\n  background: rgba(255,255,255,0.3);\n  box-shadow: none;\n}\n.gallery-shortcode.gallery-masonry-shortcode-id-ad9eef44371bd1cb705a3ed602fb8759 .gallery-zoom-ico:before,\n.gallery-shortcode.gallery-masonry-shortcode-id-ad9eef44371bd1cb705a3ed602fb8759 .gallery-zoom-ico span {\n  font-size: 32px;\n  line-height: 44px;\n  color: #ffffff;\n}\n.gallery-shortcode.gallery-masonry-shortcode-id-ad9eef44371bd1cb705a3ed602fb8759:not(.resize-by-browser-width) .dt-css-grid {\n  grid-row-gap: 10px;\n  grid-column-gap: 10px;\n  grid-template-columns: repeat(auto-fill,minmax(,1fr));\n}\n.gallery-shortcode.gallery-masonry-shortcode-id-ad9eef44371bd1cb705a3ed602fb8759:not(.resize-by-browser-width) .dt-css-grid .double-width {\n  grid-column: span 2;\n}\n.cssgridlegacy.no-cssgrid .gallery-shortcode.gallery-masonry-shortcode-id-ad9eef44371bd1cb705a3ed602fb8759:not(.resize-by-browser-width) .dt-css-grid,\n.no-cssgridlegacy.no-cssgrid .gallery-shortcode.gallery-masonry-shortcode-id-ad9eef44371bd1cb705a3ed602fb8759:not(.resize-by-browser-width) .dt-css-grid {\n  display: flex;\n  flex-flow: row wrap;\n  margin: -5px;\n}\n.cssgridlegacy.no-cssgrid .gallery-shortcode.gallery-masonry-shortcode-id-ad9eef44371bd1cb705a3ed602fb8759:not(.resize-by-browser-width) .dt-css-grid .wf-cell,\n.no-cssgridlegacy.no-cssgrid .gallery-shortcode.gallery-masonry-shortcode-id-ad9eef44371bd1cb705a3ed602fb8759:not(.resize-by-browser-width) .dt-css-grid .wf-cell {\n  flex: 1 0 ;\n  max-width: 100%;\n  padding: 5px;\n  box-sizing: border-box;\n}\n.gallery-shortcode.gallery-masonry-shortcode-id-ad9eef44371bd1cb705a3ed602fb8759.resize-by-browser-width .dt-css-grid {\n  grid-template-columns: repeat(4,1fr);\n  grid-template-rows: auto;\n  grid-column-gap: 10px;\n  grid-row-gap: 10px;\n}\n.gallery-shortcode.gallery-masonry-shortcode-id-ad9eef44371bd1cb705a3ed602fb8759.resize-by-browser-width .dt-css-grid .double-width {\n  grid-column: span 2;\n}\n.cssgridlegacy.no-cssgrid .gallery-shortcode.gallery-masonry-shortcode-id-ad9eef44371bd1cb705a3ed602fb8759.resize-by-browser-width .dt-css-grid {\n  margin: -5px;\n}\n.cssgridlegacy.no-cssgrid .gallery-shortcode.gallery-masonry-shortcode-id-ad9eef44371bd1cb705a3ed602fb8759.resize-by-browser-width .dt-css-grid .wf-cell {\n  width: 25%;\n  padding: 5px;\n}\n.cssgridlegacy.no-cssgrid .gallery-shortcode.gallery-masonry-shortcode-id-ad9eef44371bd1cb705a3ed602fb8759.resize-by-browser-width .dt-css-grid .wf-cell.double-width {\n  width: calc(25%) * 2;\n}\n.gallery-shortcode.gallery-masonry-shortcode-id-ad9eef44371bd1cb705a3ed602fb8759.resize-by-browser-width:not(.centered-layout-list):not(.content-bg-on) .dt-css-grid {\n  grid-row-gap: 10px - ;\n}\n@media screen and (max-width: 1199px) {\n  .gallery-shortcode.gallery-masonry-shortcode-id-ad9eef44371bd1cb705a3ed602fb8759.resize-by-browser-width .dt-css-grid {\n    grid-template-columns: repeat(4,1fr);\n  }\n  .cssgridlegacy.no-cssgrid .gallery-shortcode.gallery-masonry-shortcode-id-ad9eef44371bd1cb705a3ed602fb8759.resize-by-browser-width .dt-css-grid .wf-cell,\n  .no-cssgridlegacy.no-cssgrid .gallery-shortcode.gallery-masonry-shortcode-id-ad9eef44371bd1cb705a3ed602fb8759.resize-by-browser-width .dt-css-grid .wf-cell {\n    width: 25%;\n  }\n  .cssgridlegacy.no-cssgrid .gallery-shortcode.gallery-masonry-shortcode-id-ad9eef44371bd1cb705a3ed602fb8759.resize-by-browser-width .dt-css-grid .wf-cell.double-width,\n  .no-cssgridlegacy.no-cssgrid .gallery-shortcode.gallery-masonry-shortcode-id-ad9eef44371bd1cb705a3ed602fb8759.resize-by-browser-width .dt-css-grid .wf-cell.double-width {\n    width: calc(25%)*2;\n  }\n}\n@media screen and (max-width: 991px) {\n  .gallery-shortcode.gallery-masonry-shortcode-id-ad9eef44371bd1cb705a3ed602fb8759.resize-by-browser-width .dt-css-grid {\n    grid-template-columns: repeat(3,1fr);\n  }\n  .cssgridlegacy.no-cssgrid .gallery-shortcode.gallery-masonry-shortcode-id-ad9eef44371bd1cb705a3ed602fb8759.resize-by-browser-width .dt-css-grid .wf-cell,\n  .no-cssgridlegacy.no-cssgrid .gallery-shortcode.gallery-masonry-shortcode-id-ad9eef44371bd1cb705a3ed602fb8759.resize-by-browser-width .dt-css-grid .wf-cell {\n    width: 33.3333333333%;\n  }\n  .cssgridlegacy.no-cssgrid .gallery-shortcode.gallery-masonry-shortcode-id-ad9eef44371bd1cb705a3ed602fb8759.resize-by-browser-width .dt-css-grid .wf-cell.double-width,\n  .no-cssgridlegacy.no-cssgrid .gallery-shortcode.gallery-masonry-shortcode-id-ad9eef44371bd1cb705a3ed602fb8759.resize-by-browser-width .dt-css-grid .wf-cell.double-width {\n    width: calc(33.3333333333%)*2;\n  }\n}\n@media screen and (max-width: 767px) {\n  .gallery-shortcode.gallery-masonry-shortcode-id-ad9eef44371bd1cb705a3ed602fb8759.resize-by-browser-width .dt-css-grid {\n    grid-template-columns: repeat(2,1fr);\n  }\n  .cssgridlegacy.no-cssgrid .gallery-shortcode.gallery-masonry-shortcode-id-ad9eef44371bd1cb705a3ed602fb8759.resize-by-browser-width .dt-css-grid .wf-cell,\n  .no-cssgridlegacy.no-cssgrid .gallery-shortcode.gallery-masonry-shortcode-id-ad9eef44371bd1cb705a3ed602fb8759.resize-by-browser-width .dt-css-grid .wf-cell {\n    width: 50%;\n  }\n  .cssgridlegacy.no-cssgrid .gallery-shortcode.gallery-masonry-shortcode-id-ad9eef44371bd1cb705a3ed602fb8759.resize-by-browser-width .dt-css-grid .wf-cell.double-width,\n  .no-cssgridlegacy.no-cssgrid .gallery-shortcode.gallery-masonry-shortcode-id-ad9eef44371bd1cb705a3ed602fb8759.resize-by-browser-width .dt-css-grid .wf-cell.double-width {\n    width: calc(50%)*2;\n  }\n}<\/style><div class=\"gallery-shortcode dt-gallery-container gallery-masonry-shortcode-id-ad9eef44371bd1cb705a3ed602fb8759 mode-masonry jquery-filter dt-icon-bg-off scale-img resize-by-browser-width  hover-fade loading-effect-none description-on-hover\" data-padding=\"5px\" data-cur-page=\"1\" data-post-limit=\"-1\" data-pagination-mode=\"none\" data-desktop-columns-num=\"4\" data-v-tablet-columns-num=\"3\" data-h-tablet-columns-num=\"4\" data-phone-columns-num=\"2\" data-width=\"0px\" data-columns=\"0\"><div class=\"iso-container\" ><div class=\"wf-cell iso-item\" data-post-id=\"1049\" data-date=\"2026-01-28T15:38:06+01:00\" data-name=\"mobilhazak-felszereltsegi-szintjei-00001\"><figure class=\"post visible\"><a href=\"https:\/\/mobilehomescentre.com\/wp-content\/uploads\/2026\/01\/mobilhazak-felszereltsegi-szintjei-00001.webp\" class=\"rollover dt-pswp-item layzr-bg\" data-large_image_width=\"1920\" data-large_image_height=\"1280\" data-dt-img-description=\"\" title=\"mobilhazak-felszereltsegi-szintjei-00001\"><img fetchpriority=\"high\" decoding=\"async\" class=\"preload-me iso-lazy-load aspect\" src=\"data:image\/svg+xml,%3Csvg%20xmlns%3D&#39;http%3A%2F%2Fwww.w3.org%2F2000%2Fsvg&#39;%20viewBox%3D&#39;0%200%20379%20252&#39;%2F%3E\" data-src=\"https:\/\/mobilehomescentre.com\/wp-content\/uploads\/2026\/01\/mobilhazak-felszereltsegi-szintjei-00001-379x252.webp\" data-srcset=\"https:\/\/mobilehomescentre.com\/wp-content\/uploads\/2026\/01\/mobilhazak-felszereltsegi-szintjei-00001-379x252.webp 379w, https:\/\/mobilehomescentre.com\/wp-content\/uploads\/2026\/01\/mobilhazak-felszereltsegi-szintjei-00001-569x378.webp 569w\" loading=\"eager\" style=\"--ratio: 379 \/ 252\" sizes=\"(max-width: 379px) 100vw, 379px\" alt=\"\" width=\"379\" height=\"252\"  \/><span class=\"gallery-rollover\"><span class=\"gallery-zoom-ico icomoon-the7-font-the7-zoom-06\"><span><\/span><\/span><\/span><\/a><\/figure><\/div><div class=\"wf-cell iso-item\" data-post-id=\"1052\" data-date=\"2026-01-28T15:38:08+01:00\" data-name=\"mobilhazak-felszereltsegi-szintjei-00002\"><figure class=\"post visible\"><a href=\"https:\/\/mobilehomescentre.com\/wp-content\/uploads\/2026\/01\/mobilhazak-felszereltsegi-szintjei-00002.webp\" class=\"rollover dt-pswp-item layzr-bg\" data-large_image_width=\"1920\" data-large_image_height=\"1280\" data-dt-img-description=\"\" title=\"mobilhazak-felszereltsegi-szintjei-00002\"><img decoding=\"async\" class=\"preload-me iso-lazy-load aspect\" src=\"data:image\/svg+xml,%3Csvg%20xmlns%3D&#39;http%3A%2F%2Fwww.w3.org%2F2000%2Fsvg&#39;%20viewBox%3D&#39;0%200%20379%20252&#39;%2F%3E\" data-src=\"https:\/\/mobilehomescentre.com\/wp-content\/uploads\/2026\/01\/mobilhazak-felszereltsegi-szintjei-00002-379x252.webp\" data-srcset=\"https:\/\/mobilehomescentre.com\/wp-content\/uploads\/2026\/01\/mobilhazak-felszereltsegi-szintjei-00002-379x252.webp 379w, https:\/\/mobilehomescentre.com\/wp-content\/uploads\/2026\/01\/mobilhazak-felszereltsegi-szintjei-00002-569x378.webp 569w\" loading=\"eager\" style=\"--ratio: 379 \/ 252\" sizes=\"(max-width: 379px) 100vw, 379px\" alt=\"\" width=\"379\" height=\"252\"  \/><span class=\"gallery-rollover\"><span class=\"gallery-zoom-ico icomoon-the7-font-the7-zoom-06\"><span><\/span><\/span><\/span><\/a><\/figure><\/div><div class=\"wf-cell iso-item\" data-post-id=\"1055\" data-date=\"2026-01-28T15:38:09+01:00\" data-name=\"mobilhazak-felszereltsegi-szintjei-00003\"><figure class=\"post visible\"><a href=\"https:\/\/mobilehomescentre.com\/wp-content\/uploads\/2026\/01\/mobilhazak-felszereltsegi-szintjei-00003.webp\" class=\"rollover dt-pswp-item layzr-bg\" data-large_image_width=\"1920\" data-large_image_height=\"1280\" data-dt-img-description=\"\" title=\"mobilhazak-felszereltsegi-szintjei-00003\"><img decoding=\"async\" class=\"preload-me iso-lazy-load aspect\" src=\"data:image\/svg+xml,%3Csvg%20xmlns%3D&#39;http%3A%2F%2Fwww.w3.org%2F2000%2Fsvg&#39;%20viewBox%3D&#39;0%200%20379%20252&#39;%2F%3E\" data-src=\"https:\/\/mobilehomescentre.com\/wp-content\/uploads\/2026\/01\/mobilhazak-felszereltsegi-szintjei-00003-379x252.webp\" data-srcset=\"https:\/\/mobilehomescentre.com\/wp-content\/uploads\/2026\/01\/mobilhazak-felszereltsegi-szintjei-00003-379x252.webp 379w, https:\/\/mobilehomescentre.com\/wp-content\/uploads\/2026\/01\/mobilhazak-felszereltsegi-szintjei-00003-569x378.webp 569w\" loading=\"eager\" style=\"--ratio: 379 \/ 252\" sizes=\"(max-width: 379px) 100vw, 379px\" alt=\"\" width=\"379\" height=\"252\"  \/><span class=\"gallery-rollover\"><span class=\"gallery-zoom-ico icomoon-the7-font-the7-zoom-06\"><span><\/span><\/span><\/span><\/a><\/figure><\/div><div class=\"wf-cell iso-item\" data-post-id=\"1058\" data-date=\"2026-01-28T15:38:11+01:00\" data-name=\"mobilhazak-felszereltsegi-szintjei-00004\"><figure class=\"post visible\"><a href=\"https:\/\/mobilehomescentre.com\/wp-content\/uploads\/2026\/01\/mobilhazak-felszereltsegi-szintjei-00004.webp\" class=\"rollover dt-pswp-item layzr-bg\" data-large_image_width=\"1920\" data-large_image_height=\"1280\" data-dt-img-description=\"\" title=\"mobilhazak-felszereltsegi-szintjei-00004\"><img decoding=\"async\" class=\"preload-me iso-lazy-load aspect\" src=\"data:image\/svg+xml,%3Csvg%20xmlns%3D&#39;http%3A%2F%2Fwww.w3.org%2F2000%2Fsvg&#39;%20viewBox%3D&#39;0%200%20379%20252&#39;%2F%3E\" data-src=\"https:\/\/mobilehomescentre.com\/wp-content\/uploads\/2026\/01\/mobilhazak-felszereltsegi-szintjei-00004-379x252.webp\" data-srcset=\"https:\/\/mobilehomescentre.com\/wp-content\/uploads\/2026\/01\/mobilhazak-felszereltsegi-szintjei-00004-379x252.webp 379w, https:\/\/mobilehomescentre.com\/wp-content\/uploads\/2026\/01\/mobilhazak-felszereltsegi-szintjei-00004-569x378.webp 569w\" loading=\"eager\" style=\"--ratio: 379 \/ 252\" sizes=\"(max-width: 379px) 100vw, 379px\" alt=\"\" width=\"379\" height=\"252\"  \/><span class=\"gallery-rollover\"><span class=\"gallery-zoom-ico icomoon-the7-font-the7-zoom-06\"><span><\/span><\/span><\/span><\/a><\/figure><\/div><div class=\"wf-cell iso-item\" data-post-id=\"1061\" data-date=\"2026-01-28T15:38:13+01:00\" data-name=\"mobilhazak-felszereltsegi-szintjei-00005\"><figure class=\"post visible\"><a href=\"https:\/\/mobilehomescentre.com\/wp-content\/uploads\/2026\/01\/mobilhazak-felszereltsegi-szintjei-00005.webp\" class=\"rollover dt-pswp-item layzr-bg\" data-large_image_width=\"1920\" data-large_image_height=\"1280\" data-dt-img-description=\"\" title=\"mobilhazak-felszereltsegi-szintjei-00005\"><img decoding=\"async\" class=\"preload-me iso-lazy-load aspect\" src=\"data:image\/svg+xml,%3Csvg%20xmlns%3D&#39;http%3A%2F%2Fwww.w3.org%2F2000%2Fsvg&#39;%20viewBox%3D&#39;0%200%20379%20252&#39;%2F%3E\" data-src=\"https:\/\/mobilehomescentre.com\/wp-content\/uploads\/2026\/01\/mobilhazak-felszereltsegi-szintjei-00005-379x252.webp\" data-srcset=\"https:\/\/mobilehomescentre.com\/wp-content\/uploads\/2026\/01\/mobilhazak-felszereltsegi-szintjei-00005-379x252.webp 379w, https:\/\/mobilehomescentre.com\/wp-content\/uploads\/2026\/01\/mobilhazak-felszereltsegi-szintjei-00005-569x378.webp 569w\" loading=\"eager\" style=\"--ratio: 379 \/ 252\" sizes=\"(max-width: 379px) 100vw, 379px\" alt=\"\" width=\"379\" height=\"252\"  \/><span class=\"gallery-rollover\"><span class=\"gallery-zoom-ico icomoon-the7-font-the7-zoom-06\"><span><\/span><\/span><\/span><\/a><\/figure><\/div><div class=\"wf-cell iso-item\" data-post-id=\"1064\" data-date=\"2026-01-28T15:38:15+01:00\" data-name=\"mobilhazak-felszereltsegi-szintjei-00006\"><figure class=\"post visible\"><a href=\"https:\/\/mobilehomescentre.com\/wp-content\/uploads\/2026\/01\/mobilhazak-felszereltsegi-szintjei-00006.webp\" class=\"rollover dt-pswp-item layzr-bg\" data-large_image_width=\"1920\" data-large_image_height=\"1280\" data-dt-img-description=\"\" title=\"mobilhazak-felszereltsegi-szintjei-00006\"><img decoding=\"async\" class=\"preload-me iso-lazy-load aspect\" src=\"data:image\/svg+xml,%3Csvg%20xmlns%3D&#39;http%3A%2F%2Fwww.w3.org%2F2000%2Fsvg&#39;%20viewBox%3D&#39;0%200%20379%20252&#39;%2F%3E\" data-src=\"https:\/\/mobilehomescentre.com\/wp-content\/uploads\/2026\/01\/mobilhazak-felszereltsegi-szintjei-00006-379x252.webp\" data-srcset=\"https:\/\/mobilehomescentre.com\/wp-content\/uploads\/2026\/01\/mobilhazak-felszereltsegi-szintjei-00006-379x252.webp 379w, https:\/\/mobilehomescentre.com\/wp-content\/uploads\/2026\/01\/mobilhazak-felszereltsegi-szintjei-00006-569x378.webp 569w\" loading=\"eager\" style=\"--ratio: 379 \/ 252\" sizes=\"(max-width: 379px) 100vw, 379px\" alt=\"\" width=\"379\" height=\"252\"  \/><span class=\"gallery-rollover\"><span class=\"gallery-zoom-ico icomoon-the7-font-the7-zoom-06\"><span><\/span><\/span><\/span><\/a><\/figure><\/div><div class=\"wf-cell iso-item\" data-post-id=\"1067\" data-date=\"2026-01-28T15:38:16+01:00\" data-name=\"mobilhazak-felszereltsegi-szintjei-00007\"><figure class=\"post visible\"><a href=\"https:\/\/mobilehomescentre.com\/wp-content\/uploads\/2026\/01\/mobilhazak-felszereltsegi-szintjei-00007.webp\" class=\"rollover dt-pswp-item layzr-bg\" data-large_image_width=\"1920\" data-large_image_height=\"1280\" data-dt-img-description=\"\" title=\"mobilhazak-felszereltsegi-szintjei-00007\"><img decoding=\"async\" class=\"preload-me iso-lazy-load aspect\" src=\"data:image\/svg+xml,%3Csvg%20xmlns%3D&#39;http%3A%2F%2Fwww.w3.org%2F2000%2Fsvg&#39;%20viewBox%3D&#39;0%200%20379%20252&#39;%2F%3E\" data-src=\"https:\/\/mobilehomescentre.com\/wp-content\/uploads\/2026\/01\/mobilhazak-felszereltsegi-szintjei-00007-379x252.webp\" data-srcset=\"https:\/\/mobilehomescentre.com\/wp-content\/uploads\/2026\/01\/mobilhazak-felszereltsegi-szintjei-00007-379x252.webp 379w, https:\/\/mobilehomescentre.com\/wp-content\/uploads\/2026\/01\/mobilhazak-felszereltsegi-szintjei-00007-569x378.webp 569w\" loading=\"eager\" style=\"--ratio: 379 \/ 252\" sizes=\"(max-width: 379px) 100vw, 379px\" alt=\"\" width=\"379\" height=\"252\"  \/><span class=\"gallery-rollover\"><span class=\"gallery-zoom-ico icomoon-the7-font-the7-zoom-06\"><span><\/span><\/span><\/span><\/a><\/figure><\/div><div class=\"wf-cell iso-item\" data-post-id=\"1070\" data-date=\"2026-01-28T15:38:18+01:00\" data-name=\"mobilhazak-felszereltsegi-szintjei-00008\"><figure class=\"post visible\"><a href=\"https:\/\/mobilehomescentre.com\/wp-content\/uploads\/2026\/01\/mobilhazak-felszereltsegi-szintjei-00008.webp\" class=\"rollover dt-pswp-item layzr-bg\" data-large_image_width=\"1920\" data-large_image_height=\"1280\" data-dt-img-description=\"\" title=\"mobilhazak-felszereltsegi-szintjei-00008\"><img decoding=\"async\" class=\"preload-me iso-lazy-load aspect\" src=\"data:image\/svg+xml,%3Csvg%20xmlns%3D&#39;http%3A%2F%2Fwww.w3.org%2F2000%2Fsvg&#39;%20viewBox%3D&#39;0%200%20379%20252&#39;%2F%3E\" data-src=\"https:\/\/mobilehomescentre.com\/wp-content\/uploads\/2026\/01\/mobilhazak-felszereltsegi-szintjei-00008-379x252.webp\" data-srcset=\"https:\/\/mobilehomescentre.com\/wp-content\/uploads\/2026\/01\/mobilhazak-felszereltsegi-szintjei-00008-379x252.webp 379w, https:\/\/mobilehomescentre.com\/wp-content\/uploads\/2026\/01\/mobilhazak-felszereltsegi-szintjei-00008-569x378.webp 569w\" loading=\"eager\" style=\"--ratio: 379 \/ 252\" sizes=\"(max-width: 379px) 100vw, 379px\" alt=\"\" width=\"379\" height=\"252\"  \/><span class=\"gallery-rollover\"><span class=\"gallery-zoom-ico icomoon-the7-font-the7-zoom-06\"><span><\/span><\/span><\/span><\/a><\/figure><\/div><\/div><!-- iso-container|iso-grid --><\/div>[\/vc_column][\/vc_row]<\/p>\n<\/div>","protected":false},"excerpt":{"rendered":"<p>[vc_row full_width=&#8220;stretch_row&#8220; bg_type=&#8220;image&#8220; parallax_style=&#8220;vcpb-vz-jquery&#8220; bg_image_new=&#8220;id^876|url^https:\/\/mobilehomescentre.com\/wp-content\/uploads\/2026\/02\/mobilhaz-felszereltsegi-szintek.webp|caption^null|alt^null|title^mobilhaz-felszereltsegi-szintek|description^null&#8220; bg_image_repeat=&#8220;no-repeat&#8220; fadeout_row=&#8220;fadeout_row_value&#8220; enable_overlay=&#8220;enable_overlay_value&#8220; overlay_color=&#8220;#00000040&#8243; overlay_pattern=&#8220;transperant&#8220; el_class=&#8220;hero-header&#8220;][vc_column width=&#8220;7\/12&#8243;][vc_column_text css=&#8220;&#8220; el_class=&#8220;text-white uppercase&#8220;] Ausstattungsstufen Erfahren Sie alles \u00fcber die Ausstattungsstufen von Mobilheimen, die verschiedenen Komfort- und Funktionsgrade und wie diese Faktoren Preis, Nutzbarkeit und Lebensqualit\u00e4t beeinflussen. [\/vc_column_text][\/vc_column][\/vc_row][vc_row full_width=&#8220;stretch_row&#8220; el_class=&#8220;p-t-50&#8243; css=&#8220;.vc_custom_1769610465187{background-color: #F5F5F5 !important;}&#8220;][vc_column][vc_column_text css=&#8220;.vc_custom_1769611473420{margin-bottom: 50px !important;}&#8220;] Ausstattungsstufen neuer Mobilheime Die Ausstattungsstufen neuer Mobilheime variieren&hellip;<\/p>\n","protected":false},"author":1,"featured_media":0,"parent":2232,"menu_order":0,"comment_status":"closed","ping_status":"closed","template":"","meta":{"_acf_changed":false,"inline_featured_image":false,"footnotes":""},"class_list":["post-2251","page","type-page","status-publish","hentry","description-off"],"acf":[],"yoast_head":"<!-- This site is optimized with the Yoast SEO plugin v27.3 - https:\/\/yoast.com\/product\/yoast-seo-wordpress\/ -->\n<title>Ausstattungsstufen - Mobilh\u00e1z - \u00daj \u00e9s haszn\u00e1lt mobilh\u00e1zak Magyarorsz\u00e1g els\u0151 sz\u00e1m\u00fa keresked\u0151j\u00e9t\u0151l - Mobile Homes Centre<\/title>\n<meta name=\"robots\" content=\"index, follow, max-snippet:-1, max-image-preview:large, max-video-preview:-1\" \/>\n<link rel=\"canonical\" href=\"https:\/\/mobilehomescentre.com\/de\/fachlicher-hintergrund\/ausstattungsstufen\/\" \/>\n<meta property=\"og:locale\" content=\"de_DE\" \/>\n<meta property=\"og:type\" content=\"article\" \/>\n<meta property=\"og:title\" content=\"Ausstattungsstufen - Mobilh\u00e1z - \u00daj \u00e9s haszn\u00e1lt mobilh\u00e1zak Magyarorsz\u00e1g els\u0151 sz\u00e1m\u00fa keresked\u0151j\u00e9t\u0151l - Mobile Homes Centre\" \/>\n<meta property=\"og:description\" content=\"[vc_row full_width=&#8220;stretch_row&#8220; bg_type=&#8220;image&#8220; parallax_style=&#8220;vcpb-vz-jquery&#8220; bg_image_new=&#8220;id^876|url^https:\/\/mobilehomescentre.com\/wp-content\/uploads\/2026\/02\/mobilhaz-felszereltsegi-szintek.webp|caption^null|alt^null|title^mobilhaz-felszereltsegi-szintek|description^null&#8220; bg_image_repeat=&#8220;no-repeat&#8220; fadeout_row=&#8220;fadeout_row_value&#8220; enable_overlay=&#8220;enable_overlay_value&#8220; overlay_color=&#8220;#00000040&#8243; overlay_pattern=&#8220;transperant&#8220; el_class=&#8220;hero-header&#8220;][vc_column width=&#8220;7\/12&#8243;][vc_column_text css=&#8220;&#8220; el_class=&#8220;text-white uppercase&#8220;] Ausstattungsstufen Erfahren Sie alles \u00fcber die Ausstattungsstufen von Mobilheimen, die verschiedenen Komfort- und Funktionsgrade und wie diese Faktoren Preis, Nutzbarkeit und Lebensqualit\u00e4t beeinflussen. [\/vc_column_text][\/vc_column][\/vc_row][vc_row full_width=&#8220;stretch_row&#8220; el_class=&#8220;p-t-50&#8243; css=&#8220;.vc_custom_1769610465187{background-color: #F5F5F5 !important;}&#8220;][vc_column][vc_column_text css=&#8220;.vc_custom_1769611473420{margin-bottom: 50px !important;}&#8220;] Ausstattungsstufen neuer Mobilheime Die Ausstattungsstufen neuer Mobilheime variieren&hellip;\" \/>\n<meta property=\"og:url\" content=\"https:\/\/mobilehomescentre.com\/de\/fachlicher-hintergrund\/ausstattungsstufen\/\" \/>\n<meta property=\"og:site_name\" content=\"Mobilh\u00e1z - \u00daj \u00e9s haszn\u00e1lt mobilh\u00e1zak Magyarorsz\u00e1g els\u0151 sz\u00e1m\u00fa keresked\u0151j\u00e9t\u0151l - Mobile Homes Centre\" \/>\n<meta property=\"article:publisher\" content=\"https:\/\/www.facebook.com\/mobilhomeskft\" \/>\n<meta property=\"article:modified_time\" content=\"2026-02-23T12:58:32+00:00\" \/>\n<meta name=\"twitter:card\" content=\"summary_large_image\" \/>\n<meta name=\"twitter:label1\" content=\"Gesch\u00e4tzte Lesezeit\" \/>\n\t<meta name=\"twitter:data1\" content=\"4\u00a0Minuten\" \/>\n<script type=\"application\/ld+json\" class=\"yoast-schema-graph\">{\"@context\":\"https:\\\/\\\/schema.org\",\"@graph\":[{\"@type\":\"WebPage\",\"@id\":\"https:\\\/\\\/mobilehomescentre.com\\\/de\\\/fachlicher-hintergrund\\\/ausstattungsstufen\\\/\",\"url\":\"https:\\\/\\\/mobilehomescentre.com\\\/de\\\/fachlicher-hintergrund\\\/ausstattungsstufen\\\/\",\"name\":\"Ausstattungsstufen - Mobilh\u00e1z - \u00daj \u00e9s haszn\u00e1lt mobilh\u00e1zak Magyarorsz\u00e1g els\u0151 sz\u00e1m\u00fa keresked\u0151j\u00e9t\u0151l - Mobile Homes Centre\",\"isPartOf\":{\"@id\":\"https:\\\/\\\/mobilehomescentre.com\\\/de\\\/#website\"},\"datePublished\":\"2026-01-28T13:39:30+00:00\",\"dateModified\":\"2026-02-23T12:58:32+00:00\",\"breadcrumb\":{\"@id\":\"https:\\\/\\\/mobilehomescentre.com\\\/de\\\/fachlicher-hintergrund\\\/ausstattungsstufen\\\/#breadcrumb\"},\"inLanguage\":\"de\",\"potentialAction\":[{\"@type\":\"ReadAction\",\"target\":[\"https:\\\/\\\/mobilehomescentre.com\\\/de\\\/fachlicher-hintergrund\\\/ausstattungsstufen\\\/\"]}]},{\"@type\":\"BreadcrumbList\",\"@id\":\"https:\\\/\\\/mobilehomescentre.com\\\/de\\\/fachlicher-hintergrund\\\/ausstattungsstufen\\\/#breadcrumb\",\"itemListElement\":[{\"@type\":\"ListItem\",\"position\":1,\"name\":\"Kezd\u0151lap\",\"item\":\"https:\\\/\\\/mobilehomescentre.com\\\/de\\\/\"},{\"@type\":\"ListItem\",\"position\":2,\"name\":\"Fachlicher Hintergrund\",\"item\":\"https:\\\/\\\/mobilehomescentre.com\\\/de\\\/fachlicher-hintergrund\\\/\"},{\"@type\":\"ListItem\",\"position\":3,\"name\":\"Ausstattungsstufen\"}]},{\"@type\":\"WebSite\",\"@id\":\"https:\\\/\\\/mobilehomescentre.com\\\/de\\\/#website\",\"url\":\"https:\\\/\\\/mobilehomescentre.com\\\/de\\\/\",\"name\":\"Mobilh\u00e1z - \u00daj \u00e9s haszn\u00e1lt mobilh\u00e1zak Magyarorsz\u00e1g els\u0151 sz\u00e1m\u00fa keresked\u0151j\u00e9t\u0151l\",\"description\":\"\",\"publisher\":{\"@id\":\"https:\\\/\\\/mobilehomescentre.com\\\/de\\\/#organization\"},\"potentialAction\":[{\"@type\":\"SearchAction\",\"target\":{\"@type\":\"EntryPoint\",\"urlTemplate\":\"https:\\\/\\\/mobilehomescentre.com\\\/de\\\/?s={search_term_string}\"},\"query-input\":{\"@type\":\"PropertyValueSpecification\",\"valueRequired\":true,\"valueName\":\"search_term_string\"}}],\"inLanguage\":\"de\"},{\"@type\":\"Organization\",\"@id\":\"https:\\\/\\\/mobilehomescentre.com\\\/de\\\/#organization\",\"name\":\"Mobil-Homes Kereskedelmi Kft.\",\"url\":\"https:\\\/\\\/mobilehomescentre.com\\\/de\\\/\",\"logo\":{\"@type\":\"ImageObject\",\"inLanguage\":\"de\",\"@id\":\"https:\\\/\\\/mobilehomescentre.com\\\/de\\\/#\\\/schema\\\/logo\\\/image\\\/\",\"url\":\"https:\\\/\\\/mobilehomescentre.com\\\/wp-content\\\/uploads\\\/2026\\\/02\\\/mobile-homes-centre.png?v=1775640080\",\"contentUrl\":\"https:\\\/\\\/mobilehomescentre.com\\\/wp-content\\\/uploads\\\/2026\\\/02\\\/mobile-homes-centre.png?v=1775640080\",\"width\":600,\"height\":758,\"caption\":\"Mobil-Homes Kereskedelmi Kft.\"},\"image\":{\"@id\":\"https:\\\/\\\/mobilehomescentre.com\\\/de\\\/#\\\/schema\\\/logo\\\/image\\\/\"},\"sameAs\":[\"https:\\\/\\\/www.facebook.com\\\/mobilhomeskft\",\"https:\\\/\\\/www.instagram.com\\\/mobilehomescentre\"]}]}<\/script>\n<!-- \/ Yoast SEO plugin. -->","yoast_head_json":{"title":"Ausstattungsstufen - Mobilh\u00e1z - \u00daj \u00e9s haszn\u00e1lt mobilh\u00e1zak Magyarorsz\u00e1g els\u0151 sz\u00e1m\u00fa keresked\u0151j\u00e9t\u0151l - Mobile Homes Centre","robots":{"index":"index","follow":"follow","max-snippet":"max-snippet:-1","max-image-preview":"max-image-preview:large","max-video-preview":"max-video-preview:-1"},"canonical":"https:\/\/mobilehomescentre.com\/de\/fachlicher-hintergrund\/ausstattungsstufen\/","og_locale":"de_DE","og_type":"article","og_title":"Ausstattungsstufen - Mobilh\u00e1z - \u00daj \u00e9s haszn\u00e1lt mobilh\u00e1zak Magyarorsz\u00e1g els\u0151 sz\u00e1m\u00fa keresked\u0151j\u00e9t\u0151l - Mobile Homes Centre","og_description":"[vc_row full_width=&#8220;stretch_row&#8220; bg_type=&#8220;image&#8220; parallax_style=&#8220;vcpb-vz-jquery&#8220; bg_image_new=&#8220;id^876|url^https:\/\/mobilehomescentre.com\/wp-content\/uploads\/2026\/02\/mobilhaz-felszereltsegi-szintek.webp|caption^null|alt^null|title^mobilhaz-felszereltsegi-szintek|description^null&#8220; bg_image_repeat=&#8220;no-repeat&#8220; fadeout_row=&#8220;fadeout_row_value&#8220; enable_overlay=&#8220;enable_overlay_value&#8220; overlay_color=&#8220;#00000040&#8243; overlay_pattern=&#8220;transperant&#8220; el_class=&#8220;hero-header&#8220;][vc_column width=&#8220;7\/12&#8243;][vc_column_text css=&#8220;&#8220; el_class=&#8220;text-white uppercase&#8220;] Ausstattungsstufen Erfahren Sie alles \u00fcber die Ausstattungsstufen von Mobilheimen, die verschiedenen Komfort- und Funktionsgrade und wie diese Faktoren Preis, Nutzbarkeit und Lebensqualit\u00e4t beeinflussen. [\/vc_column_text][\/vc_column][\/vc_row][vc_row full_width=&#8220;stretch_row&#8220; el_class=&#8220;p-t-50&#8243; css=&#8220;.vc_custom_1769610465187{background-color: #F5F5F5 !important;}&#8220;][vc_column][vc_column_text css=&#8220;.vc_custom_1769611473420{margin-bottom: 50px !important;}&#8220;] Ausstattungsstufen neuer Mobilheime Die Ausstattungsstufen neuer Mobilheime variieren&hellip;","og_url":"https:\/\/mobilehomescentre.com\/de\/fachlicher-hintergrund\/ausstattungsstufen\/","og_site_name":"Mobilh\u00e1z - \u00daj \u00e9s haszn\u00e1lt mobilh\u00e1zak Magyarorsz\u00e1g els\u0151 sz\u00e1m\u00fa keresked\u0151j\u00e9t\u0151l - Mobile Homes Centre","article_publisher":"https:\/\/www.facebook.com\/mobilhomeskft","article_modified_time":"2026-02-23T12:58:32+00:00","twitter_card":"summary_large_image","twitter_misc":{"Gesch\u00e4tzte Lesezeit":"4\u00a0Minuten"},"schema":{"@context":"https:\/\/schema.org","@graph":[{"@type":"WebPage","@id":"https:\/\/mobilehomescentre.com\/de\/fachlicher-hintergrund\/ausstattungsstufen\/","url":"https:\/\/mobilehomescentre.com\/de\/fachlicher-hintergrund\/ausstattungsstufen\/","name":"Ausstattungsstufen - Mobilh\u00e1z - \u00daj \u00e9s haszn\u00e1lt mobilh\u00e1zak Magyarorsz\u00e1g els\u0151 sz\u00e1m\u00fa keresked\u0151j\u00e9t\u0151l - Mobile Homes Centre","isPartOf":{"@id":"https:\/\/mobilehomescentre.com\/de\/#website"},"datePublished":"2026-01-28T13:39:30+00:00","dateModified":"2026-02-23T12:58:32+00:00","breadcrumb":{"@id":"https:\/\/mobilehomescentre.com\/de\/fachlicher-hintergrund\/ausstattungsstufen\/#breadcrumb"},"inLanguage":"de","potentialAction":[{"@type":"ReadAction","target":["https:\/\/mobilehomescentre.com\/de\/fachlicher-hintergrund\/ausstattungsstufen\/"]}]},{"@type":"BreadcrumbList","@id":"https:\/\/mobilehomescentre.com\/de\/fachlicher-hintergrund\/ausstattungsstufen\/#breadcrumb","itemListElement":[{"@type":"ListItem","position":1,"name":"Kezd\u0151lap","item":"https:\/\/mobilehomescentre.com\/de\/"},{"@type":"ListItem","position":2,"name":"Fachlicher Hintergrund","item":"https:\/\/mobilehomescentre.com\/de\/fachlicher-hintergrund\/"},{"@type":"ListItem","position":3,"name":"Ausstattungsstufen"}]},{"@type":"WebSite","@id":"https:\/\/mobilehomescentre.com\/de\/#website","url":"https:\/\/mobilehomescentre.com\/de\/","name":"Mobilh\u00e1z - \u00daj \u00e9s haszn\u00e1lt mobilh\u00e1zak Magyarorsz\u00e1g els\u0151 sz\u00e1m\u00fa keresked\u0151j\u00e9t\u0151l","description":"","publisher":{"@id":"https:\/\/mobilehomescentre.com\/de\/#organization"},"potentialAction":[{"@type":"SearchAction","target":{"@type":"EntryPoint","urlTemplate":"https:\/\/mobilehomescentre.com\/de\/?s={search_term_string}"},"query-input":{"@type":"PropertyValueSpecification","valueRequired":true,"valueName":"search_term_string"}}],"inLanguage":"de"},{"@type":"Organization","@id":"https:\/\/mobilehomescentre.com\/de\/#organization","name":"Mobil-Homes Kereskedelmi Kft.","url":"https:\/\/mobilehomescentre.com\/de\/","logo":{"@type":"ImageObject","inLanguage":"de","@id":"https:\/\/mobilehomescentre.com\/de\/#\/schema\/logo\/image\/","url":"https:\/\/mobilehomescentre.com\/wp-content\/uploads\/2026\/02\/mobile-homes-centre.png?v=1775640080","contentUrl":"https:\/\/mobilehomescentre.com\/wp-content\/uploads\/2026\/02\/mobile-homes-centre.png?v=1775640080","width":600,"height":758,"caption":"Mobil-Homes Kereskedelmi Kft."},"image":{"@id":"https:\/\/mobilehomescentre.com\/de\/#\/schema\/logo\/image\/"},"sameAs":["https:\/\/www.facebook.com\/mobilhomeskft","https:\/\/www.instagram.com\/mobilehomescentre"]}]}},"_links":{"self":[{"href":"https:\/\/mobilehomescentre.com\/de\/wp-json\/wp\/v2\/pages\/2251","targetHints":{"allow":["GET"]}}],"collection":[{"href":"https:\/\/mobilehomescentre.com\/de\/wp-json\/wp\/v2\/pages"}],"about":[{"href":"https:\/\/mobilehomescentre.com\/de\/wp-json\/wp\/v2\/types\/page"}],"author":[{"embeddable":true,"href":"https:\/\/mobilehomescentre.com\/de\/wp-json\/wp\/v2\/users\/1"}],"replies":[{"embeddable":true,"href":"https:\/\/mobilehomescentre.com\/de\/wp-json\/wp\/v2\/comments?post=2251"}],"version-history":[{"count":5,"href":"https:\/\/mobilehomescentre.com\/de\/wp-json\/wp\/v2\/pages\/2251\/revisions"}],"predecessor-version":[{"id":2726,"href":"https:\/\/mobilehomescentre.com\/de\/wp-json\/wp\/v2\/pages\/2251\/revisions\/2726"}],"up":[{"embeddable":true,"href":"https:\/\/mobilehomescentre.com\/de\/wp-json\/wp\/v2\/pages\/2232"}],"wp:attachment":[{"href":"https:\/\/mobilehomescentre.com\/de\/wp-json\/wp\/v2\/media?parent=2251"}],"curies":[{"name":"wp","href":"https:\/\/api.w.org\/{rel}","templated":true}]}}